{"id":10781,"date":"2020-01-29T10:08:02","date_gmt":"2020-01-29T10:08:02","guid":{"rendered":"https:\/\/www.mem-summersummit.ch\/?page_id=10781"},"modified":"2021-11-30T13:49:41","modified_gmt":"2021-11-30T13:49:41","slug":"media-2019","status":"publish","type":"page","link":"https:\/\/www.mem-summit.ch\/it\/media-2019\/","title":{"rendered":"Media"},"content":{"rendered":"\t\t<div data-elementor-type=\"wp-post\" data-elementor-id=\"10781\" class=\"elementor elementor-10781 elementor-10780\" data-elementor-post-type=\"page\">\n\t\t\t\t\t\t<section class=\"elementor-section elementor-top-section elementor-element elementor-element-3e3fdf1c elementor-section-height-min-height elementor-section-boxed elementor-section-height-default elementor-section-items-middle\" data-id=\"3e3fdf1c\" data-element_type=\"section\" data-settings=\"{&quot;background_background&quot;:&quot;classic&quot;}\">\n\t\t\t\t\t\t\t<div class=\"elementor-background-overlay\"><\/div>\n\t\t\t\t\t\t\t<div class=\"elementor-container elementor-column-gap-default\">\n\t\t\t\t\t<div class=\"elementor-column elementor-col-100 elementor-top-column elementor-element elementor-element-200a57d9\" data-id=\"200a57d9\" data-element_type=\"column\" data-settings=\"{&quot;background_background&quot;:&quot;classic&quot;}\">\n\t\t\t<div class=\"elementor-widget-wrap elementor-element-populated\">\n\t\t\t\t\t\t<div class=\"elementor-element elementor-element-1dd4696b elementor-widget elementor-widget-text-editor\" data-id=\"1dd4696b\" data-element_type=\"widget\" data-widget_type=\"text-editor.default\">\n\t\t\t\t<div class=\"elementor-widget-container\">\n\t\t\t\t\t\t\t<p>Media<\/p>\n\t\t\t\t\t\t<\/div>\n\t\t\t\t<\/div>\n\t\t\t\t<div class=\"elementor-element elementor-element-4ce30ddd elementor-widget elementor-widget-menu-anchor\" data-id=\"4ce30ddd\" data-element_type=\"widget\" data-widget_type=\"menu-anchor.default\">\n\t\t\t\t<div class=\"elementor-widget-container\">\n\t\t\t\t\t<div class=\"elementor-menu-anchor\" id=\"media\"><\/div>\n\t\t\t\t<\/div>\n\t\t\t\t<\/div>\n\t\t\t\t\t<\/div>\n\t\t<\/div>\n\t\t\t\t\t<\/div>\n\t\t<\/section>\n\t\t\t\t<section class=\"elementor-section elementor-top-section elementor-element elementor-element-6fc44ff elementor-section-boxed elementor-section-height-default elementor-section-height-default\" data-id=\"6fc44ff\" data-element_type=\"section\">\n\t\t\t\t\t\t<div class=\"elementor-container elementor-column-gap-no\">\n\t\t\t\t\t<div class=\"elementor-column elementor-col-100 elementor-top-column elementor-element elementor-element-b80ed97\" data-id=\"b80ed97\" data-element_type=\"column\">\n\t\t\t<div class=\"elementor-widget-wrap elementor-element-populated\">\n\t\t\t\t\t\t<div class=\"elementor-element elementor-element-b2f55a6 elementor-widget-divider--view-line elementor-widget elementor-widget-divider\" data-id=\"b2f55a6\" data-element_type=\"widget\" data-widget_type=\"divider.default\">\n\t\t\t\t<div class=\"elementor-widget-container\">\n\t\t\t\t\t<div class=\"elementor-divider\">\n\t\t\t<span class=\"elementor-divider-separator\">\n\t\t\t\t\t\t<\/span>\n\t\t<\/div>\n\t\t\t\t<\/div>\n\t\t\t\t<\/div>\n\t\t\t\t<div class=\"elementor-element elementor-element-6f59e31 elementor-widget elementor-widget-text-editor\" data-id=\"6f59e31\" data-element_type=\"widget\" data-widget_type=\"text-editor.default\">\n\t\t\t\t<div class=\"elementor-widget-container\">\n\t\t\t\t\t\t\t<p>Il MEM Summer Summit riunisce giovani change-maker, leader del settore pubblico e del settore privato, artisti e intellettuali nel sud della Svizzera per affrontare i recenti sviluppi e i problemi persistenti nei paesi del Medio Oriente e del Mediterraneo.<\/p>\n<p>Per massimizzare l\u2019impatto dell\u2019evento, un coinvolgimento attivo dei media \u00e8 fondamentale.<\/p>\n<p>I media partner ufficiali dell\u2019evento sono SSR-SRG e RSI.<\/p>\n<p>&nbsp;<\/p>\n<p><strong>Contatto<\/strong>:<span lang=\"EN-US\"><br \/>\n<a target=\"_blank\" rel=\"noopener noreferrer\">MEMpress@usi.ch<\/a><\/span><\/p>\n\t\t\t\t\t\t<\/div>\n\t\t\t\t<\/div>\n\t\t\t\t\t<\/div>\n\t\t<\/div>\n\t\t\t\t\t<\/div>\n\t\t<\/section>\n\t\t\t\t<section class=\"elementor-section elementor-top-section elementor-element elementor-element-2ddd5ea elementor-section-boxed elementor-section-height-default elementor-section-height-default\" data-id=\"2ddd5ea\" data-element_type=\"section\">\n\t\t\t\t\t\t<div class=\"elementor-container elementor-column-gap-no\">\n\t\t\t\t\t<div class=\"elementor-column elementor-col-100 elementor-top-column elementor-element elementor-element-0e99c25\" data-id=\"0e99c25\" data-element_type=\"column\">\n\t\t\t<div class=\"elementor-widget-wrap elementor-element-populated\">\n\t\t\t\t\t\t<div class=\"elementor-element elementor-element-dc517a1 elementor-widget elementor-widget-menu-anchor\" data-id=\"dc517a1\" data-element_type=\"widget\" data-widget_type=\"menu-anchor.default\">\n\t\t\t\t<div class=\"elementor-widget-container\">\n\t\t\t\t\t<div class=\"elementor-menu-anchor\" id=\"mediacoverage\"><\/div>\n\t\t\t\t<\/div>\n\t\t\t\t<\/div>\n\t\t\t\t<div class=\"elementor-element elementor-element-54a402e elementor-widget-divider--view-line elementor-widget elementor-widget-divider\" data-id=\"54a402e\" data-element_type=\"widget\" data-widget_type=\"divider.default\">\n\t\t\t\t<div class=\"elementor-widget-container\">\n\t\t\t\t\t<div class=\"elementor-divider\">\n\t\t\t<span class=\"elementor-divider-separator\">\n\t\t\t\t\t\t<\/span>\n\t\t<\/div>\n\t\t\t\t<\/div>\n\t\t\t\t<\/div>\n\t\t\t\t<div class=\"elementor-element elementor-element-01f0a6b elementor-widget elementor-widget-heading\" data-id=\"01f0a6b\" data-element_type=\"widget\" data-widget_type=\"heading.default\">\n\t\t\t\t<div class=\"elementor-widget-container\">\n\t\t\t<h3 class=\"elementor-heading-title elementor-size-default\">Rassegna media<\/h3>\t\t<\/div>\n\t\t\t\t<\/div>\n\t\t\t\t<section class=\"elementor-section elementor-inner-section elementor-element elementor-element-5550a20 elementor-section-boxed elementor-section-height-default elementor-section-height-default\" data-id=\"5550a20\" data-element_type=\"section\">\n\t\t\t\t\t\t<div class=\"elementor-container elementor-column-gap-default\">\n\t\t\t\t\t<div class=\"elementor-column elementor-col-50 elementor-inner-column elementor-element elementor-element-aa44e1f\" data-id=\"aa44e1f\" data-element_type=\"column\">\n\t\t\t<div class=\"elementor-widget-wrap elementor-element-populated\">\n\t\t\t\t\t\t<div class=\"elementor-element elementor-element-990d94c elementor-widget elementor-widget-image\" data-id=\"990d94c\" data-element_type=\"widget\" data-widget_type=\"image.default\">\n\t\t\t\t<div class=\"elementor-widget-container\">\n\t\t\t\t\t\t\t\t\t\t\t\t\t<img fetchpriority=\"high\" decoding=\"async\" width=\"480\" height=\"269\" src=\"https:\/\/www.mem-summit.ch\/wp-content\/uploads\/2018\/07\/SRG-UA_loghi-480x269.png\" class=\"attachment-medium size-medium wp-image-2454\" alt=\"\" srcset=\"https:\/\/www.mem-summit.ch\/wp-content\/uploads\/2018\/07\/SRG-UA_loghi-480x269.png 480w, https:\/\/www.mem-summit.ch\/wp-content\/uploads\/2018\/07\/SRG-UA_loghi.png 685w\" sizes=\"(max-width: 480px) 100vw, 480px\" \/>\t\t\t\t\t\t\t\t\t\t\t\t\t<\/div>\n\t\t\t\t<\/div>\n\t\t\t\t\t<\/div>\n\t\t<\/div>\n\t\t\t\t<div class=\"elementor-column elementor-col-50 elementor-inner-column elementor-element elementor-element-88c1157\" data-id=\"88c1157\" data-element_type=\"column\">\n\t\t\t<div class=\"elementor-widget-wrap elementor-element-populated\">\n\t\t\t\t\t\t<div class=\"elementor-element elementor-element-b94c655 elementor-widget elementor-widget-text-editor\" data-id=\"b94c655\" data-element_type=\"widget\" data-widget_type=\"text-editor.default\">\n\t\t\t\t<div class=\"elementor-widget-container\">\n\t\t\t\t\t\t\t<p>Cliccare qui per visualizzare tutte le notizie sul MEM Summer Summit 2018, trasmesse da RSI (Radiotelevisione svizzera di lingua italiana):<\/p>\n<p><span style=\"text-decoration: underline;\"><a href=\"https:\/\/www.rsi.ch\/news\/dossier\/mem\/\" target=\"_blank\" rel=\"noopener nofollow\">https:\/\/www.rsi.ch\/news\/dossier\/mem\/<\/a><\/span><\/p>\n\t\t\t\t\t\t<\/div>\n\t\t\t\t<\/div>\n\t\t\t\t\t<\/div>\n\t\t<\/div>\n\t\t\t\t\t<\/div>\n\t\t<\/section>\n\t\t\t\t<div class=\"elementor-element elementor-element-2808023 elementor-widget elementor-widget-text-editor\" data-id=\"2808023\" data-element_type=\"widget\" data-widget_type=\"text-editor.default\">\n\t\t\t\t<div class=\"elementor-widget-container\">\n\t\t\t\t\t\t\t<p>Di seguito, una selezione della copertura mediatica del MEM Summer Summit e di temi correlati:<\/p><ul><li>RSI Rete Due, Moby Dick (27.11.2021): <span style=\"text-decoration: underline;\"><a href=\"https:\/\/www.rsi.ch\/rete-due\/programmi\/cultura\/moby-dick\/Culture-del-mondo-arabo-tra-Islam-e-dissidenza-14838543.html\" target=\"_blank\" rel=\"noopener nofollow\">Federica Frediani sulle culture del mondo arabo, tra Islam e dissidenza\u00a0<\/a><\/span><\/li><li>Al-Monitor (12.11.2021): <span style=\"text-decoration: underline;\"><a href=\"https:\/\/almonitor.podbean.com\/e\/martin-indyk-discusses-his-book-master-of-the-game-and-reflects-on-kissinger-s-diplomatic-legacy-in-the-middle-east\/\" target=\"_blank\" rel=\"noopener nofollow\">&#8220;Martin Indyk discusses his book, Master of the Game, and reflects on Kissinger\u2019s diplomatic legacy in the Middle East&#8221; &#8211; podcast &#8220;Reading the Middle East with Gilles Kepel&#8221;<\/a><\/span><\/li><li>RSI (19.10.2021): <span style=\"text-decoration: underline;\"><a href=\"https:\/\/www.rsi.ch\/rete-uno\/programmi\/intrattenimento\/millevoci\/Il-Medioriente-l%E2%80%99Islam-e-noi-14807262.html?f=podcast-shows\" target=\"_blank\" rel=\"noopener nofollow\">Il Medioriente, l\u2019Islam e noi<\/a><\/span><\/li><li>Il Secolo XIX (15.10.2021): <span style=\"text-decoration: underline;\"><a href=\"https:\/\/www.mem-summersummit.ch\/wp-content\/uploads\/2021\/10\/Il-politologo-Kepel-e-il-Medio-Oriente-sotto-la-lente-del-Convivio.pdf\" target=\"_blank\" rel=\"noopener nofollow\">Il politologo Kepel e il Medio Oriente sotto la lente del Convivio<\/a><\/span><\/li><li>Al-Monitor (06.10.2021): <span style=\"text-decoration: underline;\"><a href=\"https:\/\/almonitor.podbean.com\/e\/the-eighteen-days-of-the-revolution-were-the-best-days-of-my-life-says-egyptian-novelist-alaa-al-aswany\/\" target=\"_blank\" rel=\"noopener nofollow\">\u201dThe eighteen days of the revolution were the best days of my life,\u201d says Egyptian novelist Alaa Al Aswany&#8221; &#8211; podcast &#8220;Reading the Middle East with Gilles Kepel&#8221;<\/a><\/span><\/li><li>L&#8217;Espresso (03.10.2021): <span style=\"text-decoration: underline;\"><a href=\"https:\/\/www.mem-summersummit.ch\/wp-content\/uploads\/2021\/10\/2021100349705710.pdf\" target=\"_blank\" rel=\"noopener nofollow\">Medio Oriente senza petrolio &#8211; colloquio con Gilles Kepel<\/a><\/span><\/li><li>L&#8217;Espresso (22.09.2021): <span style=\"text-decoration: underline;\"><a href=\"http:\/\/fino-a-prova-contraria.blogautore.espresso.repubblica.it\/2021\/09\/22\/roma-perche-il-destino-delloccidente-si-decide-in-medio-oriente-un-colloquio-con-il-professor-gilles-kepel\/?fbclid=IwAR1JvKQ4riZzBXaq5rkbEpg70Jt-4H7GvEw8BejOtELQ2ZygYkWWLgoGtcs\" target=\"_blank\" rel=\"noopener nofollow\">Roma. Perch\u00e9 il destino dell&#8217;Occidente si decide in Medio Oriente. Un colloquio con il professor Gilles Kepel<\/a><\/span><\/li><li>Rai Valle d&#8217;Aosta (18.09.2021): <span style=\"text-decoration: underline;\"><a href=\"https:\/\/www.facebook.com\/176051663077842\/videos\/283342133602887\" target=\"_blank\" rel=\"noopener nofollow\">Le Fil Rouge &#8211; Gilles Kepel e il suo ultimo libro<\/a><\/span><\/li><li>Business Community (15.09.2021): <span style=\"text-decoration: underline;\"><a href=\"https:\/\/www.businesscommunity.it\/m\/20210915\/leisure\/attenzione-ai-cattivi-profeti.php\" target=\"_blank\" rel=\"noopener nofollow\">Attenzione ai cattivi profeti<\/a><\/span><\/li><li>Molte Fedi (14.09.2021): <span style=\"text-decoration: underline;\"><a href=\"https:\/\/www.facebook.com\/moltefedi\/videos\/537734677331932\" target=\"_blank\" rel=\"noopener nofollow\">Gilles Kepel &#8211; Le religioni e la sfida della convivialit\u00e0 delle differenze<\/a><\/span><\/li><li>L&#8217;Eco di Bergamo (13.09.2021): <span style=\"text-decoration: underline;\"><a href=\"https:\/\/www.mem-summersummit.ch\/wp-content\/uploads\/2021\/09\/LEco-di-Bergamo_13-settembre.pdf\" target=\"_blank\" rel=\"noopener nofollow\">&#8220;Convivialita\u0300 delle differenze, la sfida dell\u2019Occidente nelle relazioni con l\u2019Islam&#8221; &#8211; Intervista a Gilles Kepel<\/a><\/span><\/li><li>Affaritaliani (12.09.2021): <span style=\"text-decoration: underline;\"><a href=\"https:\/\/www.affaritaliani.it\/esteri\/terrorismo-evoluzione-del-jihad-secondo-il-politologo-francese-gilles-kepel-757449.html\" target=\"_blank\" rel=\"noopener nofollow\">Terrorismo, l&#8217;evoluzione del jihad secondo il politologo francese Gilles Kepel<\/a><\/span><\/li><li>Il Manifesto (10.09.2021): <span style=\"text-decoration: underline;\"><a href=\"https:\/\/ilmanifesto.it\/gilles-kepel-ora-la-minaccia-e-lo-jihadismo-datmosfera\/\" target=\"_blank\" rel=\"noopener nofollow\">Gilles Kepel: &#8220;Ora la minaccia \u00e8 lo jihadismo d\u2019atmosfera&#8221;<\/a><\/span><\/li><li>Sky TG24 (10.09.2021): <span style=\"text-decoration: underline;\"><a href=\"https:\/\/www.adnkronos.com\/11-settembre-kepel-caduta-kabul-provoca-entusiasmo-nuovi-terroristi_dKjGVBtcOdVRXjGtPvWwq\" target=\"_blank\" rel=\"noopener nofollow\">11 settembre, Kepel: \u201cCaduta Kabul provoca entusiasmo nuovi terroristi\u201d<\/a><\/span><\/li><li>La Repubblica (09.09.2021): <span style=\"text-decoration: underline;\"><a href=\"https:\/\/www.repubblica.it\/cultura\/2021\/09\/09\/news\/da_new_york_2001_a_kabul_2021_le_nuove_sfide_dell_estremismo_islamico-317147420\/?ref=search\" target=\"_blank\" rel=\"noopener nofollow\">Da New York 2001 a Kabul 2021. Le nuove sfide dell\u2019estremismo islamico<\/a><\/span><\/li><li>ISPI \/ Radio Radicale (09.09.2021): <span style=\"text-decoration: underline;\"><a href=\"https:\/\/www.radioradicale.it\/scheda\/647058\/1192001-2021-i-ventanni-che-hanno-cambiato-il-mondo-ma-non-lafghanistan\" target=\"_blank\" rel=\"noopener nofollow\">11\/9\/2001-2021: i vent\u2019anni che hanno cambiato il mondo (ma non l\u2019Afghanistan)<\/a><\/span><\/li><li>RSI (28.08.2021): <span style=\"text-decoration: underline;\"><a href=\"https:\/\/www.rsi.ch\/news\/ticino-e-grigioni-e-insubria\/MEM-Lugano-capitale-del-Medio-Oriente-14674659.html\" target=\"_blank\" rel=\"noopener nofollow\">MEM, Lugano &#8220;capitale&#8221; del Medio Oriente<\/a><\/span><\/li><li>Swiss MFA (28.08.2021): <span style=\"text-decoration: underline;\"><a href=\"https:\/\/twitter.com\/SwissMFA\/status\/1431290140694097923\" target=\"_blank\" rel=\"noopener nofollow\">Testimonials of the young change-makers of the MEM Summer Summit 2021<\/a><\/span><\/li><li>laRegione (25.08.2021): <span style=\"text-decoration: underline;\"><a href=\"https:\/\/www.laregione.ch\/estero\/estero\/1530943\/talebani-afghanistan-paese-iran-puo-situazione-stati-mondo-erdogan-kepel\" target=\"_blank\" rel=\"noopener nofollow\">\u2018Non sono cambiati i talebani, \u00e8 cambiato il mondo\u2019. L&#8217;esperto di Medio Oriente Gilles Kepel: \u2018Interessati a fare affari, non al terrorismo. E attenzione a Erdogan\u2019<\/a><\/span><\/li><li>RSI Telegiornale (24.08.2021): <span style=\"text-decoration: underline;\"><a href=\"https:\/\/www.rsi.ch\/play\/tv\/-\/video\/-?urn=urn:rsi:video:14662452\" target=\"_blank\" rel=\"noopener nofollow\">Intervista a Gilles Kepel durante il MEM Summer Summit 2021<\/a><\/span><\/li><li>RSI (24.08.2021): <a href=\"https:\/\/www.rsi.ch\/news\/ticino-e-grigioni-e-insubria\/MEM-allUSI-il-futuro-del-Medio-Oriente-14658636.html\" target=\"_blank\" rel=\"noopener nofollow\"><span style=\"text-decoration: underline;\">MEM, all&#8217;USI il futuro del Medio Oriente. Mediterraneo e regione mediorientale al centro del dibattito a Lugano con un occhio particolare all\u2019Afghanistan<\/span><\/a><\/li><li>Ray Radio 1 (24.09.2021): <span style=\"text-decoration: underline;\"><a href=\"https:\/\/www.raiplayradio.it\/audio\/2021\/08\/RADIO-ANCHIO-b5d3c63f-8694-4bc2-aba6-50355a42aa61.html\" target=\"_blank\" rel=\"noopener nofollow\">Scuola. Ultimatum dei talebani e G7. Terremoto di Amatrice. Paralimpiadi<\/a><\/span><\/li><li>Il Giornale (23.08.2021): <span style=\"text-decoration: underline;\"><a href=\"https:\/\/www.ilgiornale.it\/news\/politica\/lue-non-sapr-gestire-londata-migranti-pechino-regime-sfider-1970532.html\" target=\"_blank\" rel=\"noopener nofollow\">&#8220;L&#8217;Ue non sapr\u00e0 gestire l&#8217;ondata di migranti. Con Pechino il regime sfider\u00e0 l&#8217;Occidente&#8221;<\/a><\/span><\/li><li>Corriere del Ticino (21.08.2021): <span style=\"text-decoration: underline;\"><a href=\"https:\/\/www.cdt.ch\/mondo\/il-trionfo-dei-talebani-rida-forza-ai-terroristi-AN4539983?_sid=n0oJ6KN0\" target=\"_blank\" rel=\"noopener nofollow\">&#8220;Il trionfo dei talebani rid\u00e0 forza ai terroristi&#8221;<\/a><\/span><\/li><li>Watson (16.08.2021): <span style=\"text-decoration: underline;\"><a href=\"https:\/\/www.watson.ch\/fr\/international\/interview\/769183721-kepel-la-victoire-des-talibans-redonne-le-moral-a-tous-les-islamistes\" target=\"_blank\" rel=\"noopener nofollow\">Kepel: \u00abLa victoire des talibans redonne le moral \u00e0 tous les islamistes politiques\u00bb<\/a><\/span><\/li><li>Il Foglio (16.08.2021): <span style=\"text-decoration: underline;\"><a href=\"https:\/\/www.ilfoglio.it\/esteri\/2021\/08\/16\/news\/-la-presa-di-kabul-galvanizzera-l-islam-radicale--2780800\/?fbclid=IwAR2lXNT-HqA_POJ9wTe8cEgkNyGLV2jvAqmUdTIcY-2yrKSCJE1y7nmoG54\" target=\"_blank\" rel=\"noopener nofollow\">\u201cLa presa di Kabul galvanizzer\u00e0 l&#8217;islam radicale\u201d &#8211; Intervista a Gilles Kepel<\/a><\/span><\/li><li>La Repubblica (09.08.2021): <span style=\"text-decoration: underline;\"><a href=\"https:\/\/www.mem-summersummit.ch\/wp-content\/uploads\/2021\/08\/kepel.pdf\" target=\"_blank\" rel=\"noopener nofollow\">Il destino del mondo secondo Kepel<\/a><\/span><\/li><li>RSI Telegiornale (26.07.2021): <span style=\"text-decoration: underline;\"><a href=\"https:\/\/www.rsi.ch\/play\/tv\/-\/video\/-?urn=urn:rsi:video:14300037\" target=\"_blank\" rel=\"noopener nofollow\">Tunisia, l&#8217;analisi &#8211; Intervista a Federica Frediani<\/a><\/span><\/li><li>Bites of Transfoodmation (20.07.2021): <span style=\"text-decoration: underline;\"><a href=\"https:\/\/vimeo.com\/575856983?fbclid=IwAR1jf4cGwKEz7nMuedOXKx8LhxvgHy5AA0f8vqrXh4V71xBMbVNLGLNZw6w\" target=\"_blank\" rel=\"noopener nofollow\">Interview with Hend Alasmar<\/a><\/span><\/li><li>Corriere della Sera (20.06.2021): <span style=\"text-decoration: underline;\"><a href=\"https:\/\/www.mem-summersummit.ch\/wp-content\/uploads\/2021\/08\/cremonesi-20_6_2021.pdf\" target=\"_blank\" rel=\"noopener nofollow\">Kepel: \u00abPoco carisma, e\u0300 un vincitore che rivela la debolezza del regime\u00bb<\/a><\/span><\/li><\/ul>\t\t\t\t\t\t<\/div>\n\t\t\t\t<\/div>\n\t\t\t\t<div class=\"elementor-element elementor-element-0f2a9e3 elementor-widget elementor-widget-toggle\" data-id=\"0f2a9e3\" data-element_type=\"widget\" data-widget_type=\"toggle.default\">\n\t\t\t\t<div class=\"elementor-widget-container\">\n\t\t\t\t\t<div class=\"elementor-toggle\">\n\t\t\t\t\t\t\t<div class=\"elementor-toggle-item\">\n\t\t\t\t\t<div id=\"elementor-tab-title-1591\" class=\"elementor-tab-title\" data-tab=\"1\" role=\"button\" aria-controls=\"elementor-tab-content-1591\" aria-expanded=\"false\">\n\t\t\t\t\t\t\t\t\t\t\t\t<span class=\"elementor-toggle-icon elementor-toggle-icon-left\" aria-hidden=\"true\">\n\t\t\t\t\t\t\t\t\t\t\t\t\t\t\t<i class=\"elementor-toggle-icon-closed fa fa-angle-down\"><\/i>\n\t\t\t\t\t\t\t\t<i class=\"elementor-toggle-icon-opened fa fa-angle-up\"><\/i>\n\t\t\t\t\t\t\t\t\t\t\t\t\t<\/span>\n\t\t\t\t\t\t\t\t\t\t\t\t<a class=\"elementor-toggle-title\" tabindex=\"0\">Archivio<\/a>\n\t\t\t\t\t<\/div>\n\n\t\t\t\t\t<div id=\"elementor-tab-content-1591\" class=\"elementor-tab-content elementor-clearfix\" data-tab=\"1\" role=\"region\" aria-labelledby=\"elementor-tab-title-1591\"><ul>\n<li>ARTE (05.01.2019):\u00a0<span style=\"text-decoration: underline;\"><a href=\"https:\/\/www.arte.tv\/fr\/videos\/084764-001-A\/28-minutes-samedi\/\" target=\"_blank\" rel=\"noopener nofollow\">28 Minutes samedi avec Gilles Kepel<\/a><\/span><\/li>\n<li>La Repubblica (28.12.2018):\u00a0<span style=\"text-decoration: underline;\"><a href=\"https:\/\/www.mem-summersummit.ch\/wp-content\/uploads\/2019\/01\/La-Repubblica_Articolo-GK-28.12.2018_final.pdf\" target=\"_blank\" rel=\"noopener nofollow\">Caduto un ISIS se ne fa un altro<\/a><\/span><\/li>\n<li>L\u2019Orient-Le Jour (03.11.2018): <a href=\"https:\/\/www.mem-summersummit.ch\/wp-content\/uploads\/2018\/12\/MEM_article_Gilles_Kepel_03.11.2018.pdf\" target=\"_blank\" rel=\"noopener nofollow\"><span style=\"text-decoration: underline;\">Le Levant est l\u2019une des cl\u00e9s pour sortir du chaos r\u00e9gional<\/span><\/a><span style=\"text-decoration: underline;\">\u00a0<\/span><\/li>\n<li>L\u2019Orient-Le Jour (03.11.2018):\u00a0<span style=\"text-decoration: underline;\"><a href=\"https:\/\/www.lorientlejour.com\/article\/1141898\/-le-levant-est-lune-des-cles-pour-sortir-du-chaos-regional-.html\" target=\"_blank\" rel=\"noopener nofollow\">Gilles Kepel\u00a0: L\u2019Iran n\u2019a plus les moyens de sa politique dans la r\u00e9gion<\/a><\/span><\/li>\n<li>L&#8217;Osservatore (01.09.2018):\u00a0<a href=\"https:\/\/avenue.argusdatainsights.ch\/kundenartikel\/2018-09\/1044837\/70762732.pdf\" target=\"_blank\" rel=\"noopener nofollow\"><span style=\"text-decoration: underline;\">\u00c8 importante che si parli d&#8217;altro oltre gli sbarchi e le crisi migratorie<\/span><\/a><\/li>\n<li>L&#8217;Orient-Le Jour (19.09.2018): <span style=\"text-decoration: underline;\"><a href=\"https:\/\/www.mem-summersummit.ch\/wp-content\/uploads\/2018\/09\/Messara_Antoine_IMG_20180919_0001.pdf\" target=\"_blank\" rel=\"noopener nofollow\">Messarra Antoine &#8211; Liban-Suisse: quand la neutralit\u00e9 est humanitaire<\/a><\/span><\/li>\n<li>La Pagina (29.08.2018):\u00a0<span style=\"text-decoration: underline;\"><a href=\"https:\/\/avenue.argusdatainsights.ch\/kundenartikel\/2018-08\/1044837\/70704786.pdf\" target=\"_blank\" rel=\"noopener nofollow\">Lugano: Summit sulla Migrazione 2018<\/a><\/span><\/li>\n<li>Leaders (27.08.2018): <span style=\"text-decoration: underline;\"><a href=\"http:\/\/www.leaders.com.tn\/article\/25350-ces-jeunes-tunisiens-qui-brillent-au-sommet-de-lugano\" target=\"_blank\" rel=\"noopener nofollow\">Ces jeunes tunisiens qui brillent au Sommet de Lugano <\/a><\/span><\/li>\n<li>Business Week TN (26.08.2018): <a href=\"http:\/\/www.businessnews.com.tn\/marouen-abassi-prend-part-au-mem-summer-summit-forum-a-lugano,520,82092,3\" target=\"_blank\" rel=\"noopener nofollow\"><span style=\"text-decoration: underline;\">Marouen Abassi prend part au MEM Summer Summit Forum \u00e0 Lugano<\/span><\/a><\/li>\n<li>Leaders (25.08.2018): <a href=\"http:\/\/www.leaders.com.tn\/article\/25349-kamel-akrout-le-desenchantement-des-jeunes-tunisiens-vis-a-vis-de-l-europe-ne-doit-pas-perdurer\" target=\"_blank\" rel=\"noopener nofollow\"><span style=\"text-decoration: underline;\">Kamel Akrout : Le d\u00e9senchantement des jeunes tunisiens vis-\u00e0-vis de l\u2019Europe ne doit pas perdurer<\/span><\/a><\/li>\n<li>Leaders (25.08.2018):\u00a0<a href=\"http:\/\/www.businessnews.com.tn\/marouen-abassi-prend-part-au-mem-summer-summit-forum-a-lugano,520,82092,3\" target=\"_blank\" rel=\"noopener nofollow\"><span style=\"text-decoration: underline;\">Ca\u00efd Essebsi aux jeunes du Moyen-Orient, de la M\u00e9diterran\u00e9e et d&#8217;Europe<\/span><\/a><\/li>\n<li>Espace Manager (25.08.2018): <span style=\"text-decoration: underline;\"><a href=\"https:\/\/www.espacemanager.com\/bce-adresse-un-message-video-au-forum-moyen-orient-mediterranee-2018-sur-la-jeunesse.html\" target=\"_blank\" rel=\"noopener nofollow\">BCE adresse un message vid\u00e9o au Forum Moyen-Orient-M\u00e9diterran\u00e9e 2018 sur la jeunesse<\/a><\/span><\/li>\n<li>HuffPost Tunisie (25.08.2018): <span style=\"text-decoration: underline;\"><a href=\"https:\/\/www.huffpostmaghreb.com\/entry\/le-message-stimulant-de-bce-a-la-jeunesse-tunisienne_mg_5b818bebe4b0729515136a9a\" target=\"_blank\" rel=\"noopener nofollow\">Le message stimulant de BCE \u00e0 la jeunesse tunisienne<\/a><\/span><\/li>\n<li>Economiste Maghrebin (25.08.2018): <span style=\"text-decoration: underline;\"><a href=\"https:\/\/www.leconomistemaghrebin.com\/2018\/08\/25\/tunisie-sommet-mem-lugano\/\" target=\"_blank\" rel=\"noopener nofollow\">La Tunisie invit\u00e9e d&#8217;honneur au sommet MEM de Lugano 2018<\/a><\/span><\/li>\n<li>Ticino Online-20 minuti (25.08.2018):\u00a0<span style=\"text-decoration: underline;\"><a href=\"https:\/\/www.tio.ch\/ticino\/attualita\/1316975\/il-dialogo-nell-area-mediterranea-si-fa--anche--a-lugano\" target=\"_blank\" rel=\"noopener nofollow\">Il dialogo nell&#8217;area mediterranea si fa (anche) a<\/a><\/span><a href=\"https:\/\/www.tio.ch\/ticino\/attualita\/1316975\/il-dialogo-nell-area-mediterranea-si-fa--anche--a-lugano\" target=\"_blank\" rel=\"noopener nofollow\"><span style=\"text-decoration: underline;\"> Lugano<\/span><\/a><\/li>\n<li>RTS (25.08.2018):\u00a0<a href=\"https:\/\/www.rts.ch\/play\/tv\/19h30\/video\/sommet-de-lugano-300-jeunes-leaders-du-moyen-orient-et-deurope-se-rencontrent-pour-tisser-des-liens?id=9798313\" target=\"_blank\" rel=\"noopener nofollow\"><span style=\"text-decoration: underline;\">Sommet de Lugano: 300 jeunes leaders du Moyen-Orient et d&#8217;Europe se rencontrent pour tisser des liens<\/span><\/a><\/li>\n<li>Leaders (24.08.2018): <span style=\"text-decoration: underline;\"><a href=\"http:\/\/www.leaders.com.tn\/article\/25342-pourquoi-la-tunisie-est-l-hote-d-honneur-du-sommet-de-lugano-2018\" target=\"_blank\" rel=\"noopener nofollow\">Pourquoi la Tunisie est l\u2019h\u00f4te d\u2019honneur du Sommet de Lugano 2018<\/a><\/span><\/li>\n<li>DFAE (24.08.2018):\u00a0<span style=\"text-decoration: underline;\"><a href=\"https:\/\/www.eda.admin.ch\/eda\/it\/dfae\/attualita\/informazioni-dfae.html\/content\/eda\/it\/meta\/news\/2018\/8\/24\/71926\" target=\"_blank\" rel=\"noopener nofollow\">Le conseiller f\u00e9d\u00e9ral Ignazio Cassis participe au Forum Moyen-Orient M\u00e9diterran\u00e9e organis\u00e9 \u00e0 Lugano<\/a><\/span><\/li>\n<li>DFAE (24.08.2018):\u00a0<span style=\"text-decoration: underline;\"><a href=\"https:\/\/www.eda.admin.ch\/eda\/it\/dfae\/attualita\/informazioni-dfae.html\/content\/eda\/it\/meta\/news\/2018\/8\/24\/71927\" target=\"_blank\" rel=\"noopener nofollow\">Il consigliere federale Ignazio Cassis partecipa al Middle East Mediterranean Forum di Lugano<\/a><\/span><\/li>\n<li>FDFA (24.08.2018):\u00a0<a href=\"https:\/\/www.eda.admin.ch\/eda\/it\/dfae\/attualita\/informazioni-dfae.html\/content\/eda\/it\/meta\/news\/2018\/8\/24\/71928\" target=\"_blank\" rel=\"noopener nofollow\"><span style=\"text-decoration: underline;\">Federal Councillor Ignazio Cassis to take part in Middle East Mediterranean Forum in Lugano<\/span><\/a><\/li>\n<li>RTS (24.08.2018):\u00a0<span style=\"text-decoration: underline;\"><a href=\"https:\/\/www.rts.ch\/play\/tv\/19h30\/video\/la-menace-de-daech-sur-leurope-les-precisions-de-gilles-kepel?id=9797233\" target=\"_blank\" rel=\"noopener nofollow\">La menace de Daech sur l&#8217;Europe: les pr\u00e9cisions de Gilles Kepel<\/a><\/span>\u00a0(24.08.2018)<\/li>\n<li>RSI (22.08.2018): <span style=\"text-decoration: underline;\"><a href=\"https:\/\/www.rsi.ch\/news\/ticino-e-grigioni-e-insubria\/Al-MEM-per-sfidare-i-pregiudizi-10800962.html\" target=\"_blank\" rel=\"noopener nofollow\">Al Mem il &#8220;vero&#8221; Medio Oriente<\/a><\/span><\/li>\n<li>Radio3i\u00a0(21.08.2018):\u00a0<span style=\"text-decoration: underline;\"><a href=\"http:\/\/radio3i.ch\/laredazione\" target=\"_blank\" rel=\"noopener nofollow\">Legittimazione della donna in Tunisia &#8211; Intervista a Essma Ben Hamida. MEM Summer Summit 2018<\/a><\/span><\/li>\n<li>RSI (20.08.2018): <a href=\"https:\/\/www.rsi.ch\/rete-uno\/programmi\/intrattenimento\/albachiara-estate\/MEM-Summer-Summit-e-Turismo-nel-Moesano-21.08.18-10714331.html\" target=\"_blank\" rel=\"noopener nofollow\"><span style=\"text-decoration: underline;\">La prima edizione del MEM<\/span><\/a><\/li>\n<li>RSI (20.08.2018):\u00a0<a href=\"https:\/\/www.rsi.ch\/news\/ticino-e-grigioni-e-insubria\/AllUSI-si-discute-del-futuro-10794404.html\" target=\"_blank\" rel=\"noopener nofollow\"><span style=\"text-decoration: underline;\">All&#8217;USI si discute del futuro<\/span><\/a>\u00a0(20.08.2018)<\/li>\n<li>tvsvizzera.it\u00a0(17.08.2018): <span style=\"text-decoration: underline;\"><a href=\"http:\/\/www.tvsvizzera.it\/tvs\/giovane-summit_a-lugano-si-riflette-su-mediterraneo-e-medio-oriente\/44333420\" target=\"_blank\" rel=\"noopener nofollow\">Giovane summit a Lugano si riflette su Mediterraneo e Medio Oriente<\/a><\/span><\/li>\n<li>Bet Magazine (28.07.2018): <a href=\"http:\/\/www.mosaico-cem.it\/cultura-e-societa\/eventi\/dal-16-al-26-agosto-a-lugano-un-summit-internazionale-sul-medioriente-mediterraneo\" target=\"_blank\" rel=\"noopener nofollow\"><span style=\"text-decoration: underline;\">Dal 16 al 26 agosto a Lugano un summit internazionale sul Medioriente mediterraneo<\/span><\/a><\/li>\n<li><span style=\"text-decoration: underline;\"><a href=\"https:\/\/avenue.argusdatainsights.ch\/kundenartikel\/2018-06\/1044837\/69853391.mp4\" target=\"_blank\" rel=\"noopener nofollow\">Ripensare il Medio Oriente a Lugano<\/a><\/span><\/li>\n<li><span style=\"text-decoration: underline;\"><a href=\"https:\/\/www.mem-summersummit.ch\/wp-content\/uploads\/2018\/06\/CdT_intervistaBE.pdf\" target=\"_blank\" rel=\"noopener nofollow\">Boas Erez: &#8220;Mettere in rete giovani del Medio Oriente e del Mediterraneo per trovare soluzioni&#8221;<\/a><\/span><\/li>\n<li><span style=\"text-decoration: underline;\"><a href=\"https:\/\/www.rsi.ch\/news\/ticino-e-grigioni-e-insubria\/Grandi-della-politica-a-Lugano-10527272.html\" target=\"_blank\" rel=\"noopener nofollow\">Grandi della politica a Lugano<\/a><\/span>\u00a0(30.05.2018)<\/li>\n<li><span style=\"text-decoration: underline;\"><a href=\"https:\/\/www.letemps.ch\/suisse\/gilles-kepel-suisse-devenir-un-pont-entre-leurope-moyenorient\" target=\"_blank\" rel=\"noopener nofollow\">Gilles Kepel: &#8220;La Suisse peut devenir un pont entre l\u2019Europe et le Moyen-Orient&#8221;<\/a><\/span><\/li>\n<\/ul>\n<\/div>\n\t\t\t\t<\/div>\n\t\t\t\t\t\t\t\t<\/div>\n\t\t\t\t<\/div>\n\t\t\t\t<\/div>\n\t\t\t\t\t<\/div>\n\t\t<\/div>\n\t\t\t\t\t<\/div>\n\t\t<\/section>\n\t\t\t\t<section class=\"elementor-section elementor-top-section elementor-element elementor-element-2687f69 elementor-section-content-middle elementor-section-height-min-height elementor-section-boxed elementor-section-height-default elementor-section-items-middle\" data-id=\"2687f69\" data-element_type=\"section\" data-settings=\"{&quot;background_background&quot;:&quot;classic&quot;}\">\n\t\t\t\t\t\t<div class=\"elementor-container elementor-column-gap-no\">\n\t\t\t\t\t<div class=\"elementor-column elementor-col-100 elementor-top-column elementor-element elementor-element-13c1400\" data-id=\"13c1400\" data-element_type=\"column\">\n\t\t\t<div class=\"elementor-widget-wrap elementor-element-populated\">\n\t\t\t\t\t\t<div class=\"elementor-element elementor-element-c7ed6d8 elementor-widget elementor-widget-menu-anchor\" data-id=\"c7ed6d8\" data-element_type=\"widget\" data-widget_type=\"menu-anchor.default\">\n\t\t\t\t<div class=\"elementor-widget-container\">\n\t\t\t\t\t<div class=\"elementor-menu-anchor\" id=\"media-gallery\"><\/div>\n\t\t\t\t<\/div>\n\t\t\t\t<\/div>\n\t\t\t\t\t<\/div>\n\t\t<\/div>\n\t\t\t\t\t<\/div>\n\t\t<\/section>\n\t\t\t\t<section class=\"elementor-section elementor-top-section elementor-element elementor-element-175dc62 elementor-section-boxed elementor-section-height-default elementor-section-height-default\" data-id=\"175dc62\" data-element_type=\"section\">\n\t\t\t\t\t\t<div class=\"elementor-container elementor-column-gap-no\">\n\t\t\t\t\t<div class=\"elementor-column elementor-col-100 elementor-top-column elementor-element elementor-element-f38488c\" data-id=\"f38488c\" data-element_type=\"column\">\n\t\t\t<div class=\"elementor-widget-wrap elementor-element-populated\">\n\t\t\t\t\t\t<div class=\"elementor-element elementor-element-81d5487 elementor-widget-divider--view-line elementor-widget elementor-widget-divider\" data-id=\"81d5487\" data-element_type=\"widget\" data-widget_type=\"divider.default\">\n\t\t\t\t<div class=\"elementor-widget-container\">\n\t\t\t\t\t<div class=\"elementor-divider\">\n\t\t\t<span class=\"elementor-divider-separator\">\n\t\t\t\t\t\t<\/span>\n\t\t<\/div>\n\t\t\t\t<\/div>\n\t\t\t\t<\/div>\n\t\t\t\t<div class=\"elementor-element elementor-element-37bb3f7 elementor-widget elementor-widget-heading\" data-id=\"37bb3f7\" data-element_type=\"widget\" data-widget_type=\"heading.default\">\n\t\t\t\t<div class=\"elementor-widget-container\">\n\t\t\t<h3 class=\"elementor-heading-title elementor-size-default\">Galleria fotografica<\/h3>\t\t<\/div>\n\t\t\t\t<\/div>\n\t\t\t\t<section class=\"elementor-section elementor-inner-section elementor-element elementor-element-787270c elementor-section-boxed elementor-section-height-default elementor-section-height-default\" data-id=\"787270c\" data-element_type=\"section\">\n\t\t\t\t\t\t<div class=\"elementor-container elementor-column-gap-default\">\n\t\t\t\t\t<div class=\"elementor-column elementor-col-33 elementor-inner-column elementor-element elementor-element-c197a4f\" data-id=\"c197a4f\" data-element_type=\"column\">\n\t\t\t<div class=\"elementor-widget-wrap elementor-element-populated\">\n\t\t\t\t\t\t<div class=\"elementor-element elementor-element-462c0df elementor-widget elementor-widget-image\" data-id=\"462c0df\" data-element_type=\"widget\" data-widget_type=\"image.default\">\n\t\t\t\t<div class=\"elementor-widget-container\">\n\t\t\t\t\t\t\t\t\t\t\t\t\t\t<a href=\"\/?page_id=8711\" target=\"_blank\" rel=\"nofollow\">\n\t\t\t\t\t\t\t<img decoding=\"async\" width=\"1024\" height=\"678\" src=\"https:\/\/www.mem-summit.ch\/wp-content\/uploads\/2019\/09\/MEMSumSum_\u00a9USI_Forum_Day2_100-1024x678.jpg\" class=\"attachment-large size-large wp-image-9972\" alt=\"\" srcset=\"https:\/\/www.mem-summit.ch\/wp-content\/uploads\/2019\/09\/MEMSumSum_\u00a9USI_Forum_Day2_100-1024x678.jpg 1024w, https:\/\/www.mem-summit.ch\/wp-content\/uploads\/2019\/09\/MEMSumSum_\u00a9USI_Forum_Day2_100-480x318.jpg 480w, https:\/\/www.mem-summit.ch\/wp-content\/uploads\/2019\/09\/MEMSumSum_\u00a9USI_Forum_Day2_100-768x508.jpg 768w, https:\/\/www.mem-summit.ch\/wp-content\/uploads\/2019\/09\/MEMSumSum_\u00a9USI_Forum_Day2_100.jpg 1920w\" sizes=\"(max-width: 1024px) 100vw, 1024px\" \/>\t\t\t\t\t\t\t\t<\/a>\n\t\t\t\t\t\t\t\t\t\t\t\t\t<\/div>\n\t\t\t\t<\/div>\n\t\t\t\t<div class=\"elementor-element elementor-element-d41582a elementor-widget elementor-widget-heading\" data-id=\"d41582a\" data-element_type=\"widget\" data-widget_type=\"heading.default\">\n\t\t\t\t<div class=\"elementor-widget-container\">\n\t\t\t<span class=\"elementor-heading-title elementor-size-default\">Forum<\/span>\t\t<\/div>\n\t\t\t\t<\/div>\n\t\t\t\t\t<\/div>\n\t\t<\/div>\n\t\t\t\t<div class=\"elementor-column elementor-col-33 elementor-inner-column elementor-element elementor-element-768fc50\" data-id=\"768fc50\" data-element_type=\"column\">\n\t\t\t<div class=\"elementor-widget-wrap elementor-element-populated\">\n\t\t\t\t\t\t<div class=\"elementor-element elementor-element-d9e5b18 elementor-widget elementor-widget-image\" data-id=\"d9e5b18\" data-element_type=\"widget\" data-widget_type=\"image.default\">\n\t\t\t\t<div class=\"elementor-widget-container\">\n\t\t\t\t\t\t\t\t\t\t\t\t\t\t<a href=\"\/?page_id=8924\" target=\"_blank\" rel=\"nofollow\">\n\t\t\t\t\t\t\t<img decoding=\"async\" width=\"1024\" height=\"683\" src=\"https:\/\/www.mem-summit.ch\/wp-content\/uploads\/2019\/09\/MEMSumSum_\u00a9USI_Forum_10-1024x683.jpg\" class=\"attachment-large size-large wp-image-8991\" alt=\"\" srcset=\"https:\/\/www.mem-summit.ch\/wp-content\/uploads\/2019\/09\/MEMSumSum_\u00a9USI_Forum_10-1024x683.jpg 1024w, https:\/\/www.mem-summit.ch\/wp-content\/uploads\/2019\/09\/MEMSumSum_\u00a9USI_Forum_10-480x320.jpg 480w, https:\/\/www.mem-summit.ch\/wp-content\/uploads\/2019\/09\/MEMSumSum_\u00a9USI_Forum_10-768x512.jpg 768w, https:\/\/www.mem-summit.ch\/wp-content\/uploads\/2019\/09\/MEMSumSum_\u00a9USI_Forum_10.jpg 1920w\" sizes=\"(max-width: 1024px) 100vw, 1024px\" \/>\t\t\t\t\t\t\t\t<\/a>\n\t\t\t\t\t\t\t\t\t\t\t\t\t<\/div>\n\t\t\t\t<\/div>\n\t\t\t\t<div class=\"elementor-element elementor-element-e535d4f elementor-widget elementor-widget-heading\" data-id=\"e535d4f\" data-element_type=\"widget\" data-widget_type=\"heading.default\">\n\t\t\t\t<div class=\"elementor-widget-container\">\n\t\t\t<span class=\"elementor-heading-title elementor-size-default\">Seminario<\/span>\t\t<\/div>\n\t\t\t\t<\/div>\n\t\t\t\t\t<\/div>\n\t\t<\/div>\n\t\t\t\t<div class=\"elementor-column elementor-col-33 elementor-inner-column elementor-element elementor-element-f020420\" data-id=\"f020420\" data-element_type=\"column\">\n\t\t\t<div class=\"elementor-widget-wrap elementor-element-populated\">\n\t\t\t\t\t\t<div class=\"elementor-element elementor-element-65d713a elementor-widget elementor-widget-image\" data-id=\"65d713a\" data-element_type=\"widget\" data-widget_type=\"image.default\">\n\t\t\t\t<div class=\"elementor-widget-container\">\n\t\t\t\t\t\t\t\t\t\t\t\t\t\t<a href=\"https:\/\/www.mem-summersummit.ch\/gallery-exhibition-2019\/\" target=\"_blank\" rel=\"nofollow\">\n\t\t\t\t\t\t\t<img loading=\"lazy\" decoding=\"async\" width=\"1024\" height=\"683\" src=\"https:\/\/www.mem-summit.ch\/wp-content\/uploads\/2019\/09\/MEMSumSum_\u00a9USI_Forum_Day2_130-1024x683.jpg\" class=\"attachment-large size-large wp-image-10032\" alt=\"\" srcset=\"https:\/\/www.mem-summit.ch\/wp-content\/uploads\/2019\/09\/MEMSumSum_\u00a9USI_Forum_Day2_130-1024x683.jpg 1024w, https:\/\/www.mem-summit.ch\/wp-content\/uploads\/2019\/09\/MEMSumSum_\u00a9USI_Forum_Day2_130-480x320.jpg 480w, https:\/\/www.mem-summit.ch\/wp-content\/uploads\/2019\/09\/MEMSumSum_\u00a9USI_Forum_Day2_130-768x512.jpg 768w, https:\/\/www.mem-summit.ch\/wp-content\/uploads\/2019\/09\/MEMSumSum_\u00a9USI_Forum_Day2_130.jpg 1920w\" sizes=\"(max-width: 1024px) 100vw, 1024px\" \/>\t\t\t\t\t\t\t\t<\/a>\n\t\t\t\t\t\t\t\t\t\t\t\t\t<\/div>\n\t\t\t\t<\/div>\n\t\t\t\t<div class=\"elementor-element elementor-element-16f89f1 elementor-widget elementor-widget-heading\" data-id=\"16f89f1\" data-element_type=\"widget\" data-widget_type=\"heading.default\">\n\t\t\t\t<div class=\"elementor-widget-container\">\n\t\t\t<span class=\"elementor-heading-title elementor-size-default\">Mostra<\/span>\t\t<\/div>\n\t\t\t\t<\/div>\n\t\t\t\t\t<\/div>\n\t\t<\/div>\n\t\t\t\t\t<\/div>\n\t\t<\/section>\n\t\t\t\t\t<\/div>\n\t\t<\/div>\n\t\t\t\t\t<\/div>\n\t\t<\/section>\n\t\t\t\t<section class=\"elementor-section elementor-top-section elementor-element elementor-element-fc67428 elementor-section-content-middle elementor-section-height-min-height elementor-section-boxed elementor-section-height-default elementor-section-items-middle\" data-id=\"fc67428\" data-element_type=\"section\" data-settings=\"{&quot;background_background&quot;:&quot;classic&quot;}\">\n\t\t\t\t\t\t<div class=\"elementor-container elementor-column-gap-no\">\n\t\t\t\t\t<div class=\"elementor-column elementor-col-100 elementor-top-column elementor-element elementor-element-7d5c963\" data-id=\"7d5c963\" data-element_type=\"column\">\n\t\t\t<div class=\"elementor-widget-wrap elementor-element-populated\">\n\t\t\t\t\t\t<div class=\"elementor-element elementor-element-b8fb807 elementor-widget elementor-widget-menu-anchor\" data-id=\"b8fb807\" data-element_type=\"widget\" data-widget_type=\"menu-anchor.default\">\n\t\t\t\t<div class=\"elementor-widget-container\">\n\t\t\t\t\t<div class=\"elementor-menu-anchor\" id=\"media-registration\"><\/div>\n\t\t\t\t<\/div>\n\t\t\t\t<\/div>\n\t\t\t\t\t<\/div>\n\t\t<\/div>\n\t\t\t\t\t<\/div>\n\t\t<\/section>\n\t\t\t\t<section class=\"elementor-section elementor-top-section elementor-element elementor-element-0387184 elementor-hidden-desktop elementor-hidden-tablet elementor-hidden-phone elementor-section-boxed elementor-section-height-default elementor-section-height-default\" data-id=\"0387184\" data-element_type=\"section\">\n\t\t\t\t\t\t<div class=\"elementor-container elementor-column-gap-no\">\n\t\t\t\t\t<div class=\"elementor-column elementor-col-100 elementor-top-column elementor-element elementor-element-9625f0d\" data-id=\"9625f0d\" data-element_type=\"column\">\n\t\t\t<div class=\"elementor-widget-wrap elementor-element-populated\">\n\t\t\t\t\t\t<div class=\"elementor-element elementor-element-c98ccf7 elementor-widget elementor-widget-menu-anchor\" data-id=\"c98ccf7\" data-element_type=\"widget\" data-widget_type=\"menu-anchor.default\">\n\t\t\t\t<div class=\"elementor-widget-container\">\n\t\t\t\t\t<div class=\"elementor-menu-anchor\" id=\"mediagallery\"><\/div>\n\t\t\t\t<\/div>\n\t\t\t\t<\/div>\n\t\t\t\t<div class=\"elementor-element elementor-element-6f8ef88 elementor-widget-divider--view-line elementor-widget elementor-widget-divider\" data-id=\"6f8ef88\" data-element_type=\"widget\" data-widget_type=\"divider.default\">\n\t\t\t\t<div class=\"elementor-widget-container\">\n\t\t\t\t\t<div class=\"elementor-divider\">\n\t\t\t<span class=\"elementor-divider-separator\">\n\t\t\t\t\t\t<\/span>\n\t\t<\/div>\n\t\t\t\t<\/div>\n\t\t\t\t<\/div>\n\t\t\t\t<div class=\"elementor-element elementor-element-5b505ed elementor-widget elementor-widget-heading\" data-id=\"5b505ed\" data-element_type=\"widget\" data-widget_type=\"heading.default\">\n\t\t\t\t<div class=\"elementor-widget-container\">\n\t\t\t<h3 class=\"elementor-heading-title elementor-size-default\">Video Gallery<\/h3>\t\t<\/div>\n\t\t\t\t<\/div>\n\t\t\t\t<div class=\"elementor-element elementor-element-a590169 elementor-widget elementor-widget-text-editor\" data-id=\"a590169\" data-element_type=\"widget\" data-widget_type=\"text-editor.default\">\n\t\t\t\t<div class=\"elementor-widget-container\">\n\t\t\t\t\t\t\t<p>Videos can also be watched on our <a href=\"https:\/\/www.youtube.com\/channel\/UCt-Dw8CxdROzqftqGc4M_gw\" target=\"_blank\" rel=\"noopener nofollow\"><span style=\"text-decoration: underline;\"><strong>YouTube channel<\/strong><\/span><\/a><\/p>\n\t\t\t\t\t\t<\/div>\n\t\t\t\t<\/div>\n\t\t\t\t<div class=\"elementor-element elementor-element-c82d827 elementor-widget elementor-widget-text-editor\" data-id=\"c82d827\" data-element_type=\"widget\" data-widget_type=\"text-editor.default\">\n\t\t\t\t<div class=\"elementor-widget-container\">\n\t\t\t\t\t\t\t<p><div class=\"ast-oembed-container\" style=\"height: 100%;\"><iframe title=\"MEM Summer Summit values - Boas Erez, USI Rector\" width=\"500\" height=\"281\" src=\"https:\/\/www.youtube.com\/embed\/s45T9bKP1s4?feature=oembed\" frameborder=\"0\" allow=\"accelerometer; autoplay; clipboard-write; encrypted-media; gyroscope; picture-in-picture; web-share\" referrerpolicy=\"strict-origin-when-cross-origin\" allowfullscreen><\/iframe><\/div><\/p>\n<p><div class=\"ast-oembed-container\" style=\"height: 100%;\"><iframe title=\"MEM, USI and Lugano - Marco Borradori, Mayor of Lugano\" width=\"500\" height=\"281\" src=\"https:\/\/www.youtube.com\/embed\/GU9MuRGkr2Y?feature=oembed\" frameborder=\"0\" allow=\"accelerometer; autoplay; clipboard-write; encrypted-media; gyroscope; picture-in-picture; web-share\" referrerpolicy=\"strict-origin-when-cross-origin\" allowfullscreen><\/iframe><\/div><\/p>\n<p><div class=\"ast-oembed-container\" style=\"height: 100%;\"><iframe title=\"MEM Summer Summit and Ticino - Manuele Bertoli, Councilor of State of the Canton Ticino\" width=\"500\" height=\"281\" src=\"https:\/\/www.youtube.com\/embed\/kfJSJg63_Ds?feature=oembed\" frameborder=\"0\" allow=\"accelerometer; autoplay; clipboard-write; encrypted-media; gyroscope; picture-in-picture; web-share\" referrerpolicy=\"strict-origin-when-cross-origin\" allowfullscreen><\/iframe><\/div><\/p>\n<p><div class=\"ast-oembed-container\" style=\"height: 100%;\"><iframe title=\"MEM Summer Summit according to Marco Borradori, Mayor of Lugano\" width=\"500\" height=\"281\" src=\"https:\/\/www.youtube.com\/embed\/QZ9Xr8FN-M8?feature=oembed\" frameborder=\"0\" allow=\"accelerometer; autoplay; clipboard-write; encrypted-media; gyroscope; picture-in-picture; web-share\" referrerpolicy=\"strict-origin-when-cross-origin\" allowfullscreen><\/iframe><\/div><\/p>\n<p><div class=\"ast-oembed-container\" style=\"height: 100%;\"><iframe title=\"Rethinking the MEM region with young change makers - Gilles Kepel, The MEM FreeThinking Platform\" width=\"500\" height=\"281\" src=\"https:\/\/www.youtube.com\/embed\/xlTKyvID3WE?feature=oembed\" frameborder=\"0\" allow=\"accelerometer; autoplay; clipboard-write; encrypted-media; gyroscope; picture-in-picture; web-share\" referrerpolicy=\"strict-origin-when-cross-origin\" allowfullscreen><\/iframe><\/div><\/p>\n<p><div class=\"ast-oembed-container\" style=\"height: 100%;\"><iframe title=\"MEM Summer Summit, the structure - Boas Erez, USI Rector\" width=\"500\" height=\"281\" src=\"https:\/\/www.youtube.com\/embed\/YgCJmuo-jhY?feature=oembed\" frameborder=\"0\" allow=\"accelerometer; autoplay; clipboard-write; encrypted-media; gyroscope; picture-in-picture; web-share\" referrerpolicy=\"strict-origin-when-cross-origin\" allowfullscreen><\/iframe><\/div><\/p>\n\t\t\t\t\t\t<\/div>\n\t\t\t\t<\/div>\n\t\t\t\t\t<\/div>\n\t\t<\/div>\n\t\t\t\t\t<\/div>\n\t\t<\/section>\n\t\t\t\t<section class=\"elementor-section elementor-top-section elementor-element elementor-element-df06982 elementor-hidden-desktop elementor-hidden-tablet elementor-hidden-phone elementor-section-boxed elementor-section-height-default elementor-section-height-default\" data-id=\"df06982\" data-element_type=\"section\">\n\t\t\t\t\t\t<div class=\"elementor-container elementor-column-gap-no\">\n\t\t\t\t\t<div class=\"elementor-column elementor-col-100 elementor-top-column elementor-element elementor-element-2fe3c9e\" data-id=\"2fe3c9e\" data-element_type=\"column\">\n\t\t\t<div class=\"elementor-widget-wrap elementor-element-populated\">\n\t\t\t\t\t\t<div class=\"elementor-element elementor-element-ba27fe2 elementor-widget elementor-widget-menu-anchor\" data-id=\"ba27fe2\" data-element_type=\"widget\" data-widget_type=\"menu-anchor.default\">\n\t\t\t\t<div class=\"elementor-widget-container\">\n\t\t\t\t\t<div class=\"elementor-menu-anchor\" id=\"pressrelease\"><\/div>\n\t\t\t\t<\/div>\n\t\t\t\t<\/div>\n\t\t\t\t<div class=\"elementor-element elementor-element-8457aca elementor-widget-divider--view-line elementor-widget elementor-widget-divider\" data-id=\"8457aca\" data-element_type=\"widget\" data-widget_type=\"divider.default\">\n\t\t\t\t<div class=\"elementor-widget-container\">\n\t\t\t\t\t<div class=\"elementor-divider\">\n\t\t\t<span class=\"elementor-divider-separator\">\n\t\t\t\t\t\t<\/span>\n\t\t<\/div>\n\t\t\t\t<\/div>\n\t\t\t\t<\/div>\n\t\t\t\t<div class=\"elementor-element elementor-element-bc829b5 elementor-widget elementor-widget-heading\" data-id=\"bc829b5\" data-element_type=\"widget\" data-widget_type=\"heading.default\">\n\t\t\t\t<div class=\"elementor-widget-container\">\n\t\t\t<h3 class=\"elementor-heading-title elementor-size-default\">Press Release<\/h3>\t\t<\/div>\n\t\t\t\t<\/div>\n\t\t\t\t<div class=\"elementor-element elementor-element-66c17fb elementor-widget elementor-widget-text-editor\" data-id=\"66c17fb\" data-element_type=\"widget\" data-widget_type=\"text-editor.default\">\n\t\t\t\t<div class=\"elementor-widget-container\">\n\t\t\t\t\t\t\t<p>Press releases of the MEM Summer Summit are available here:<\/p>\n<ul style=\"font-size: 18px; font-style: normal;\">\n<li style=\"font-size: 18px;\"><span style=\"font-size: 18px; font-style: normal;\">MEM Summer Summit 2018 &#8211; Forum, 26 August 2018:<\/span><br \/>\n<span style=\"font-size: 18px; font-style: normal;\"><span style=\"font-size: 18px; font-style: normal;\">&#8211;\u00a0<span style=\"text-decoration: underline;\"><a href=\"https:\/\/www.mem-summersummit.ch\/wp-content\/uploads\/2018\/08\/MEM-Forum-media-release-26aug18.pdf\" target=\"_blank\" rel=\"noopener nofollow\">MEM Forum &#8211; 26 August 2018 (English version)<\/a><br \/>\n<\/span>&#8211;<a href=\"https:\/\/www.mem-summersummit.ch\/wp-content\/uploads\/2018\/08\/MEM-Forum-comunicato-ai-media-26aug18.pdf\" target=\"_blank\" rel=\"noopener nofollow\">\u00a0<\/a><span style=\"text-decoration: underline;\"><a href=\"https:\/\/www.mem-summersummit.ch\/wp-content\/uploads\/2018\/08\/MEM-Forum-comunicato-ai-media-26aug18.pdf\" target=\"_blank\" rel=\"noopener nofollow\">MEM Forum &#8211; 26 August 2018 (Italian version)<\/a><\/span><\/span><\/span><\/li>\n<li style=\"font-size: 18px;\">MEM Summer Summit 2018 &#8211; Forum, 25 August 2018:<br \/>\n&#8211; <span style=\"text-decoration: underline;\"><a href=\"https:\/\/www.mem-summersummit.ch\/wp-content\/uploads\/2018\/08\/MEM-Forum-press-release-25aug18.pdf\" target=\"_blank\" rel=\"noopener nofollow\">MEM Forum &#8211; 25 August 2018 (English version)<\/a><br \/>\n<\/span>&#8211;\u00a0<span style=\"text-decoration: underline;\"><a href=\"https:\/\/www.mem-summersummit.ch\/wp-content\/uploads\/2018\/08\/MEM-Forum-comunicato-stampa-25aug18.pdf\" target=\"_blank\" rel=\"noopener nofollow\">MEM Forum &#8211; 25 August 2018 (Italian version)<\/a><br \/>\n<\/span><\/li>\n<\/ul>\n<ul>\n<li>MEM Summer Summit 2018 Programme (06 August 2018):<br \/>\n&#8211;\u00a0<a href=\"https:\/\/www.mem-summersummit.ch\/wp-content\/uploads\/2018\/08\/MEM-Summer-Summit-programme-EN-1.pdf\" target=\"_blank\" rel=\"noopener nofollow\"><span style=\"text-decoration: underline;\">Programme (English version)<\/span><\/a><br \/>\n&#8211;\u00a0<span style=\"text-decoration: underline;\"><a href=\"https:\/\/www.mem-summersummit.ch\/wp-content\/uploads\/2018\/08\/MEM-Summer-Summit-programma-IT.pdf\" target=\"_blank\" rel=\"noopener nofollow\">Programme (Italian version)<\/a><\/span><br \/>\n&#8211;\u00a0<span style=\"text-decoration: underline;\"><a href=\"https:\/\/www.mem-summersummit.ch\/wp-content\/uploads\/2018\/08\/MEM-Summer-Summit-programma-FR.pdf\" target=\"_blank\" rel=\"noopener nofollow\">Programme (French version)<\/a><\/span><br \/>\n&#8211;\u00a0<span style=\"text-decoration: underline;\"><span style=\"text-decoration: underline;\"><a href=\"https:\/\/www.mem-summersummit.ch\/wp-content\/uploads\/2018\/08\/MEM-Summer-Summit-programma-DE.pdf\" target=\"_blank\" rel=\"noopener nofollow\">Programme (German version)<\/a><\/span><\/span><\/li>\n<li>Press Conference (30 May 2018):<br \/>\n&#8211;\u00a0<span style=\"text-decoration: underline;\"><a href=\"https:\/\/www.mem-summersummit.ch\/wp-content\/uploads\/2018\/05\/Cartella-stampa-ENG.pdf\" target=\"_blank\" rel=\"noopener nofollow\">Press Conference Kit (English version)<\/a><\/span><br \/>\n&#8211;\u00a0<span style=\"text-decoration: underline;\"><a href=\"https:\/\/www.mem-summersummit.ch\/wp-content\/uploads\/2018\/05\/Cartella-stampa-ITA.pdf\" target=\"_blank\" rel=\"noopener nofollow\">Press Conference Kit (Italian version)<\/a><\/span><br \/>\n&#8211;\u00a0<a href=\"https:\/\/www.mem-summersummit.ch\/wp-content\/uploads\/2018\/05\/Cartella-stampa-FRA.pdf\" target=\"_blank\" rel=\"noopener nofollow\"><span style=\"text-decoration: underline;\">Press Conference Kit (French version)<\/span><\/a><br \/>\n&#8211; <span style=\"text-decoration: underline;\"><span style=\"text-decoration: underline;\"><a href=\"https:\/\/www.mem-summersummit.ch\/wp-content\/uploads\/2018\/06\/Press-Release-German-version.pdf\" target=\"_blank\" rel=\"noopener nofollow\">Press Conference Kit (German version)<\/a><\/span><\/span><\/li>\n<li>Invitation to Press Conference (30 May 2018):<br \/>\n<a href=\"https:\/\/www.mem-summersummit.ch\/wp-content\/uploads\/2018\/05\/MEM-press_Invito-stampa_PDF_EN.pdf\" target=\"_blank\" rel=\"noopener nofollow\">&#8211;\u00a0<\/a><span style=\"text-decoration: underline;\"><a href=\"https:\/\/www.mem-summersummit.ch\/wp-content\/uploads\/2018\/05\/MEM-press_Invito-stampa_PDF_EN.pdf\" target=\"_blank\" rel=\"noopener nofollow\">English version<\/a><\/span><br \/>\n&#8211;\u00a0<span style=\"text-decoration: underline;\"><a href=\"https:\/\/www.mem-summersummit.ch\/wp-content\/uploads\/2018\/05\/MEM-press_Invito-stampa_PDF_IT.pdf\" target=\"_blank\" rel=\"noopener nofollow\">Italian version<\/a><\/span><br \/>\n&#8211;\u00a0<span style=\"text-decoration: underline;\"><a href=\"https:\/\/www.mem-summersummit.ch\/wp-content\/uploads\/2018\/05\/MEM-press_Invito-stampa_PDF_FR.pdf\" target=\"_blank\" rel=\"noopener nofollow\">French version<\/a><\/span><br \/>\n&#8211;\u00a0<span style=\"text-decoration: underline;\"><a href=\"https:\/\/www.mem-summersummit.ch\/wp-content\/uploads\/2018\/05\/MEM-press_Invito-stampa_PDF_DE.pdf\" target=\"_blank\" rel=\"noopener nofollow\">German version<\/a><\/span><\/li>\n<\/ul>\n\t\t\t\t\t\t<\/div>\n\t\t\t\t<\/div>\n\t\t\t\t\t<\/div>\n\t\t<\/div>\n\t\t\t\t\t<\/div>\n\t\t<\/section>\n\t\t\t\t<section class=\"elementor-section elementor-top-section elementor-element elementor-element-d130dee elementor-section-boxed elementor-section-height-default elementor-section-height-default\" data-id=\"d130dee\" data-element_type=\"section\">\n\t\t\t\t\t\t<div class=\"elementor-container elementor-column-gap-no\">\n\t\t\t\t\t<div class=\"elementor-column elementor-col-100 elementor-top-column elementor-element elementor-element-098d51e\" data-id=\"098d51e\" data-element_type=\"column\">\n\t\t\t<div class=\"elementor-widget-wrap elementor-element-populated\">\n\t\t\t\t\t\t<div class=\"elementor-element elementor-element-dc35e06 elementor-widget-divider--view-line elementor-widget elementor-widget-divider\" data-id=\"dc35e06\" data-element_type=\"widget\" data-widget_type=\"divider.default\">\n\t\t\t\t<div class=\"elementor-widget-container\">\n\t\t\t\t\t<div class=\"elementor-divider\">\n\t\t\t<span class=\"elementor-divider-separator\">\n\t\t\t\t\t\t<\/span>\n\t\t<\/div>\n\t\t\t\t<\/div>\n\t\t\t\t<\/div>\n\t\t\t\t<div class=\"elementor-element elementor-element-7be3747 elementor-widget elementor-widget-heading\" data-id=\"7be3747\" data-element_type=\"widget\" data-widget_type=\"heading.default\">\n\t\t\t\t<div class=\"elementor-widget-container\">\n\t\t\t<h3 class=\"elementor-heading-title elementor-size-default\">Iscrizioni media e giornalisti<\/h3>\t\t<\/div>\n\t\t\t\t<\/div>\n\t\t\t\t<div class=\"elementor-element elementor-element-8526595 elementor-widget elementor-widget-text-editor\" data-id=\"8526595\" data-element_type=\"widget\" data-widget_type=\"text-editor.default\">\n\t\t\t\t<div class=\"elementor-widget-container\">\n\t\t\t\t\t\t\t<p>L\u2019iscrizione media \u00e8 aperta ai giornalisti per la copertura editoriale tramite i\u00a0<em>pass media<\/em>\u00a0gratuiti. Tutti i giornalisti interessati a seguire le attivit\u00e0 del Forum devono registrarsi tramite il modulo online qui di seguito.<\/p>\n<p>Nel caso in cui venissero applicate delle eventuali misure di sicurezza potenziate durante l\u2019evento, nonch\u00e9 delle limitazioni logistiche relative, il comitato di organizzazione si riserva il diritto di limitare il numero di giornalisti accreditati.<\/p>\n<p>Il pranzo non \u00e8 incluso nell\u2019iscrizione media e giornalisti.<\/p>\n<h3><\/h3>\n<h3>Formulario di iscrizione<\/h3>\n\t\t\t\t\t\t<\/div>\n\t\t\t\t<\/div>\n\t\t\t\t<div class=\"elementor-element elementor-element-5668aa14 elementor-button-align-end elementor-mobile-button-align-center elementor-widget elementor-widget-form\" data-id=\"5668aa14\" data-element_type=\"widget\" data-settings=\"{&quot;step_next_label&quot;:&quot;Successivo&quot;,&quot;step_previous_label&quot;:&quot;Precedente&quot;,&quot;button_width&quot;:&quot;100&quot;,&quot;step_type&quot;:&quot;number_text&quot;,&quot;step_icon_shape&quot;:&quot;circle&quot;}\" data-widget_type=\"form.default\">\n\t\t\t\t<div class=\"elementor-widget-container\">\n\t\t\t\t\t<form class=\"elementor-form\" method=\"post\" name=\"Nuovo formulario\">\n\t\t\t<input type=\"hidden\" name=\"post_id\" value=\"10781\"\/>\n\t\t\t<input type=\"hidden\" name=\"form_id\" value=\"5668aa14\"\/>\n\t\t\t<input type=\"hidden\" name=\"referer_title\" value=\"Mem USI\" \/>\n\n\t\t\t\n\t\t\t<div class=\"elementor-form-fields-wrapper elementor-labels-\">\n\t\t\t\t\t\t\t\t<div class=\"elementor-field-type-text elementor-field-group elementor-column elementor-field-group-name elementor-col-50 elementor-field-required\">\n\t\t\t\t\t\t\t\t\t\t\t\t<label for=\"form-field-name\" class=\"elementor-field-label elementor-screen-only\">\n\t\t\t\t\t\t\t\tNome\t\t\t\t\t\t\t<\/label>\n\t\t\t\t\t\t\t\t\t\t\t\t\t\t<input size=\"1\" type=\"text\" name=\"form_fields[name]\" id=\"form-field-name\" class=\"elementor-field elementor-size-sm  elementor-field-textual\" placeholder=\"Nome\" required=\"required\" aria-required=\"true\">\n\t\t\t\t\t\t\t\t\t\t\t<\/div>\n\t\t\t\t\t\t\t\t<div class=\"elementor-field-type-text elementor-field-group elementor-column elementor-field-group-78d6df1 elementor-col-50 elementor-field-required\">\n\t\t\t\t\t\t\t\t\t\t\t\t<label for=\"form-field-78d6df1\" class=\"elementor-field-label elementor-screen-only\">\n\t\t\t\t\t\t\t\tCognome\t\t\t\t\t\t\t<\/label>\n\t\t\t\t\t\t\t\t\t\t\t\t\t\t<input size=\"1\" type=\"text\" name=\"form_fields[78d6df1]\" id=\"form-field-78d6df1\" class=\"elementor-field elementor-size-sm  elementor-field-textual\" placeholder=\"Cognome\" required=\"required\" aria-required=\"true\">\n\t\t\t\t\t\t\t\t\t\t\t<\/div>\n\t\t\t\t\t\t\t\t<div class=\"elementor-field-type-text elementor-field-group elementor-column elementor-field-group-904d9d8 elementor-col-50 elementor-field-required\">\n\t\t\t\t\t\t\t\t\t\t\t\t<label for=\"form-field-904d9d8\" class=\"elementor-field-label elementor-screen-only\">\n\t\t\t\t\t\t\t\tPaese\t\t\t\t\t\t\t<\/label>\n\t\t\t\t\t\t\t\t\t\t\t\t\t\t<input size=\"1\" type=\"text\" name=\"form_fields[904d9d8]\" id=\"form-field-904d9d8\" class=\"elementor-field elementor-size-sm  elementor-field-textual\" placeholder=\"Paese\" required=\"required\" aria-required=\"true\">\n\t\t\t\t\t\t\t\t\t\t\t<\/div>\n\t\t\t\t\t\t\t\t<div class=\"elementor-field-type-date elementor-field-group elementor-column elementor-field-group-field_2 elementor-col-50 elementor-field-required\">\n\t\t\t\t\t\t\t\t\t\t\t\t<label for=\"form-field-field_2\" class=\"elementor-field-label elementor-screen-only\">\n\t\t\t\t\t\t\t\tData di nascita\t\t\t\t\t\t\t<\/label>\n\t\t\t\t\t\t\n\t\t<input type=\"date\" name=\"form_fields[field_2]\" id=\"form-field-field_2\" class=\"elementor-field elementor-size-sm  elementor-field-textual elementor-date-field\" placeholder=\"Data di nascita\" required=\"required\" aria-required=\"true\" pattern=\"[0-9]{4}-[0-9]{2}-[0-9]{2}\">\n\t\t\t\t\t\t<\/div>\n\t\t\t\t\t\t\t\t<div class=\"elementor-field-type-select elementor-field-group elementor-column elementor-field-group-field_4 elementor-col-50 elementor-field-required\">\n\t\t\t\t\t\t\t\t\t\t\t\t<label for=\"form-field-field_4\" class=\"elementor-field-label elementor-screen-only\">\n\t\t\t\t\t\t\t\tGenere\t\t\t\t\t\t\t<\/label>\n\t\t\t\t\t\t\t\t<div class=\"elementor-field elementor-select-wrapper remove-before \">\n\t\t\t<div class=\"select-caret-down-wrapper\">\n\t\t\t\t<i aria-hidden=\"true\" class=\"eicon-caret-down\"><\/i>\t\t\t<\/div>\n\t\t\t<select name=\"form_fields[field_4]\" id=\"form-field-field_4\" class=\"elementor-field-textual elementor-size-sm\" required=\"required\" aria-required=\"true\">\n\t\t\t\t\t\t\t\t\t<option value=\"Genere\">Genere<\/option>\n\t\t\t\t\t\t\t\t\t<option value=\"Maschile\">Maschile<\/option>\n\t\t\t\t\t\t\t\t\t<option value=\"Femminile\">Femminile<\/option>\n\t\t\t\t\t\t\t\t\t<option value=\"Altro\">Altro<\/option>\n\t\t\t\t\t\t\t<\/select>\n\t\t<\/div>\n\t\t\t\t\t\t<\/div>\n\t\t\t\t\t\t\t\t<div class=\"elementor-field-type-text elementor-field-group elementor-column elementor-field-group-field_3 elementor-col-50 elementor-field-required\">\n\t\t\t\t\t\t\t\t\t\t\t\t<label for=\"form-field-field_3\" class=\"elementor-field-label elementor-screen-only\">\n\t\t\t\t\t\t\t\tMezzo di communicazione\t\t\t\t\t\t\t<\/label>\n\t\t\t\t\t\t\t\t\t\t\t\t\t\t<input size=\"1\" type=\"text\" name=\"form_fields[field_3]\" id=\"form-field-field_3\" class=\"elementor-field elementor-size-sm  elementor-field-textual\" placeholder=\"Mezzo di communicazione\" required=\"required\" aria-required=\"true\">\n\t\t\t\t\t\t\t\t\t\t\t<\/div>\n\t\t\t\t\t\t\t\t<div class=\"elementor-field-type-text elementor-field-group elementor-column elementor-field-group-9c3ec98 elementor-col-50 elementor-field-required\">\n\t\t\t\t\t\t\t\t\t\t\t\t<label for=\"form-field-9c3ec98\" class=\"elementor-field-label elementor-screen-only\">\n\t\t\t\t\t\t\t\tNumero cellulare\t\t\t\t\t\t\t<\/label>\n\t\t\t\t\t\t\t\t\t\t\t\t\t\t<input size=\"1\" type=\"text\" name=\"form_fields[9c3ec98]\" id=\"form-field-9c3ec98\" class=\"elementor-field elementor-size-sm  elementor-field-textual\" placeholder=\"Numero cellulare\" required=\"required\" aria-required=\"true\">\n\t\t\t\t\t\t\t\t\t\t\t<\/div>\n\t\t\t\t\t\t\t\t<div class=\"elementor-field-type-email elementor-field-group elementor-column elementor-field-group-email elementor-col-50 elementor-field-required\">\n\t\t\t\t\t\t\t\t\t\t\t\t<label for=\"form-field-email\" class=\"elementor-field-label elementor-screen-only\">\n\t\t\t\t\t\t\t\tEmail\t\t\t\t\t\t\t<\/label>\n\t\t\t\t\t\t\t\t\t\t\t\t\t\t<input size=\"1\" type=\"email\" name=\"form_fields[email]\" id=\"form-field-email\" class=\"elementor-field elementor-size-sm  elementor-field-textual\" placeholder=\"E-mail\" required=\"required\" aria-required=\"true\">\n\t\t\t\t\t\t\t\t\t\t\t<\/div>\n\t\t\t\t\t\t\t\t<div class=\"elementor-field-type-date elementor-field-group elementor-column elementor-field-group-40f092e elementor-col-50 elementor-field-required\">\n\t\t\t\t\t\t\t\t\t\t\t\t<label for=\"form-field-40f092e\" class=\"elementor-field-label elementor-screen-only\">\n\t\t\t\t\t\t\t\tData di arrivo\t\t\t\t\t\t\t<\/label>\n\t\t\t\t\t\t\n\t\t<input type=\"date\" name=\"form_fields[40f092e]\" id=\"form-field-40f092e\" class=\"elementor-field elementor-size-sm  elementor-field-textual elementor-date-field\" placeholder=\"Data di arrivo\" required=\"required\" aria-required=\"true\" pattern=\"[0-9]{4}-[0-9]{2}-[0-9]{2}\">\n\t\t\t\t\t\t<\/div>\n\t\t\t\t\t\t\t\t<div class=\"elementor-field-type-date elementor-field-group elementor-column elementor-field-group-field_6 elementor-col-50 elementor-field-required\">\n\t\t\t\t\t\t\t\t\t\t\t\t<label for=\"form-field-field_6\" class=\"elementor-field-label elementor-screen-only\">\n\t\t\t\t\t\t\t\tData di partenza\t\t\t\t\t\t\t<\/label>\n\t\t\t\t\t\t\n\t\t<input type=\"date\" name=\"form_fields[field_6]\" id=\"form-field-field_6\" class=\"elementor-field elementor-size-sm  elementor-field-textual elementor-date-field\" placeholder=\"Data di partenza\" required=\"required\" aria-required=\"true\" pattern=\"[0-9]{4}-[0-9]{2}-[0-9]{2}\">\n\t\t\t\t\t\t<\/div>\n\t\t\t\t\t\t\t\t<div class=\"elementor-field-type-text elementor-field-group elementor-column elementor-field-group-field_5 elementor-col-100 elementor-field-required\">\n\t\t\t\t\t\t\t\t\t\t\t\t<label for=\"form-field-field_5\" class=\"elementor-field-label elementor-screen-only\">\n\t\t\t\t\t\t\t\tNumero di passaporto valido\t\t\t\t\t\t\t<\/label>\n\t\t\t\t\t\t\t\t\t\t\t\t\t\t<input size=\"1\" type=\"text\" name=\"form_fields[field_5]\" id=\"form-field-field_5\" class=\"elementor-field elementor-size-sm  elementor-field-textual\" placeholder=\"Numero di passaporto valido\" required=\"required\" aria-required=\"true\">\n\t\t\t\t\t\t\t\t\t\t\t<\/div>\n\t\t\t\t\t\t\t\t<div class=\"elementor-field-type-textarea elementor-field-group elementor-column elementor-field-group-field_1 elementor-col-100 elementor-field-required\">\n\t\t\t\t\t\t\t\t\t\t\t\t<label for=\"form-field-field_1\" class=\"elementor-field-label elementor-screen-only\">\n\t\t\t\t\t\t\t\tInteresse editoriale\t\t\t\t\t\t\t<\/label>\n\t\t\t\t\t\t<textarea class=\"elementor-field-textual elementor-field  elementor-size-sm\" name=\"form_fields[field_1]\" id=\"form-field-field_1\" rows=\"4\" placeholder=\"Interesse editoriale\" required=\"required\" aria-required=\"true\"><\/textarea>\t\t\t\t<\/div>\n\t\t\t\t\t\t\t\t<div class=\"elementor-field-group elementor-column elementor-field-type-submit elementor-col-100 e-form__buttons\">\n\t\t\t\t\t<button type=\"submit\" class=\"elementor-button elementor-size-sm\">\n\t\t\t\t\t\t<span >\n\t\t\t\t\t\t\t\t\t\t\t\t\t\t\t<span class=\" elementor-button-icon\">\n\t\t\t\t\t\t\t\t\t\t\t\t\t\t\t\t\t\t\t\t\t\t\t\t\t\t<\/span>\n\t\t\t\t\t\t\t\t\t\t\t\t\t\t\t\t\t\t\t\t\t\t<span class=\"elementor-button-text\">Invia formulario<\/span>\n\t\t\t\t\t\t\t\t\t\t\t\t\t<\/span>\n\t\t\t\t\t<\/button>\n\t\t\t\t<\/div>\n\t\t\t<\/div>\n\t\t<\/form>\n\t\t\t\t<\/div>\n\t\t\t\t<\/div>\n\t\t\t\t<div class=\"elementor-element elementor-element-793a8e4 elementor-widget elementor-widget-text-editor\" data-id=\"793a8e4\" data-element_type=\"widget\" data-widget_type=\"text-editor.default\">\n\t\t\t\t<div class=\"elementor-widget-container\">\n\t\t\t\t\t\t\t<p>Tutti i dati inviati sono strettamente confidenziali e verranno utilizzati solo per il processo di accreditamento. L\u2019Universit\u00e0 della Svizzera italiana si riserva tuttavia il diritto di condividere i dati con terzi per motivi di sicurezza.<\/p>\n\t\t\t\t\t\t<\/div>\n\t\t\t\t<\/div>\n\t\t\t\t\t<\/div>\n\t\t<\/div>\n\t\t\t\t\t<\/div>\n\t\t<\/section>\n\t\t\t\t<section class=\"elementor-section elementor-top-section elementor-element elementor-element-1ea9dc2 elementor-hidden-desktop elementor-hidden-tablet elementor-hidden-phone elementor-section-boxed elementor-section-height-default elementor-section-height-default\" data-id=\"1ea9dc2\" data-element_type=\"section\">\n\t\t\t\t\t\t<div class=\"elementor-container elementor-column-gap-no\">\n\t\t\t\t\t<div class=\"elementor-column elementor-col-100 elementor-top-column elementor-element elementor-element-9d8118f\" data-id=\"9d8118f\" data-element_type=\"column\">\n\t\t\t<div class=\"elementor-widget-wrap elementor-element-populated\">\n\t\t\t\t\t\t<div class=\"elementor-element elementor-element-b5d8e0f elementor-widget elementor-widget-menu-anchor\" data-id=\"b5d8e0f\" data-element_type=\"widget\" data-widget_type=\"menu-anchor.default\">\n\t\t\t\t<div class=\"elementor-widget-container\">\n\t\t\t\t\t<div class=\"elementor-menu-anchor\" id=\"mediakit\"><\/div>\n\t\t\t\t<\/div>\n\t\t\t\t<\/div>\n\t\t\t\t<div class=\"elementor-element elementor-element-16d425a elementor-widget-divider--view-line elementor-widget elementor-widget-divider\" data-id=\"16d425a\" data-element_type=\"widget\" data-widget_type=\"divider.default\">\n\t\t\t\t<div class=\"elementor-widget-container\">\n\t\t\t\t\t<div class=\"elementor-divider\">\n\t\t\t<span class=\"elementor-divider-separator\">\n\t\t\t\t\t\t<\/span>\n\t\t<\/div>\n\t\t\t\t<\/div>\n\t\t\t\t<\/div>\n\t\t\t\t<div class=\"elementor-element elementor-element-44ee88e elementor-widget elementor-widget-heading\" data-id=\"44ee88e\" data-element_type=\"widget\" data-widget_type=\"heading.default\">\n\t\t\t\t<div class=\"elementor-widget-container\">\n\t\t\t<h3 class=\"elementor-heading-title elementor-size-default\">Media Kit<\/h3>\t\t<\/div>\n\t\t\t\t<\/div>\n\t\t\t\t<div class=\"elementor-element elementor-element-df3d7f6 elementor-widget elementor-widget-text-editor\" data-id=\"df3d7f6\" data-element_type=\"widget\" data-widget_type=\"text-editor.default\">\n\t\t\t\t<div class=\"elementor-widget-container\">\n\t\t\t\t\t\t\t<p>The MEM Summer Summit Media Kit can be downloaded here. Media briefs will be updated in real time.<\/p>\n<ul>\n<li>MEM Summer Summit 2018 (pdf)<br \/>\n&#8211;\u00a0<a href=\"https:\/\/www.mem-summersummit.ch\/wp-content\/uploads\/2018\/05\/MEM_concept-booklet_05-2018-EN.pdf\" target=\"_blank\" rel=\"noopener nofollow\"><span style=\"text-decoration: underline;\">English version<\/span><\/a><br \/>\n&#8211;\u00a0<span style=\"text-decoration: underline;\"><a href=\"https:\/\/www.mem-summersummit.ch\/wp-content\/uploads\/2018\/05\/MEM_concept-booklet_05-2018-FR.pdf\" target=\"_blank\" rel=\"noopener nofollow\">French version<\/a><\/span><\/li>\n<li>Information on the Universit\u00e0 della Svizzera italiana and Lugano, Switzerland (pdf)<br \/>\n&#8211;\u00a0<span style=\"text-decoration: underline;\"><a href=\"https:\/\/www.mem-summersummit.ch\/wp-content\/uploads\/2018\/05\/USIandLugano.pdf\" target=\"_blank\" rel=\"noopener nofollow\">USI and Lugano (English version)<\/a><br \/>\n<\/span>&#8211;\u00a0<span style=\"text-decoration: underline;\"><a href=\"https:\/\/www.mem-summersummit.ch\/wp-content\/uploads\/2018\/05\/USIeLugano.pdf\" target=\"_blank\" rel=\"nofollow\">USI e Lugano (Italian version)<\/a><br \/>\n<\/span>&#8211;\u00a0<span style=\"text-decoration: underline;\"><a href=\"https:\/\/www.mem-summersummit.ch\/wp-content\/uploads\/2018\/05\/USIetLugano.pdf\" target=\"_blank\" rel=\"noopener nofollow\">USI et Lugano (French version)<\/a><\/span><\/li>\n<\/ul>\n\t\t\t\t\t\t<\/div>\n\t\t\t\t<\/div>\n\t\t\t\t\t<\/div>\n\t\t<\/div>\n\t\t\t\t\t<\/div>\n\t\t<\/section>\n\t\t\t\t<section class=\"elementor-section elementor-top-section elementor-element elementor-element-03f948a elementor-section-content-middle elementor-section-height-min-height elementor-section-boxed elementor-section-height-default elementor-section-items-middle\" data-id=\"03f948a\" data-element_type=\"section\" data-settings=\"{&quot;background_background&quot;:&quot;classic&quot;}\">\n\t\t\t\t\t\t<div class=\"elementor-container elementor-column-gap-no\">\n\t\t\t\t\t<div class=\"elementor-column elementor-col-100 elementor-top-column elementor-element elementor-element-55fdd76\" data-id=\"55fdd76\" data-element_type=\"column\">\n\t\t\t<div class=\"elementor-widget-wrap elementor-element-populated\">\n\t\t\t\t\t\t<div class=\"elementor-element elementor-element-e885683 elementor-widget elementor-widget-menu-anchor\" data-id=\"e885683\" data-element_type=\"widget\" data-widget_type=\"menu-anchor.default\">\n\t\t\t\t<div class=\"elementor-widget-container\">\n\t\t\t\t\t<div class=\"elementor-menu-anchor\" id=\"social-media\"><\/div>\n\t\t\t\t<\/div>\n\t\t\t\t<\/div>\n\t\t\t\t\t<\/div>\n\t\t<\/div>\n\t\t\t\t\t<\/div>\n\t\t<\/section>\n\t\t\t\t<section class=\"elementor-section elementor-top-section elementor-element elementor-element-65ddf2c elementor-section-boxed elementor-section-height-default elementor-section-height-default\" data-id=\"65ddf2c\" data-element_type=\"section\">\n\t\t\t\t\t\t<div class=\"elementor-container elementor-column-gap-no\">\n\t\t\t\t\t<div class=\"elementor-column elementor-col-100 elementor-top-column elementor-element elementor-element-aeefa75\" data-id=\"aeefa75\" data-element_type=\"column\">\n\t\t\t<div class=\"elementor-widget-wrap elementor-element-populated\">\n\t\t\t\t\t\t<div class=\"elementor-element elementor-element-6d2fe74 elementor-widget-divider--view-line elementor-widget elementor-widget-divider\" data-id=\"6d2fe74\" data-element_type=\"widget\" data-widget_type=\"divider.default\">\n\t\t\t\t<div class=\"elementor-widget-container\">\n\t\t\t\t\t<div class=\"elementor-divider\">\n\t\t\t<span class=\"elementor-divider-separator\">\n\t\t\t\t\t\t<\/span>\n\t\t<\/div>\n\t\t\t\t<\/div>\n\t\t\t\t<\/div>\n\t\t\t\t<div class=\"elementor-element elementor-element-e4db684 elementor-widget elementor-widget-heading\" data-id=\"e4db684\" data-element_type=\"widget\" data-widget_type=\"heading.default\">\n\t\t\t\t<div class=\"elementor-widget-container\">\n\t\t\t<h3 class=\"elementor-heading-title elementor-size-default\">Social media<\/h3>\t\t<\/div>\n\t\t\t\t<\/div>\n\t\t\t\t<section class=\"elementor-section elementor-inner-section elementor-element elementor-element-a7e9885 elementor-section-boxed elementor-section-height-default elementor-section-height-default\" data-id=\"a7e9885\" data-element_type=\"section\">\n\t\t\t\t\t\t<div class=\"elementor-container elementor-column-gap-default\">\n\t\t\t\t\t<div class=\"elementor-column elementor-col-100 elementor-inner-column elementor-element elementor-element-9cae24a\" data-id=\"9cae24a\" data-element_type=\"column\">\n\t\t\t<div class=\"elementor-widget-wrap elementor-element-populated\">\n\t\t\t\t\t\t<div class=\"elementor-element elementor-element-6509d8d elementor-widget elementor-widget-text-editor\" data-id=\"6509d8d\" data-element_type=\"widget\" data-widget_type=\"text-editor.default\">\n\t\t\t\t<div class=\"elementor-widget-container\">\n\t\t\t\t\t\t\t<p>Seguiteci su Facebook, Twitter, Instagram, LinkedIn e YouTube.<\/p>\n\t\t\t\t\t\t<\/div>\n\t\t\t\t<\/div>\n\t\t\t\t<div class=\"elementor-element elementor-element-d616bb2 e-grid-align-left elementor-shape-rounded elementor-grid-0 elementor-widget elementor-widget-social-icons\" data-id=\"d616bb2\" data-element_type=\"widget\" data-widget_type=\"social-icons.default\">\n\t\t\t\t<div class=\"elementor-widget-container\">\n\t\t\t\t\t<div class=\"elementor-social-icons-wrapper elementor-grid\">\n\t\t\t\t\t\t\t<span class=\"elementor-grid-item\">\n\t\t\t\t\t<a class=\"elementor-icon elementor-social-icon elementor-social-icon-facebook elementor-animation-grow elementor-repeater-item-fdfc664\" href=\"https:\/\/www.facebook.com\/USImem\/\" target=\"_blank\" rel=\"nofollow\">\n\t\t\t\t\t\t<span class=\"elementor-screen-only\">Facebook<\/span>\n\t\t\t\t\t\t\t\t\t\t\t\t\t<i class=\"fa fa-facebook\"><\/i>\n\t\t\t\t\t\t\t\t\t\t\t<\/a>\n\t\t\t\t<\/span>\n\t\t\t\t\t\t\t<span class=\"elementor-grid-item\">\n\t\t\t\t\t<a class=\"elementor-icon elementor-social-icon elementor-social-icon-twitter elementor-animation-grow elementor-repeater-item-c3b78eb\" href=\"https:\/\/twitter.com\/USI_MEM\" target=\"_blank\" rel=\"nofollow\">\n\t\t\t\t\t\t<span class=\"elementor-screen-only\">Twitter<\/span>\n\t\t\t\t\t\t\t\t\t\t\t\t\t<i class=\"fa fa-twitter\"><\/i>\n\t\t\t\t\t\t\t\t\t\t\t<\/a>\n\t\t\t\t<\/span>\n\t\t\t\t\t\t\t<span class=\"elementor-grid-item\">\n\t\t\t\t\t<a class=\"elementor-icon elementor-social-icon elementor-social-icon-instagram elementor-animation-grow elementor-repeater-item-57e006c\" href=\"https:\/\/www.instagram.com\/usi_mem_lugano\/\" target=\"_blank\" rel=\"nofollow\">\n\t\t\t\t\t\t<span class=\"elementor-screen-only\">Instagram<\/span>\n\t\t\t\t\t\t\t\t\t\t\t\t\t<i class=\"fa fa-instagram\"><\/i>\n\t\t\t\t\t\t\t\t\t\t\t<\/a>\n\t\t\t\t<\/span>\n\t\t\t\t\t\t\t<span class=\"elementor-grid-item\">\n\t\t\t\t\t<a class=\"elementor-icon elementor-social-icon elementor-social-icon-linkedin elementor-animation-grow elementor-repeater-item-7472886\" href=\"https:\/\/www.linkedin.com\/school\/usi-universita-della-svizzera-italiana\/\" target=\"_blank\" rel=\"nofollow\">\n\t\t\t\t\t\t<span class=\"elementor-screen-only\">Linkedin<\/span>\n\t\t\t\t\t\t\t\t\t\t\t\t\t<i class=\"fa fa-linkedin\"><\/i>\n\t\t\t\t\t\t\t\t\t\t\t<\/a>\n\t\t\t\t<\/span>\n\t\t\t\t\t\t\t<span class=\"elementor-grid-item\">\n\t\t\t\t\t<a class=\"elementor-icon elementor-social-icon elementor-social-icon-youtube elementor-animation-grow elementor-repeater-item-75dde21\" href=\"https:\/\/www.youtube.com\/channel\/UCt-Dw8CxdROzqftqGc4M_gw\" target=\"_blank\" rel=\"nofollow\">\n\t\t\t\t\t\t<span class=\"elementor-screen-only\">Youtube<\/span>\n\t\t\t\t\t\t\t\t\t\t\t\t\t<i class=\"fa fa-youtube\"><\/i>\n\t\t\t\t\t\t\t\t\t\t\t<\/a>\n\t\t\t\t<\/span>\n\t\t\t\t\t<\/div>\n\t\t\t\t<\/div>\n\t\t\t\t<\/div>\n\t\t\t\t\t<\/div>\n\t\t<\/div>\n\t\t\t\t\t<\/div>\n\t\t<\/section>\n\t\t\t\t\t<\/div>\n\t\t<\/div>\n\t\t\t\t\t<\/div>\n\t\t<\/section>\n\t\t\t\t<\/div>\n\t\t","protected":false},"excerpt":{"rendered":"<p>Media Il MEM Summer Summit riunisce giovani change-maker, leader del settore pubblico e del settore privato, artisti e intellettuali nel sud della Svizzera per affrontare i recenti sviluppi e i problemi persistenti nei paesi del Medio Oriente e del Mediterraneo. Per massimizzare l\u2019impatto dell\u2019evento, un coinvolgimento attivo dei media \u00e8 fondamentale. I media partner ufficiali &hellip;<\/p>\n<p class=\"read-more\"> <a class=\"\" href=\"https:\/\/www.mem-summit.ch\/it\/media-2019\/\"> <span class=\"screen-reader-text\">Media<\/span> Leggi altro &raquo;<\/a><\/p>\n","protected":false},"author":1,"featured_media":0,"parent":0,"menu_order":0,"comment_status":"closed","ping_status":"closed","template":"","meta":{"inline_featured_image":false,"site-sidebar-layout":"default","site-content-layout":"default","ast-global-header-display":"","ast-main-header-display":"","ast-hfb-above-header-display":"","ast-hfb-below-header-display":"","ast-hfb-mobile-header-display":"","site-post-title":"disabled","ast-breadcrumbs-content":"","ast-featured-img":"disabled","footer-sml-layout":"","theme-transparent-header-meta":"default","adv-header-id-meta":"","stick-header-meta":"default","header-above-stick-meta":"","header-main-stick-meta":"","header-below-stick-meta":"","footnotes":""},"class_list":["post-10781","page","type-page","status-publish","hentry"],"yoast_head":"<!-- This site is optimized with the Yoast SEO plugin v22.6 - https:\/\/yoast.com\/wordpress\/plugins\/seo\/ -->\n<title>Media - MEM Summer Summit 2019 Lugano<\/title>\n<meta name=\"description\" content=\"The MEM Summer Summit gathers young change-makers, leaders from the public and private sector, artists, and intellectuals in the south of Switzerland to address recent developments and persisting problems in Mediterranean and Middle Eastern countries.\" \/>\n<meta name=\"robots\" content=\"index, follow, max-snippet:-1, max-image-preview:large, max-video-preview:-1\" \/>\n<link rel=\"canonical\" href=\"https:\/\/www.mem-summit.ch\/media-2019\/\" \/>\n<meta property=\"og:locale\" content=\"it_IT\" \/>\n<meta property=\"og:type\" content=\"article\" \/>\n<meta property=\"og:title\" content=\"Media - MEM Summer Summit 2019 Lugano\" \/>\n<meta property=\"og:description\" content=\"The MEM Summer Summit gathers young change-makers, leaders from the public and private sector, artists, and intellectuals in the south of Switzerland to address recent developments and persisting problems in Mediterranean and Middle Eastern countries.\" \/>\n<meta property=\"og:url\" content=\"https:\/\/www.mem-summit.ch\/media-2019\/\" \/>\n<meta property=\"og:site_name\" content=\"Mem USI\" \/>\n<meta property=\"article:modified_time\" content=\"2021-11-30T13:49:41+00:00\" \/>\n<meta property=\"og:image\" content=\"https:\/\/www.mem-summersummit.ch\/wp-content\/uploads\/2018\/07\/SRG-UA_loghi-480x269.png\" \/>\n<meta name=\"twitter:label1\" content=\"Tempo di lettura stimato\" \/>\n\t<meta name=\"twitter:data1\" content=\"6 minuti\" \/>\n<script type=\"application\/ld+json\" class=\"yoast-schema-graph\">{\"@context\":\"https:\/\/schema.org\",\"@graph\":[{\"@type\":\"WebPage\",\"@id\":\"https:\/\/www.mem-summit.ch\/media-2019\/\",\"url\":\"https:\/\/www.mem-summit.ch\/media-2019\/\",\"name\":\"Media - MEM Summer Summit 2019 Lugano\",\"isPartOf\":{\"@id\":\"https:\/\/www.mem-summit.ch\/#website\"},\"primaryImageOfPage\":{\"@id\":\"https:\/\/www.mem-summit.ch\/media-2019\/#primaryimage\"},\"image\":{\"@id\":\"https:\/\/www.mem-summit.ch\/media-2019\/#primaryimage\"},\"thumbnailUrl\":\"https:\/\/www.mem-summersummit.ch\/wp-content\/uploads\/2018\/07\/SRG-UA_loghi-480x269.png\",\"datePublished\":\"2020-01-29T10:08:02+00:00\",\"dateModified\":\"2021-11-30T13:49:41+00:00\",\"description\":\"The MEM Summer Summit gathers young change-makers, leaders from the public and private sector, artists, and intellectuals in the south of Switzerland to address recent developments and persisting problems in Mediterranean and Middle Eastern countries.\",\"breadcrumb\":{\"@id\":\"https:\/\/www.mem-summit.ch\/media-2019\/#breadcrumb\"},\"inLanguage\":\"it-IT\",\"potentialAction\":[{\"@type\":\"ReadAction\",\"target\":[\"https:\/\/www.mem-summit.ch\/media-2019\/\"]}]},{\"@type\":\"ImageObject\",\"inLanguage\":\"it-IT\",\"@id\":\"https:\/\/www.mem-summit.ch\/media-2019\/#primaryimage\",\"url\":\"https:\/\/www.mem-summersummit.ch\/wp-content\/uploads\/2018\/07\/SRG-UA_loghi-480x269.png\",\"contentUrl\":\"https:\/\/www.mem-summersummit.ch\/wp-content\/uploads\/2018\/07\/SRG-UA_loghi-480x269.png\"},{\"@type\":\"BreadcrumbList\",\"@id\":\"https:\/\/www.mem-summit.ch\/media-2019\/#breadcrumb\",\"itemListElement\":[{\"@type\":\"ListItem\",\"position\":1,\"name\":\"Home\",\"item\":\"https:\/\/www.mem-summit.ch\/\"},{\"@type\":\"ListItem\",\"position\":2,\"name\":\"Media\"}]},{\"@type\":\"WebSite\",\"@id\":\"https:\/\/www.mem-summit.ch\/#website\",\"url\":\"https:\/\/www.mem-summit.ch\/\",\"name\":\"Mem USI\",\"description\":\"Middle East Mediterranean - Summer summit 2018\",\"publisher\":{\"@id\":\"https:\/\/www.mem-summit.ch\/#organization\"},\"potentialAction\":[{\"@type\":\"SearchAction\",\"target\":{\"@type\":\"EntryPoint\",\"urlTemplate\":\"https:\/\/www.mem-summit.ch\/?s={search_term_string}\"},\"query-input\":\"required name=search_term_string\"}],\"inLanguage\":\"it-IT\"},{\"@type\":\"Organization\",\"@id\":\"https:\/\/www.mem-summit.ch\/#organization\",\"name\":\"Summer Summit Lugano, Switzerland\",\"url\":\"https:\/\/www.mem-summit.ch\/\",\"logo\":{\"@type\":\"ImageObject\",\"inLanguage\":\"it-IT\",\"@id\":\"https:\/\/www.mem-summit.ch\/#\/schema\/logo\/image\/\",\"url\":\"https:\/\/www.mem-summersummit.ch\/wp-content\/uploads\/2018\/05\/USI_logo_retina.png\",\"contentUrl\":\"https:\/\/www.mem-summersummit.ch\/wp-content\/uploads\/2018\/05\/USI_logo_retina.png\",\"width\":900,\"height\":156,\"caption\":\"Summer Summit Lugano, Switzerland\"},\"image\":{\"@id\":\"https:\/\/www.mem-summit.ch\/#\/schema\/logo\/image\/\"}}]}<\/script>\n<!-- \/ Yoast SEO plugin. -->","yoast_head_json":{"title":"Media - MEM Summer Summit 2019 Lugano","description":"The MEM Summer Summit gathers young change-makers, leaders from the public and private sector, artists, and intellectuals in the south of Switzerland to address recent developments and persisting problems in Mediterranean and Middle Eastern countries.","robots":{"index":"index","follow":"follow","max-snippet":"max-snippet:-1","max-image-preview":"max-image-preview:large","max-video-preview":"max-video-preview:-1"},"canonical":"https:\/\/www.mem-summit.ch\/media-2019\/","og_locale":"it_IT","og_type":"article","og_title":"Media - MEM Summer Summit 2019 Lugano","og_description":"The MEM Summer Summit gathers young change-makers, leaders from the public and private sector, artists, and intellectuals in the south of Switzerland to address recent developments and persisting problems in Mediterranean and Middle Eastern countries.","og_url":"https:\/\/www.mem-summit.ch\/media-2019\/","og_site_name":"Mem USI","article_modified_time":"2021-11-30T13:49:41+00:00","og_image":[{"url":"https:\/\/www.mem-summersummit.ch\/wp-content\/uploads\/2018\/07\/SRG-UA_loghi-480x269.png"}],"twitter_misc":{"Tempo di lettura stimato":"6 minuti"},"schema":{"@context":"https:\/\/schema.org","@graph":[{"@type":"WebPage","@id":"https:\/\/www.mem-summit.ch\/media-2019\/","url":"https:\/\/www.mem-summit.ch\/media-2019\/","name":"Media - MEM Summer Summit 2019 Lugano","isPartOf":{"@id":"https:\/\/www.mem-summit.ch\/#website"},"primaryImageOfPage":{"@id":"https:\/\/www.mem-summit.ch\/media-2019\/#primaryimage"},"image":{"@id":"https:\/\/www.mem-summit.ch\/media-2019\/#primaryimage"},"thumbnailUrl":"https:\/\/www.mem-summersummit.ch\/wp-content\/uploads\/2018\/07\/SRG-UA_loghi-480x269.png","datePublished":"2020-01-29T10:08:02+00:00","dateModified":"2021-11-30T13:49:41+00:00","description":"The MEM Summer Summit gathers young change-makers, leaders from the public and private sector, artists, and intellectuals in the south of Switzerland to address recent developments and persisting problems in Mediterranean and Middle Eastern countries.","breadcrumb":{"@id":"https:\/\/www.mem-summit.ch\/media-2019\/#breadcrumb"},"inLanguage":"it-IT","potentialAction":[{"@type":"ReadAction","target":["https:\/\/www.mem-summit.ch\/media-2019\/"]}]},{"@type":"ImageObject","inLanguage":"it-IT","@id":"https:\/\/www.mem-summit.ch\/media-2019\/#primaryimage","url":"https:\/\/www.mem-summersummit.ch\/wp-content\/uploads\/2018\/07\/SRG-UA_loghi-480x269.png","contentUrl":"https:\/\/www.mem-summersummit.ch\/wp-content\/uploads\/2018\/07\/SRG-UA_loghi-480x269.png"},{"@type":"BreadcrumbList","@id":"https:\/\/www.mem-summit.ch\/media-2019\/#breadcrumb","itemListElement":[{"@type":"ListItem","position":1,"name":"Home","item":"https:\/\/www.mem-summit.ch\/"},{"@type":"ListItem","position":2,"name":"Media"}]},{"@type":"WebSite","@id":"https:\/\/www.mem-summit.ch\/#website","url":"https:\/\/www.mem-summit.ch\/","name":"Mem USI","description":"Middle East Mediterranean - Summer summit 2018","publisher":{"@id":"https:\/\/www.mem-summit.ch\/#organization"},"potentialAction":[{"@type":"SearchAction","target":{"@type":"EntryPoint","urlTemplate":"https:\/\/www.mem-summit.ch\/?s={search_term_string}"},"query-input":"required name=search_term_string"}],"inLanguage":"it-IT"},{"@type":"Organization","@id":"https:\/\/www.mem-summit.ch\/#organization","name":"Summer Summit Lugano, Switzerland","url":"https:\/\/www.mem-summit.ch\/","logo":{"@type":"ImageObject","inLanguage":"it-IT","@id":"https:\/\/www.mem-summit.ch\/#\/schema\/logo\/image\/","url":"https:\/\/www.mem-summersummit.ch\/wp-content\/uploads\/2018\/05\/USI_logo_retina.png","contentUrl":"https:\/\/www.mem-summersummit.ch\/wp-content\/uploads\/2018\/05\/USI_logo_retina.png","width":900,"height":156,"caption":"Summer Summit Lugano, Switzerland"},"image":{"@id":"https:\/\/www.mem-summit.ch\/#\/schema\/logo\/image\/"}}]}},"_links":{"self":[{"href":"https:\/\/www.mem-summit.ch\/it\/wp-json\/wp\/v2\/pages\/10781"}],"collection":[{"href":"https:\/\/www.mem-summit.ch\/it\/wp-json\/wp\/v2\/pages"}],"about":[{"href":"https:\/\/www.mem-summit.ch\/it\/wp-json\/wp\/v2\/types\/page"}],"author":[{"embeddable":true,"href":"https:\/\/www.mem-summit.ch\/it\/wp-json\/wp\/v2\/users\/1"}],"replies":[{"embeddable":true,"href":"https:\/\/www.mem-summit.ch\/it\/wp-json\/wp\/v2\/comments?post=10781"}],"version-history":[{"count":6,"href":"https:\/\/www.mem-summit.ch\/it\/wp-json\/wp\/v2\/pages\/10781\/revisions"}],"predecessor-version":[{"id":13044,"href":"https:\/\/www.mem-summit.ch\/it\/wp-json\/wp\/v2\/pages\/10781\/revisions\/13044"}],"wp:attachment":[{"href":"https:\/\/www.mem-summit.ch\/it\/wp-json\/wp\/v2\/media?parent=10781"}],"curies":[{"name":"wp","href":"https:\/\/api.w.org\/{rel}","templated":true}]}}