{"id":13247,"date":"2022-01-03T14:15:34","date_gmt":"2022-01-03T14:15:34","guid":{"rendered":"https:\/\/www.mem-summersummit.ch\/?page_id=13247"},"modified":"2023-09-21T06:35:04","modified_gmt":"2023-09-21T06:35:04","slug":"about","status":"publish","type":"page","link":"https:\/\/www.mem-summit.ch\/it\/about\/","title":{"rendered":"About"},"content":{"rendered":"\t\t<div data-elementor-type=\"wp-post\" data-elementor-id=\"13247\" class=\"elementor elementor-13247 elementor-13246\" data-elementor-post-type=\"page\">\n\t\t\t\t\t\t<section class=\"elementor-section elementor-top-section elementor-element elementor-element-56ee497 elementor-section-height-min-height elementor-section-boxed elementor-section-height-default elementor-section-items-middle\" data-id=\"56ee497\" data-element_type=\"section\" data-settings=\"{&quot;background_background&quot;:&quot;classic&quot;}\">\n\t\t\t\t\t\t\t<div class=\"elementor-background-overlay\"><\/div>\n\t\t\t\t\t\t\t<div class=\"elementor-container elementor-column-gap-default\">\n\t\t\t\t\t<div class=\"elementor-column elementor-col-100 elementor-top-column elementor-element elementor-element-775553f\" data-id=\"775553f\" data-element_type=\"column\" data-settings=\"{&quot;background_background&quot;:&quot;classic&quot;}\">\n\t\t\t<div class=\"elementor-widget-wrap elementor-element-populated\">\n\t\t\t\t\t\t<div class=\"elementor-element elementor-element-b5a3ff2 elementor-widget elementor-widget-text-editor\" data-id=\"b5a3ff2\" data-element_type=\"widget\" data-widget_type=\"text-editor.default\">\n\t\t\t\t<div class=\"elementor-widget-container\">\n\t\t\t\t\t\t\t<p>Summit<\/p>\n\t\t\t\t\t\t<\/div>\n\t\t\t\t<\/div>\n\t\t\t\t<div class=\"elementor-element elementor-element-90344bf elementor-widget elementor-widget-menu-anchor\" data-id=\"90344bf\" data-element_type=\"widget\" data-widget_type=\"menu-anchor.default\">\n\t\t\t\t<div class=\"elementor-widget-container\">\n\t\t\t\t\t<div class=\"elementor-menu-anchor\" id=\"summit\"><\/div>\n\t\t\t\t<\/div>\n\t\t\t\t<\/div>\n\t\t\t\t<div class=\"elementor-element elementor-element-fd63627 elementor-widget elementor-widget-menu-anchor\" data-id=\"fd63627\" data-element_type=\"widget\" data-widget_type=\"menu-anchor.default\">\n\t\t\t\t<div class=\"elementor-widget-container\">\n\t\t\t\t\t<div class=\"elementor-menu-anchor\" id=\"overview\"><\/div>\n\t\t\t\t<\/div>\n\t\t\t\t<\/div>\n\t\t\t\t\t<\/div>\n\t\t<\/div>\n\t\t\t\t\t<\/div>\n\t\t<\/section>\n\t\t\t\t<section class=\"elementor-section elementor-top-section elementor-element elementor-element-480145f elementor-section-boxed elementor-section-height-default elementor-section-height-default\" data-id=\"480145f\" data-element_type=\"section\">\n\t\t\t\t\t\t<div class=\"elementor-container elementor-column-gap-no\">\n\t\t\t\t\t<div class=\"elementor-column elementor-col-100 elementor-top-column elementor-element elementor-element-06802db\" data-id=\"06802db\" data-element_type=\"column\">\n\t\t\t<div class=\"elementor-widget-wrap elementor-element-populated\">\n\t\t\t\t\t\t<div class=\"elementor-element elementor-element-1107fb0 elementor-widget elementor-widget-menu-anchor\" data-id=\"1107fb0\" data-element_type=\"widget\" data-widget_type=\"menu-anchor.default\">\n\t\t\t\t<div class=\"elementor-widget-container\">\n\t\t\t\t\t<div class=\"elementor-menu-anchor\" id=\"the-idea\"><\/div>\n\t\t\t\t<\/div>\n\t\t\t\t<\/div>\n\t\t\t\t<div class=\"elementor-element elementor-element-8f7d678 elementor-widget-divider--view-line elementor-widget elementor-widget-divider\" data-id=\"8f7d678\" data-element_type=\"widget\" data-widget_type=\"divider.default\">\n\t\t\t\t<div class=\"elementor-widget-container\">\n\t\t\t\t\t<div class=\"elementor-divider\">\n\t\t\t<span class=\"elementor-divider-separator\">\n\t\t\t\t\t\t<\/span>\n\t\t<\/div>\n\t\t\t\t<\/div>\n\t\t\t\t<\/div>\n\t\t\t\t<div class=\"elementor-element elementor-element-eee3f4c elementor-widget elementor-widget-heading\" data-id=\"eee3f4c\" data-element_type=\"widget\" data-widget_type=\"heading.default\">\n\t\t\t\t<div class=\"elementor-widget-container\">\n\t\t\t<h1 class=\"elementor-heading-title elementor-size-default\">Il Summit<\/h1>\t\t<\/div>\n\t\t\t\t<\/div>\n\t\t\t\t<div class=\"elementor-element elementor-element-858661c elementor-widget elementor-widget-text-editor\" data-id=\"858661c\" data-element_type=\"widget\" data-widget_type=\"text-editor.default\">\n\t\t\t\t<div class=\"elementor-widget-container\">\n\t\t\t\t\t\t\t<div class=\"page\" title=\"Page 5\">\r\n<div class=\"layoutArea\">\r\n<div class=\"column\">\r\n<h3>L&#8217;idea<\/h3>\r\n<div class=\"page\" title=\"Page 5\">\r\n<div class=\"layoutArea\">\r\n<div class=\"column\">\r\n\r\nL\u2019Universita\u0300 della Svizzera italiana ha lanciato il MEM Summer Summit nel 2018, in collaborazione con la Divisione Medio Oriente e Nord Africa (MENA) del Dipartimento federale degli affari esteri svizzero, che ne e\u0300 il partner principale. L\u2019acronimo MEM indica la regione estesa del Mediterraneo e del Medio Oriente (dal Marocco all\u2019Iran). Si riferisce a uno spazio geopolitico e culturale complesso ed eterogeneo che ha subito e tuttora subisce profondi e rapidi cambiamenti. Il MEM Summer Summit mira a sviluppare nuovi approcci, diverse narrazioni, e nuovi progetti che trascendano i confini fisici e culturali tra le comunita\u0300 di tutta la regione MEM e oltre, con il contributo attivo dei giovani partecipanti (young change-maker). Inoltre, il Summit e\u0300 uno spazio sicuro per gli young change-maker per incontrarsi, per scambiare esperienze, collaborare e costruire una comprensione reciproca. Infine, il Summit funge anche da piattaforma per testare iniziative e proposte a livello della societa\u0300 civile prima che raggiungano livelli piu\u0300 formali e istituzionali.\r\n\r\n<\/div>\r\n<\/div>\r\n<\/div>\r\n<\/div>\r\n&nbsp;\r\n<h3>La struttura<\/h3>\r\n<div class=\"page\" title=\"Page 5\">\r\n<div class=\"layoutArea\">\r\n<div class=\"column\">\r\n<div class=\"page\" title=\"Page 5\">\r\n<div class=\"layoutArea\">\r\n<div class=\"column\">\r\n\r\nIl MEM Summer Summit, che si svolge durante l\u2019estate a Lugano, e\u0300 composto da un Seminario e un Forum.\r\n\r\n<\/div>\r\n<\/div>\r\n<\/div>\r\n<\/div>\r\n<\/div>\r\n<\/div>\r\n<\/div>\r\n<\/div>\t\t\t\t\t\t<\/div>\n\t\t\t\t<\/div>\n\t\t\t\t<section class=\"elementor-section elementor-inner-section elementor-element elementor-element-3d14fc1 elementor-section-boxed elementor-section-height-default elementor-section-height-default\" data-id=\"3d14fc1\" data-element_type=\"section\">\n\t\t\t\t\t\t<div class=\"elementor-container elementor-column-gap-default\">\n\t\t\t\t\t<div class=\"elementor-column elementor-col-50 elementor-inner-column elementor-element elementor-element-54edc60\" data-id=\"54edc60\" data-element_type=\"column\">\n\t\t\t<div class=\"elementor-widget-wrap elementor-element-populated\">\n\t\t\t\t\t\t<div class=\"elementor-element elementor-element-077e266 elementor--h-position-center elementor--v-position-middle elementor-arrows-position-inside elementor-pagination-position-inside elementor-widget elementor-widget-slides\" data-id=\"077e266\" data-element_type=\"widget\" data-settings=\"{&quot;navigation&quot;:&quot;both&quot;,&quot;autoplay&quot;:&quot;yes&quot;,&quot;pause_on_hover&quot;:&quot;yes&quot;,&quot;pause_on_interaction&quot;:&quot;yes&quot;,&quot;autoplay_speed&quot;:5000,&quot;infinite&quot;:&quot;yes&quot;,&quot;transition&quot;:&quot;slide&quot;,&quot;transition_speed&quot;:500}\" data-widget_type=\"slides.default\">\n\t\t\t\t<div class=\"elementor-widget-container\">\n\t\t\t\t\t<div class=\"elementor-swiper\">\n\t\t\t<div class=\"elementor-slides-wrapper elementor-main-swiper swiper\" dir=\"ltr\" data-animation=\"fadeInUp\">\n\t\t\t\t<div class=\"swiper-wrapper elementor-slides\">\n\t\t\t\t\t\t\t\t\t\t<div class=\"elementor-repeater-item-179e6ce swiper-slide\"><div class=\"swiper-slide-bg\" role=\"img\"><\/div><a class=\"swiper-slide-inner\" href=\"https:\/\/www.mem-summersummit.ch\/it\/seminar\/\" target=\"_blank\" rel=\"nofollow\"><div class=\"swiper-slide-contents\"><div  class=\"elementor-button elementor-slide-button elementor-size-md\">Seminario<\/div><\/div><\/a><\/div>\t\t\t\t<\/div>\n\t\t\t\t\t\t\t<\/div>\n\t\t<\/div>\n\t\t\t\t<\/div>\n\t\t\t\t<\/div>\n\t\t\t\t\t<\/div>\n\t\t<\/div>\n\t\t\t\t<div class=\"elementor-column elementor-col-50 elementor-inner-column elementor-element elementor-element-6d9d95c\" data-id=\"6d9d95c\" data-element_type=\"column\">\n\t\t\t<div class=\"elementor-widget-wrap elementor-element-populated\">\n\t\t\t\t\t\t<div class=\"elementor-element elementor-element-9fc8b20 elementor--h-position-center elementor--v-position-middle elementor-arrows-position-inside elementor-pagination-position-inside elementor-widget elementor-widget-slides\" data-id=\"9fc8b20\" data-element_type=\"widget\" data-settings=\"{&quot;navigation&quot;:&quot;both&quot;,&quot;autoplay&quot;:&quot;yes&quot;,&quot;pause_on_hover&quot;:&quot;yes&quot;,&quot;pause_on_interaction&quot;:&quot;yes&quot;,&quot;autoplay_speed&quot;:5000,&quot;infinite&quot;:&quot;yes&quot;,&quot;transition&quot;:&quot;slide&quot;,&quot;transition_speed&quot;:500}\" data-widget_type=\"slides.default\">\n\t\t\t\t<div class=\"elementor-widget-container\">\n\t\t\t\t\t<div class=\"elementor-swiper\">\n\t\t\t<div class=\"elementor-slides-wrapper elementor-main-swiper swiper\" dir=\"ltr\" data-animation=\"fadeInUp\">\n\t\t\t\t<div class=\"swiper-wrapper elementor-slides\">\n\t\t\t\t\t\t\t\t\t\t<div class=\"elementor-repeater-item-5a32b77 swiper-slide\"><div class=\"swiper-slide-bg\" role=\"img\"><\/div><a class=\"swiper-slide-inner\" href=\"https:\/\/www.mem-summersummit.ch\/it\/forum\/\" target=\"_blank\" rel=\"nofollow\"><div class=\"swiper-slide-contents\"><div  class=\"elementor-button elementor-slide-button elementor-size-md\">Forum<\/div><\/div><\/a><\/div>\t\t\t\t<\/div>\n\t\t\t\t\t\t\t<\/div>\n\t\t<\/div>\n\t\t\t\t<\/div>\n\t\t\t\t<\/div>\n\t\t\t\t\t<\/div>\n\t\t<\/div>\n\t\t\t\t\t<\/div>\n\t\t<\/section>\n\t\t\t\t<div class=\"elementor-element elementor-element-9c50651 elementor-hidden-desktop elementor-hidden-tablet elementor-hidden-mobile elementor-widget elementor-widget-toggle\" data-id=\"9c50651\" data-element_type=\"widget\" data-widget_type=\"toggle.default\">\n\t\t\t\t<div class=\"elementor-widget-container\">\n\t\t\t\t\t<div class=\"elementor-toggle\">\n\t\t\t\t\t\t\t<div class=\"elementor-toggle-item\">\n\t\t\t\t\t<h3 id=\"elementor-tab-title-1631\" class=\"elementor-tab-title\" data-tab=\"1\" role=\"button\" aria-controls=\"elementor-tab-content-1631\" aria-expanded=\"false\">\n\t\t\t\t\t\t\t\t\t\t\t\t<span class=\"elementor-toggle-icon elementor-toggle-icon-left\" aria-hidden=\"true\">\n\t\t\t\t\t\t\t\t\t\t\t\t\t\t\t<span class=\"elementor-toggle-icon-closed\"><i class=\"fas fa-angle-down\"><\/i><\/span>\n\t\t\t\t\t\t\t\t<span class=\"elementor-toggle-icon-opened\"><i class=\"elementor-toggle-icon-opened fas fa-angle-up\"><\/i><\/span>\n\t\t\t\t\t\t\t\t\t\t\t\t\t<\/span>\n\t\t\t\t\t\t\t\t\t\t\t\t<a class=\"elementor-toggle-title\" tabindex=\"0\">Obiettivi<\/a>\n\t\t\t\t\t<\/h3>\n\n\t\t\t\t\t<div id=\"elementor-tab-content-1631\" class=\"elementor-tab-content elementor-clearfix\" data-tab=\"1\" role=\"region\" aria-labelledby=\"elementor-tab-title-1631\"><p class=\"x_BulletedList1\"><span lang=\"IT-CH\">I nostri principali obiettivi sono:<\/span><\/p>\n<ul>\n<li class=\"x_BulletedList1\"><span lang=\"IT-CH\">offrire uno spazio protetto di dialogo per i giovani change-maker, affinch\u00e9 possano delineare, a partire dal presente, una visione per il loro futuro comune<\/span><\/li>\n<li class=\"x_BulletedList1\">costruire una base comune e uno scambio intergenerazionale tra giovani partecipanti e policy-maker, istituzioni governative e non governative, imprenditori e professori<\/li>\n<li class=\"x_BulletedList1\">sviluppare nuovi approcci per affrontare i complessi problemi che persistono nella regione<\/li>\n<li class=\"x_BulletedList1\">offrire un terreno fertile per lo sviluppo di progetti multilaterali e transnazionali<\/li>\n<li class=\"x_BulletedList1\">avviare reti e collaborazioni tra i diversi attori della regione<\/li>\n<\/ul>\n<\/div>\n\t\t\t\t<\/div>\n\t\t\t\t\t\t\t\t<\/div>\n\t\t\t\t<\/div>\n\t\t\t\t<\/div>\n\t\t\t\t<div class=\"elementor-element elementor-element-247ab7e elementor-widget elementor-widget-menu-anchor\" data-id=\"247ab7e\" data-element_type=\"widget\" data-widget_type=\"menu-anchor.default\">\n\t\t\t\t<div class=\"elementor-widget-container\">\n\t\t\t\t\t<div class=\"elementor-menu-anchor\" id=\"mem-2021\"><\/div>\n\t\t\t\t<\/div>\n\t\t\t\t<\/div>\n\t\t\t\t\t<\/div>\n\t\t<\/div>\n\t\t\t\t\t<\/div>\n\t\t<\/section>\n\t\t\t\t<section class=\"elementor-section elementor-top-section elementor-element elementor-element-92c05e2 elementor-section-height-min-height elementor-section-full_width elementor-section-content-middle elementor-section-height-default elementor-section-items-middle\" data-id=\"92c05e2\" data-element_type=\"section\" data-settings=\"{&quot;background_background&quot;:&quot;classic&quot;,&quot;background_motion_fx_motion_fx_scrolling&quot;:&quot;yes&quot;,&quot;background_motion_fx_translateY_effect&quot;:&quot;yes&quot;,&quot;background_motion_fx_translateY_speed&quot;:{&quot;unit&quot;:&quot;px&quot;,&quot;size&quot;:4,&quot;sizes&quot;:[]},&quot;background_motion_fx_translateY_affectedRange&quot;:{&quot;unit&quot;:&quot;%&quot;,&quot;size&quot;:&quot;&quot;,&quot;sizes&quot;:{&quot;start&quot;:0,&quot;end&quot;:100}},&quot;background_motion_fx_devices&quot;:[&quot;desktop&quot;,&quot;tablet&quot;,&quot;mobile&quot;]}\">\n\t\t\t\t\t\t\t<div class=\"elementor-background-overlay\"><\/div>\n\t\t\t\t\t\t\t<div class=\"elementor-container elementor-column-gap-no\">\n\t\t\t\t\t<div class=\"elementor-column elementor-col-100 elementor-top-column elementor-element elementor-element-39514f4\" data-id=\"39514f4\" data-element_type=\"column\">\n\t\t\t<div class=\"elementor-widget-wrap elementor-element-populated\">\n\t\t\t\t\t\t<div class=\"elementor-element elementor-element-32d4937 elementor-widget elementor-widget-menu-anchor\" data-id=\"32d4937\" data-element_type=\"widget\" data-widget_type=\"menu-anchor.default\">\n\t\t\t\t<div class=\"elementor-widget-container\">\n\t\t\t\t\t<div class=\"elementor-menu-anchor\" id=\"why-the-youth\"><\/div>\n\t\t\t\t<\/div>\n\t\t\t\t<\/div>\n\t\t\t\t<div class=\"elementor-element elementor-element-1d0eff6 elementor--v-position-bottom elementor--h-position-center elementor-arrows-position-inside elementor-pagination-position-inside elementor-widget elementor-widget-slides\" data-id=\"1d0eff6\" data-element_type=\"widget\" data-settings=\"{&quot;navigation&quot;:&quot;both&quot;,&quot;autoplay&quot;:&quot;yes&quot;,&quot;pause_on_hover&quot;:&quot;yes&quot;,&quot;pause_on_interaction&quot;:&quot;yes&quot;,&quot;autoplay_speed&quot;:5000,&quot;infinite&quot;:&quot;yes&quot;,&quot;transition&quot;:&quot;slide&quot;,&quot;transition_speed&quot;:500}\" data-widget_type=\"slides.default\">\n\t\t\t\t<div class=\"elementor-widget-container\">\n\t\t\t\t\t<div class=\"elementor-swiper\">\n\t\t\t<div class=\"elementor-slides-wrapper elementor-main-swiper swiper\" dir=\"ltr\" data-animation=\"fadeInUp\">\n\t\t\t\t<div class=\"swiper-wrapper elementor-slides\">\n\t\t\t\t\t\t\t\t\t\t<div class=\"elementor-repeater-item-39a1c1a swiper-slide\"><div class=\"swiper-slide-bg elementor-ken-burns elementor-ken-burns--in\" role=\"img\"><\/div><div class=\"elementor-background-overlay\"><\/div><div class=\"swiper-slide-inner\" ><div class=\"swiper-slide-contents\"><div class=\"elementor-slide-heading\"><i>\u201cThe MEM is a safe space where we get to know each others\u2019 stories and therefore become a part of them.\u201d<\/i><\/div><div class=\"elementor-slide-description\"><p>Boutheina, Tunisia<\/p>\n<\/div><\/div><\/div><\/div><div class=\"elementor-repeater-item-c098c1d swiper-slide\"><div class=\"swiper-slide-bg elementor-ken-burns elementor-ken-burns--in\" role=\"img\"><\/div><div class=\"elementor-background-overlay\"><\/div><div class=\"swiper-slide-inner\" ><div class=\"swiper-slide-contents\"><div class=\"elementor-slide-heading\"><i>\u201cThis time it felt more special, to meet by brothers and sisters from the neighboring countries, I could feel a strong thirst of unity among us, away from any conflict.\u201d<\/i><\/div><div class=\"elementor-slide-description\"><p>Amin, Iran<\/p>\n<\/div><\/div><\/div><\/div><div class=\"elementor-repeater-item-f7009c0 swiper-slide\"><div class=\"swiper-slide-bg elementor-ken-burns elementor-ken-burns--in\" role=\"img\"><\/div><div class=\"elementor-background-overlay\"><\/div><div class=\"swiper-slide-inner\" ><div class=\"swiper-slide-contents\"><div class=\"elementor-slide-heading\"><i>\u201cParticipating in the Summit has been life changing for me. It helped me create this network of young believers in a better region for us.\u201d<\/i><\/div><div class=\"elementor-slide-description\"><p>Tracy, Libano<\/p>\n<\/div><\/div><\/div><\/div><div class=\"elementor-repeater-item-7abcb75 swiper-slide\"><div class=\"swiper-slide-bg elementor-ken-burns elementor-ken-burns--in\" role=\"img\"><\/div><div class=\"elementor-background-overlay\"><\/div><div class=\"swiper-slide-inner\" ><div class=\"swiper-slide-contents\"><div class=\"elementor-slide-heading\"><i>\u201cThe event was very promising, and it did not disappoint! From the hand-picked young leaders that brought so much life and diversity to every conversation to the high caliber guests that shared valuable insights and advice.\u201d<\/i><\/div><div class=\"elementor-slide-description\"><p>Fatima, Marocco<\/p>\n<\/div><\/div><\/div><\/div>\t\t\t\t<\/div>\n\t\t\t\t\t\t\t\t\t\t\t\t\t\t\t<div class=\"swiper-pagination\"><\/div>\n\t\t\t\t\t\t\t\t\t\t\t\t\t\t\t\t<div class=\"elementor-swiper-button elementor-swiper-button-prev\" role=\"button\" tabindex=\"0\">\n\t\t\t\t\t\t\t<i aria-hidden=\"true\" class=\"eicon-chevron-left\"><\/i>\t\t\t\t\t\t\t<span class=\"elementor-screen-only\">Previous slide<\/span>\n\t\t\t\t\t\t<\/div>\n\t\t\t\t\t\t<div class=\"elementor-swiper-button elementor-swiper-button-next\" role=\"button\" tabindex=\"0\">\n\t\t\t\t\t\t\t<i aria-hidden=\"true\" class=\"eicon-chevron-right\"><\/i>\t\t\t\t\t\t\t<span class=\"elementor-screen-only\">Next slide<\/span>\n\t\t\t\t\t\t<\/div>\n\t\t\t\t\t\t\t\t\t\t\t\t<\/div>\n\t\t<\/div>\n\t\t\t\t<\/div>\n\t\t\t\t<\/div>\n\t\t\t\t\t<\/div>\n\t\t<\/div>\n\t\t\t\t\t<\/div>\n\t\t<\/section>\n\t\t\t\t<section class=\"elementor-section elementor-top-section elementor-element elementor-element-87ddba8 elementor-section-boxed elementor-section-height-default elementor-section-height-default\" data-id=\"87ddba8\" data-element_type=\"section\">\n\t\t\t\t\t\t<div class=\"elementor-container elementor-column-gap-no\">\n\t\t\t\t\t<div class=\"elementor-column elementor-col-100 elementor-top-column elementor-element elementor-element-1796a4b\" data-id=\"1796a4b\" data-element_type=\"column\">\n\t\t\t<div class=\"elementor-widget-wrap elementor-element-populated\">\n\t\t\t\t\t\t<div class=\"elementor-element elementor-element-35dae14 elementor-widget-divider--view-line elementor-widget elementor-widget-divider\" data-id=\"35dae14\" data-element_type=\"widget\" data-widget_type=\"divider.default\">\n\t\t\t\t<div class=\"elementor-widget-container\">\n\t\t\t\t\t<div class=\"elementor-divider\">\n\t\t\t<span class=\"elementor-divider-separator\">\n\t\t\t\t\t\t<\/span>\n\t\t<\/div>\n\t\t\t\t<\/div>\n\t\t\t\t<\/div>\n\t\t\t\t<div class=\"elementor-element elementor-element-2134b40 elementor-widget elementor-widget-heading\" data-id=\"2134b40\" data-element_type=\"widget\" data-widget_type=\"heading.default\">\n\t\t\t\t<div class=\"elementor-widget-container\">\n\t\t\t<h1 class=\"elementor-heading-title elementor-size-default\">Perch\u00e9 i giovani<\/h1>\t\t<\/div>\n\t\t\t\t<\/div>\n\t\t\t\t<div class=\"elementor-element elementor-element-5d65929 elementor-widget elementor-widget-text-editor\" data-id=\"5d65929\" data-element_type=\"widget\" data-widget_type=\"text-editor.default\">\n\t\t\t\t<div class=\"elementor-widget-container\">\n\t\t\t\t\t\t\t<div class=\"page\" title=\"Page 6\">\n<div class=\"layoutArea\">\n<div class=\"column\">\n<div class=\"page\" title=\"Page 6\">\n<div class=\"layoutArea\">\n<div class=\"column\">\n<p>Il 90% dei giovani del mondo ora vive in paesi a reddito medio-basso e affronta le sfide causate dal cambiamento climatico, dall&#8217;insicurezza economica e sociale, dai conflitti e dalle emergenze sanitarie. Nonostante ci\u00f2, c&#8217;\u00e8 un numero crescente di giovani attivi nelle loro comunit\u00e0, che propongono soluzioni innovative, promuovono il progresso e il cambiamento inclusivo oltre i confini e le identit\u00e0 nazionali.<\/p>\n<\/div>\n<\/div>\n<\/div>\n<\/div>\n<\/div>\n<\/div>\n\t\t\t\t\t\t<\/div>\n\t\t\t\t<\/div>\n\t\t\t\t\t<\/div>\n\t\t<\/div>\n\t\t\t\t\t<\/div>\n\t\t<\/section>\n\t\t\t\t<section class=\"elementor-section elementor-top-section elementor-element elementor-element-82e14f1 elementor-section-height-min-height elementor-hidden-phone elementor-section-boxed elementor-section-height-default elementor-section-items-middle\" data-id=\"82e14f1\" data-element_type=\"section\" data-settings=\"{&quot;background_background&quot;:&quot;classic&quot;,&quot;background_motion_fx_motion_fx_scrolling&quot;:&quot;yes&quot;,&quot;background_motion_fx_translateY_effect&quot;:&quot;yes&quot;,&quot;background_motion_fx_translateY_speed&quot;:{&quot;unit&quot;:&quot;px&quot;,&quot;size&quot;:4,&quot;sizes&quot;:[]},&quot;background_motion_fx_translateY_affectedRange&quot;:{&quot;unit&quot;:&quot;%&quot;,&quot;size&quot;:&quot;&quot;,&quot;sizes&quot;:{&quot;start&quot;:0,&quot;end&quot;:100}},&quot;background_motion_fx_devices&quot;:[&quot;desktop&quot;,&quot;tablet&quot;,&quot;mobile&quot;]}\">\n\t\t\t\t\t\t\t<div class=\"elementor-background-overlay\"><\/div>\n\t\t\t\t\t\t\t<div class=\"elementor-container elementor-column-gap-default\">\n\t\t\t\t\t<div class=\"elementor-column elementor-col-100 elementor-top-column elementor-element elementor-element-9af6f4e\" data-id=\"9af6f4e\" data-element_type=\"column\">\n\t\t\t<div class=\"elementor-widget-wrap elementor-element-populated\">\n\t\t\t\t\t\t<div class=\"elementor-element elementor-element-2a724c6 elementor-widget elementor-widget-menu-anchor\" data-id=\"2a724c6\" data-element_type=\"widget\" data-widget_type=\"menu-anchor.default\">\n\t\t\t\t<div class=\"elementor-widget-container\">\n\t\t\t\t\t<div class=\"elementor-menu-anchor\" id=\"young-change-makers\"><\/div>\n\t\t\t\t<\/div>\n\t\t\t\t<\/div>\n\t\t\t\t\t<\/div>\n\t\t<\/div>\n\t\t\t\t\t<\/div>\n\t\t<\/section>\n\t\t\t\t<section class=\"elementor-section elementor-top-section elementor-element elementor-element-992fa43 elementor-section-boxed elementor-section-height-default elementor-section-height-default\" data-id=\"992fa43\" data-element_type=\"section\">\n\t\t\t\t\t\t<div class=\"elementor-container elementor-column-gap-no\">\n\t\t\t\t\t<div class=\"elementor-column elementor-col-100 elementor-top-column elementor-element elementor-element-c27fa8c\" data-id=\"c27fa8c\" data-element_type=\"column\">\n\t\t\t<div class=\"elementor-widget-wrap elementor-element-populated\">\n\t\t\t\t\t\t<div class=\"elementor-element elementor-element-d595fd1 elementor-widget-divider--view-line elementor-widget elementor-widget-divider\" data-id=\"d595fd1\" data-element_type=\"widget\" data-widget_type=\"divider.default\">\n\t\t\t\t<div class=\"elementor-widget-container\">\n\t\t\t\t\t<div class=\"elementor-divider\">\n\t\t\t<span class=\"elementor-divider-separator\">\n\t\t\t\t\t\t<\/span>\n\t\t<\/div>\n\t\t\t\t<\/div>\n\t\t\t\t<\/div>\n\t\t\t\t<div class=\"elementor-element elementor-element-e7296fe elementor-widget elementor-widget-heading\" data-id=\"e7296fe\" data-element_type=\"widget\" data-widget_type=\"heading.default\">\n\t\t\t\t<div class=\"elementor-widget-container\">\n\t\t\t<h1 class=\"elementor-heading-title elementor-size-default\">Gli Young change-maker<\/h1>\t\t<\/div>\n\t\t\t\t<\/div>\n\t\t\t\t<div class=\"elementor-element elementor-element-b1c6ed0 elementor-widget elementor-widget-text-editor\" data-id=\"b1c6ed0\" data-element_type=\"widget\" data-widget_type=\"text-editor.default\">\n\t\t\t\t<div class=\"elementor-widget-container\">\n\t\t\t\t\t\t\t<p>Ogni anno il MEM Summer Summit riceve un numero crescente di candidature, testimonianza dell\u2019interesse dei giovani a far parte del Summit. Finora sono stati selezionati e hanno partecipato al Summit, in presenza e online, circa 500 giovani young change-maker. I candidati ideali sono giovani, dai 25 ai 35 anni, con formazioni ed esperienze lavorative diverse, con un comprovato interesse per la regione e l\u2019impegno nella societa\u0300 civile, desiderosi di condividere le loro idee, e di immaginare e promuovere il cambiamento. Il bando per presentare le candidature viene pubblicato all\u2019inizio di ogni anno. Un Comitato di selezione sceglie i candidati attraverso un attento processo di valutazione, prestando particolare attenzione all\u2019equilibrio tra paesi, ambiti professionali e parita\u0300 di genere. La rete delle ambasciate svizzere nella regione MEM svolge un ruolo cruciale nell\u2019identificazione dei migliori candidati.<\/p>\n\t\t\t\t\t\t<\/div>\n\t\t\t\t<\/div>\n\t\t\t\t<div class=\"elementor-element elementor-element-9803a07 elementor-widget elementor-widget-image\" data-id=\"9803a07\" data-element_type=\"widget\" data-widget_type=\"image.default\">\n\t\t\t\t<div class=\"elementor-widget-container\">\n\t\t\t\t\t\t\t\t\t\t\t\t\t<img fetchpriority=\"high\" decoding=\"async\" width=\"1024\" height=\"421\" src=\"https:\/\/www.mem-summit.ch\/wp-content\/uploads\/2023\/03\/call-for-application_A4-MEMSS_2023-copy-1024x421.png\" class=\"attachment-large size-large wp-image-15247\" alt=\"\" srcset=\"https:\/\/www.mem-summit.ch\/wp-content\/uploads\/2023\/03\/call-for-application_A4-MEMSS_2023-copy-1024x421.png 1024w, https:\/\/www.mem-summit.ch\/wp-content\/uploads\/2023\/03\/call-for-application_A4-MEMSS_2023-copy-480x197.png 480w, https:\/\/www.mem-summit.ch\/wp-content\/uploads\/2023\/03\/call-for-application_A4-MEMSS_2023-copy-768x316.png 768w, https:\/\/www.mem-summit.ch\/wp-content\/uploads\/2023\/03\/call-for-application_A4-MEMSS_2023-copy-1536x631.png 1536w, https:\/\/www.mem-summit.ch\/wp-content\/uploads\/2023\/03\/call-for-application_A4-MEMSS_2023-copy-2048x842.png 2048w\" sizes=\"(max-width: 1024px) 100vw, 1024px\" \/>\t\t\t\t\t\t\t\t\t\t\t\t\t<\/div>\n\t\t\t\t<\/div>\n\t\t\t\t<div class=\"elementor-element elementor-element-d2e74e5 elementor-widget elementor-widget-text-editor\" data-id=\"d2e74e5\" data-element_type=\"widget\" data-widget_type=\"text-editor.default\">\n\t\t\t\t<div class=\"elementor-widget-container\">\n\t\t\t\t\t\t\t<div class=\"page\" title=\"Page 6\">\n<div class=\"layoutArea\">\n<div class=\"column\">\n<div class=\"page\" title=\"Page 3\">\n<div class=\"layoutArea\">\n<div class=\"column\">\n<p>Paesi degli young change-maker che hanno partecipato al MEM Summer Summit.<\/p>\n<\/div>\n<\/div>\n<\/div>\n<\/div>\n<\/div>\n<\/div>\n\t\t\t\t\t\t<\/div>\n\t\t\t\t<\/div>\n\t\t\t\t<div class=\"elementor-element elementor-element-10ae32a elementor-widget elementor-widget-video\" data-id=\"10ae32a\" data-element_type=\"widget\" data-settings=\"{&quot;youtube_url&quot;:&quot;https:\\\/\\\/youtu.be\\\/ntebYVPFj5o&quot;,&quot;yt_privacy&quot;:&quot;yes&quot;,&quot;loop&quot;:&quot;yes&quot;,&quot;video_type&quot;:&quot;youtube&quot;,&quot;controls&quot;:&quot;yes&quot;}\" data-widget_type=\"video.default\">\n\t\t\t\t<div class=\"elementor-widget-container\">\n\t\t\t\t\t<div class=\"elementor-wrapper elementor-open-inline\">\n\t\t\t<div class=\"elementor-video\"><\/div>\t\t<\/div>\n\t\t\t\t<\/div>\n\t\t\t\t<\/div>\n\t\t\t\t\t<\/div>\n\t\t<\/div>\n\t\t\t\t\t<\/div>\n\t\t<\/section>\n\t\t\t\t<section class=\"elementor-section elementor-top-section elementor-element elementor-element-0d86982 elementor-section-height-min-height elementor-section-full_width elementor-section-content-middle elementor-hidden-desktop elementor-hidden-tablet elementor-hidden-mobile elementor-section-height-default elementor-section-items-middle\" data-id=\"0d86982\" data-element_type=\"section\" data-settings=\"{&quot;background_background&quot;:&quot;classic&quot;,&quot;background_motion_fx_motion_fx_scrolling&quot;:&quot;yes&quot;,&quot;background_motion_fx_translateY_effect&quot;:&quot;yes&quot;,&quot;background_motion_fx_translateY_speed&quot;:{&quot;unit&quot;:&quot;px&quot;,&quot;size&quot;:4,&quot;sizes&quot;:[]},&quot;background_motion_fx_translateY_affectedRange&quot;:{&quot;unit&quot;:&quot;%&quot;,&quot;size&quot;:&quot;&quot;,&quot;sizes&quot;:{&quot;start&quot;:0,&quot;end&quot;:100}},&quot;background_motion_fx_devices&quot;:[&quot;desktop&quot;,&quot;tablet&quot;,&quot;mobile&quot;]}\">\n\t\t\t\t\t\t\t<div class=\"elementor-background-overlay\"><\/div>\n\t\t\t\t\t\t\t<div class=\"elementor-container elementor-column-gap-no\">\n\t\t\t\t\t<div class=\"elementor-column elementor-col-100 elementor-top-column elementor-element elementor-element-b601452\" data-id=\"b601452\" data-element_type=\"column\">\n\t\t\t<div class=\"elementor-widget-wrap elementor-element-populated\">\n\t\t\t\t\t\t<div class=\"elementor-element elementor-element-f415909 elementor-widget elementor-widget-menu-anchor\" data-id=\"f415909\" data-element_type=\"widget\" data-widget_type=\"menu-anchor.default\">\n\t\t\t\t<div class=\"elementor-widget-container\">\n\t\t\t\t\t<div class=\"elementor-menu-anchor\" id=\"initiatives\"><\/div>\n\t\t\t\t<\/div>\n\t\t\t\t<\/div>\n\t\t\t\t<div class=\"elementor-element elementor-element-f5cba36 elementor--h-position-center elementor--v-position-middle elementor-arrows-position-inside elementor-pagination-position-inside elementor-widget elementor-widget-slides\" data-id=\"f5cba36\" data-element_type=\"widget\" data-settings=\"{&quot;navigation&quot;:&quot;both&quot;,&quot;autoplay&quot;:&quot;yes&quot;,&quot;pause_on_hover&quot;:&quot;yes&quot;,&quot;pause_on_interaction&quot;:&quot;yes&quot;,&quot;autoplay_speed&quot;:5000,&quot;infinite&quot;:&quot;yes&quot;,&quot;transition&quot;:&quot;slide&quot;,&quot;transition_speed&quot;:500}\" data-widget_type=\"slides.default\">\n\t\t\t\t<div class=\"elementor-widget-container\">\n\t\t\t\t\t<div class=\"elementor-swiper\">\n\t\t\t<div class=\"elementor-slides-wrapper elementor-main-swiper swiper\" dir=\"ltr\" data-animation=\"fadeInUp\">\n\t\t\t\t<div class=\"swiper-wrapper elementor-slides\">\n\t\t\t\t\t\t\t\t\t\t<div class=\"elementor-repeater-item-c098c1d swiper-slide\"><div class=\"swiper-slide-bg elementor-ken-burns elementor-ken-burns--in\" role=\"img\"><\/div><div class=\"elementor-background-overlay\"><\/div><div class=\"swiper-slide-inner\" ><div class=\"swiper-slide-contents\"><div class=\"elementor-slide-heading\">THE MEM GOES ON<\/div><\/div><\/div><\/div>\t\t\t\t<\/div>\n\t\t\t\t\t\t\t<\/div>\n\t\t<\/div>\n\t\t\t\t<\/div>\n\t\t\t\t<\/div>\n\t\t\t\t\t<\/div>\n\t\t<\/div>\n\t\t\t\t\t<\/div>\n\t\t<\/section>\n\t\t\t\t<section class=\"elementor-section elementor-top-section elementor-element elementor-element-4fa3cef elementor-hidden-desktop elementor-hidden-tablet elementor-hidden-mobile elementor-section-boxed elementor-section-height-default elementor-section-height-default\" data-id=\"4fa3cef\" data-element_type=\"section\">\n\t\t\t\t\t\t<div class=\"elementor-container elementor-column-gap-no\">\n\t\t\t\t\t<div class=\"elementor-column elementor-col-100 elementor-top-column elementor-element elementor-element-0736fd6\" data-id=\"0736fd6\" data-element_type=\"column\">\n\t\t\t<div class=\"elementor-widget-wrap elementor-element-populated\">\n\t\t\t\t\t\t<div class=\"elementor-element elementor-element-4240b0c elementor-widget-divider--view-line elementor-widget elementor-widget-divider\" data-id=\"4240b0c\" data-element_type=\"widget\" data-widget_type=\"divider.default\">\n\t\t\t\t<div class=\"elementor-widget-container\">\n\t\t\t\t\t<div class=\"elementor-divider\">\n\t\t\t<span class=\"elementor-divider-separator\">\n\t\t\t\t\t\t<\/span>\n\t\t<\/div>\n\t\t\t\t<\/div>\n\t\t\t\t<\/div>\n\t\t\t\t<div class=\"elementor-element elementor-element-7ba24e3 elementor-widget elementor-widget-heading\" data-id=\"7ba24e3\" data-element_type=\"widget\" data-widget_type=\"heading.default\">\n\t\t\t\t<div class=\"elementor-widget-container\">\n\t\t\t<h1 class=\"elementor-heading-title elementor-size-default\">The MEM goes on<\/h1>\t\t<\/div>\n\t\t\t\t<\/div>\n\t\t\t\t<div class=\"elementor-element elementor-element-f9d052e elementor-widget elementor-widget-text-editor\" data-id=\"f9d052e\" data-element_type=\"widget\" data-widget_type=\"text-editor.default\">\n\t\t\t\t<div class=\"elementor-widget-container\">\n\t\t\t\t\t\t\t<p>Le attivit\u00e0 del MEM Summer Summit vanno oltre il Forum e il seminario. Quest\u2019anno il MEM Summer Summit continua con nuove iniziative per i change-maker e per il pubblico.<\/p>\n\t\t\t\t\t\t<\/div>\n\t\t\t\t<\/div>\n\t\t\t\t<section class=\"elementor-section elementor-inner-section elementor-element elementor-element-70ffa6f elementor-section-boxed elementor-section-height-default elementor-section-height-default\" data-id=\"70ffa6f\" data-element_type=\"section\">\n\t\t\t\t\t\t<div class=\"elementor-container elementor-column-gap-default\">\n\t\t\t\t\t<div class=\"elementor-column elementor-col-50 elementor-inner-column elementor-element elementor-element-e591050\" data-id=\"e591050\" data-element_type=\"column\">\n\t\t\t<div class=\"elementor-widget-wrap elementor-element-populated\">\n\t\t\t\t\t\t<div class=\"elementor-element elementor-element-0f4bfee elementor-widget elementor-widget-text-editor\" data-id=\"0f4bfee\" data-element_type=\"widget\" data-widget_type=\"text-editor.default\">\n\t\t\t\t<div class=\"elementor-widget-container\">\n\t\t\t\t\t\t\t<h3>Bites of Transfoodmation<\/h3>\r\nIl MEM Summer Summit andr\u00e0 a Roma per <em>Bites of Transfoodmation<\/em>. Si tratta di un evento organizzato dalla Rappresentanza Permanente di Svizzera presso la FAO, l&#8217;IFAD e il PAM \u2013 in partnership con l\u2019Istituto Svizzero, l\u2019Ambasciata svizzera a Roma, Pr\u00e9sence Suisse e l\u2019Universit\u00e0 della Svizzera Italiana. Ha come obiettivo di essere un punto di partenza per il cambiamento dei sistemi alimentari globali. Federica Frediani e il team del MEM Summer Summit stanno contribuendo a strutturare e organizzare l\u2019evento e saranno presenti a Roma, con un gruppo di MEM Alumni, come facilitatori, speaker e moderatori. Il rettore dell\u2019USI, professor Boas Erez, far\u00e0 il discorso conclusivo alla Dispute con l\u2019ambasciatrice svizzera a Roma, Rita Adam.\t\t\t\t\t\t<\/div>\n\t\t\t\t<\/div>\n\t\t\t\t\t<\/div>\n\t\t<\/div>\n\t\t\t\t<div class=\"elementor-column elementor-col-50 elementor-inner-column elementor-element elementor-element-5f626d9\" data-id=\"5f626d9\" data-element_type=\"column\">\n\t\t\t<div class=\"elementor-widget-wrap elementor-element-populated\">\n\t\t\t\t\t\t<div class=\"elementor-element elementor-element-6a83eb5 elementor-widget elementor-widget-image\" data-id=\"6a83eb5\" data-element_type=\"widget\" data-widget_type=\"image.default\">\n\t\t\t\t<div class=\"elementor-widget-container\">\n\t\t\t\t\t\t\t\t\t\t\t\t\t\t<a href=\"https:\/\/www.transfoodmation.com\/\" target=\"_blank\" rel=\"nofollow\">\n\t\t\t\t\t\t\t<img decoding=\"async\" width=\"480\" height=\"468\" src=\"https:\/\/www.mem-summit.ch\/wp-content\/uploads\/2021\/08\/logo_bites_of_transfoodmation-480x468.png\" class=\"elementor-animation-wobble-vertical attachment-medium size-medium wp-image-12512\" alt=\"\" srcset=\"https:\/\/www.mem-summit.ch\/wp-content\/uploads\/2021\/08\/logo_bites_of_transfoodmation-480x468.png 480w, https:\/\/www.mem-summit.ch\/wp-content\/uploads\/2021\/08\/logo_bites_of_transfoodmation.png 560w\" sizes=\"(max-width: 480px) 100vw, 480px\" \/>\t\t\t\t\t\t\t\t<\/a>\n\t\t\t\t\t\t\t\t\t\t\t\t\t<\/div>\n\t\t\t\t<\/div>\n\t\t\t\t\t<\/div>\n\t\t<\/div>\n\t\t\t\t\t<\/div>\n\t\t<\/section>\n\t\t\t\t<div class=\"elementor-element elementor-element-edd974f elementor-widget-divider--view-line elementor-widget elementor-widget-divider\" data-id=\"edd974f\" data-element_type=\"widget\" data-widget_type=\"divider.default\">\n\t\t\t\t<div class=\"elementor-widget-container\">\n\t\t\t\t\t<div class=\"elementor-divider\">\n\t\t\t<span class=\"elementor-divider-separator\">\n\t\t\t\t\t\t<\/span>\n\t\t<\/div>\n\t\t\t\t<\/div>\n\t\t\t\t<\/div>\n\t\t\t\t<section class=\"elementor-section elementor-inner-section elementor-element elementor-element-135bd82 elementor-section-boxed elementor-section-height-default elementor-section-height-default\" data-id=\"135bd82\" data-element_type=\"section\">\n\t\t\t\t\t\t<div class=\"elementor-container elementor-column-gap-default\">\n\t\t\t\t\t<div class=\"elementor-column elementor-col-50 elementor-inner-column elementor-element elementor-element-0590a13\" data-id=\"0590a13\" data-element_type=\"column\">\n\t\t\t<div class=\"elementor-widget-wrap elementor-element-populated\">\n\t\t\t\t\t\t<div class=\"elementor-element elementor-element-26f3515 elementor-widget elementor-widget-image\" data-id=\"26f3515\" data-element_type=\"widget\" data-widget_type=\"image.default\">\n\t\t\t\t<div class=\"elementor-widget-container\">\n\t\t\t\t\t\t\t\t\t\t\t\t\t\t<a href=\"https:\/\/drosos.org\/\" target=\"_blank\" rel=\"nofollow\">\n\t\t\t\t\t\t\t<img decoding=\"async\" width=\"480\" height=\"272\" src=\"https:\/\/www.mem-summit.ch\/wp-content\/uploads\/2020\/10\/New_Horizons_Logo-2-480x272.png\" class=\"elementor-animation-wobble-vertical attachment-medium size-medium wp-image-12121\" alt=\"\" srcset=\"https:\/\/www.mem-summit.ch\/wp-content\/uploads\/2020\/10\/New_Horizons_Logo-2-480x272.png 480w, https:\/\/www.mem-summit.ch\/wp-content\/uploads\/2020\/10\/New_Horizons_Logo-2.png 562w\" sizes=\"(max-width: 480px) 100vw, 480px\" \/>\t\t\t\t\t\t\t\t<\/a>\n\t\t\t\t\t\t\t\t\t\t\t\t\t<\/div>\n\t\t\t\t<\/div>\n\t\t\t\t\t<\/div>\n\t\t<\/div>\n\t\t\t\t<div class=\"elementor-column elementor-col-50 elementor-inner-column elementor-element elementor-element-37f34f9\" data-id=\"37f34f9\" data-element_type=\"column\">\n\t\t\t<div class=\"elementor-widget-wrap elementor-element-populated\">\n\t\t\t\t\t\t<div class=\"elementor-element elementor-element-95bcbf0 elementor-widget elementor-widget-text-editor\" data-id=\"95bcbf0\" data-element_type=\"widget\" data-widget_type=\"text-editor.default\">\n\t\t\t\t<div class=\"elementor-widget-container\">\n\t\t\t\t\t\t\t<h3>Cultural Narratives &#8211; New Horizons<\/h3>\n<p>Il progetto Cultural Narratives &#8211; New Horizons \u00e8 un\u2019emanazione dello Stream C del Seminario. Si articola in workshop on-line e nella regione del Medio Oriente Mediterraneo. Un team di Alumni del MEM Summer Summit, diretto da Federica Frediani, sta lavorando e dialogando sui seguenti temi:<\/p>\n<ul>\n<li>La mobilit\u00e0 delle persone, idee, culture e merci che trascendo barriere spazio-temporali;<\/li>\n<li>Il ruolo della cultura e della creativit\u00e0 nel processo di ricostruzione economico-sociale dopo la pandemia del Coronavirus;<\/li>\n<li>Digitalizzazione delle attivit\u00e0 culturali.<\/li>\n<\/ul>\n\t\t\t\t\t\t<\/div>\n\t\t\t\t<\/div>\n\t\t\t\t\t<\/div>\n\t\t<\/div>\n\t\t\t\t\t<\/div>\n\t\t<\/section>\n\t\t\t\t<div class=\"elementor-element elementor-element-5455df1 elementor-widget-divider--view-line elementor-widget elementor-widget-divider\" data-id=\"5455df1\" data-element_type=\"widget\" data-widget_type=\"divider.default\">\n\t\t\t\t<div class=\"elementor-widget-container\">\n\t\t\t\t\t<div class=\"elementor-divider\">\n\t\t\t<span class=\"elementor-divider-separator\">\n\t\t\t\t\t\t<\/span>\n\t\t<\/div>\n\t\t\t\t<\/div>\n\t\t\t\t<\/div>\n\t\t\t\t<div class=\"elementor-element elementor-element-e782f11 elementor-align-left elementor-hidden-desktop elementor-hidden-tablet elementor-hidden-phone elementor-widget elementor-widget-button\" data-id=\"e782f11\" data-element_type=\"widget\" data-widget_type=\"button.default\">\n\t\t\t\t<div class=\"elementor-widget-container\">\n\t\t\t\t\t<div class=\"elementor-button-wrapper\">\n\t\t\t<a class=\"elementor-button elementor-button-link elementor-size-md\" href=\"https:\/\/www.mem-summersummit.ch\/it\/initiatives\/\" target=\"_blank\" rel=\"nofollow\">\n\t\t\t\t\t\t<span class=\"elementor-button-content-wrapper\">\n\t\t\t\t\t\t\t\t\t<span class=\"elementor-button-text\">Scopri di pi\u00f9<\/span>\n\t\t\t\t\t<\/span>\n\t\t\t\t\t<\/a>\n\t\t<\/div>\n\t\t\t\t<\/div>\n\t\t\t\t<\/div>\n\t\t\t\t\t<\/div>\n\t\t<\/div>\n\t\t\t\t\t<\/div>\n\t\t<\/section>\n\t\t\t\t<section class=\"elementor-section elementor-top-section elementor-element elementor-element-0d7864d elementor-section-height-min-height elementor-section-boxed elementor-section-height-default elementor-section-items-middle\" data-id=\"0d7864d\" data-element_type=\"section\" data-settings=\"{&quot;background_background&quot;:&quot;classic&quot;,&quot;background_motion_fx_motion_fx_scrolling&quot;:&quot;yes&quot;,&quot;background_motion_fx_translateY_effect&quot;:&quot;yes&quot;,&quot;background_motion_fx_translateY_speed&quot;:{&quot;unit&quot;:&quot;px&quot;,&quot;size&quot;:4,&quot;sizes&quot;:[]},&quot;background_motion_fx_translateY_affectedRange&quot;:{&quot;unit&quot;:&quot;%&quot;,&quot;size&quot;:&quot;&quot;,&quot;sizes&quot;:{&quot;start&quot;:0,&quot;end&quot;:100}},&quot;background_motion_fx_devices&quot;:[&quot;desktop&quot;,&quot;tablet&quot;,&quot;mobile&quot;]}\">\n\t\t\t\t\t\t\t<div class=\"elementor-background-overlay\"><\/div>\n\t\t\t\t\t\t\t<div class=\"elementor-container elementor-column-gap-default\">\n\t\t\t\t\t<div class=\"elementor-column elementor-col-100 elementor-top-column elementor-element elementor-element-b44db67\" data-id=\"b44db67\" data-element_type=\"column\" data-settings=\"{&quot;background_background&quot;:&quot;classic&quot;}\">\n\t\t\t<div class=\"elementor-widget-wrap elementor-element-populated\">\n\t\t\t\t\t\t<div class=\"elementor-element elementor-element-fdc2108 elementor-widget elementor-widget-menu-anchor\" data-id=\"fdc2108\" data-element_type=\"widget\" data-widget_type=\"menu-anchor.default\">\n\t\t\t\t<div class=\"elementor-widget-container\">\n\t\t\t\t\t<div class=\"elementor-menu-anchor\" id=\"why-switzerland\"><\/div>\n\t\t\t\t<\/div>\n\t\t\t\t<\/div>\n\t\t\t\t\t<\/div>\n\t\t<\/div>\n\t\t\t\t\t<\/div>\n\t\t<\/section>\n\t\t\t\t<section class=\"elementor-section elementor-top-section elementor-element elementor-element-cc842bc elementor-section-boxed elementor-section-height-default elementor-section-height-default\" data-id=\"cc842bc\" data-element_type=\"section\">\n\t\t\t\t\t\t<div class=\"elementor-container elementor-column-gap-no\">\n\t\t\t\t\t<div class=\"elementor-column elementor-col-100 elementor-top-column elementor-element elementor-element-205af07\" data-id=\"205af07\" data-element_type=\"column\">\n\t\t\t<div class=\"elementor-widget-wrap elementor-element-populated\">\n\t\t\t\t\t\t<div class=\"elementor-element elementor-element-a7a97c9 elementor-widget-divider--view-line elementor-widget elementor-widget-divider\" data-id=\"a7a97c9\" data-element_type=\"widget\" data-widget_type=\"divider.default\">\n\t\t\t\t<div class=\"elementor-widget-container\">\n\t\t\t\t\t<div class=\"elementor-divider\">\n\t\t\t<span class=\"elementor-divider-separator\">\n\t\t\t\t\t\t<\/span>\n\t\t<\/div>\n\t\t\t\t<\/div>\n\t\t\t\t<\/div>\n\t\t\t\t<div class=\"elementor-element elementor-element-e30aaec elementor-widget elementor-widget-heading\" data-id=\"e30aaec\" data-element_type=\"widget\" data-widget_type=\"heading.default\">\n\t\t\t\t<div class=\"elementor-widget-container\">\n\t\t\t<h2 class=\"elementor-heading-title elementor-size-default\">Perch\u00e9 Svizzera<\/h2>\t\t<\/div>\n\t\t\t\t<\/div>\n\t\t\t\t<div class=\"elementor-element elementor-element-2f1d18d elementor-widget elementor-widget-text-editor\" data-id=\"2f1d18d\" data-element_type=\"widget\" data-widget_type=\"text-editor.default\">\n\t\t\t\t<div class=\"elementor-widget-container\">\n\t\t\t\t\t\t\t<p class=\"x_MsoNormal\"><span lang=\"IT\">Grazie alla sua neutralit\u00e0 e a una forte tradizione nell\u2019aiuto umanitario, la Svizzera svolge un ruolo importante nella diplomazia culturale e nella promozione della pace a livello globale. Negli ultimi 15 anni, ha sviluppato un\u2019ampia gamma di strumenti per promuovere la pace e la sicurezza. \u00c8 attivamente coinvolta nella gestione delle crisi e dei conflitti e nella loro prevenzione, contribuendo a sviluppare protocolli e parametri per la comunit\u00e0 internazionale e a favorirne l\u2019implementazione.<\/span><\/p>\n<p class=\"x_MsoNormal\"><span lang=\"IT\">\u00a0<\/span><span lang=\"IT\">Secondo l&#8217;articolo 54, paragrafo 2, della Costituzione svizzera: \u201dLa Confederazione si adopera per salvaguardare l\u2019indipendenza e il benessere del Paese; contribuisce in particolare ad aiutare le popolazioni nel bisogno e a lottare contro la povert\u00e0 nel mondo, contribuisce a far rispettare i diritti umani e a promuovere la democrazia, ad assicurare la convivenza pacifica dei popoli nonch\u00e9 a salvaguardare le basi naturali della vita.\u201d<\/span><\/p>\n<p>Scopri di pi\u00f9: <a style=\"font-size: 18px; font-family: var( --e-global-typography-text-font-family ), Sans-serif; background-color: #ffffff;\" href=\"https:\/\/www.eda.admin.ch\/eda\/en\/fdfa\/foreign-policy\/human-rights\/peace.html\" target=\"_blank\" rel=\"noopener nofollow\">https:\/\/www.eda.admin.ch\/eda\/en\/fdfa\/foreign-policy\/human-rights\/peace.html<\/a><\/p>\n\t\t\t\t\t\t<\/div>\n\t\t\t\t<\/div>\n\t\t\t\t\t<\/div>\n\t\t<\/div>\n\t\t\t\t\t<\/div>\n\t\t<\/section>\n\t\t\t\t<section class=\"elementor-section elementor-top-section elementor-element elementor-element-9547c9d elementor-hidden-desktop elementor-hidden-tablet elementor-hidden-phone elementor-section-boxed elementor-section-height-default elementor-section-height-default\" data-id=\"9547c9d\" data-element_type=\"section\">\n\t\t\t\t\t\t<div class=\"elementor-container elementor-column-gap-no\">\n\t\t\t\t\t<div class=\"elementor-column elementor-col-100 elementor-top-column elementor-element elementor-element-f45ed68\" data-id=\"f45ed68\" data-element_type=\"column\">\n\t\t\t<div class=\"elementor-widget-wrap elementor-element-populated\">\n\t\t\t\t\t\t<div class=\"elementor-element elementor-element-4630664 elementor-widget-divider--view-line elementor-widget elementor-widget-divider\" data-id=\"4630664\" data-element_type=\"widget\" data-widget_type=\"divider.default\">\n\t\t\t\t<div class=\"elementor-widget-container\">\n\t\t\t\t\t<div class=\"elementor-divider\">\n\t\t\t<span class=\"elementor-divider-separator\">\n\t\t\t\t\t\t<\/span>\n\t\t<\/div>\n\t\t\t\t<\/div>\n\t\t\t\t<\/div>\n\t\t\t\t<div class=\"elementor-element elementor-element-382b491 elementor-widget elementor-widget-heading\" data-id=\"382b491\" data-element_type=\"widget\" data-widget_type=\"heading.default\">\n\t\t\t\t<div class=\"elementor-widget-container\">\n\t\t\t<h3 class=\"elementor-heading-title elementor-size-default\">Volontari<\/h3>\t\t<\/div>\n\t\t\t\t<\/div>\n\t\t\t\t<div class=\"elementor-element elementor-element-e154c33 elementor-arrows-position-inside elementor-pagination-position-outside elementor-widget elementor-widget-image-carousel\" data-id=\"e154c33\" data-element_type=\"widget\" data-settings=\"{&quot;image_spacing_custom&quot;:{&quot;unit&quot;:&quot;px&quot;,&quot;size&quot;:10,&quot;sizes&quot;:[]},&quot;navigation&quot;:&quot;both&quot;,&quot;autoplay&quot;:&quot;yes&quot;,&quot;pause_on_hover&quot;:&quot;yes&quot;,&quot;pause_on_interaction&quot;:&quot;yes&quot;,&quot;autoplay_speed&quot;:5000,&quot;infinite&quot;:&quot;yes&quot;,&quot;speed&quot;:500,&quot;image_spacing_custom_tablet&quot;:{&quot;unit&quot;:&quot;px&quot;,&quot;size&quot;:&quot;&quot;,&quot;sizes&quot;:[]},&quot;image_spacing_custom_mobile&quot;:{&quot;unit&quot;:&quot;px&quot;,&quot;size&quot;:&quot;&quot;,&quot;sizes&quot;:[]}}\" data-widget_type=\"image-carousel.default\">\n\t\t\t\t<div class=\"elementor-widget-container\">\n\t\t\t\t\t<div class=\"elementor-image-carousel-wrapper swiper\" dir=\"ltr\">\n\t\t\t<div class=\"elementor-image-carousel swiper-wrapper\" aria-live=\"off\">\n\t\t\t\t\t\t\t\t<div class=\"swiper-slide\" role=\"group\" aria-roledescription=\"slide\" aria-label=\"1 di 11\"><a data-elementor-open-lightbox=\"yes\" data-elementor-lightbox-slideshow=\"e154c33\" data-elementor-lightbox-title=\"MEMSumSum_\u00a9USI_Seminar_148\" data-e-action-hash=\"#elementor-action%3Aaction%3Dlightbox%26settings%3DeyJpZCI6MTA1MjEsInVybCI6Imh0dHBzOlwvXC93d3cubWVtLXN1bW1pdC5jaFwvd3AtY29udGVudFwvdXBsb2Fkc1wvMjAxOVwvMDlcL01FTVN1bVN1bV9cdTAwYTlVU0lfU2VtaW5hcl8xNDguanBnIiwic2xpZGVzaG93IjoiZTE1NGMzMyJ9\" href=\"https:\/\/www.mem-summit.ch\/wp-content\/uploads\/2019\/09\/MEMSumSum_\u00a9USI_Seminar_148.jpg\"><figure class=\"swiper-slide-inner\"><img decoding=\"async\" class=\"swiper-slide-image\" src=\"https:\/\/www.mem-summit.ch\/wp-content\/uploads\/elementor\/thumbs\/MEMSumSum_\u00a9USI_Seminar_148-oyu3jckrjj85jg6t3utxjpch10mmlduj8s9joly20o.jpg\" alt=\"\" \/><\/figure><\/a><\/div><div class=\"swiper-slide\" role=\"group\" aria-roledescription=\"slide\" aria-label=\"2 di 11\"><a data-elementor-open-lightbox=\"yes\" data-elementor-lightbox-slideshow=\"e154c33\" data-elementor-lightbox-title=\"MEMSumSum_\u00a9USI_Forum_Day1_027\" data-e-action-hash=\"#elementor-action%3Aaction%3Dlightbox%26settings%3DeyJpZCI6OTQ2NCwidXJsIjoiaHR0cHM6XC9cL3d3dy5tZW0tc3VtbWl0LmNoXC93cC1jb250ZW50XC91cGxvYWRzXC8yMDE5XC8wOVwvTUVNU3VtU3VtX1x1MDBhOVVTSV9Gb3J1bV9EYXkxXzAyNy5qcGciLCJzbGlkZXNob3ciOiJlMTU0YzMzIn0%3D\" href=\"https:\/\/www.mem-summit.ch\/wp-content\/uploads\/2019\/09\/MEMSumSum_\u00a9USI_Forum_Day1_027.jpg\"><figure class=\"swiper-slide-inner\"><img decoding=\"async\" class=\"swiper-slide-image\" src=\"https:\/\/www.mem-summit.ch\/wp-content\/uploads\/elementor\/thumbs\/MEMSumSum_\u00a9USI_Forum_Day1_027-oyu3jckrjj85jg6t3utxjpch10mmlduj8s9joly20o.jpg\" alt=\"\" \/><\/figure><\/a><\/div><div class=\"swiper-slide\" role=\"group\" aria-roledescription=\"slide\" aria-label=\"3 di 11\"><a data-elementor-open-lightbox=\"yes\" data-elementor-lightbox-slideshow=\"e154c33\" data-elementor-lightbox-title=\"MEMSumSum_\u00a9USI_Forum_Day2_098\" data-e-action-hash=\"#elementor-action%3Aaction%3Dlightbox%26settings%3DeyJpZCI6OTk2OCwidXJsIjoiaHR0cHM6XC9cL3d3dy5tZW0tc3VtbWl0LmNoXC93cC1jb250ZW50XC91cGxvYWRzXC8yMDE5XC8wOVwvTUVNU3VtU3VtX1x1MDBhOVVTSV9Gb3J1bV9EYXkyXzA5OC5qcGciLCJzbGlkZXNob3ciOiJlMTU0YzMzIn0%3D\" href=\"https:\/\/www.mem-summit.ch\/wp-content\/uploads\/2019\/09\/MEMSumSum_\u00a9USI_Forum_Day2_098.jpg\"><figure class=\"swiper-slide-inner\"><img decoding=\"async\" class=\"swiper-slide-image\" src=\"https:\/\/www.mem-summit.ch\/wp-content\/uploads\/elementor\/thumbs\/MEMSumSum_\u00a9USI_Forum_Day2_098-oyu3jckrjj85jg6t3utxjpch10mmlduj8s9joly20o.jpg\" alt=\"\" \/><\/figure><\/a><\/div><div class=\"swiper-slide\" role=\"group\" aria-roledescription=\"slide\" aria-label=\"4 di 11\"><a data-elementor-open-lightbox=\"yes\" data-elementor-lightbox-slideshow=\"e154c33\" data-elementor-lightbox-title=\"Forum Day 1 Saturday General 102\" data-e-action-hash=\"#elementor-action%3Aaction%3Dlightbox%26settings%3DeyJpZCI6NTY3MywidXJsIjoiaHR0cHM6XC9cL3d3dy5tZW0tc3VtbWl0LmNoXC93cC1jb250ZW50XC91cGxvYWRzXC8yMDE4XC8xMFwvRm9ydW0tRGF5LTEtU2F0dXJkYXktR2VuZXJhbC0xMDIuanBnIiwic2xpZGVzaG93IjoiZTE1NGMzMyJ9\" href=\"https:\/\/www.mem-summit.ch\/wp-content\/uploads\/2018\/10\/Forum-Day-1-Saturday-General-102.jpg\"><figure class=\"swiper-slide-inner\"><img decoding=\"async\" class=\"swiper-slide-image\" src=\"https:\/\/www.mem-summit.ch\/wp-content\/uploads\/elementor\/thumbs\/Forum-Day-1-Saturday-General-102-oyu3jdilqd9fv25fyd8k473xmehzt2y9kwx15vwnug.jpg\" alt=\"\" \/><\/figure><\/a><\/div><div class=\"swiper-slide\" role=\"group\" aria-roledescription=\"slide\" aria-label=\"5 di 11\"><a data-elementor-open-lightbox=\"yes\" data-elementor-lightbox-slideshow=\"e154c33\" data-elementor-lightbox-title=\"MEM-Summer-Summit-16\" data-e-action-hash=\"#elementor-action%3Aaction%3Dlightbox%26settings%3DeyJpZCI6MTExNDMsInVybCI6Imh0dHBzOlwvXC93d3cubWVtLXN1bW1pdC5jaFwvd3AtY29udGVudFwvdXBsb2Fkc1wvMjAyMFwvMDFcL01FTS1TdW1tZXItU3VtbWl0LTE2LmpwZyIsInNsaWRlc2hvdyI6ImUxNTRjMzMifQ%3D%3D\" href=\"https:\/\/www.mem-summit.ch\/wp-content\/uploads\/2020\/01\/MEM-Summer-Summit-16.jpg\"><figure class=\"swiper-slide-inner\"><img decoding=\"async\" class=\"swiper-slide-image\" src=\"https:\/\/www.mem-summit.ch\/wp-content\/uploads\/elementor\/thumbs\/MEM-Summer-Summit-16-oyu3jfea41c0ia2pne1t96mut68q8h5q96804ftvi0.jpg\" alt=\"\" \/><\/figure><\/a><\/div><div class=\"swiper-slide\" role=\"group\" aria-roledescription=\"slide\" aria-label=\"6 di 11\"><a data-elementor-open-lightbox=\"yes\" data-elementor-lightbox-slideshow=\"e154c33\" data-elementor-lightbox-title=\"MEMSumSum_\u00a9USI_Seminar_182\" data-e-action-hash=\"#elementor-action%3Aaction%3Dlightbox%26settings%3DeyJpZCI6MTAxMzksInVybCI6Imh0dHBzOlwvXC93d3cubWVtLXN1bW1pdC5jaFwvd3AtY29udGVudFwvdXBsb2Fkc1wvMjAxOVwvMDlcL01FTVN1bVN1bV9cdTAwYTlVU0lfU2VtaW5hcl8xODIuanBnIiwic2xpZGVzaG93IjoiZTE1NGMzMyJ9\" href=\"https:\/\/www.mem-summit.ch\/wp-content\/uploads\/2019\/09\/MEMSumSum_\u00a9USI_Seminar_182.jpg\"><figure class=\"swiper-slide-inner\"><img decoding=\"async\" class=\"swiper-slide-image\" src=\"https:\/\/www.mem-summit.ch\/wp-content\/uploads\/elementor\/thumbs\/MEMSumSum_\u00a9USI_Seminar_182-oyu3jckrjj85jg6t3utxjpch10mmlduj8s9joly20o.jpg\" alt=\"\" \/><\/figure><\/a><\/div><div class=\"swiper-slide\" role=\"group\" aria-roledescription=\"slide\" aria-label=\"7 di 11\"><a data-elementor-open-lightbox=\"yes\" data-elementor-lightbox-slideshow=\"e154c33\" data-elementor-lightbox-title=\"Forum Day 1 Saturday General 95\" data-e-action-hash=\"#elementor-action%3Aaction%3Dlightbox%26settings%3DeyJpZCI6NTY2NiwidXJsIjoiaHR0cHM6XC9cL3d3dy5tZW0tc3VtbWl0LmNoXC93cC1jb250ZW50XC91cGxvYWRzXC8yMDE4XC8xMFwvRm9ydW0tRGF5LTEtU2F0dXJkYXktR2VuZXJhbC05NS5qcGciLCJzbGlkZXNob3ciOiJlMTU0YzMzIn0%3D\" href=\"https:\/\/www.mem-summit.ch\/wp-content\/uploads\/2018\/10\/Forum-Day-1-Saturday-General-95.jpg\"><figure class=\"swiper-slide-inner\"><img decoding=\"async\" class=\"swiper-slide-image\" src=\"https:\/\/www.mem-summit.ch\/wp-content\/uploads\/elementor\/thumbs\/Forum-Day-1-Saturday-General-95-oyu3jdilqd9fv25fyd8k473xmehzt2y9kwx15vwnug.jpg\" alt=\"\" \/><\/figure><\/a><\/div><div class=\"swiper-slide\" role=\"group\" aria-roledescription=\"slide\" aria-label=\"8 di 11\"><a data-elementor-open-lightbox=\"yes\" data-elementor-lightbox-slideshow=\"e154c33\" data-elementor-lightbox-title=\"MEMSumSum_\u00a9USI_Forum_Day2_132\" data-e-action-hash=\"#elementor-action%3Aaction%3Dlightbox%26settings%3DeyJpZCI6MTAwMzYsInVybCI6Imh0dHBzOlwvXC93d3cubWVtLXN1bW1pdC5jaFwvd3AtY29udGVudFwvdXBsb2Fkc1wvMjAxOVwvMDlcL01FTVN1bVN1bV9cdTAwYTlVU0lfRm9ydW1fRGF5Ml8xMzIuanBnIiwic2xpZGVzaG93IjoiZTE1NGMzMyJ9\" href=\"https:\/\/www.mem-summit.ch\/wp-content\/uploads\/2019\/09\/MEMSumSum_\u00a9USI_Forum_Day2_132.jpg\"><figure class=\"swiper-slide-inner\"><img decoding=\"async\" class=\"swiper-slide-image\" src=\"https:\/\/www.mem-summit.ch\/wp-content\/uploads\/elementor\/thumbs\/MEMSumSum_\u00a9USI_Forum_Day2_132-oyu3jckrjj85jg6t3utxjpch10mmlduj8s9joly20o.jpg\" alt=\"\" \/><\/figure><\/a><\/div><div class=\"swiper-slide\" role=\"group\" aria-roledescription=\"slide\" aria-label=\"9 di 11\"><a data-elementor-open-lightbox=\"yes\" data-elementor-lightbox-slideshow=\"e154c33\" data-elementor-lightbox-title=\"Day 2 Sunday General 52\" data-e-action-hash=\"#elementor-action%3Aaction%3Dlightbox%26settings%3DeyJpZCI6NTgyMSwidXJsIjoiaHR0cHM6XC9cL3d3dy5tZW0tc3VtbWl0LmNoXC93cC1jb250ZW50XC91cGxvYWRzXC8yMDE4XC8xMFwvRGF5LTItU3VuZGF5LUdlbmVyYWwtNTIuanBnIiwic2xpZGVzaG93IjoiZTE1NGMzMyJ9\" href=\"https:\/\/www.mem-summit.ch\/wp-content\/uploads\/2018\/10\/Day-2-Sunday-General-52.jpg\"><figure class=\"swiper-slide-inner\"><img decoding=\"async\" class=\"swiper-slide-image\" src=\"https:\/\/www.mem-summit.ch\/wp-content\/uploads\/elementor\/thumbs\/Day-2-Sunday-General-52-oyu3jdilqd9fv25fyd8k473xmehzt2y9kwx15vwnug.jpg\" alt=\"\" \/><\/figure><\/a><\/div><div class=\"swiper-slide\" role=\"group\" aria-roledescription=\"slide\" aria-label=\"10 di 11\"><a data-elementor-open-lightbox=\"yes\" data-elementor-lightbox-slideshow=\"e154c33\" data-elementor-lightbox-title=\"MEM-Summer-Summit-14\" data-e-action-hash=\"#elementor-action%3Aaction%3Dlightbox%26settings%3DeyJpZCI6MTExMzksInVybCI6Imh0dHBzOlwvXC93d3cubWVtLXN1bW1pdC5jaFwvd3AtY29udGVudFwvdXBsb2Fkc1wvMjAyMFwvMDFcL01FTS1TdW1tZXItU3VtbWl0LTE0LmpwZyIsInNsaWRlc2hvdyI6ImUxNTRjMzMifQ%3D%3D\" href=\"https:\/\/www.mem-summit.ch\/wp-content\/uploads\/2020\/01\/MEM-Summer-Summit-14.jpg\"><figure class=\"swiper-slide-inner\"><img decoding=\"async\" class=\"swiper-slide-image\" src=\"https:\/\/www.mem-summit.ch\/wp-content\/uploads\/elementor\/thumbs\/MEM-Summer-Summit-14-oyu3jfea41c0ia2pne1t96mut68q8h5q96804ftvi0.jpg\" alt=\"\" \/><\/figure><\/a><\/div><div class=\"swiper-slide\" role=\"group\" aria-roledescription=\"slide\" aria-label=\"11 di 11\"><a data-elementor-open-lightbox=\"yes\" data-elementor-lightbox-slideshow=\"e154c33\" data-elementor-lightbox-title=\"MEM-Summer-Summit-15\" data-e-action-hash=\"#elementor-action%3Aaction%3Dlightbox%26settings%3DeyJpZCI6MTExNDEsInVybCI6Imh0dHBzOlwvXC93d3cubWVtLXN1bW1pdC5jaFwvd3AtY29udGVudFwvdXBsb2Fkc1wvMjAyMFwvMDFcL01FTS1TdW1tZXItU3VtbWl0LTE1LmpwZyIsInNsaWRlc2hvdyI6ImUxNTRjMzMifQ%3D%3D\" href=\"https:\/\/www.mem-summit.ch\/wp-content\/uploads\/2020\/01\/MEM-Summer-Summit-15.jpg\"><figure class=\"swiper-slide-inner\"><img decoding=\"async\" class=\"swiper-slide-image\" src=\"https:\/\/www.mem-summit.ch\/wp-content\/uploads\/elementor\/thumbs\/MEM-Summer-Summit-15-oyu3jfea41c0ia2pne1t96mut68q8h5q96804ftvi0.jpg\" alt=\"\" \/><\/figure><\/a><\/div>\t\t\t<\/div>\n\t\t\t\t\t\t\t\t\t\t\t\t<div class=\"elementor-swiper-button elementor-swiper-button-prev\" role=\"button\" tabindex=\"0\">\n\t\t\t\t\t\t<i aria-hidden=\"true\" class=\"eicon-chevron-left\"><\/i>\t\t\t\t\t<\/div>\n\t\t\t\t\t<div class=\"elementor-swiper-button elementor-swiper-button-next\" role=\"button\" tabindex=\"0\">\n\t\t\t\t\t\t<i aria-hidden=\"true\" class=\"eicon-chevron-right\"><\/i>\t\t\t\t\t<\/div>\n\t\t\t\t\n\t\t\t\t\t\t\t\t\t<div class=\"swiper-pagination\"><\/div>\n\t\t\t\t\t\t\t\t\t<\/div>\n\t\t\t\t<\/div>\n\t\t\t\t<\/div>\n\t\t\t\t<div class=\"elementor-element elementor-element-40a8467 elementor-widget elementor-widget-text-editor\" data-id=\"40a8467\" data-element_type=\"widget\" data-widget_type=\"text-editor.default\">\n\t\t\t\t<div class=\"elementor-widget-container\">\n\t\t\t\t\t\t\t<h3>Bando di selezione dei volontari<\/h3>\n<p>I volontari giocano un ruolo importante e cruciale nel creare un\u2019atmosfera positiva e accogliente per i giovani change-maker, gli speaker e gli ospiti mentre aiutano il team a gestire l\u2019evento in modo professionale. I volontari possono essere coinvolti nell\u2019intero Summit, o anche solo nel Seminario o nel Forum.<\/p>\n<h3>Requisiti<\/h3>\n<p>I candidati devono:<\/p>\n<ul>\n<li>avere almeno 18 anni<\/li>\n<li>essere iscritti preferibilmente in un\u2019Universit\u00e0 svizzera<\/li>\n<li>avere un\u2019ottima conoscenza dell\u2019Inglese of (la conoscenza di altre lingue \u00e8 considerata come titolo preferenziale)<\/li>\n<li>preferibilmente avere un grande interesse per le politiche, societ\u00e0 e culture della regione del Medio Oriente Mediterraneo<\/li>\n<li>essere interessati ai settori della comunicazione, del management di eventi e della comunicazione<\/li>\n<\/ul>\n<h3>Crescita personale e professionale<\/h3>\n<p>I volontari possono arricchire il loro curriculum con un\u2019esperienza appassionante, lavorando in un team dinamico e collaborativo di professionisti, farsi un\u2019esperienza diretta dell\u2019organizzazione di un evento internazionale dalla A alla Z, trarre ispirazione per il futuro, e arricchire il proprio bagaglio culturale. Al termine dell\u2019esperienza, verr\u00e0 rilasciato un certificato di volontariato. Gli studenti che seguono il programma PMP, MEP o MEPIN dell\u2019Universit\u00e0 della Svizzera italiana hanno la possibilit\u00e0 di ottenere crediti partecipando al Programma dei volontari. Il programma di volontariato offre opportunit\u00e0 di fare conoscenze e di networking in un\u2019ambiente internazionale con speaker e ospiti di organizzazioni governative e non governative, istituzioni e universit\u00e0 prestigiose. I costi di viaggio e alloggio sono a carico dei volontari, mentre riceveranno pasti e bevande durante le ore in cui offrono la loro collaborazione. Riceveranno, inoltre in omaggio la t-shirt ufficiale del MEM Summer Summit.<\/p>\n\t\t\t\t\t\t<\/div>\n\t\t\t\t<\/div>\n\t\t\t\t\t<\/div>\n\t\t<\/div>\n\t\t\t\t\t<\/div>\n\t\t<\/section>\n\t\t\t\t<\/div>\n\t\t","protected":false},"excerpt":{"rendered":"<p>Summit Il Summit L&#8217;idea L\u2019Universita\u0300 della Svizzera italiana ha lanciato il MEM Summer Summit nel 2018, in collaborazione con la Divisione Medio Oriente e Nord Africa (MENA) del Dipartimento federale degli affari esteri svizzero, che ne e\u0300 il partner principale. L\u2019acronimo MEM indica la regione estesa del Mediterraneo e del Medio Oriente (dal Marocco all\u2019Iran). &hellip;<\/p>\n<p class=\"read-more\"> <a class=\"\" href=\"https:\/\/www.mem-summit.ch\/it\/about\/\"> <span class=\"screen-reader-text\">About<\/span> Leggi altro &raquo;<\/a><\/p>\n","protected":false},"author":2,"featured_media":12819,"parent":0,"menu_order":0,"comment_status":"closed","ping_status":"closed","template":"","meta":{"inline_featured_image":false,"site-sidebar-layout":"default","site-content-layout":"default","ast-global-header-display":"","ast-main-header-display":"","ast-hfb-above-header-display":"","ast-hfb-below-header-display":"","ast-hfb-mobile-header-display":"","site-post-title":"disabled","ast-breadcrumbs-content":"","ast-featured-img":"disabled","footer-sml-layout":"","theme-transparent-header-meta":"default","adv-header-id-meta":"","stick-header-meta":"default","header-above-stick-meta":"","header-main-stick-meta":"","header-below-stick-meta":"","footnotes":""},"class_list":["post-13247","page","type-page","status-publish","has-post-thumbnail","hentry"],"yoast_head":"<!-- This site is optimized with the Yoast SEO plugin v22.6 - https:\/\/yoast.com\/wordpress\/plugins\/seo\/ -->\n<title>Middle East Mediterranean MEM Summer Summit<\/title>\n<meta name=\"description\" content=\"Il MEM Summer Summit, composto da un Seminario e un Forum, \u00e8 una piattaforma per giovani leader e change-maker per delineare una visione per il loro futuro comune. Provenendo da istituzioni pubbliche e private, organizzazioni senza scopo di lucro, imprese sociali, media, arte e cultura, valutano, innovano e sviluppano nuovi approcci per affrontare i problemi che persistono. Il vertice \u00e8 concepito come uno scambio intellettuale e umano attraverso le frontiere, le culture e le lingue.\" \/>\n<meta name=\"robots\" content=\"index, follow, max-snippet:-1, max-image-preview:large, max-video-preview:-1\" \/>\n<link rel=\"canonical\" href=\"https:\/\/www.mem-summit.ch\/about\/\" \/>\n<meta property=\"og:locale\" content=\"it_IT\" \/>\n<meta property=\"og:type\" content=\"article\" \/>\n<meta property=\"og:title\" content=\"Middle East Mediterranean MEM Summer Summit\" \/>\n<meta property=\"og:description\" content=\"Il MEM Summer Summit, composto da un Seminario e un Forum, \u00e8 una piattaforma per giovani leader e change-maker per delineare una visione per il loro futuro comune. Provenendo da istituzioni pubbliche e private, organizzazioni senza scopo di lucro, imprese sociali, media, arte e cultura, valutano, innovano e sviluppano nuovi approcci per affrontare i problemi che persistono. Il vertice \u00e8 concepito come uno scambio intellettuale e umano attraverso le frontiere, le culture e le lingue.\" \/>\n<meta property=\"og:url\" content=\"https:\/\/www.mem-summit.ch\/about\/\" \/>\n<meta property=\"og:site_name\" content=\"Mem USI\" \/>\n<meta property=\"article:modified_time\" content=\"2023-09-21T06:35:04+00:00\" \/>\n<meta property=\"og:image\" content=\"https:\/\/www.mem-summit.ch\/wp-content\/uploads\/2021\/08\/MEM_Summer_Summit_2021_Forum_small-scaled.jpg\" \/>\n\t<meta property=\"og:image:width\" content=\"2560\" \/>\n\t<meta property=\"og:image:height\" content=\"1704\" \/>\n\t<meta property=\"og:image:type\" content=\"image\/jpeg\" \/>\n<meta name=\"twitter:label1\" content=\"Tempo di lettura stimato\" \/>\n\t<meta name=\"twitter:data1\" content=\"11 minuti\" \/>\n<script type=\"application\/ld+json\" class=\"yoast-schema-graph\">{\"@context\":\"https:\/\/schema.org\",\"@graph\":[{\"@type\":\"WebPage\",\"@id\":\"https:\/\/www.mem-summit.ch\/about\/\",\"url\":\"https:\/\/www.mem-summit.ch\/about\/\",\"name\":\"Middle East Mediterranean MEM Summer Summit\",\"isPartOf\":{\"@id\":\"https:\/\/www.mem-summit.ch\/#website\"},\"primaryImageOfPage\":{\"@id\":\"https:\/\/www.mem-summit.ch\/about\/#primaryimage\"},\"image\":{\"@id\":\"https:\/\/www.mem-summit.ch\/about\/#primaryimage\"},\"thumbnailUrl\":\"https:\/\/www.mem-summit.ch\/wp-content\/uploads\/2021\/08\/MEM_Summer_Summit_2021_Forum_small-scaled.jpg\",\"datePublished\":\"2022-01-03T14:15:34+00:00\",\"dateModified\":\"2023-09-21T06:35:04+00:00\",\"description\":\"Il MEM Summer Summit, composto da un Seminario e un Forum, \u00e8 una piattaforma per giovani leader e change-maker per delineare una visione per il loro futuro comune. Provenendo da istituzioni pubbliche e private, organizzazioni senza scopo di lucro, imprese sociali, media, arte e cultura, valutano, innovano e sviluppano nuovi approcci per affrontare i problemi che persistono. Il vertice \u00e8 concepito come uno scambio intellettuale e umano attraverso le frontiere, le culture e le lingue.\",\"breadcrumb\":{\"@id\":\"https:\/\/www.mem-summit.ch\/about\/#breadcrumb\"},\"inLanguage\":\"it-IT\",\"potentialAction\":[{\"@type\":\"ReadAction\",\"target\":[\"https:\/\/www.mem-summit.ch\/about\/\"]}]},{\"@type\":\"ImageObject\",\"inLanguage\":\"it-IT\",\"@id\":\"https:\/\/www.mem-summit.ch\/about\/#primaryimage\",\"url\":\"https:\/\/www.mem-summit.ch\/wp-content\/uploads\/2021\/08\/MEM_Summer_Summit_2021_Forum_small-scaled.jpg\",\"contentUrl\":\"https:\/\/www.mem-summit.ch\/wp-content\/uploads\/2021\/08\/MEM_Summer_Summit_2021_Forum_small-scaled.jpg\",\"width\":2560,\"height\":1704},{\"@type\":\"BreadcrumbList\",\"@id\":\"https:\/\/www.mem-summit.ch\/about\/#breadcrumb\",\"itemListElement\":[{\"@type\":\"ListItem\",\"position\":1,\"name\":\"Home\",\"item\":\"https:\/\/www.mem-summit.ch\/\"},{\"@type\":\"ListItem\",\"position\":2,\"name\":\"About\"}]},{\"@type\":\"WebSite\",\"@id\":\"https:\/\/www.mem-summit.ch\/#website\",\"url\":\"https:\/\/www.mem-summit.ch\/\",\"name\":\"Mem USI\",\"description\":\"Middle East Mediterranean - Summer summit 2018\",\"publisher\":{\"@id\":\"https:\/\/www.mem-summit.ch\/#organization\"},\"potentialAction\":[{\"@type\":\"SearchAction\",\"target\":{\"@type\":\"EntryPoint\",\"urlTemplate\":\"https:\/\/www.mem-summit.ch\/?s={search_term_string}\"},\"query-input\":\"required name=search_term_string\"}],\"inLanguage\":\"it-IT\"},{\"@type\":\"Organization\",\"@id\":\"https:\/\/www.mem-summit.ch\/#organization\",\"name\":\"Summer Summit Lugano, Switzerland\",\"url\":\"https:\/\/www.mem-summit.ch\/\",\"logo\":{\"@type\":\"ImageObject\",\"inLanguage\":\"it-IT\",\"@id\":\"https:\/\/www.mem-summit.ch\/#\/schema\/logo\/image\/\",\"url\":\"https:\/\/www.mem-summersummit.ch\/wp-content\/uploads\/2018\/05\/USI_logo_retina.png\",\"contentUrl\":\"https:\/\/www.mem-summersummit.ch\/wp-content\/uploads\/2018\/05\/USI_logo_retina.png\",\"width\":900,\"height\":156,\"caption\":\"Summer Summit Lugano, Switzerland\"},\"image\":{\"@id\":\"https:\/\/www.mem-summit.ch\/#\/schema\/logo\/image\/\"}}]}<\/script>\n<!-- \/ Yoast SEO plugin. -->","yoast_head_json":{"title":"Middle East Mediterranean MEM Summer Summit","description":"Il MEM Summer Summit, composto da un Seminario e un Forum, \u00e8 una piattaforma per giovani leader e change-maker per delineare una visione per il loro futuro comune. Provenendo da istituzioni pubbliche e private, organizzazioni senza scopo di lucro, imprese sociali, media, arte e cultura, valutano, innovano e sviluppano nuovi approcci per affrontare i problemi che persistono. Il vertice \u00e8 concepito come uno scambio intellettuale e umano attraverso le frontiere, le culture e le lingue.","robots":{"index":"index","follow":"follow","max-snippet":"max-snippet:-1","max-image-preview":"max-image-preview:large","max-video-preview":"max-video-preview:-1"},"canonical":"https:\/\/www.mem-summit.ch\/about\/","og_locale":"it_IT","og_type":"article","og_title":"Middle East Mediterranean MEM Summer Summit","og_description":"Il MEM Summer Summit, composto da un Seminario e un Forum, \u00e8 una piattaforma per giovani leader e change-maker per delineare una visione per il loro futuro comune. Provenendo da istituzioni pubbliche e private, organizzazioni senza scopo di lucro, imprese sociali, media, arte e cultura, valutano, innovano e sviluppano nuovi approcci per affrontare i problemi che persistono. Il vertice \u00e8 concepito come uno scambio intellettuale e umano attraverso le frontiere, le culture e le lingue.","og_url":"https:\/\/www.mem-summit.ch\/about\/","og_site_name":"Mem USI","article_modified_time":"2023-09-21T06:35:04+00:00","og_image":[{"width":2560,"height":1704,"url":"https:\/\/www.mem-summit.ch\/wp-content\/uploads\/2021\/08\/MEM_Summer_Summit_2021_Forum_small-scaled.jpg","type":"image\/jpeg"}],"twitter_misc":{"Tempo di lettura stimato":"11 minuti"},"schema":{"@context":"https:\/\/schema.org","@graph":[{"@type":"WebPage","@id":"https:\/\/www.mem-summit.ch\/about\/","url":"https:\/\/www.mem-summit.ch\/about\/","name":"Middle East Mediterranean MEM Summer Summit","isPartOf":{"@id":"https:\/\/www.mem-summit.ch\/#website"},"primaryImageOfPage":{"@id":"https:\/\/www.mem-summit.ch\/about\/#primaryimage"},"image":{"@id":"https:\/\/www.mem-summit.ch\/about\/#primaryimage"},"thumbnailUrl":"https:\/\/www.mem-summit.ch\/wp-content\/uploads\/2021\/08\/MEM_Summer_Summit_2021_Forum_small-scaled.jpg","datePublished":"2022-01-03T14:15:34+00:00","dateModified":"2023-09-21T06:35:04+00:00","description":"Il MEM Summer Summit, composto da un Seminario e un Forum, \u00e8 una piattaforma per giovani leader e change-maker per delineare una visione per il loro futuro comune. Provenendo da istituzioni pubbliche e private, organizzazioni senza scopo di lucro, imprese sociali, media, arte e cultura, valutano, innovano e sviluppano nuovi approcci per affrontare i problemi che persistono. Il vertice \u00e8 concepito come uno scambio intellettuale e umano attraverso le frontiere, le culture e le lingue.","breadcrumb":{"@id":"https:\/\/www.mem-summit.ch\/about\/#breadcrumb"},"inLanguage":"it-IT","potentialAction":[{"@type":"ReadAction","target":["https:\/\/www.mem-summit.ch\/about\/"]}]},{"@type":"ImageObject","inLanguage":"it-IT","@id":"https:\/\/www.mem-summit.ch\/about\/#primaryimage","url":"https:\/\/www.mem-summit.ch\/wp-content\/uploads\/2021\/08\/MEM_Summer_Summit_2021_Forum_small-scaled.jpg","contentUrl":"https:\/\/www.mem-summit.ch\/wp-content\/uploads\/2021\/08\/MEM_Summer_Summit_2021_Forum_small-scaled.jpg","width":2560,"height":1704},{"@type":"BreadcrumbList","@id":"https:\/\/www.mem-summit.ch\/about\/#breadcrumb","itemListElement":[{"@type":"ListItem","position":1,"name":"Home","item":"https:\/\/www.mem-summit.ch\/"},{"@type":"ListItem","position":2,"name":"About"}]},{"@type":"WebSite","@id":"https:\/\/www.mem-summit.ch\/#website","url":"https:\/\/www.mem-summit.ch\/","name":"Mem USI","description":"Middle East Mediterranean - Summer summit 2018","publisher":{"@id":"https:\/\/www.mem-summit.ch\/#organization"},"potentialAction":[{"@type":"SearchAction","target":{"@type":"EntryPoint","urlTemplate":"https:\/\/www.mem-summit.ch\/?s={search_term_string}"},"query-input":"required name=search_term_string"}],"inLanguage":"it-IT"},{"@type":"Organization","@id":"https:\/\/www.mem-summit.ch\/#organization","name":"Summer Summit Lugano, Switzerland","url":"https:\/\/www.mem-summit.ch\/","logo":{"@type":"ImageObject","inLanguage":"it-IT","@id":"https:\/\/www.mem-summit.ch\/#\/schema\/logo\/image\/","url":"https:\/\/www.mem-summersummit.ch\/wp-content\/uploads\/2018\/05\/USI_logo_retina.png","contentUrl":"https:\/\/www.mem-summersummit.ch\/wp-content\/uploads\/2018\/05\/USI_logo_retina.png","width":900,"height":156,"caption":"Summer Summit Lugano, Switzerland"},"image":{"@id":"https:\/\/www.mem-summit.ch\/#\/schema\/logo\/image\/"}}]}},"_links":{"self":[{"href":"https:\/\/www.mem-summit.ch\/it\/wp-json\/wp\/v2\/pages\/13247"}],"collection":[{"href":"https:\/\/www.mem-summit.ch\/it\/wp-json\/wp\/v2\/pages"}],"about":[{"href":"https:\/\/www.mem-summit.ch\/it\/wp-json\/wp\/v2\/types\/page"}],"author":[{"embeddable":true,"href":"https:\/\/www.mem-summit.ch\/it\/wp-json\/wp\/v2\/users\/2"}],"replies":[{"embeddable":true,"href":"https:\/\/www.mem-summit.ch\/it\/wp-json\/wp\/v2\/comments?post=13247"}],"version-history":[{"count":73,"href":"https:\/\/www.mem-summit.ch\/it\/wp-json\/wp\/v2\/pages\/13247\/revisions"}],"predecessor-version":[{"id":15822,"href":"https:\/\/www.mem-summit.ch\/it\/wp-json\/wp\/v2\/pages\/13247\/revisions\/15822"}],"wp:featuredmedia":[{"embeddable":true,"href":"https:\/\/www.mem-summit.ch\/it\/wp-json\/wp\/v2\/media\/12819"}],"wp:attachment":[{"href":"https:\/\/www.mem-summit.ch\/it\/wp-json\/wp\/v2\/media?parent=13247"}],"curies":[{"name":"wp","href":"https:\/\/api.w.org\/{rel}","templated":true}]}}