{"id":15960,"date":"2024-06-12T14:33:50","date_gmt":"2024-06-12T14:33:50","guid":{"rendered":"https:\/\/www.mem-summit.ch\/?page_id=15960"},"modified":"2024-06-12T15:10:13","modified_gmt":"2024-06-12T15:10:13","slug":"mem-summer-summit-2023","status":"publish","type":"page","link":"https:\/\/www.mem-summit.ch\/it\/mem-summer-summit-2023\/","title":{"rendered":"MEM Summer Summit 2023"},"content":{"rendered":"\t\t<div data-elementor-type=\"wp-post\" data-elementor-id=\"15960\" class=\"elementor elementor-15960 elementor-15959\" data-elementor-post-type=\"page\">\n\t\t\t\t\t\t<section class=\"elementor-section elementor-top-section elementor-element elementor-element-63d46fa4 elementor-section-height-min-height elementor-section-boxed elementor-section-height-default elementor-section-items-middle\" data-id=\"63d46fa4\" data-element_type=\"section\" data-settings=\"{&quot;background_background&quot;:&quot;classic&quot;}\">\n\t\t\t\t\t\t\t<div class=\"elementor-background-overlay\"><\/div>\n\t\t\t\t\t\t\t<div class=\"elementor-container elementor-column-gap-default\">\n\t\t\t\t\t<div class=\"elementor-column elementor-col-100 elementor-top-column elementor-element elementor-element-607fa117\" data-id=\"607fa117\" data-element_type=\"column\" data-settings=\"{&quot;background_background&quot;:&quot;classic&quot;}\">\n\t\t\t<div class=\"elementor-widget-wrap elementor-element-populated\">\n\t\t\t\t\t\t<div class=\"elementor-element elementor-element-7777d4f3 elementor-widget elementor-widget-global elementor-global-14983 elementor-widget-text-editor\" data-id=\"7777d4f3\" data-element_type=\"widget\" data-widget_type=\"text-editor.default\">\n\t\t\t\t<div class=\"elementor-widget-container\">\n\t\t\t\t\t\t\t<p>MEM Summer Summit 2023<\/p>\t\t\t\t\t\t<\/div>\n\t\t\t\t<\/div>\n\t\t\t\t<div class=\"elementor-element elementor-element-7146f711 elementor-widget elementor-widget-menu-anchor\" data-id=\"7146f711\" data-element_type=\"widget\" data-widget_type=\"menu-anchor.default\">\n\t\t\t\t<div class=\"elementor-widget-container\">\n\t\t\t\t\t<div class=\"elementor-menu-anchor\" id=\"seminar\"><\/div>\n\t\t\t\t<\/div>\n\t\t\t\t<\/div>\n\t\t\t\t\t<\/div>\n\t\t<\/div>\n\t\t\t\t\t<\/div>\n\t\t<\/section>\n\t\t\t\t<section class=\"elementor-section elementor-top-section elementor-element elementor-element-2719862 elementor-section-boxed elementor-section-height-default elementor-section-height-default\" data-id=\"2719862\" data-element_type=\"section\">\n\t\t\t\t\t\t<div class=\"elementor-container elementor-column-gap-no\">\n\t\t\t\t\t<div class=\"elementor-column elementor-col-100 elementor-top-column elementor-element elementor-element-c5aced3\" data-id=\"c5aced3\" data-element_type=\"column\">\n\t\t\t<div class=\"elementor-widget-wrap elementor-element-populated\">\n\t\t\t\t\t\t<div class=\"elementor-element elementor-element-f884403 elementor-widget elementor-widget-menu-anchor\" data-id=\"f884403\" data-element_type=\"widget\" data-widget_type=\"menu-anchor.default\">\n\t\t\t\t<div class=\"elementor-widget-container\">\n\t\t\t\t\t<div class=\"elementor-menu-anchor\" id=\"programme\"><\/div>\n\t\t\t\t<\/div>\n\t\t\t\t<\/div>\n\t\t\t\t<div class=\"elementor-element elementor-element-c0a2a7f elementor-widget-divider--view-line elementor-widget elementor-widget-divider\" data-id=\"c0a2a7f\" data-element_type=\"widget\" data-widget_type=\"divider.default\">\n\t\t\t\t<div class=\"elementor-widget-container\">\n\t\t\t\t\t<div class=\"elementor-divider\">\n\t\t\t<span class=\"elementor-divider-separator\">\n\t\t\t\t\t\t<\/span>\n\t\t<\/div>\n\t\t\t\t<\/div>\n\t\t\t\t<\/div>\n\t\t\t\t<div class=\"elementor-element elementor-element-3dbd1a0 elementor-widget elementor-widget-heading\" data-id=\"3dbd1a0\" data-element_type=\"widget\" data-widget_type=\"heading.default\">\n\t\t\t\t<div class=\"elementor-widget-container\">\n\t\t\t<h3 class=\"elementor-heading-title elementor-size-default\"><div>Seminario 2023<span style=\"font-size: 40px;letter-spacing: 0px\"><\/span><\/div><\/h3>\t\t<\/div>\n\t\t\t\t<\/div>\n\t\t\t\t<div class=\"elementor-element elementor-element-2ee149a elementor-widget elementor-widget-text-editor\" data-id=\"2ee149a\" data-element_type=\"widget\" data-widget_type=\"text-editor.default\">\n\t\t\t\t<div class=\"elementor-widget-container\">\n\t\t\t\t\t\t\t<p style=\"box-sizing: border-box; border: 0px; font-size: 18px; font-style: normal; font-weight: 100; margin: 0px 0px 1em; outline: 0px; padding: 0px; vertical-align: baseline; color: #020202; font-family: 'Standard CT', sans-serif; font-variant-ligatures: normal; font-variant-caps: normal; letter-spacing: normal; orphans: 2; text-align: start; text-indent: 0px; text-transform: none; white-space: normal; widows: 2; word-spacing: 0px; -webkit-text-stroke-width: 0px; background-color: #ffffff; text-decoration-thickness: initial; text-decoration-style: initial; text-decoration-color: initial;\">Il seminario era dedicato principalmente ai giovani partecipanti al Summit, ad eccezione della proiezione del film Climbing Iran, che era gratuita e aperta al pubblico.<\/p>\n\t\t\t\t\t\t<\/div>\n\t\t\t\t<\/div>\n\t\t\t\t<section class=\"elementor-section elementor-inner-section elementor-element elementor-element-3e5e5a5 elementor-section-full_width elementor-section-height-default elementor-section-height-default\" data-id=\"3e5e5a5\" data-element_type=\"section\">\n\t\t\t\t\t\t<div class=\"elementor-container elementor-column-gap-default\">\n\t\t\t\t\t<div class=\"elementor-column elementor-col-50 elementor-inner-column elementor-element elementor-element-9d81b11\" data-id=\"9d81b11\" data-element_type=\"column\">\n\t\t\t<div class=\"elementor-widget-wrap elementor-element-populated\">\n\t\t\t\t\t\t<div class=\"elementor-element elementor-element-9cf7047 elementor--h-position-center elementor--v-position-middle elementor-arrows-position-inside elementor-pagination-position-inside elementor-widget elementor-widget-slides\" data-id=\"9cf7047\" data-element_type=\"widget\" data-settings=\"{&quot;navigation&quot;:&quot;both&quot;,&quot;autoplay&quot;:&quot;yes&quot;,&quot;pause_on_hover&quot;:&quot;yes&quot;,&quot;pause_on_interaction&quot;:&quot;yes&quot;,&quot;autoplay_speed&quot;:5000,&quot;infinite&quot;:&quot;yes&quot;,&quot;transition&quot;:&quot;slide&quot;,&quot;transition_speed&quot;:500}\" data-widget_type=\"slides.default\">\n\t\t\t\t<div class=\"elementor-widget-container\">\n\t\t\t\t\t<div class=\"elementor-swiper\">\n\t\t\t<div class=\"elementor-slides-wrapper elementor-main-swiper swiper\" dir=\"ltr\" data-animation=\"fadeInUp\">\n\t\t\t\t<div class=\"swiper-wrapper elementor-slides\">\n\t\t\t\t\t\t\t\t\t\t<div class=\"elementor-repeater-item-179e6ce swiper-slide\"><div class=\"swiper-slide-bg\" role=\"img\"><\/div><a class=\"swiper-slide-inner\" href=\"https:\/\/www.mem-summersummit.ch\/wp-content\/uploads\/2023\/08\/programma-seminario-MEMSS_2023.pdf\" target=\"_blank\" rel=\"nofollow\"><div class=\"swiper-slide-contents\"><div  class=\"elementor-button elementor-slide-button elementor-size-md\">Scarica il programma<\/div><\/div><\/a><\/div>\t\t\t\t<\/div>\n\t\t\t\t\t\t\t<\/div>\n\t\t<\/div>\n\t\t\t\t<\/div>\n\t\t\t\t<\/div>\n\t\t\t\t\t<\/div>\n\t\t<\/div>\n\t\t\t\t<div class=\"elementor-column elementor-col-50 elementor-inner-column elementor-element elementor-element-93513f2\" data-id=\"93513f2\" data-element_type=\"column\">\n\t\t\t<div class=\"elementor-widget-wrap elementor-element-populated\">\n\t\t\t\t\t\t<div class=\"elementor-element elementor-element-04ce441 elementor--h-position-center elementor--v-position-middle elementor-arrows-position-inside elementor-pagination-position-inside elementor-widget elementor-widget-slides\" data-id=\"04ce441\" data-element_type=\"widget\" data-settings=\"{&quot;navigation&quot;:&quot;both&quot;,&quot;autoplay&quot;:&quot;yes&quot;,&quot;pause_on_hover&quot;:&quot;yes&quot;,&quot;pause_on_interaction&quot;:&quot;yes&quot;,&quot;autoplay_speed&quot;:5000,&quot;infinite&quot;:&quot;yes&quot;,&quot;transition&quot;:&quot;slide&quot;,&quot;transition_speed&quot;:500}\" data-widget_type=\"slides.default\">\n\t\t\t\t<div class=\"elementor-widget-container\">\n\t\t\t\t\t<div class=\"elementor-swiper\">\n\t\t\t<div class=\"elementor-slides-wrapper elementor-main-swiper swiper\" dir=\"ltr\" data-animation=\"fadeInUp\">\n\t\t\t\t<div class=\"swiper-wrapper elementor-slides\">\n\t\t\t\t\t\t\t\t\t\t<div class=\"elementor-repeater-item-179e6ce swiper-slide\"><div class=\"swiper-slide-bg\" role=\"img\"><\/div><a class=\"swiper-slide-inner\" href=\"https:\/\/www.youtube.com\/watch?v=C4rE7VTRtNQ\" target=\"_blank\" rel=\"nofollow\"><div class=\"swiper-slide-contents\"><div  class=\"elementor-button elementor-slide-button elementor-size-md\">Climbing Iran<\/div><\/div><\/a><\/div>\t\t\t\t<\/div>\n\t\t\t\t\t\t\t<\/div>\n\t\t<\/div>\n\t\t\t\t<\/div>\n\t\t\t\t<\/div>\n\t\t\t\t\t<\/div>\n\t\t<\/div>\n\t\t\t\t\t<\/div>\n\t\t<\/section>\n\t\t\t\t<div class=\"elementor-element elementor-element-fc84448 elementor-widget elementor-widget-toggle\" data-id=\"fc84448\" data-element_type=\"widget\" data-widget_type=\"toggle.default\">\n\t\t\t\t<div class=\"elementor-widget-container\">\n\t\t\t\t\t<div class=\"elementor-toggle\">\n\t\t\t\t\t\t\t<div class=\"elementor-toggle-item\">\n\t\t\t\t\t<h3 id=\"elementor-tab-title-2641\" class=\"elementor-tab-title\" data-tab=\"1\" role=\"button\" aria-controls=\"elementor-tab-content-2641\" aria-expanded=\"false\">\n\t\t\t\t\t\t\t\t\t\t\t\t<span class=\"elementor-toggle-icon elementor-toggle-icon-left\" aria-hidden=\"true\">\n\t\t\t\t\t\t\t\t\t\t\t\t\t\t\t<span class=\"elementor-toggle-icon-closed\"><i class=\"fas fa-angle-down\"><\/i><\/span>\n\t\t\t\t\t\t\t\t<span class=\"elementor-toggle-icon-opened\"><i class=\"elementor-toggle-icon-opened fas fa-angle-up\"><\/i><\/span>\n\t\t\t\t\t\t\t\t\t\t\t\t\t<\/span>\n\t\t\t\t\t\t\t\t\t\t\t\t<a class=\"elementor-toggle-title\" tabindex=\"0\">Speakers<\/a>\n\t\t\t\t\t<\/h3>\n\n\t\t\t\t\t<div id=\"elementor-tab-content-2641\" class=\"elementor-tab-content elementor-clearfix\" data-tab=\"1\" role=\"region\" aria-labelledby=\"elementor-tab-title-2641\">\t\t<div data-elementor-type=\"page\" data-elementor-id=\"15397\" class=\"elementor elementor-15397\" data-elementor-post-type=\"elementor_library\">\n\t\t\t\t\t\t<section class=\"elementor-section elementor-top-section elementor-element elementor-element-62728ca elementor-section-content-middle elementor-section-boxed elementor-section-height-default elementor-section-height-default\" data-id=\"62728ca\" data-element_type=\"section\">\n\t\t\t\t\t\t<div class=\"elementor-container elementor-column-gap-no\">\n\t\t\t\t\t<div class=\"elementor-column elementor-col-50 elementor-top-column elementor-element elementor-element-b4246ef\" data-id=\"b4246ef\" data-element_type=\"column\">\n\t\t\t<div class=\"elementor-widget-wrap elementor-element-populated\">\n\t\t\t\t\t\t<section class=\"elementor-section elementor-inner-section elementor-element elementor-element-0f8127a elementor-section-boxed elementor-section-height-default elementor-section-height-default\" data-id=\"0f8127a\" data-element_type=\"section\">\n\t\t\t\t\t\t<div class=\"elementor-container elementor-column-gap-default\">\n\t\t\t\t\t<div class=\"elementor-column elementor-col-100 elementor-inner-column elementor-element elementor-element-f256717\" data-id=\"f256717\" data-element_type=\"column\">\n\t\t\t<div class=\"elementor-widget-wrap elementor-element-populated\">\n\t\t\t\t\t\t<div class=\"elementor-element elementor-element-1d1089c elementor-position-left elementor-vertical-align-top elementor-widget elementor-widget-image-box\" data-id=\"1d1089c\" data-element_type=\"widget\" data-widget_type=\"image-box.default\">\n\t\t\t\t<div class=\"elementor-widget-container\">\n\t\t\t<div class=\"elementor-image-box-wrapper\"><figure class=\"elementor-image-box-img\"><img fetchpriority=\"high\" decoding=\"async\" width=\"618\" height=\"618\" src=\"https:\/\/www.mem-summit.ch\/wp-content\/uploads\/2023\/07\/Zakaria_Al_Shmaly.png\" class=\"attachment-full size-full wp-image-15478\" alt=\"\" srcset=\"https:\/\/www.mem-summit.ch\/wp-content\/uploads\/2023\/07\/Zakaria_Al_Shmaly.png 618w, https:\/\/www.mem-summit.ch\/wp-content\/uploads\/2023\/07\/Zakaria_Al_Shmaly-480x480.png 480w, https:\/\/www.mem-summit.ch\/wp-content\/uploads\/2023\/07\/Zakaria_Al_Shmaly-150x150.png 150w\" sizes=\"(max-width: 618px) 100vw, 618px\" \/><\/figure><div class=\"elementor-image-box-content\"><h3 class=\"elementor-image-box-title\">ZAKARIA AL SHMALY<\/h3><p class=\"elementor-image-box-description\">Doctoral Fellow, United Nations University Maastricht<\/p><\/div><\/div>\t\t<\/div>\n\t\t\t\t<\/div>\n\t\t\t\t<div class=\"elementor-element elementor-element-dbbca86 elementor-widget elementor-widget-toggle\" data-id=\"dbbca86\" data-element_type=\"widget\" data-widget_type=\"toggle.default\">\n\t\t\t\t<div class=\"elementor-widget-container\">\n\t\t\t\t\t<div class=\"elementor-toggle\">\n\t\t\t\t\t\t\t<div class=\"elementor-toggle-item\">\n\t\t\t\t\t<div id=\"elementor-tab-title-2301\" class=\"elementor-tab-title\" data-tab=\"1\" role=\"button\" aria-controls=\"elementor-tab-content-2301\" aria-expanded=\"false\">\n\t\t\t\t\t\t\t\t\t\t\t\t<span class=\"elementor-toggle-icon elementor-toggle-icon-right\" aria-hidden=\"true\">\n\t\t\t\t\t\t\t\t\t\t\t\t\t\t\t<span class=\"elementor-toggle-icon-closed\"><i class=\"fas fa-angle-down\"><\/i><\/span>\n\t\t\t\t\t\t\t\t<span class=\"elementor-toggle-icon-opened\"><i class=\"elementor-toggle-icon-opened fas fa-angle-up\"><\/i><\/span>\n\t\t\t\t\t\t\t\t\t\t\t\t\t<\/span>\n\t\t\t\t\t\t\t\t\t\t\t\t<a class=\"elementor-toggle-title\" tabindex=\"0\">Read more<\/a>\n\t\t\t\t\t<\/div>\n\n\t\t\t\t\t<div id=\"elementor-tab-content-2301\" class=\"elementor-tab-content elementor-clearfix\" data-tab=\"1\" role=\"region\" aria-labelledby=\"elementor-tab-title-2301\"><p>Zakaria Al Shmaly is a Syrian academic who researches the intersection between governance and technology, with a focus on European asylum policy. He worked in Europe and the Middle East with humanitarian and international organisations such as the International NGO Safety Organisation (INSO), Norwegian Refugee Council (NRC), and the European Parliament. He holds a B.A. in Liberal Arts and Sciences from the University College Freiburg, an M.A. from the European University Institute, and is currently a Dahrendorf Fellow at Oxford University &#8211; St. Antony\u2019s College and a Doctoral Fellow at the United Nations University &#8211; Maastricht Economic and Social Research Institute on Innovation and Technology (UNU-MERIT). Zak is also a musician and a political theatre<\/p><\/div>\n\t\t\t\t<\/div>\n\t\t\t\t\t\t\t\t<\/div>\n\t\t\t\t<\/div>\n\t\t\t\t<\/div>\n\t\t\t\t\t<\/div>\n\t\t<\/div>\n\t\t\t\t\t<\/div>\n\t\t<\/section>\n\t\t\t\t<section class=\"elementor-section elementor-inner-section elementor-element elementor-element-ab08cc8 elementor-section-boxed elementor-section-height-default elementor-section-height-default\" data-id=\"ab08cc8\" data-element_type=\"section\">\n\t\t\t\t\t\t<div class=\"elementor-container elementor-column-gap-default\">\n\t\t\t\t\t<div class=\"elementor-column elementor-col-100 elementor-inner-column elementor-element elementor-element-9472738\" data-id=\"9472738\" data-element_type=\"column\">\n\t\t\t<div class=\"elementor-widget-wrap\">\n\t\t\t\t\t\t\t<\/div>\n\t\t<\/div>\n\t\t\t\t\t<\/div>\n\t\t<\/section>\n\t\t\t\t<section class=\"elementor-section elementor-inner-section elementor-element elementor-element-8b96a53 elementor-section-boxed elementor-section-height-default elementor-section-height-default\" data-id=\"8b96a53\" data-element_type=\"section\">\n\t\t\t\t\t\t<div class=\"elementor-container elementor-column-gap-default\">\n\t\t\t\t\t<div class=\"elementor-column elementor-col-100 elementor-inner-column elementor-element elementor-element-a896284\" data-id=\"a896284\" data-element_type=\"column\">\n\t\t\t<div class=\"elementor-widget-wrap elementor-element-populated\">\n\t\t\t\t\t\t<div class=\"elementor-element elementor-element-41c9dac elementor-position-left elementor-vertical-align-top elementor-widget elementor-widget-image-box\" data-id=\"41c9dac\" data-element_type=\"widget\" data-widget_type=\"image-box.default\">\n\t\t\t\t<div class=\"elementor-widget-container\">\n\t\t\t<div class=\"elementor-image-box-wrapper\"><figure class=\"elementor-image-box-img\"><img decoding=\"async\" width=\"618\" height=\"618\" src=\"https:\/\/www.mem-summit.ch\/wp-content\/uploads\/2023\/07\/Mike_Amman.png\" class=\"attachment-full size-full wp-image-15498\" alt=\"\" srcset=\"https:\/\/www.mem-summit.ch\/wp-content\/uploads\/2023\/07\/Mike_Amman.png 618w, https:\/\/www.mem-summit.ch\/wp-content\/uploads\/2023\/07\/Mike_Amman-480x480.png 480w, https:\/\/www.mem-summit.ch\/wp-content\/uploads\/2023\/07\/Mike_Amman-150x150.png 150w\" sizes=\"(max-width: 618px) 100vw, 618px\" \/><\/figure><div class=\"elementor-image-box-content\"><h3 class=\"elementor-image-box-title\">MIKE AMMANN<\/h3><p class=\"elementor-image-box-description\">Regional Coordinator for the Arabian Peninsula and Iran, MENA Division, Federal Department of Foreign Affairs<\/p><\/div><\/div>\t\t<\/div>\n\t\t\t\t<\/div>\n\t\t\t\t<div class=\"elementor-element elementor-element-9746b0f elementor-widget elementor-widget-toggle\" data-id=\"9746b0f\" data-element_type=\"widget\" data-widget_type=\"toggle.default\">\n\t\t\t\t<div class=\"elementor-widget-container\">\n\t\t\t\t\t<div class=\"elementor-toggle\">\n\t\t\t\t\t\t\t<div class=\"elementor-toggle-item\">\n\t\t\t\t\t<div id=\"elementor-tab-title-1581\" class=\"elementor-tab-title\" data-tab=\"1\" role=\"button\" aria-controls=\"elementor-tab-content-1581\" aria-expanded=\"false\">\n\t\t\t\t\t\t\t\t\t\t\t\t<span class=\"elementor-toggle-icon elementor-toggle-icon-right\" aria-hidden=\"true\">\n\t\t\t\t\t\t\t\t\t\t\t\t\t\t\t<span class=\"elementor-toggle-icon-closed\"><i class=\"fas fa-angle-down\"><\/i><\/span>\n\t\t\t\t\t\t\t\t<span class=\"elementor-toggle-icon-opened\"><i class=\"elementor-toggle-icon-opened fas fa-angle-up\"><\/i><\/span>\n\t\t\t\t\t\t\t\t\t\t\t\t\t<\/span>\n\t\t\t\t\t\t\t\t\t\t\t\t<a class=\"elementor-toggle-title\" tabindex=\"0\">Read more<\/a>\n\t\t\t\t\t<\/div>\n\n\t\t\t\t\t<div id=\"elementor-tab-content-1581\" class=\"elementor-tab-content elementor-clearfix\" data-tab=\"1\" role=\"region\" aria-labelledby=\"elementor-tab-title-1581\"><p>Mike Ammann is the FDFA&#8217;s Regional Coordinator for the Arabian Peninsula and Iran. With a background in banking and having worked for a London-based non-profit organization, Mike Ammann joined the FDFA in 2008 as a diplomatic trainee. In 2009, he began his service as a diplomatic officer in the Division for the United Nations and other International Organizations in Bern. He then served as First Secretary at the Embassy of Switzerland in Italy in Rome (2012-2015), as Deputy Head of Mission at the Embassy of Switzerland in Greece in Athens (2015-2019) and as Counsellor at the Permanent Mission of Switzerland to the United Nations in New York (2019-2022), in charge of international law, human rights, management and finance, elections, candidacies and communications.<\/p><p>Mike Ammann holds a Master&#8217;s degree from the Graduate Institute in Geneva and from SOAS, University of London, in international studies and diplomacy, with a focus on Middle East politics.<\/p><\/div>\n\t\t\t\t<\/div>\n\t\t\t\t\t\t\t\t<\/div>\n\t\t\t\t<\/div>\n\t\t\t\t<\/div>\n\t\t\t\t\t<\/div>\n\t\t<\/div>\n\t\t\t\t\t<\/div>\n\t\t<\/section>\n\t\t\t\t<section class=\"elementor-section elementor-inner-section elementor-element elementor-element-128feb4 elementor-section-boxed elementor-section-height-default elementor-section-height-default\" data-id=\"128feb4\" data-element_type=\"section\">\n\t\t\t\t\t\t<div class=\"elementor-container elementor-column-gap-default\">\n\t\t\t\t\t<div class=\"elementor-column elementor-col-100 elementor-inner-column elementor-element elementor-element-5f172a5\" data-id=\"5f172a5\" data-element_type=\"column\">\n\t\t\t<div class=\"elementor-widget-wrap\">\n\t\t\t\t\t\t\t<\/div>\n\t\t<\/div>\n\t\t\t\t\t<\/div>\n\t\t<\/section>\n\t\t\t\t<section class=\"elementor-section elementor-inner-section elementor-element elementor-element-165ed34 elementor-section-boxed elementor-section-height-default elementor-section-height-default\" data-id=\"165ed34\" data-element_type=\"section\">\n\t\t\t\t\t\t<div class=\"elementor-container elementor-column-gap-default\">\n\t\t\t\t\t<div class=\"elementor-column elementor-col-100 elementor-inner-column elementor-element elementor-element-2dfea41\" data-id=\"2dfea41\" data-element_type=\"column\">\n\t\t\t<div class=\"elementor-widget-wrap elementor-element-populated\">\n\t\t\t\t\t\t<div class=\"elementor-element elementor-element-ef8d6ba elementor-position-left elementor-vertical-align-top elementor-widget elementor-widget-image-box\" data-id=\"ef8d6ba\" data-element_type=\"widget\" data-widget_type=\"image-box.default\">\n\t\t\t\t<div class=\"elementor-widget-container\">\n\t\t\t<div class=\"elementor-image-box-wrapper\"><figure class=\"elementor-image-box-img\"><img decoding=\"async\" width=\"1076\" height=\"1073\" src=\"https:\/\/www.mem-summit.ch\/wp-content\/uploads\/2022\/08\/Manuela_BARRECA.png\" class=\"attachment-full size-full wp-image-14060\" alt=\"\" srcset=\"https:\/\/www.mem-summit.ch\/wp-content\/uploads\/2022\/08\/Manuela_BARRECA.png 1076w, https:\/\/www.mem-summit.ch\/wp-content\/uploads\/2022\/08\/Manuela_BARRECA-480x479.png 480w, https:\/\/www.mem-summit.ch\/wp-content\/uploads\/2022\/08\/Manuela_BARRECA-1024x1021.png 1024w, https:\/\/www.mem-summit.ch\/wp-content\/uploads\/2022\/08\/Manuela_BARRECA-150x150.png 150w, https:\/\/www.mem-summit.ch\/wp-content\/uploads\/2022\/08\/Manuela_BARRECA-768x766.png 768w\" sizes=\"(max-width: 1076px) 100vw, 1076px\" \/><\/figure><div class=\"elementor-image-box-content\"><h3 class=\"elementor-image-box-title\">MANUELA BARRECA<\/h3><p class=\"elementor-image-box-description\">Lecturer and Researcher, Universit\u00e0 della Svizzera italiana<\/p><\/div><\/div>\t\t<\/div>\n\t\t\t\t<\/div>\n\t\t\t\t<div class=\"elementor-element elementor-element-79a9a17 elementor-widget elementor-widget-toggle\" data-id=\"79a9a17\" data-element_type=\"widget\" data-widget_type=\"toggle.default\">\n\t\t\t\t<div class=\"elementor-widget-container\">\n\t\t\t\t\t<div class=\"elementor-toggle\">\n\t\t\t\t\t\t\t<div class=\"elementor-toggle-item\">\n\t\t\t\t\t<div id=\"elementor-tab-title-1271\" class=\"elementor-tab-title\" data-tab=\"1\" role=\"button\" aria-controls=\"elementor-tab-content-1271\" aria-expanded=\"false\">\n\t\t\t\t\t\t\t\t\t\t\t\t<span class=\"elementor-toggle-icon elementor-toggle-icon-right\" aria-hidden=\"true\">\n\t\t\t\t\t\t\t\t\t\t\t\t\t\t\t<span class=\"elementor-toggle-icon-closed\"><i class=\"fas fa-angle-down\"><\/i><\/span>\n\t\t\t\t\t\t\t\t<span class=\"elementor-toggle-icon-opened\"><i class=\"elementor-toggle-icon-opened fas fa-angle-up\"><\/i><\/span>\n\t\t\t\t\t\t\t\t\t\t\t\t\t<\/span>\n\t\t\t\t\t\t\t\t\t\t\t\t<a class=\"elementor-toggle-title\" tabindex=\"0\">Read more<\/a>\n\t\t\t\t\t<\/div>\n\n\t\t\t\t\t<div id=\"elementor-tab-content-1271\" class=\"elementor-tab-content elementor-clearfix\" data-tab=\"1\" role=\"region\" aria-labelledby=\"elementor-tab-title-1271\"><p>Dr. Barreca is a researcher and senior lecturer at Universit\u00e0 della Svizzera italiana (USI, Lugano). She is actively involved in the organization for the master&#8217;s program in Public Management and Policy (PMP), where she teaches in several courses. Her teaching experience is mainly on public management and governance, with a focus on strategy for local government, HRM and leadership, accountability, and social reporting and sustainability issues in the public sector. Over the years, she has been part of many international study groups, e.g., Collaborative Governance and Social Innovation for the European Group of Public Administration (EGPA) and Social Innovation, Commons, and Administration for the International Institute of Administrative Science (IIAS). In the last few years, she has developed a strong interest in developing digital learning and teaching skills. She represents USI in the IASIA project e-Learning collaborating platform. She is involved in several international projects: DEeP-GOV \u2013 Digital Education Partnership for Effective and Sustainable Governance, funded by Swiss swissuniversities within Switzerland and the MENA region; a Cross-border project, funded by the European Union &#8220;INTERREG Switzerland and Italy&#8221; on strengthening territorial governance.<\/p><\/div>\n\t\t\t\t<\/div>\n\t\t\t\t\t\t\t\t<\/div>\n\t\t\t\t<\/div>\n\t\t\t\t<\/div>\n\t\t\t\t\t<\/div>\n\t\t<\/div>\n\t\t\t\t\t<\/div>\n\t\t<\/section>\n\t\t\t\t<section class=\"elementor-section elementor-inner-section elementor-element elementor-element-fcba795 elementor-section-boxed elementor-section-height-default elementor-section-height-default\" data-id=\"fcba795\" data-element_type=\"section\">\n\t\t\t\t\t\t<div class=\"elementor-container elementor-column-gap-default\">\n\t\t\t\t\t<div class=\"elementor-column elementor-col-100 elementor-inner-column elementor-element elementor-element-ac94a1e\" data-id=\"ac94a1e\" data-element_type=\"column\">\n\t\t\t<div class=\"elementor-widget-wrap\">\n\t\t\t\t\t\t\t<\/div>\n\t\t<\/div>\n\t\t\t\t\t<\/div>\n\t\t<\/section>\n\t\t\t\t<section class=\"elementor-section elementor-inner-section elementor-element elementor-element-5c78272 elementor-section-boxed elementor-section-height-default elementor-section-height-default\" data-id=\"5c78272\" data-element_type=\"section\">\n\t\t\t\t\t\t<div class=\"elementor-container elementor-column-gap-default\">\n\t\t\t\t\t<div class=\"elementor-column elementor-col-100 elementor-inner-column elementor-element elementor-element-e86ed43\" data-id=\"e86ed43\" data-element_type=\"column\">\n\t\t\t<div class=\"elementor-widget-wrap elementor-element-populated\">\n\t\t\t\t\t\t<div class=\"elementor-element elementor-element-24063b2 elementor-position-left elementor-vertical-align-top elementor-widget elementor-widget-image-box\" data-id=\"24063b2\" data-element_type=\"widget\" data-widget_type=\"image-box.default\">\n\t\t\t\t<div class=\"elementor-widget-container\">\n\t\t\t<div class=\"elementor-image-box-wrapper\"><figure class=\"elementor-image-box-img\"><img loading=\"lazy\" decoding=\"async\" width=\"618\" height=\"618\" src=\"https:\/\/www.mem-summit.ch\/wp-content\/uploads\/2023\/07\/Souhail_Belhadj_Klaz.png\" class=\"attachment-full size-full wp-image-15510\" alt=\"\" srcset=\"https:\/\/www.mem-summit.ch\/wp-content\/uploads\/2023\/07\/Souhail_Belhadj_Klaz.png 618w, https:\/\/www.mem-summit.ch\/wp-content\/uploads\/2023\/07\/Souhail_Belhadj_Klaz-480x480.png 480w, https:\/\/www.mem-summit.ch\/wp-content\/uploads\/2023\/07\/Souhail_Belhadj_Klaz-150x150.png 150w\" sizes=\"(max-width: 618px) 100vw, 618px\" \/><\/figure><div class=\"elementor-image-box-content\"><h3 class=\"elementor-image-box-title\">SOUHAIL BELHADJ KLAZ<\/h3><p class=\"elementor-image-box-description\">Lecturer, Graduate Institute of international and development studies<\/p><\/div><\/div>\t\t<\/div>\n\t\t\t\t<\/div>\n\t\t\t\t<div class=\"elementor-element elementor-element-9a9deea elementor-widget elementor-widget-toggle\" data-id=\"9a9deea\" data-element_type=\"widget\" data-widget_type=\"toggle.default\">\n\t\t\t\t<div class=\"elementor-widget-container\">\n\t\t\t\t\t<div class=\"elementor-toggle\">\n\t\t\t\t\t\t\t<div class=\"elementor-toggle-item\">\n\t\t\t\t\t<div id=\"elementor-tab-title-1621\" class=\"elementor-tab-title\" data-tab=\"1\" role=\"button\" aria-controls=\"elementor-tab-content-1621\" aria-expanded=\"false\">\n\t\t\t\t\t\t\t\t\t\t\t\t<span class=\"elementor-toggle-icon elementor-toggle-icon-right\" aria-hidden=\"true\">\n\t\t\t\t\t\t\t\t\t\t\t\t\t\t\t<span class=\"elementor-toggle-icon-closed\"><i class=\"fas fa-angle-down\"><\/i><\/span>\n\t\t\t\t\t\t\t\t<span class=\"elementor-toggle-icon-opened\"><i class=\"elementor-toggle-icon-opened fas fa-angle-up\"><\/i><\/span>\n\t\t\t\t\t\t\t\t\t\t\t\t\t<\/span>\n\t\t\t\t\t\t\t\t\t\t\t\t<a class=\"elementor-toggle-title\" tabindex=\"0\">Read more<\/a>\n\t\t\t\t\t<\/div>\n\n\t\t\t\t\t<div id=\"elementor-tab-content-1621\" class=\"elementor-tab-content elementor-clearfix\" data-tab=\"1\" role=\"region\" aria-labelledby=\"elementor-tab-title-1621\"><p>Souhail Belhadj Klaz, researcher and visiting professor in the Master in International and Development Studies (MINT-Graduate Institute), holds a PhD in Political Science at Sciences Po Paris. He benefits from 20 years of experience in research on politics in Syria and Tunisia and is the author of the book\u00a0<a href=\"https:\/\/www.belin-editeur.com\/la-syrie-de-bashar-al-asad\" target=\"_blank\" rel=\"nofollow\">La Syrie de Bashar al-Asad. Anatomie d&#8217;un r\u00e9gime autoritaire<\/a>\u00a0(Belin 2013).\u00a0He is currently the leading investigator of the policy research project Mapping Military and Security Actors in the Syrian Economy and is conducting in parallel research on Migration, Mobility and the Euro-Mediterranean Partnership Cooperation Process.\u00a0<\/p><\/div>\n\t\t\t\t<\/div>\n\t\t\t\t\t\t\t\t<\/div>\n\t\t\t\t<\/div>\n\t\t\t\t<\/div>\n\t\t\t\t\t<\/div>\n\t\t<\/div>\n\t\t\t\t\t<\/div>\n\t\t<\/section>\n\t\t\t\t<section class=\"elementor-section elementor-inner-section elementor-element elementor-element-65f26dc elementor-section-boxed elementor-section-height-default elementor-section-height-default\" data-id=\"65f26dc\" data-element_type=\"section\">\n\t\t\t\t\t\t<div class=\"elementor-container elementor-column-gap-default\">\n\t\t\t\t\t<div class=\"elementor-column elementor-col-100 elementor-inner-column elementor-element elementor-element-1fee33d\" data-id=\"1fee33d\" data-element_type=\"column\">\n\t\t\t<div class=\"elementor-widget-wrap\">\n\t\t\t\t\t\t\t<\/div>\n\t\t<\/div>\n\t\t\t\t\t<\/div>\n\t\t<\/section>\n\t\t\t\t<section class=\"elementor-section elementor-inner-section elementor-element elementor-element-af6c10c elementor-section-boxed elementor-section-height-default elementor-section-height-default\" data-id=\"af6c10c\" data-element_type=\"section\">\n\t\t\t\t\t\t<div class=\"elementor-container elementor-column-gap-default\">\n\t\t\t\t\t<div class=\"elementor-column elementor-col-100 elementor-inner-column elementor-element elementor-element-25b7b5c\" data-id=\"25b7b5c\" data-element_type=\"column\">\n\t\t\t<div class=\"elementor-widget-wrap elementor-element-populated\">\n\t\t\t\t\t\t<div class=\"elementor-element elementor-element-51f683b elementor-position-left elementor-vertical-align-top elementor-widget elementor-widget-image-box\" data-id=\"51f683b\" data-element_type=\"widget\" data-widget_type=\"image-box.default\">\n\t\t\t\t<div class=\"elementor-widget-container\">\n\t\t\t<div class=\"elementor-image-box-wrapper\"><figure class=\"elementor-image-box-img\"><img loading=\"lazy\" decoding=\"async\" width=\"565\" height=\"565\" src=\"https:\/\/www.mem-summit.ch\/wp-content\/uploads\/2022\/08\/Michele_bernardini.jpg\" class=\"attachment-full size-full wp-image-14229\" alt=\"\" srcset=\"https:\/\/www.mem-summit.ch\/wp-content\/uploads\/2022\/08\/Michele_bernardini.jpg 565w, https:\/\/www.mem-summit.ch\/wp-content\/uploads\/2022\/08\/Michele_bernardini-480x480.jpg 480w, https:\/\/www.mem-summit.ch\/wp-content\/uploads\/2022\/08\/Michele_bernardini-150x150.jpg 150w\" sizes=\"(max-width: 565px) 100vw, 565px\" \/><\/figure><div class=\"elementor-image-box-content\"><h3 class=\"elementor-image-box-title\">MICHELE BERNARDINI<\/h3><p class=\"elementor-image-box-description\">Professor, Universit\u00e0 L\u2019Orientale di Napoli<\/p><\/div><\/div>\t\t<\/div>\n\t\t\t\t<\/div>\n\t\t\t\t<div class=\"elementor-element elementor-element-e7f5cdd elementor-widget elementor-widget-toggle\" data-id=\"e7f5cdd\" data-element_type=\"widget\" data-widget_type=\"toggle.default\">\n\t\t\t\t<div class=\"elementor-widget-container\">\n\t\t\t\t\t<div class=\"elementor-toggle\">\n\t\t\t\t\t\t\t<div class=\"elementor-toggle-item\">\n\t\t\t\t\t<div id=\"elementor-tab-title-2431\" class=\"elementor-tab-title\" data-tab=\"1\" role=\"button\" aria-controls=\"elementor-tab-content-2431\" aria-expanded=\"false\">\n\t\t\t\t\t\t\t\t\t\t\t\t<span class=\"elementor-toggle-icon elementor-toggle-icon-right\" aria-hidden=\"true\">\n\t\t\t\t\t\t\t\t\t\t\t\t\t\t\t<span class=\"elementor-toggle-icon-closed\"><i class=\"fas fa-angle-down\"><\/i><\/span>\n\t\t\t\t\t\t\t\t<span class=\"elementor-toggle-icon-opened\"><i class=\"elementor-toggle-icon-opened fas fa-angle-up\"><\/i><\/span>\n\t\t\t\t\t\t\t\t\t\t\t\t\t<\/span>\n\t\t\t\t\t\t\t\t\t\t\t\t<a class=\"elementor-toggle-title\" tabindex=\"0\">Read more<\/a>\n\t\t\t\t\t<\/div>\n\n\t\t\t\t\t<div id=\"elementor-tab-content-2431\" class=\"elementor-tab-content elementor-clearfix\" data-tab=\"1\" role=\"region\" aria-labelledby=\"elementor-tab-title-2431\"><p>Michele Bernardini is full professor of Persian Language and Literature and History of Iran and the Ottoman Empire at the University of Naples \u201cL\u2019Orientale\u201d. From 2016 to 2019 he was the director of the Department Asia, Africa and the Mediterranean in this University. He is the editor in chief of the journal <em>Eurasian Studies<\/em>, jointly published by the Istituto per l\u2019Oriente in Rome and the University of Halle-Wittenberg. Member of the scientific committee of the <em>Series Catalogorum<\/em>, devoted to the cataloguing of unknown manuscripts collections in Arabic writing, he published, together with Roberto Tottoli in 2011 the Catalogue of the Kahle Collection in Turin.<\/p><p>Among is main interests there is the Turco-Persian relations in the pre-modern and modern times. He published various monographies on this subject as <em>Storia del mondo islamico (VII-XVI secolo<\/em>), II. <em>Il mondo iranico e turco<\/em>, Turin, 2003; <em>M\u00e9moire et propagande \u00e0 l\u2019\u00e9poque timouride<\/em>, Paris, 2008\u00a0; Together with Donatella Guida, <em>I Mongoli. <\/em><em>Espansione, imperi, eredit\u00e0<\/em>, Turin, 2012 and <em>Tamerlano<\/em>, Rome, 2022. He is the President of the committee for the International Congresses of Turkish Art, and in 2015 he promoted the 15th International Congress of Turkish Art in Naples. Recently he participated to a European project \u201cJustice\u201d on Jihadism and Prison, whose results were published in the volume edited by him and Ersilia Francesca, <em>Jihadismo e carere in Italia. Analisi, strategie e pratiche di gestione tra sicurezza e diritti<\/em>, Rome 2021.<\/p><\/div>\n\t\t\t\t<\/div>\n\t\t\t\t\t\t\t\t<\/div>\n\t\t\t\t<\/div>\n\t\t\t\t<\/div>\n\t\t\t\t\t<\/div>\n\t\t<\/div>\n\t\t\t\t\t<\/div>\n\t\t<\/section>\n\t\t\t\t<section class=\"elementor-section elementor-inner-section elementor-element elementor-element-314d6bb elementor-section-boxed elementor-section-height-default elementor-section-height-default\" data-id=\"314d6bb\" data-element_type=\"section\">\n\t\t\t\t\t\t<div class=\"elementor-container elementor-column-gap-default\">\n\t\t\t\t\t<div class=\"elementor-column elementor-col-100 elementor-inner-column elementor-element elementor-element-0b374f2\" data-id=\"0b374f2\" data-element_type=\"column\">\n\t\t\t<div class=\"elementor-widget-wrap\">\n\t\t\t\t\t\t\t<\/div>\n\t\t<\/div>\n\t\t\t\t\t<\/div>\n\t\t<\/section>\n\t\t\t\t<section class=\"elementor-section elementor-inner-section elementor-element elementor-element-5a8d09b elementor-section-boxed elementor-section-height-default elementor-section-height-default\" data-id=\"5a8d09b\" data-element_type=\"section\">\n\t\t\t\t\t\t<div class=\"elementor-container elementor-column-gap-default\">\n\t\t\t\t\t<div class=\"elementor-column elementor-col-100 elementor-inner-column elementor-element elementor-element-c055065\" data-id=\"c055065\" data-element_type=\"column\">\n\t\t\t<div class=\"elementor-widget-wrap elementor-element-populated\">\n\t\t\t\t\t\t<div class=\"elementor-element elementor-element-c3ec58b elementor-position-left elementor-vertical-align-top elementor-widget elementor-widget-image-box\" data-id=\"c3ec58b\" data-element_type=\"widget\" data-widget_type=\"image-box.default\">\n\t\t\t\t<div class=\"elementor-widget-container\">\n\t\t\t<div class=\"elementor-image-box-wrapper\"><figure class=\"elementor-image-box-img\"><img loading=\"lazy\" decoding=\"async\" width=\"680\" height=\"680\" src=\"https:\/\/www.mem-summit.ch\/wp-content\/uploads\/2018\/07\/Wolfgang_Amadeus_Bruelhart_2.jpg\" class=\"attachment-full size-full wp-image-2423\" alt=\"\" srcset=\"https:\/\/www.mem-summit.ch\/wp-content\/uploads\/2018\/07\/Wolfgang_Amadeus_Bruelhart_2.jpg 680w, https:\/\/www.mem-summit.ch\/wp-content\/uploads\/2018\/07\/Wolfgang_Amadeus_Bruelhart_2-150x150.jpg 150w, https:\/\/www.mem-summit.ch\/wp-content\/uploads\/2018\/07\/Wolfgang_Amadeus_Bruelhart_2-480x480.jpg 480w, https:\/\/www.mem-summit.ch\/wp-content\/uploads\/2018\/07\/elementor\/thumbs\/Wolfgang_Amadeus_Bruelhart_2-oyu3jegbajxaw4bltxz60drmytkqepee8i0yx5sru0.jpg 100w\" sizes=\"(max-width: 680px) 100vw, 680px\" \/><\/figure><div class=\"elementor-image-box-content\"><h3 class=\"elementor-image-box-title\">WOLFGANG A. BR\u00dcLHART<\/h3><p class=\"elementor-image-box-description\">Ambassador, Swiss Special Envoy MENA Division, Federal Department of Foreign Affairs (FDFA)<\/p><\/div><\/div>\t\t<\/div>\n\t\t\t\t<\/div>\n\t\t\t\t<div class=\"elementor-element elementor-element-0df9841 elementor-widget elementor-widget-toggle\" data-id=\"0df9841\" data-element_type=\"widget\" data-widget_type=\"toggle.default\">\n\t\t\t\t<div class=\"elementor-widget-container\">\n\t\t\t\t\t<div class=\"elementor-toggle\">\n\t\t\t\t\t\t\t<div class=\"elementor-toggle-item\">\n\t\t\t\t\t<div id=\"elementor-tab-title-1461\" class=\"elementor-tab-title\" data-tab=\"1\" role=\"button\" aria-controls=\"elementor-tab-content-1461\" aria-expanded=\"false\">\n\t\t\t\t\t\t\t\t\t\t\t\t<span class=\"elementor-toggle-icon elementor-toggle-icon-right\" aria-hidden=\"true\">\n\t\t\t\t\t\t\t\t\t\t\t\t\t\t\t<span class=\"elementor-toggle-icon-closed\"><i class=\"fas fa-angle-down\"><\/i><\/span>\n\t\t\t\t\t\t\t\t<span class=\"elementor-toggle-icon-opened\"><i class=\"elementor-toggle-icon-opened fas fa-angle-up\"><\/i><\/span>\n\t\t\t\t\t\t\t\t\t\t\t\t\t<\/span>\n\t\t\t\t\t\t\t\t\t\t\t\t<a class=\"elementor-toggle-title\" tabindex=\"0\">Read more<\/a>\n\t\t\t\t\t<\/div>\n\n\t\t\t\t\t<div id=\"elementor-tab-content-1461\" class=\"elementor-tab-content elementor-clearfix\" data-tab=\"1\" role=\"region\" aria-labelledby=\"elementor-tab-title-1461\"><p>Ambassador Wolfgang Amadeus Br\u00fclhart serves as Swiss Special Envoy MENA since February 2022. Previously, he was Head of the Swiss Mission to the Organisation for Security and Co-operation in Europe (OSCE), to the United Nations and other International Organisations in Vienna. From 2012 until 2019, he was Assistant State Secretary and Director of the Middle East and North Africa Division (with the title of ambassador) at the Swiss Federal Ministry of Foreign Affairs in Berne (Federal Department of Foreign Affairs FDFA in Bern). Between 2008 and 2012, he served as Swiss Ambassador to the United Arab Emirates, and from 2003 until 2007 he was Head of the Human Rights Policy Section and Head of the Task Force \u201cHuman Rights Council\u201d at the Swiss Department of Foreign Affairs in Berne.<\/p><p>Ambassador Br\u00fclhart was always committed to culture and its role in peace processes, as his assignments as Cultural Counsellor at the Swiss Embassies in London (1999-2002) and Sarajevo (1996-1998) testify. At the beginning of his career, he worked as Private Secretary to the former Swiss President, Swiss Minister of Foreign and former Swiss Minister of Home Affairs, Flavio Cotti, and served as Head of Studies and Planning for the General Secretariat of the Christian Democratic Party of Switzerland.<\/p><p>Ambassador Br\u00fclhart attended \u201cMediation and Negotiation Courses\u201d at the UN and at the Swiss Ministry of Foreign Affairs. In 2016, he was facilitator, during a 14-months negotiations period, between US and Iran on the exchange of prisoners, and in the same year he was recipient of the \u201cHonorary Heart of Sarajevo Award\u201d from the Sarajevo Film Festival, for his \u201ccultural achievements in 1996-1998\u201d in Bosnia and Herzegovina.<\/p><\/div>\n\t\t\t\t<\/div>\n\t\t\t\t\t\t\t\t<\/div>\n\t\t\t\t<\/div>\n\t\t\t\t<\/div>\n\t\t\t\t\t<\/div>\n\t\t<\/div>\n\t\t\t\t\t<\/div>\n\t\t<\/section>\n\t\t\t\t<section class=\"elementor-section elementor-inner-section elementor-element elementor-element-fff2962 elementor-section-boxed elementor-section-height-default elementor-section-height-default\" data-id=\"fff2962\" data-element_type=\"section\">\n\t\t\t\t\t\t<div class=\"elementor-container elementor-column-gap-default\">\n\t\t\t\t\t<div class=\"elementor-column elementor-col-100 elementor-inner-column elementor-element elementor-element-c214c7b\" data-id=\"c214c7b\" data-element_type=\"column\">\n\t\t\t<div class=\"elementor-widget-wrap\">\n\t\t\t\t\t\t\t<\/div>\n\t\t<\/div>\n\t\t\t\t\t<\/div>\n\t\t<\/section>\n\t\t\t\t<section class=\"elementor-section elementor-inner-section elementor-element elementor-element-0449330 elementor-section-boxed elementor-section-height-default elementor-section-height-default\" data-id=\"0449330\" data-element_type=\"section\">\n\t\t\t\t\t\t<div class=\"elementor-container elementor-column-gap-default\">\n\t\t\t\t\t<div class=\"elementor-column elementor-col-100 elementor-inner-column elementor-element elementor-element-7cc8c1e\" data-id=\"7cc8c1e\" data-element_type=\"column\">\n\t\t\t<div class=\"elementor-widget-wrap elementor-element-populated\">\n\t\t\t\t\t\t<div class=\"elementor-element elementor-element-467cd67 elementor-position-left elementor-vertical-align-top elementor-widget elementor-widget-image-box\" data-id=\"467cd67\" data-element_type=\"widget\" data-widget_type=\"image-box.default\">\n\t\t\t\t<div class=\"elementor-widget-container\">\n\t\t\t<div class=\"elementor-image-box-wrapper\"><figure class=\"elementor-image-box-img\"><img loading=\"lazy\" decoding=\"async\" width=\"618\" height=\"618\" src=\"https:\/\/www.mem-summit.ch\/wp-content\/uploads\/2023\/07\/Chatila.png\" class=\"attachment-full size-full wp-image-15508\" alt=\"\" srcset=\"https:\/\/www.mem-summit.ch\/wp-content\/uploads\/2023\/07\/Chatila.png 618w, https:\/\/www.mem-summit.ch\/wp-content\/uploads\/2023\/07\/Chatila-480x480.png 480w, https:\/\/www.mem-summit.ch\/wp-content\/uploads\/2023\/07\/Chatila-150x150.png 150w\" sizes=\"(max-width: 618px) 100vw, 618px\" \/><\/figure><div class=\"elementor-image-box-content\"><h3 class=\"elementor-image-box-title\">YASMINE CHATILA ZWAHLEN<\/h3><p class=\"elementor-image-box-description\">Ambassador of Switzerland to Saudi Arabia<\/p><\/div><\/div>\t\t<\/div>\n\t\t\t\t<\/div>\n\t\t\t\t<div class=\"elementor-element elementor-element-0062387 elementor-widget elementor-widget-toggle\" data-id=\"0062387\" data-element_type=\"widget\" data-widget_type=\"toggle.default\">\n\t\t\t\t<div class=\"elementor-widget-container\">\n\t\t\t\t\t<div class=\"elementor-toggle\">\n\t\t\t\t\t\t\t<div class=\"elementor-toggle-item\">\n\t\t\t\t\t<div id=\"elementor-tab-title-4021\" class=\"elementor-tab-title\" data-tab=\"1\" role=\"button\" aria-controls=\"elementor-tab-content-4021\" aria-expanded=\"false\">\n\t\t\t\t\t\t\t\t\t\t\t\t<span class=\"elementor-toggle-icon elementor-toggle-icon-right\" aria-hidden=\"true\">\n\t\t\t\t\t\t\t\t\t\t\t\t\t\t\t<span class=\"elementor-toggle-icon-closed\"><i class=\"fas fa-angle-down\"><\/i><\/span>\n\t\t\t\t\t\t\t\t<span class=\"elementor-toggle-icon-opened\"><i class=\"elementor-toggle-icon-opened fas fa-angle-up\"><\/i><\/span>\n\t\t\t\t\t\t\t\t\t\t\t\t\t<\/span>\n\t\t\t\t\t\t\t\t\t\t\t\t<a class=\"elementor-toggle-title\" tabindex=\"0\">Read more<\/a>\n\t\t\t\t\t<\/div>\n\n\t\t\t\t\t<div id=\"elementor-tab-content-4021\" class=\"elementor-tab-content elementor-clearfix\" data-tab=\"1\" role=\"region\" aria-labelledby=\"elementor-tab-title-4021\"><p>Ambassador Yasmine Chatila Zwahlen is serving as the first female Ambassador to the Kingdom of Saudi Arabia. She joined the Swiss diplomatic service in 1994, has developed her diplomatic career on five continents and is serving as Ambassador since 2012.<\/p><\/div>\n\t\t\t\t<\/div>\n\t\t\t\t\t\t\t\t<\/div>\n\t\t\t\t<\/div>\n\t\t\t\t<\/div>\n\t\t\t\t\t<\/div>\n\t\t<\/div>\n\t\t\t\t\t<\/div>\n\t\t<\/section>\n\t\t\t\t<section class=\"elementor-section elementor-inner-section elementor-element elementor-element-bd24a4a elementor-section-boxed elementor-section-height-default elementor-section-height-default\" data-id=\"bd24a4a\" data-element_type=\"section\">\n\t\t\t\t\t\t<div class=\"elementor-container elementor-column-gap-default\">\n\t\t\t\t\t<div class=\"elementor-column elementor-col-100 elementor-inner-column elementor-element elementor-element-3f21377\" data-id=\"3f21377\" data-element_type=\"column\">\n\t\t\t<div class=\"elementor-widget-wrap\">\n\t\t\t\t\t\t\t<\/div>\n\t\t<\/div>\n\t\t\t\t\t<\/div>\n\t\t<\/section>\n\t\t\t\t<section class=\"elementor-section elementor-inner-section elementor-element elementor-element-cb61d73 elementor-section-boxed elementor-section-height-default elementor-section-height-default\" data-id=\"cb61d73\" data-element_type=\"section\">\n\t\t\t\t\t\t<div class=\"elementor-container elementor-column-gap-default\">\n\t\t\t\t\t<div class=\"elementor-column elementor-col-100 elementor-inner-column elementor-element elementor-element-b369853\" data-id=\"b369853\" data-element_type=\"column\">\n\t\t\t<div class=\"elementor-widget-wrap elementor-element-populated\">\n\t\t\t\t\t\t<div class=\"elementor-element elementor-element-27ac7e2 elementor-position-left elementor-vertical-align-top elementor-widget elementor-widget-image-box\" data-id=\"27ac7e2\" data-element_type=\"widget\" data-widget_type=\"image-box.default\">\n\t\t\t\t<div class=\"elementor-widget-container\">\n\t\t\t<div class=\"elementor-image-box-wrapper\"><figure class=\"elementor-image-box-img\"><img loading=\"lazy\" decoding=\"async\" width=\"618\" height=\"618\" src=\"https:\/\/www.mem-summit.ch\/wp-content\/uploads\/2023\/07\/Dalia_Dawoud.png\" class=\"attachment-full size-full wp-image-15490\" alt=\"\" srcset=\"https:\/\/www.mem-summit.ch\/wp-content\/uploads\/2023\/07\/Dalia_Dawoud.png 618w, https:\/\/www.mem-summit.ch\/wp-content\/uploads\/2023\/07\/Dalia_Dawoud-480x480.png 480w, https:\/\/www.mem-summit.ch\/wp-content\/uploads\/2023\/07\/Dalia_Dawoud-150x150.png 150w\" sizes=\"(max-width: 618px) 100vw, 618px\" \/><\/figure><div class=\"elementor-image-box-content\"><h3 class=\"elementor-image-box-title\">DALIA DAWOUD<\/h3><p class=\"elementor-image-box-description\"> Head of Pro Helvetia Cairo<\/p><\/div><\/div>\t\t<\/div>\n\t\t\t\t<\/div>\n\t\t\t\t<div class=\"elementor-element elementor-element-48be3a0 elementor-widget elementor-widget-toggle\" data-id=\"48be3a0\" data-element_type=\"widget\" data-widget_type=\"toggle.default\">\n\t\t\t\t<div class=\"elementor-widget-container\">\n\t\t\t\t\t<div class=\"elementor-toggle\">\n\t\t\t\t\t\t\t<div class=\"elementor-toggle-item\">\n\t\t\t\t\t<div id=\"elementor-tab-title-7621\" class=\"elementor-tab-title\" data-tab=\"1\" role=\"button\" aria-controls=\"elementor-tab-content-7621\" aria-expanded=\"false\">\n\t\t\t\t\t\t\t\t\t\t\t\t<span class=\"elementor-toggle-icon elementor-toggle-icon-right\" aria-hidden=\"true\">\n\t\t\t\t\t\t\t\t\t\t\t\t\t\t\t<span class=\"elementor-toggle-icon-closed\"><i class=\"fas fa-angle-down\"><\/i><\/span>\n\t\t\t\t\t\t\t\t<span class=\"elementor-toggle-icon-opened\"><i class=\"elementor-toggle-icon-opened fas fa-angle-up\"><\/i><\/span>\n\t\t\t\t\t\t\t\t\t\t\t\t\t<\/span>\n\t\t\t\t\t\t\t\t\t\t\t\t<a class=\"elementor-toggle-title\" tabindex=\"0\">Read more<\/a>\n\t\t\t\t\t<\/div>\n\n\t\t\t\t\t<div id=\"elementor-tab-content-7621\" class=\"elementor-tab-content elementor-clearfix\" data-tab=\"1\" role=\"region\" aria-labelledby=\"elementor-tab-title-7621\"><p>Dalia Dawoud, from Egypt, holds the position of Head of Pro Helvetia Cairo responsible for exchange between the Swiss arts and cultural scene and counterpart in the Arab region countries. Previously, Dalia worked as Policy Officer, Culture and Development at the Embassy of the Kingdom of the Netherlands, Cairo (Egypt). She managed the Regional Institutional Support Programme \u2018Abbara\u2019, and the exchange program between European and Arab artists and culture managers Tandem- \u2018Shaml\u2019 of the Cultural Resource Foundation (Al-Mawred Al- Thaqafy). Dalia also worked as a consultant and jury member in the Arab and European regions. Dalia co-wrote the \u201cScoping Study on the Independent Cultural and Creative Sector in Egypt: Film, Music, Theatre, and Urban Development and Heritage In Alexandria, Aswan, Mansoura, Minya and Port Said\u201d for DEDI. She also worked in the field of development with local and international CSOs.\u00a0 She holds a bachelor\u2019s degree in chemical engineering from Cairo University.<\/p><\/div>\n\t\t\t\t<\/div>\n\t\t\t\t\t\t\t\t<\/div>\n\t\t\t\t<\/div>\n\t\t\t\t<\/div>\n\t\t\t\t\t<\/div>\n\t\t<\/div>\n\t\t\t\t\t<\/div>\n\t\t<\/section>\n\t\t\t\t<section class=\"elementor-section elementor-inner-section elementor-element elementor-element-4454b52 elementor-section-boxed elementor-section-height-default elementor-section-height-default\" data-id=\"4454b52\" data-element_type=\"section\">\n\t\t\t\t\t\t<div class=\"elementor-container elementor-column-gap-default\">\n\t\t\t\t\t<div class=\"elementor-column elementor-col-100 elementor-inner-column elementor-element elementor-element-c8bc981\" data-id=\"c8bc981\" data-element_type=\"column\">\n\t\t\t<div class=\"elementor-widget-wrap\">\n\t\t\t\t\t\t\t<\/div>\n\t\t<\/div>\n\t\t\t\t\t<\/div>\n\t\t<\/section>\n\t\t\t\t<section class=\"elementor-section elementor-inner-section elementor-element elementor-element-948c5bd elementor-section-boxed elementor-section-height-default elementor-section-height-default\" data-id=\"948c5bd\" data-element_type=\"section\">\n\t\t\t\t\t\t<div class=\"elementor-container elementor-column-gap-default\">\n\t\t\t\t\t<div class=\"elementor-column elementor-col-100 elementor-inner-column elementor-element elementor-element-0b28488\" data-id=\"0b28488\" data-element_type=\"column\">\n\t\t\t<div class=\"elementor-widget-wrap elementor-element-populated\">\n\t\t\t\t\t\t<div class=\"elementor-element elementor-element-9a43020 elementor-position-left elementor-vertical-align-top elementor-widget elementor-widget-image-box\" data-id=\"9a43020\" data-element_type=\"widget\" data-widget_type=\"image-box.default\">\n\t\t\t\t<div class=\"elementor-widget-container\">\n\t\t\t<div class=\"elementor-image-box-wrapper\"><figure class=\"elementor-image-box-img\"><img loading=\"lazy\" decoding=\"async\" width=\"500\" height=\"500\" src=\"https:\/\/www.mem-summit.ch\/wp-content\/uploads\/2023\/07\/Nasim_Eshqi.png\" class=\"attachment-full size-full wp-image-15695\" alt=\"\" srcset=\"https:\/\/www.mem-summit.ch\/wp-content\/uploads\/2023\/07\/Nasim_Eshqi.png 500w, https:\/\/www.mem-summit.ch\/wp-content\/uploads\/2023\/07\/Nasim_Eshqi-480x480.png 480w, https:\/\/www.mem-summit.ch\/wp-content\/uploads\/2023\/07\/Nasim_Eshqi-150x150.png 150w\" sizes=\"(max-width: 500px) 100vw, 500px\" \/><\/figure><div class=\"elementor-image-box-content\"><h3 class=\"elementor-image-box-title\">NASIM ESHQI<\/h3><p class=\"elementor-image-box-description\">Iranian climber<\/p><\/div><\/div>\t\t<\/div>\n\t\t\t\t<\/div>\n\t\t\t\t<div class=\"elementor-element elementor-element-73a519c elementor-widget elementor-widget-toggle\" data-id=\"73a519c\" data-element_type=\"widget\" data-widget_type=\"toggle.default\">\n\t\t\t\t<div class=\"elementor-widget-container\">\n\t\t\t\t\t<div class=\"elementor-toggle\">\n\t\t\t\t\t\t\t<div class=\"elementor-toggle-item\">\n\t\t\t\t\t<div id=\"elementor-tab-title-1211\" class=\"elementor-tab-title\" data-tab=\"1\" role=\"button\" aria-controls=\"elementor-tab-content-1211\" aria-expanded=\"false\">\n\t\t\t\t\t\t\t\t\t\t\t\t<span class=\"elementor-toggle-icon elementor-toggle-icon-right\" aria-hidden=\"true\">\n\t\t\t\t\t\t\t\t\t\t\t\t\t\t\t<span class=\"elementor-toggle-icon-closed\"><i class=\"fas fa-angle-down\"><\/i><\/span>\n\t\t\t\t\t\t\t\t<span class=\"elementor-toggle-icon-opened\"><i class=\"elementor-toggle-icon-opened fas fa-angle-up\"><\/i><\/span>\n\t\t\t\t\t\t\t\t\t\t\t\t\t<\/span>\n\t\t\t\t\t\t\t\t\t\t\t\t<a class=\"elementor-toggle-title\" tabindex=\"0\">Read more<\/a>\n\t\t\t\t\t<\/div>\n\n\t\t\t\t\t<div id=\"elementor-tab-content-1211\" class=\"elementor-tab-content elementor-clearfix\" data-tab=\"1\" role=\"region\" aria-labelledby=\"elementor-tab-title-1211\"><\/div>\n\t\t\t\t<\/div>\n\t\t\t\t\t\t\t\t<\/div>\n\t\t\t\t<\/div>\n\t\t\t\t<\/div>\n\t\t\t\t\t<\/div>\n\t\t<\/div>\n\t\t\t\t\t<\/div>\n\t\t<\/section>\n\t\t\t\t<section class=\"elementor-section elementor-inner-section elementor-element elementor-element-a1c996c elementor-section-boxed elementor-section-height-default elementor-section-height-default\" data-id=\"a1c996c\" data-element_type=\"section\">\n\t\t\t\t\t\t<div class=\"elementor-container elementor-column-gap-default\">\n\t\t\t\t\t<div class=\"elementor-column elementor-col-100 elementor-inner-column elementor-element elementor-element-79aa8f2\" data-id=\"79aa8f2\" data-element_type=\"column\">\n\t\t\t<div class=\"elementor-widget-wrap\">\n\t\t\t\t\t\t\t<\/div>\n\t\t<\/div>\n\t\t\t\t\t<\/div>\n\t\t<\/section>\n\t\t\t\t<section class=\"elementor-section elementor-inner-section elementor-element elementor-element-84192ae elementor-section-boxed elementor-section-height-default elementor-section-height-default\" data-id=\"84192ae\" data-element_type=\"section\">\n\t\t\t\t\t\t<div class=\"elementor-container elementor-column-gap-default\">\n\t\t\t\t\t<div class=\"elementor-column elementor-col-100 elementor-inner-column elementor-element elementor-element-5c8210a\" data-id=\"5c8210a\" data-element_type=\"column\">\n\t\t\t<div class=\"elementor-widget-wrap elementor-element-populated\">\n\t\t\t\t\t\t<div class=\"elementor-element elementor-element-ad199ce elementor-position-left elementor-vertical-align-top elementor-widget elementor-widget-image-box\" data-id=\"ad199ce\" data-element_type=\"widget\" data-widget_type=\"image-box.default\">\n\t\t\t\t<div class=\"elementor-widget-container\">\n\t\t\t<div class=\"elementor-image-box-wrapper\"><figure class=\"elementor-image-box-img\"><img loading=\"lazy\" decoding=\"async\" width=\"618\" height=\"618\" src=\"https:\/\/www.mem-summit.ch\/wp-content\/uploads\/2023\/07\/Georgieva.png\" class=\"attachment-full size-full wp-image-15496\" alt=\"\" srcset=\"https:\/\/www.mem-summit.ch\/wp-content\/uploads\/2023\/07\/Georgieva.png 618w, https:\/\/www.mem-summit.ch\/wp-content\/uploads\/2023\/07\/Georgieva-480x480.png 480w, https:\/\/www.mem-summit.ch\/wp-content\/uploads\/2023\/07\/Georgieva-150x150.png 150w\" sizes=\"(max-width: 618px) 100vw, 618px\" \/><\/figure><div class=\"elementor-image-box-content\"><h3 class=\"elementor-image-box-title\">EMILIJA GEORGIEVA<\/h3><p class=\"elementor-image-box-description\">Ambassador of Switzerland to Jordan and Iraq<\/p><\/div><\/div>\t\t<\/div>\n\t\t\t\t<\/div>\n\t\t\t\t<div class=\"elementor-element elementor-element-80926ce elementor-widget elementor-widget-toggle\" data-id=\"80926ce\" data-element_type=\"widget\" data-widget_type=\"toggle.default\">\n\t\t\t\t<div class=\"elementor-widget-container\">\n\t\t\t\t\t<div class=\"elementor-toggle\">\n\t\t\t\t\t\t\t<div class=\"elementor-toggle-item\">\n\t\t\t\t\t<div id=\"elementor-tab-title-1341\" class=\"elementor-tab-title\" data-tab=\"1\" role=\"button\" aria-controls=\"elementor-tab-content-1341\" aria-expanded=\"false\">\n\t\t\t\t\t\t\t\t\t\t\t\t<span class=\"elementor-toggle-icon elementor-toggle-icon-right\" aria-hidden=\"true\">\n\t\t\t\t\t\t\t\t\t\t\t\t\t\t\t<span class=\"elementor-toggle-icon-closed\"><i class=\"fas fa-angle-down\"><\/i><\/span>\n\t\t\t\t\t\t\t\t<span class=\"elementor-toggle-icon-opened\"><i class=\"elementor-toggle-icon-opened fas fa-angle-up\"><\/i><\/span>\n\t\t\t\t\t\t\t\t\t\t\t\t\t<\/span>\n\t\t\t\t\t\t\t\t\t\t\t\t<a class=\"elementor-toggle-title\" tabindex=\"0\">Read more<\/a>\n\t\t\t\t\t<\/div>\n\n\t\t\t\t\t<div id=\"elementor-tab-content-1341\" class=\"elementor-tab-content elementor-clearfix\" data-tab=\"1\" role=\"region\" aria-labelledby=\"elementor-tab-title-1341\"><p>Ambassador Emilija Georgieva started her diplomat career in 2000, and served at the Swiss OSCE Delegation in Vienna from 2001 to 2002. She continued on as Head of Communications and spokesperson at the Swiss Embassy in Washington, D.C. from 2006 to 2009 and as Deputy Chief of Mission in Singapore from 2013 to 2018. She then served as the Swiss Ambassador to the Republic of Croatia until 2022.<\/p><p>Georgieva graduated in 1998 from the University of Zurich (Switzerland) with a master\u2019s degree in history and public law. Before joining the Federal Department of Foreign Affairs, Ms. Georgieva worked as a research assistant at the Center for International Security Policy at the ETH Zurich as well as in the private sector.<\/p><\/div>\n\t\t\t\t<\/div>\n\t\t\t\t\t\t\t\t<\/div>\n\t\t\t\t<\/div>\n\t\t\t\t<\/div>\n\t\t\t\t\t<\/div>\n\t\t<\/div>\n\t\t\t\t\t<\/div>\n\t\t<\/section>\n\t\t\t\t<section class=\"elementor-section elementor-inner-section elementor-element elementor-element-ffe17f2 elementor-section-boxed elementor-section-height-default elementor-section-height-default\" data-id=\"ffe17f2\" data-element_type=\"section\">\n\t\t\t\t\t\t<div class=\"elementor-container elementor-column-gap-default\">\n\t\t\t\t\t<div class=\"elementor-column elementor-col-100 elementor-inner-column elementor-element elementor-element-ce34e56\" data-id=\"ce34e56\" data-element_type=\"column\">\n\t\t\t<div class=\"elementor-widget-wrap\">\n\t\t\t\t\t\t\t<\/div>\n\t\t<\/div>\n\t\t\t\t\t<\/div>\n\t\t<\/section>\n\t\t\t\t<section class=\"elementor-section elementor-inner-section elementor-element elementor-element-9fa08eb elementor-section-boxed elementor-section-height-default elementor-section-height-default\" data-id=\"9fa08eb\" data-element_type=\"section\">\n\t\t\t\t\t\t<div class=\"elementor-container elementor-column-gap-default\">\n\t\t\t\t\t<div class=\"elementor-column elementor-col-100 elementor-inner-column elementor-element elementor-element-2f28797\" data-id=\"2f28797\" data-element_type=\"column\">\n\t\t\t<div class=\"elementor-widget-wrap elementor-element-populated\">\n\t\t\t\t\t\t<div class=\"elementor-element elementor-element-ef45f4b elementor-position-left elementor-vertical-align-top elementor-widget elementor-widget-image-box\" data-id=\"ef45f4b\" data-element_type=\"widget\" data-widget_type=\"image-box.default\">\n\t\t\t\t<div class=\"elementor-widget-container\">\n\t\t\t<div class=\"elementor-image-box-wrapper\"><figure class=\"elementor-image-box-img\"><img loading=\"lazy\" decoding=\"async\" width=\"525\" height=\"525\" src=\"https:\/\/www.mem-summit.ch\/wp-content\/uploads\/2022\/08\/Monica_Gugolz.jpg\" class=\"attachment-full size-full wp-image-14056\" alt=\"\" srcset=\"https:\/\/www.mem-summit.ch\/wp-content\/uploads\/2022\/08\/Monica_Gugolz.jpg 525w, https:\/\/www.mem-summit.ch\/wp-content\/uploads\/2022\/08\/Monica_Gugolz-480x480.jpg 480w, https:\/\/www.mem-summit.ch\/wp-content\/uploads\/2022\/08\/Monica_Gugolz-150x150.jpg 150w, https:\/\/www.mem-summit.ch\/wp-content\/uploads\/2022\/08\/elementor\/thumbs\/Monica_Gugolz-pt29wqcu2kaz4acb9pj2p68xbhhmes7tqmzmv3xceg.jpg 180w\" sizes=\"(max-width: 525px) 100vw, 525px\" \/><\/figure><div class=\"elementor-image-box-content\"><h3 class=\"elementor-image-box-title\">MONICA GUGOLZ<\/h3><p class=\"elementor-image-box-description\">MEM Programme Manager, Universit\u00e0 della Svizzera italiana, MEM Facilitator<\/p><\/div><\/div>\t\t<\/div>\n\t\t\t\t<\/div>\n\t\t\t\t<div class=\"elementor-element elementor-element-2605c5c elementor-widget elementor-widget-toggle\" data-id=\"2605c5c\" data-element_type=\"widget\" data-widget_type=\"toggle.default\">\n\t\t\t\t<div class=\"elementor-widget-container\">\n\t\t\t\t\t<div class=\"elementor-toggle\">\n\t\t\t\t\t\t\t<div class=\"elementor-toggle-item\">\n\t\t\t\t\t<div id=\"elementor-tab-title-3981\" class=\"elementor-tab-title\" data-tab=\"1\" role=\"button\" aria-controls=\"elementor-tab-content-3981\" aria-expanded=\"false\">\n\t\t\t\t\t\t\t\t\t\t\t\t<span class=\"elementor-toggle-icon elementor-toggle-icon-right\" aria-hidden=\"true\">\n\t\t\t\t\t\t\t\t\t\t\t\t\t\t\t<span class=\"elementor-toggle-icon-closed\"><i class=\"fas fa-angle-down\"><\/i><\/span>\n\t\t\t\t\t\t\t\t<span class=\"elementor-toggle-icon-opened\"><i class=\"elementor-toggle-icon-opened fas fa-angle-up\"><\/i><\/span>\n\t\t\t\t\t\t\t\t\t\t\t\t\t<\/span>\n\t\t\t\t\t\t\t\t\t\t\t\t<a class=\"elementor-toggle-title\" tabindex=\"0\">Read more<\/a>\n\t\t\t\t\t<\/div>\n\n\t\t\t\t\t<div id=\"elementor-tab-content-3981\" class=\"elementor-tab-content elementor-clearfix\" data-tab=\"1\" role=\"region\" aria-labelledby=\"elementor-tab-title-3981\"><p><span class=\"ui-provider bhh bhi c d e f g h i j k l m n o p q r s t bhj bhk w x y z ab ac ae af ag ah ai aj ak\" dir=\"ltr\">Monica Gugolz graduated in 2002 with a degree in International Relations from the Graduate Institute of International Studies in Geneva. After finishing her studies, she began her career in the international field, managing development cooperation projects and consultancy mandates in emerging contexts such as Bangladesh, Rwanda and Vietnam.\u00a0 Monica specialised in the management and critical analysis of interventions on behalf of the United Nations, the European Union, Swiss Cooperation and NGOs, with a particular interest in issues of gender equality, women&#8217;s rights and women&#8217;s economic empowerment. In 2013, Monica co-founded a women&#8217;s cooperative in Kigali, Rwanda, which provides employment for more than 50 vulnerable women. She returned with her family to Lugano in 2017 and collaborates with the Federation of NGOs of the Swiss Italian region and the Federation of Women&#8217;s Associations of Ticino. Since 2022 Monica has been working as a Project Manager for the MEM Summer Summit.\u00a0<\/span><\/p><\/div>\n\t\t\t\t<\/div>\n\t\t\t\t\t\t\t\t<\/div>\n\t\t\t\t<\/div>\n\t\t\t\t<\/div>\n\t\t\t\t\t<\/div>\n\t\t<\/div>\n\t\t\t\t\t<\/div>\n\t\t<\/section>\n\t\t\t\t<section class=\"elementor-section elementor-inner-section elementor-element elementor-element-7c2d3fd elementor-section-boxed elementor-section-height-default elementor-section-height-default\" data-id=\"7c2d3fd\" data-element_type=\"section\">\n\t\t\t\t\t\t<div class=\"elementor-container elementor-column-gap-default\">\n\t\t\t\t\t<div class=\"elementor-column elementor-col-100 elementor-inner-column elementor-element elementor-element-3ed3ff4\" data-id=\"3ed3ff4\" data-element_type=\"column\">\n\t\t\t<div class=\"elementor-widget-wrap\">\n\t\t\t\t\t\t\t<\/div>\n\t\t<\/div>\n\t\t\t\t\t<\/div>\n\t\t<\/section>\n\t\t\t\t<section class=\"elementor-section elementor-inner-section elementor-element elementor-element-9966844 elementor-section-boxed elementor-section-height-default elementor-section-height-default\" data-id=\"9966844\" data-element_type=\"section\">\n\t\t\t\t\t\t<div class=\"elementor-container elementor-column-gap-default\">\n\t\t\t\t\t<div class=\"elementor-column elementor-col-100 elementor-inner-column elementor-element elementor-element-14ff77b\" data-id=\"14ff77b\" data-element_type=\"column\">\n\t\t\t<div class=\"elementor-widget-wrap elementor-element-populated\">\n\t\t\t\t\t\t<div class=\"elementor-element elementor-element-4af1b58 elementor-vertical-align-top elementor-widget elementor-widget-image-box\" data-id=\"4af1b58\" data-element_type=\"widget\" data-widget_type=\"image-box.default\">\n\t\t\t\t<div class=\"elementor-widget-container\">\n\t\t\t<div class=\"elementor-image-box-wrapper\"><div class=\"elementor-image-box-content\"><h3 class=\"elementor-image-box-title\">ISMAIL LAHLOU<\/h3><p class=\"elementor-image-box-description\">Programme Manager, Drosos Foundation<\/p><\/div><\/div>\t\t<\/div>\n\t\t\t\t<\/div>\n\t\t\t\t<div class=\"elementor-element elementor-element-9678463 elementor-widget elementor-widget-toggle\" data-id=\"9678463\" data-element_type=\"widget\" data-widget_type=\"toggle.default\">\n\t\t\t\t<div class=\"elementor-widget-container\">\n\t\t\t\t\t<div class=\"elementor-toggle\">\n\t\t\t\t\t\t\t<div class=\"elementor-toggle-item\">\n\t\t\t\t\t<div id=\"elementor-tab-title-1571\" class=\"elementor-tab-title\" data-tab=\"1\" role=\"button\" aria-controls=\"elementor-tab-content-1571\" aria-expanded=\"false\">\n\t\t\t\t\t\t\t\t\t\t\t\t<span class=\"elementor-toggle-icon elementor-toggle-icon-right\" aria-hidden=\"true\">\n\t\t\t\t\t\t\t\t\t\t\t\t\t\t\t<span class=\"elementor-toggle-icon-closed\"><i class=\"fas fa-angle-down\"><\/i><\/span>\n\t\t\t\t\t\t\t\t<span class=\"elementor-toggle-icon-opened\"><i class=\"elementor-toggle-icon-opened fas fa-angle-up\"><\/i><\/span>\n\t\t\t\t\t\t\t\t\t\t\t\t\t<\/span>\n\t\t\t\t\t\t\t\t\t\t\t\t<a class=\"elementor-toggle-title\" tabindex=\"0\">Read more<\/a>\n\t\t\t\t\t<\/div>\n\n\t\t\t\t\t<div id=\"elementor-tab-content-1571\" class=\"elementor-tab-content elementor-clearfix\" data-tab=\"1\" role=\"region\" aria-labelledby=\"elementor-tab-title-1571\"><\/div>\n\t\t\t\t<\/div>\n\t\t\t\t\t\t\t\t<\/div>\n\t\t\t\t<\/div>\n\t\t\t\t<\/div>\n\t\t\t\t\t<\/div>\n\t\t<\/div>\n\t\t\t\t\t<\/div>\n\t\t<\/section>\n\t\t\t\t<section class=\"elementor-section elementor-inner-section elementor-element elementor-element-f167d66 elementor-section-boxed elementor-section-height-default elementor-section-height-default\" data-id=\"f167d66\" data-element_type=\"section\">\n\t\t\t\t\t\t<div class=\"elementor-container elementor-column-gap-default\">\n\t\t\t\t\t<div class=\"elementor-column elementor-col-100 elementor-inner-column elementor-element elementor-element-3ca55c1\" data-id=\"3ca55c1\" data-element_type=\"column\">\n\t\t\t<div class=\"elementor-widget-wrap\">\n\t\t\t\t\t\t\t<\/div>\n\t\t<\/div>\n\t\t\t\t\t<\/div>\n\t\t<\/section>\n\t\t\t\t<section class=\"elementor-section elementor-inner-section elementor-element elementor-element-4838f96 elementor-section-boxed elementor-section-height-default elementor-section-height-default\" data-id=\"4838f96\" data-element_type=\"section\">\n\t\t\t\t\t\t<div class=\"elementor-container elementor-column-gap-default\">\n\t\t\t\t\t<div class=\"elementor-column elementor-col-100 elementor-inner-column elementor-element elementor-element-56f3601\" data-id=\"56f3601\" data-element_type=\"column\">\n\t\t\t<div class=\"elementor-widget-wrap elementor-element-populated\">\n\t\t\t\t\t\t<div class=\"elementor-element elementor-element-3a39e44 elementor-vertical-align-top elementor-widget elementor-widget-image-box\" data-id=\"3a39e44\" data-element_type=\"widget\" data-widget_type=\"image-box.default\">\n\t\t\t\t<div class=\"elementor-widget-container\">\n\t\t\t<div class=\"elementor-image-box-wrapper\"><div class=\"elementor-image-box-content\"><h3 class=\"elementor-image-box-title\">FILIPPO LOMBARDI<\/h3><p class=\"elementor-image-box-description\">Elected Municipal of the City of Lugano<\/p><\/div><\/div>\t\t<\/div>\n\t\t\t\t<\/div>\n\t\t\t\t<div class=\"elementor-element elementor-element-55b8e07 elementor-widget elementor-widget-toggle\" data-id=\"55b8e07\" data-element_type=\"widget\" data-widget_type=\"toggle.default\">\n\t\t\t\t<div class=\"elementor-widget-container\">\n\t\t\t\t\t<div class=\"elementor-toggle\">\n\t\t\t\t\t\t\t<div class=\"elementor-toggle-item\">\n\t\t\t\t\t<div id=\"elementor-tab-title-8981\" class=\"elementor-tab-title\" data-tab=\"1\" role=\"button\" aria-controls=\"elementor-tab-content-8981\" aria-expanded=\"false\">\n\t\t\t\t\t\t\t\t\t\t\t\t<span class=\"elementor-toggle-icon elementor-toggle-icon-right\" aria-hidden=\"true\">\n\t\t\t\t\t\t\t\t\t\t\t\t\t\t\t<span class=\"elementor-toggle-icon-closed\"><i class=\"fas fa-angle-down\"><\/i><\/span>\n\t\t\t\t\t\t\t\t<span class=\"elementor-toggle-icon-opened\"><i class=\"elementor-toggle-icon-opened fas fa-angle-up\"><\/i><\/span>\n\t\t\t\t\t\t\t\t\t\t\t\t\t<\/span>\n\t\t\t\t\t\t\t\t\t\t\t\t<a class=\"elementor-toggle-title\" tabindex=\"0\">Read more<\/a>\n\t\t\t\t\t<\/div>\n\n\t\t\t\t\t<div id=\"elementor-tab-content-8981\" class=\"elementor-tab-content elementor-clearfix\" data-tab=\"1\" role=\"region\" aria-labelledby=\"elementor-tab-title-8981\"><\/div>\n\t\t\t\t<\/div>\n\t\t\t\t\t\t\t\t<\/div>\n\t\t\t\t<\/div>\n\t\t\t\t<\/div>\n\t\t\t\t\t<\/div>\n\t\t<\/div>\n\t\t\t\t\t<\/div>\n\t\t<\/section>\n\t\t\t\t<section class=\"elementor-section elementor-inner-section elementor-element elementor-element-20acd55 elementor-section-boxed elementor-section-height-default elementor-section-height-default\" data-id=\"20acd55\" data-element_type=\"section\">\n\t\t\t\t\t\t<div class=\"elementor-container elementor-column-gap-default\">\n\t\t\t\t\t<div class=\"elementor-column elementor-col-100 elementor-inner-column elementor-element elementor-element-89c5e24\" data-id=\"89c5e24\" data-element_type=\"column\">\n\t\t\t<div class=\"elementor-widget-wrap\">\n\t\t\t\t\t\t\t<\/div>\n\t\t<\/div>\n\t\t\t\t\t<\/div>\n\t\t<\/section>\n\t\t\t\t<section class=\"elementor-section elementor-inner-section elementor-element elementor-element-ab03be9 elementor-section-boxed elementor-section-height-default elementor-section-height-default\" data-id=\"ab03be9\" data-element_type=\"section\">\n\t\t\t\t\t\t<div class=\"elementor-container elementor-column-gap-default\">\n\t\t\t\t\t<div class=\"elementor-column elementor-col-100 elementor-inner-column elementor-element elementor-element-d508ba1\" data-id=\"d508ba1\" data-element_type=\"column\">\n\t\t\t<div class=\"elementor-widget-wrap elementor-element-populated\">\n\t\t\t\t\t\t<div class=\"elementor-element elementor-element-6a0e122 elementor-position-left elementor-vertical-align-top elementor-widget elementor-widget-image-box\" data-id=\"6a0e122\" data-element_type=\"widget\" data-widget_type=\"image-box.default\">\n\t\t\t\t<div class=\"elementor-widget-container\">\n\t\t\t<div class=\"elementor-image-box-wrapper\"><figure class=\"elementor-image-box-img\"><img loading=\"lazy\" decoding=\"async\" width=\"194\" height=\"194\" src=\"https:\/\/www.mem-summit.ch\/wp-content\/uploads\/2022\/08\/guilia_mugellini.jpg\" class=\"attachment-full size-full wp-image-14069\" alt=\"\" srcset=\"https:\/\/www.mem-summit.ch\/wp-content\/uploads\/2022\/08\/guilia_mugellini.jpg 194w, https:\/\/www.mem-summit.ch\/wp-content\/uploads\/2022\/08\/guilia_mugellini-150x150.jpg 150w\" sizes=\"(max-width: 194px) 100vw, 194px\" \/><\/figure><div class=\"elementor-image-box-content\"><h3 class=\"elementor-image-box-title\">GIULIA MUGELLINI<\/h3><p class=\"elementor-image-box-description\">Lecturer and Researcher, Universit\u00e0 della Svizzera italiana<\/p><\/div><\/div>\t\t<\/div>\n\t\t\t\t<\/div>\n\t\t\t\t<div class=\"elementor-element elementor-element-2682213 elementor-widget elementor-widget-toggle\" data-id=\"2682213\" data-element_type=\"widget\" data-widget_type=\"toggle.default\">\n\t\t\t\t<div class=\"elementor-widget-container\">\n\t\t\t\t\t<div class=\"elementor-toggle\">\n\t\t\t\t\t\t\t<div class=\"elementor-toggle-item\">\n\t\t\t\t\t<div id=\"elementor-tab-title-4031\" class=\"elementor-tab-title\" data-tab=\"1\" role=\"button\" aria-controls=\"elementor-tab-content-4031\" aria-expanded=\"false\">\n\t\t\t\t\t\t\t\t\t\t\t\t<span class=\"elementor-toggle-icon elementor-toggle-icon-right\" aria-hidden=\"true\">\n\t\t\t\t\t\t\t\t\t\t\t\t\t\t\t<span class=\"elementor-toggle-icon-closed\"><i class=\"fas fa-angle-down\"><\/i><\/span>\n\t\t\t\t\t\t\t\t<span class=\"elementor-toggle-icon-opened\"><i class=\"elementor-toggle-icon-opened fas fa-angle-up\"><\/i><\/span>\n\t\t\t\t\t\t\t\t\t\t\t\t\t<\/span>\n\t\t\t\t\t\t\t\t\t\t\t\t<a class=\"elementor-toggle-title\" tabindex=\"0\">Read more<\/a>\n\t\t\t\t\t<\/div>\n\n\t\t\t\t\t<div id=\"elementor-tab-content-4031\" class=\"elementor-tab-content elementor-clearfix\" data-tab=\"1\" role=\"region\" aria-labelledby=\"elementor-tab-title-4031\"><p><span class=\"selectable-text copyable-text\">Dr. Mugellini is member of the Public Integrity Research Group (GRIP), and post-doc researcher at USI. Her expertise concerns the definition of accountability problems, the measurement of corruption, and the evaluation of anti-corruption policies. She has been involved in several international projects related to the abovementioned topics. Among the most recent ones: \u201cDigital Education Partnership for Effective and Sustainable Governance in the MENA region\u201d funded by swissuniversities; \u201cDeterminants of sustainable Citizen-State relationships: A survey of trust, satisfaction, and organizational deviances\u201d, funded by the Social Sciences and Humanities Research Council of Canada, and \u201cAssessing the nature and impact of transnational corruption through the lens of Swiss businesses\u201d, funded by the Swiss National Science Foundation. She is lecturer of \u201cQuantitative and Qualitative research methods in Public Administration\u201d, and \u201cAccountability and Corruption\u201d, in the MA in Public Management and Policy (PMP). She also teaches about \u201cCorruption in Public Administration\u201d and \u201cMarket Research Techniques\u201d in the BA of Communication and Economic Sciences.<\/span><\/p><\/div>\n\t\t\t\t<\/div>\n\t\t\t\t\t\t\t\t<\/div>\n\t\t\t\t<\/div>\n\t\t\t\t<\/div>\n\t\t\t\t\t<\/div>\n\t\t<\/div>\n\t\t\t\t\t<\/div>\n\t\t<\/section>\n\t\t\t\t<section class=\"elementor-section elementor-inner-section elementor-element elementor-element-a2322fa elementor-section-boxed elementor-section-height-default elementor-section-height-default\" data-id=\"a2322fa\" data-element_type=\"section\">\n\t\t\t\t\t\t<div class=\"elementor-container elementor-column-gap-default\">\n\t\t\t\t\t<div class=\"elementor-column elementor-col-100 elementor-inner-column elementor-element elementor-element-95d4dad\" data-id=\"95d4dad\" data-element_type=\"column\">\n\t\t\t<div class=\"elementor-widget-wrap\">\n\t\t\t\t\t\t\t<\/div>\n\t\t<\/div>\n\t\t\t\t\t<\/div>\n\t\t<\/section>\n\t\t\t\t<section class=\"elementor-section elementor-inner-section elementor-element elementor-element-520e663 elementor-section-boxed elementor-section-height-default elementor-section-height-default\" data-id=\"520e663\" data-element_type=\"section\">\n\t\t\t\t\t\t<div class=\"elementor-container elementor-column-gap-default\">\n\t\t\t\t\t<div class=\"elementor-column elementor-col-100 elementor-inner-column elementor-element elementor-element-da2a461\" data-id=\"da2a461\" data-element_type=\"column\">\n\t\t\t<div class=\"elementor-widget-wrap elementor-element-populated\">\n\t\t\t\t\t\t<div class=\"elementor-element elementor-element-ebd348c elementor-position-left elementor-vertical-align-top elementor-widget elementor-widget-image-box\" data-id=\"ebd348c\" data-element_type=\"widget\" data-widget_type=\"image-box.default\">\n\t\t\t\t<div class=\"elementor-widget-container\">\n\t\t\t<div class=\"elementor-image-box-wrapper\"><figure class=\"elementor-image-box-img\"><img loading=\"lazy\" decoding=\"async\" width=\"600\" height=\"600\" src=\"https:\/\/www.mem-summit.ch\/wp-content\/uploads\/2022\/08\/Rascha_Osman.png\" class=\"attachment-full size-full wp-image-14233\" alt=\"\" srcset=\"https:\/\/www.mem-summit.ch\/wp-content\/uploads\/2022\/08\/Rascha_Osman.png 600w, https:\/\/www.mem-summit.ch\/wp-content\/uploads\/2022\/08\/Rascha_Osman-480x480.png 480w, https:\/\/www.mem-summit.ch\/wp-content\/uploads\/2022\/08\/Rascha_Osman-150x150.png 150w\" sizes=\"(max-width: 600px) 100vw, 600px\" \/><\/figure><div class=\"elementor-image-box-content\"><h3 class=\"elementor-image-box-title\">RASCHA OSMAN<\/h3><p class=\"elementor-image-box-description\">Deputy Head of the MENA Division,\nHead of Section Northern Africa, Federal Department of Foreign Affairs (FDFA)<\/p><\/div><\/div>\t\t<\/div>\n\t\t\t\t<\/div>\n\t\t\t\t<div class=\"elementor-element elementor-element-6aa7c0b elementor-widget elementor-widget-toggle\" data-id=\"6aa7c0b\" data-element_type=\"widget\" data-widget_type=\"toggle.default\">\n\t\t\t\t<div class=\"elementor-widget-container\">\n\t\t\t\t\t<div class=\"elementor-toggle\">\n\t\t\t\t\t\t\t<div class=\"elementor-toggle-item\">\n\t\t\t\t\t<div id=\"elementor-tab-title-1111\" class=\"elementor-tab-title\" data-tab=\"1\" role=\"button\" aria-controls=\"elementor-tab-content-1111\" aria-expanded=\"false\">\n\t\t\t\t\t\t\t\t\t\t\t\t<span class=\"elementor-toggle-icon elementor-toggle-icon-right\" aria-hidden=\"true\">\n\t\t\t\t\t\t\t\t\t\t\t\t\t\t\t<span class=\"elementor-toggle-icon-closed\"><i class=\"fas fa-angle-down\"><\/i><\/span>\n\t\t\t\t\t\t\t\t<span class=\"elementor-toggle-icon-opened\"><i class=\"elementor-toggle-icon-opened fas fa-angle-up\"><\/i><\/span>\n\t\t\t\t\t\t\t\t\t\t\t\t\t<\/span>\n\t\t\t\t\t\t\t\t\t\t\t\t<a class=\"elementor-toggle-title\" tabindex=\"0\">Read more<\/a>\n\t\t\t\t\t<\/div>\n\n\t\t\t\t\t<div id=\"elementor-tab-content-1111\" class=\"elementor-tab-content elementor-clearfix\" data-tab=\"1\" role=\"region\" aria-labelledby=\"elementor-tab-title-1111\"><p>Rascha Osman has been Deputy Head of the MENA Division and Head of Section Northern Africa at the Swiss Federal Department of Foreign Affairs since August 2020. Prior to this position she has been posted as a Head of Cultural Affairs at the Swiss Embassy in Berlin (2016-2020) and in the Section Foreign Policy at the Swiss Mission to the European Union in Brussels from 2012 to 2015. She also served in diplomatic postings in the MENA Division from 2008 and 2012, at the Swiss Embassy in Ljubljana and in Switzerland\u2019s Permanent Representation to the UN in NY.<\/p><p>Before joining the Swiss Diplomatic Service in 2007, she worked at the Swiss Federal Office for Refugees (now Swiss State Secretariat for Migration), where she was among others responsible for international migration dialogues. Rascha Osman has received her M.A. from the University of Berne and has studied English and American Literature, Political sciences and Islamic science.<\/p><\/div>\n\t\t\t\t<\/div>\n\t\t\t\t\t\t\t\t<\/div>\n\t\t\t\t<\/div>\n\t\t\t\t<\/div>\n\t\t\t\t\t<\/div>\n\t\t<\/div>\n\t\t\t\t\t<\/div>\n\t\t<\/section>\n\t\t\t\t<section class=\"elementor-section elementor-inner-section elementor-element elementor-element-dda547f elementor-section-boxed elementor-section-height-default elementor-section-height-default\" data-id=\"dda547f\" data-element_type=\"section\">\n\t\t\t\t\t\t<div class=\"elementor-container elementor-column-gap-default\">\n\t\t\t\t\t<div class=\"elementor-column elementor-col-100 elementor-inner-column elementor-element elementor-element-46d18b3\" data-id=\"46d18b3\" data-element_type=\"column\">\n\t\t\t<div class=\"elementor-widget-wrap\">\n\t\t\t\t\t\t\t<\/div>\n\t\t<\/div>\n\t\t\t\t\t<\/div>\n\t\t<\/section>\n\t\t\t\t<section class=\"elementor-section elementor-inner-section elementor-element elementor-element-57eba1c elementor-section-boxed elementor-section-height-default elementor-section-height-default\" data-id=\"57eba1c\" data-element_type=\"section\">\n\t\t\t\t\t\t<div class=\"elementor-container elementor-column-gap-default\">\n\t\t\t\t\t<div class=\"elementor-column elementor-col-100 elementor-inner-column elementor-element elementor-element-3a2825b\" data-id=\"3a2825b\" data-element_type=\"column\">\n\t\t\t<div class=\"elementor-widget-wrap elementor-element-populated\">\n\t\t\t\t\t\t<div class=\"elementor-element elementor-element-e452ad1 elementor-position-left elementor-vertical-align-top elementor-widget elementor-widget-image-box\" data-id=\"e452ad1\" data-element_type=\"widget\" data-widget_type=\"image-box.default\">\n\t\t\t\t<div class=\"elementor-widget-container\">\n\t\t\t<div class=\"elementor-image-box-wrapper\"><figure class=\"elementor-image-box-img\"><img loading=\"lazy\" decoding=\"async\" width=\"900\" height=\"900\" src=\"https:\/\/www.mem-summit.ch\/wp-content\/uploads\/2023\/07\/Jean-Louis_Romanet.png\" class=\"attachment-full size-full wp-image-15410\" alt=\"\" srcset=\"https:\/\/www.mem-summit.ch\/wp-content\/uploads\/2023\/07\/Jean-Louis_Romanet.png 900w, https:\/\/www.mem-summit.ch\/wp-content\/uploads\/2023\/07\/Jean-Louis_Romanet-480x480.png 480w, https:\/\/www.mem-summit.ch\/wp-content\/uploads\/2023\/07\/Jean-Louis_Romanet-150x150.png 150w, https:\/\/www.mem-summit.ch\/wp-content\/uploads\/2023\/07\/Jean-Louis_Romanet-768x768.png 768w\" sizes=\"(max-width: 900px) 100vw, 900px\" \/><\/figure><div class=\"elementor-image-box-content\"><h3 class=\"elementor-image-box-title\">JEAN-LOUIS ROMANET<\/h3><p class=\"elementor-image-box-description\">Director and Co-Founder, Northern African Policy Initiative<\/p><\/div><\/div>\t\t<\/div>\n\t\t\t\t<\/div>\n\t\t\t\t<div class=\"elementor-element elementor-element-8f79f0a elementor-widget elementor-widget-toggle\" data-id=\"8f79f0a\" data-element_type=\"widget\" data-widget_type=\"toggle.default\">\n\t\t\t\t<div class=\"elementor-widget-container\">\n\t\t\t\t\t<div class=\"elementor-toggle\">\n\t\t\t\t\t\t\t<div class=\"elementor-toggle-item\">\n\t\t\t\t\t<div id=\"elementor-tab-title-1501\" class=\"elementor-tab-title\" data-tab=\"1\" role=\"button\" aria-controls=\"elementor-tab-content-1501\" aria-expanded=\"false\">\n\t\t\t\t\t\t\t\t\t\t\t\t<span class=\"elementor-toggle-icon elementor-toggle-icon-right\" aria-hidden=\"true\">\n\t\t\t\t\t\t\t\t\t\t\t\t\t\t\t<span class=\"elementor-toggle-icon-closed\"><i class=\"fas fa-angle-down\"><\/i><\/span>\n\t\t\t\t\t\t\t\t<span class=\"elementor-toggle-icon-opened\"><i class=\"elementor-toggle-icon-opened fas fa-angle-up\"><\/i><\/span>\n\t\t\t\t\t\t\t\t\t\t\t\t\t<\/span>\n\t\t\t\t\t\t\t\t\t\t\t\t<a class=\"elementor-toggle-title\" tabindex=\"0\">Read more<\/a>\n\t\t\t\t\t<\/div>\n\n\t\t\t\t\t<div id=\"elementor-tab-content-1501\" class=\"elementor-tab-content elementor-clearfix\" data-tab=\"1\" role=\"region\" aria-labelledby=\"elementor-tab-title-1501\"><p><span class=\"selectable-text copyable-text\">Jean-Louis Romanet Perroux is a researcher and advisor on international cooperation and development, and the director of the North African Policy Initiative, an NGO that focuses on improving participatory governance and building the capacity of youth in North Africa. He has over 20 years of hands-on experience in program design and implementation, in training and coaching students and activists, and in conducting action-oriented research and strategic evaluations in the fields of civil society, youth empowerment, local governance, corruption, human trafficking and smuggling, migration, and the prevention of violent extremism. He has obtained a Bachelor in Aeronautical Engineering from the Italian Air Force Academy, a master\u2019s in political science from the University of Trieste and a master and a PhD in International Relations from the Fletcher School of Law and Diplomacy, Tufts University.<\/span><\/p><\/div>\n\t\t\t\t<\/div>\n\t\t\t\t\t\t\t\t<\/div>\n\t\t\t\t<\/div>\n\t\t\t\t<\/div>\n\t\t\t\t\t<\/div>\n\t\t<\/div>\n\t\t\t\t\t<\/div>\n\t\t<\/section>\n\t\t\t\t<section class=\"elementor-section elementor-inner-section elementor-element elementor-element-e900cff elementor-section-boxed elementor-section-height-default elementor-section-height-default\" data-id=\"e900cff\" data-element_type=\"section\">\n\t\t\t\t\t\t<div class=\"elementor-container elementor-column-gap-default\">\n\t\t\t\t\t<div class=\"elementor-column elementor-col-100 elementor-inner-column elementor-element elementor-element-19568ff\" data-id=\"19568ff\" data-element_type=\"column\">\n\t\t\t<div class=\"elementor-widget-wrap\">\n\t\t\t\t\t\t\t<\/div>\n\t\t<\/div>\n\t\t\t\t\t<\/div>\n\t\t<\/section>\n\t\t\t\t<section class=\"elementor-section elementor-inner-section elementor-element elementor-element-ba04b5e elementor-section-boxed elementor-section-height-default elementor-section-height-default\" data-id=\"ba04b5e\" data-element_type=\"section\">\n\t\t\t\t\t\t<div class=\"elementor-container elementor-column-gap-default\">\n\t\t\t\t\t<div class=\"elementor-column elementor-col-100 elementor-inner-column elementor-element elementor-element-fb75397\" data-id=\"fb75397\" data-element_type=\"column\">\n\t\t\t<div class=\"elementor-widget-wrap elementor-element-populated\">\n\t\t\t\t\t\t<div class=\"elementor-element elementor-element-c92ccf1 elementor-position-left elementor-vertical-align-top elementor-widget elementor-widget-image-box\" data-id=\"c92ccf1\" data-element_type=\"widget\" data-widget_type=\"image-box.default\">\n\t\t\t\t<div class=\"elementor-widget-container\">\n\t\t\t<div class=\"elementor-image-box-wrapper\"><figure class=\"elementor-image-box-img\"><img loading=\"lazy\" decoding=\"async\" width=\"600\" height=\"600\" src=\"https:\/\/www.mem-summit.ch\/wp-content\/uploads\/2022\/08\/T.J.M_photo.png\" class=\"attachment-full size-full wp-image-14181\" alt=\"\" srcset=\"https:\/\/www.mem-summit.ch\/wp-content\/uploads\/2022\/08\/T.J.M_photo.png 600w, https:\/\/www.mem-summit.ch\/wp-content\/uploads\/2022\/08\/T.J.M_photo-480x480.png 480w, https:\/\/www.mem-summit.ch\/wp-content\/uploads\/2022\/08\/T.J.M_photo-150x150.png 150w\" sizes=\"(max-width: 600px) 100vw, 600px\" \/><\/figure><div class=\"elementor-image-box-content\"><h3 class=\"elementor-image-box-title\">TALAL AL-AULAQI<\/h3><p class=\"elementor-image-box-description\">Consultant on Energy<\/p><\/div><\/div>\t\t<\/div>\n\t\t\t\t<\/div>\n\t\t\t\t<div class=\"elementor-element elementor-element-65b766a elementor-widget elementor-widget-toggle\" data-id=\"65b766a\" data-element_type=\"widget\" data-widget_type=\"toggle.default\">\n\t\t\t\t<div class=\"elementor-widget-container\">\n\t\t\t\t\t<div class=\"elementor-toggle\">\n\t\t\t\t\t\t\t<div class=\"elementor-toggle-item\">\n\t\t\t\t\t<div id=\"elementor-tab-title-1061\" class=\"elementor-tab-title\" data-tab=\"1\" role=\"button\" aria-controls=\"elementor-tab-content-1061\" aria-expanded=\"false\">\n\t\t\t\t\t\t\t\t\t\t\t\t<span class=\"elementor-toggle-icon elementor-toggle-icon-right\" aria-hidden=\"true\">\n\t\t\t\t\t\t\t\t\t\t\t\t\t\t\t<span class=\"elementor-toggle-icon-closed\"><i class=\"fas fa-angle-down\"><\/i><\/span>\n\t\t\t\t\t\t\t\t<span class=\"elementor-toggle-icon-opened\"><i class=\"elementor-toggle-icon-opened fas fa-angle-up\"><\/i><\/span>\n\t\t\t\t\t\t\t\t\t\t\t\t\t<\/span>\n\t\t\t\t\t\t\t\t\t\t\t\t<a class=\"elementor-toggle-title\" tabindex=\"0\">Read more<\/a>\n\t\t\t\t\t<\/div>\n\n\t\t\t\t\t<div id=\"elementor-tab-content-1061\" class=\"elementor-tab-content elementor-clearfix\" data-tab=\"1\" role=\"region\" aria-labelledby=\"elementor-tab-title-1061\"><p>Dr. Talal Al-Aulaqi is from the fifth generation of the Al-Aulaqi family who moved from Yemen to Oman post the Al-Aulaqi Sultanate in 1967. His experience spans from Foreign Affairs and global diplomacy to technology advancement and education support. He is interested in supporting peace and reconciliation in Yemen and in supporting Oman\u2019s diplomacy in the region.<\/p><p>Previously, Al-Aulaqi was also involved in various policy drafting activities in Oman. He contributed to the Oman Vision 2040 in the fields of private sector, investment and international cooperation as well as natural resources and environmental sustainability. He has also supported the Ministry of Foreign Affairs in the drafting and submitting of the first national implementation plan of the Sustainable Development Goals, with a focus on energy efficiency related topics. Moreover, he has worked with supreme council of planning on the tenth five-year plan, with a focus on economic diversification.<\/p><\/div>\n\t\t\t\t<\/div>\n\t\t\t\t\t\t\t\t<\/div>\n\t\t\t\t<\/div>\n\t\t\t\t<\/div>\n\t\t\t\t\t<\/div>\n\t\t<\/div>\n\t\t\t\t\t<\/div>\n\t\t<\/section>\n\t\t\t\t<section class=\"elementor-section elementor-inner-section elementor-element elementor-element-b2e56e5 elementor-section-boxed elementor-section-height-default elementor-section-height-default\" data-id=\"b2e56e5\" data-element_type=\"section\">\n\t\t\t\t\t\t<div class=\"elementor-container elementor-column-gap-default\">\n\t\t\t\t\t<div class=\"elementor-column elementor-col-100 elementor-inner-column elementor-element elementor-element-f7b0fce\" data-id=\"f7b0fce\" data-element_type=\"column\">\n\t\t\t<div class=\"elementor-widget-wrap elementor-element-populated\">\n\t\t\t\t\t\t<div class=\"elementor-element elementor-element-3071e8e elementor-position-left elementor-vertical-align-top elementor-widget elementor-widget-image-box\" data-id=\"3071e8e\" data-element_type=\"widget\" data-widget_type=\"image-box.default\">\n\t\t\t\t<div class=\"elementor-widget-container\">\n\t\t\t<div class=\"elementor-image-box-wrapper\"><figure class=\"elementor-image-box-img\"><img loading=\"lazy\" decoding=\"async\" width=\"618\" height=\"618\" src=\"https:\/\/www.mem-summit.ch\/wp-content\/uploads\/2023\/07\/Paola_Solca.png\" class=\"attachment-full size-full wp-image-15480\" alt=\"\" srcset=\"https:\/\/www.mem-summit.ch\/wp-content\/uploads\/2023\/07\/Paola_Solca.png 618w, https:\/\/www.mem-summit.ch\/wp-content\/uploads\/2023\/07\/Paola_Solca-480x480.png 480w, https:\/\/www.mem-summit.ch\/wp-content\/uploads\/2023\/07\/Paola_Solca-150x150.png 150w\" sizes=\"(max-width: 618px) 100vw, 618px\" \/><\/figure><div class=\"elementor-image-box-content\"><h3 class=\"elementor-image-box-title\">PAOLA SOLC\u00c0<\/h3><p class=\"elementor-image-box-description\">Professor, University of Applied Sciences and Arts of Southern Switzerland<\/p><\/div><\/div>\t\t<\/div>\n\t\t\t\t<\/div>\n\t\t\t\t<div class=\"elementor-element elementor-element-b609bee elementor-widget elementor-widget-toggle\" data-id=\"b609bee\" data-element_type=\"widget\" data-widget_type=\"toggle.default\">\n\t\t\t\t<div class=\"elementor-widget-container\">\n\t\t\t\t\t<div class=\"elementor-toggle\">\n\t\t\t\t\t\t\t<div class=\"elementor-toggle-item\">\n\t\t\t\t\t<div id=\"elementor-tab-title-1901\" class=\"elementor-tab-title\" data-tab=\"1\" role=\"button\" aria-controls=\"elementor-tab-content-1901\" aria-expanded=\"false\">\n\t\t\t\t\t\t\t\t\t\t\t\t<span class=\"elementor-toggle-icon elementor-toggle-icon-right\" aria-hidden=\"true\">\n\t\t\t\t\t\t\t\t\t\t\t\t\t\t\t<span class=\"elementor-toggle-icon-closed\"><i class=\"fas fa-angle-down\"><\/i><\/span>\n\t\t\t\t\t\t\t\t<span class=\"elementor-toggle-icon-opened\"><i class=\"elementor-toggle-icon-opened fas fa-angle-up\"><\/i><\/span>\n\t\t\t\t\t\t\t\t\t\t\t\t\t<\/span>\n\t\t\t\t\t\t\t\t\t\t\t\t<a class=\"elementor-toggle-title\" tabindex=\"0\">Read more<\/a>\n\t\t\t\t\t<\/div>\n\n\t\t\t\t\t<div id=\"elementor-tab-content-1901\" class=\"elementor-tab-content elementor-clearfix\" data-tab=\"1\" role=\"region\" aria-labelledby=\"elementor-tab-title-1901\"><p>She obtained her license in Sociology and Anthropology, Faculty of Social and Political Sciences, at the University of Lausanne in 1994.<\/p><p>Professional experience: She is a senior lecturer-researcher at the Department of Business Economics, Health and Social Sciences. Her teaching and research activities focus on migration, human mobility, development and cooperation. From 2012 to September 2020, she was Head of the Centre for Documentation and Migration Research (CDRM). She cooperates with the Certificate of Advanced Studies Cooperation and Development and is a member of the SUPSI Cooperation and Development Competence Centre. She is also responsible for the mobility of students and teachers in Social Work. Since 1 October 2020, she has been the Head of the Bachelor in Social Work.<\/p><p>Scientific competences related to specific areas of migration and international cooperation. Methodological competences (qualitative and quantitative analysis, participatory approaches).<\/p><\/div>\n\t\t\t\t<\/div>\n\t\t\t\t\t\t\t\t<\/div>\n\t\t\t\t<\/div>\n\t\t\t\t<\/div>\n\t\t\t\t\t<\/div>\n\t\t<\/div>\n\t\t\t\t\t<\/div>\n\t\t<\/section>\n\t\t\t\t<section class=\"elementor-section elementor-inner-section elementor-element elementor-element-8ae7453 elementor-section-boxed elementor-section-height-default elementor-section-height-default\" data-id=\"8ae7453\" data-element_type=\"section\">\n\t\t\t\t\t\t<div class=\"elementor-container elementor-column-gap-default\">\n\t\t\t\t\t<div class=\"elementor-column elementor-col-100 elementor-inner-column elementor-element elementor-element-cb6d0c8\" data-id=\"cb6d0c8\" data-element_type=\"column\">\n\t\t\t<div class=\"elementor-widget-wrap elementor-element-populated\">\n\t\t\t\t\t\t<div class=\"elementor-element elementor-element-f8f6937 elementor-position-left elementor-vertical-align-top elementor-widget elementor-widget-image-box\" data-id=\"f8f6937\" data-element_type=\"widget\" data-widget_type=\"image-box.default\">\n\t\t\t\t<div class=\"elementor-widget-container\">\n\t\t\t<div class=\"elementor-image-box-wrapper\"><figure class=\"elementor-image-box-img\"><img loading=\"lazy\" decoding=\"async\" width=\"618\" height=\"618\" src=\"https:\/\/www.mem-summit.ch\/wp-content\/uploads\/2023\/07\/Tom_Vizel.png\" class=\"attachment-full size-full wp-image-15504\" alt=\"\" srcset=\"https:\/\/www.mem-summit.ch\/wp-content\/uploads\/2023\/07\/Tom_Vizel.png 618w, https:\/\/www.mem-summit.ch\/wp-content\/uploads\/2023\/07\/Tom_Vizel-480x480.png 480w, https:\/\/www.mem-summit.ch\/wp-content\/uploads\/2023\/07\/Tom_Vizel-150x150.png 150w\" sizes=\"(max-width: 618px) 100vw, 618px\" \/><\/figure><div class=\"elementor-image-box-content\"><h3 class=\"elementor-image-box-title\">TOM VIZEL<\/h3><p class=\"elementor-image-box-description\">CEO, MENA Network, MEM Facilitator<\/p><\/div><\/div>\t\t<\/div>\n\t\t\t\t<\/div>\n\t\t\t\t<div class=\"elementor-element elementor-element-7dcaba9 elementor-widget elementor-widget-toggle\" data-id=\"7dcaba9\" data-element_type=\"widget\" data-widget_type=\"toggle.default\">\n\t\t\t\t<div class=\"elementor-widget-container\">\n\t\t\t\t\t<div class=\"elementor-toggle\">\n\t\t\t\t\t\t\t<div class=\"elementor-toggle-item\">\n\t\t\t\t\t<div id=\"elementor-tab-title-1311\" class=\"elementor-tab-title\" data-tab=\"1\" role=\"button\" aria-controls=\"elementor-tab-content-1311\" aria-expanded=\"false\">\n\t\t\t\t\t\t\t\t\t\t\t\t<span class=\"elementor-toggle-icon elementor-toggle-icon-right\" aria-hidden=\"true\">\n\t\t\t\t\t\t\t\t\t\t\t\t\t\t\t<span class=\"elementor-toggle-icon-closed\"><i class=\"fas fa-angle-down\"><\/i><\/span>\n\t\t\t\t\t\t\t\t<span class=\"elementor-toggle-icon-opened\"><i class=\"elementor-toggle-icon-opened fas fa-angle-up\"><\/i><\/span>\n\t\t\t\t\t\t\t\t\t\t\t\t\t<\/span>\n\t\t\t\t\t\t\t\t\t\t\t\t<a class=\"elementor-toggle-title\" tabindex=\"0\">Read more<\/a>\n\t\t\t\t\t<\/div>\n\n\t\t\t\t\t<div id=\"elementor-tab-content-1311\" class=\"elementor-tab-content elementor-clearfix\" data-tab=\"1\" role=\"region\" aria-labelledby=\"elementor-tab-title-1311\"><p>Tom Vizel is a dedicated youth leader and education professional, currently serving as the Director of Education for NOAL (The General Federation of Working and Studying Youth), Israel&#8217;s largest and most diverse youth organisation. With a membership of 90,000, including Jewish and Arab members from all parts of Israeli society, NOAL plays a vital role in shaping the next generation of leaders.\u00a0<\/p><p>In addition to his work with NOAL, Tom is also the Director of the \u2018Youth for Middle East and North Africa\u2019 initiative (Y4MENA) that works to bring together tens of thousands of young people from the MENA countries for encounters that promote mutual understanding, inclusiveness, and peace.\u00a0<\/p><p>Tom holds a bachelor&#8217;s degree in non-formal education from Beit Berl College, a masters degree in Education Management and is an alumni of the Mandel Leadership Institute.\u00a0<\/p><p>He brings a wealth of knowledge, experience, and passion to his work and is committed to fostering a more sustainable society through education and youth engagement.<\/p><\/div>\n\t\t\t\t<\/div>\n\t\t\t\t\t\t\t\t<\/div>\n\t\t\t\t<\/div>\n\t\t\t\t<\/div>\n\t\t\t\t\t<\/div>\n\t\t<\/div>\n\t\t\t\t\t<\/div>\n\t\t<\/section>\n\t\t\t\t<section class=\"elementor-section elementor-inner-section elementor-element elementor-element-ff4b6bd elementor-section-boxed elementor-section-height-default elementor-section-height-default\" data-id=\"ff4b6bd\" data-element_type=\"section\">\n\t\t\t\t\t\t<div class=\"elementor-container elementor-column-gap-default\">\n\t\t\t\t\t<div class=\"elementor-column elementor-col-100 elementor-inner-column elementor-element elementor-element-f3d0024\" data-id=\"f3d0024\" data-element_type=\"column\">\n\t\t\t<div class=\"elementor-widget-wrap elementor-element-populated\">\n\t\t\t\t\t\t<div class=\"elementor-element elementor-element-0f362e0 elementor-position-left elementor-vertical-align-top elementor-widget elementor-widget-image-box\" data-id=\"0f362e0\" data-element_type=\"widget\" data-widget_type=\"image-box.default\">\n\t\t\t\t<div class=\"elementor-widget-container\">\n\t\t\t<div class=\"elementor-image-box-wrapper\"><figure class=\"elementor-image-box-img\"><img loading=\"lazy\" decoding=\"async\" width=\"618\" height=\"618\" src=\"https:\/\/www.mem-summit.ch\/wp-content\/uploads\/2023\/07\/Younes_Zangiabadi.png\" class=\"attachment-full size-full wp-image-15476\" alt=\"\" srcset=\"https:\/\/www.mem-summit.ch\/wp-content\/uploads\/2023\/07\/Younes_Zangiabadi.png 618w, https:\/\/www.mem-summit.ch\/wp-content\/uploads\/2023\/07\/Younes_Zangiabadi-480x480.png 480w, https:\/\/www.mem-summit.ch\/wp-content\/uploads\/2023\/07\/Younes_Zangiabadi-150x150.png 150w\" sizes=\"(max-width: 618px) 100vw, 618px\" \/><\/figure><div class=\"elementor-image-box-content\"><h3 class=\"elementor-image-box-title\">YOUNES ZANGIABADI<\/h3><p class=\"elementor-image-box-description\">Deputy Director, Institute for Peace and Diplomacy, MEM Facilitator<\/p><\/div><\/div>\t\t<\/div>\n\t\t\t\t<\/div>\n\t\t\t\t<div class=\"elementor-element elementor-element-e2f64a3 elementor-widget elementor-widget-toggle\" data-id=\"e2f64a3\" data-element_type=\"widget\" data-widget_type=\"toggle.default\">\n\t\t\t\t<div class=\"elementor-widget-container\">\n\t\t\t\t\t<div class=\"elementor-toggle\">\n\t\t\t\t\t\t\t<div class=\"elementor-toggle-item\">\n\t\t\t\t\t<div id=\"elementor-tab-title-2371\" class=\"elementor-tab-title\" data-tab=\"1\" role=\"button\" aria-controls=\"elementor-tab-content-2371\" aria-expanded=\"false\">\n\t\t\t\t\t\t\t\t\t\t\t\t<span class=\"elementor-toggle-icon elementor-toggle-icon-right\" aria-hidden=\"true\">\n\t\t\t\t\t\t\t\t\t\t\t\t\t\t\t<span class=\"elementor-toggle-icon-closed\"><i class=\"fas fa-angle-down\"><\/i><\/span>\n\t\t\t\t\t\t\t\t<span class=\"elementor-toggle-icon-opened\"><i class=\"elementor-toggle-icon-opened fas fa-angle-up\"><\/i><\/span>\n\t\t\t\t\t\t\t\t\t\t\t\t\t<\/span>\n\t\t\t\t\t\t\t\t\t\t\t\t<a class=\"elementor-toggle-title\" tabindex=\"0\">Read more<\/a>\n\t\t\t\t\t<\/div>\n\n\t\t\t\t\t<div id=\"elementor-tab-content-2371\" class=\"elementor-tab-content elementor-clearfix\" data-tab=\"1\" role=\"region\" aria-labelledby=\"elementor-tab-title-2371\"><p>Younes Zangiabadi is the Deputy Director and founding member of the Institute For Peace &amp; Diplomacy (IPD) where he plays a leadership role in shaping the organisation&#8217;s mission, vision, and development strategy.<\/p><p>He directs the Middle East program and oversees a team of researchers conducting in-depth policy research and convening high-level briefings including track 1.5 dialogues on strategic challenges facing the Middle East region.\u00a0 Younes is also the lead organiser of IPD\u2019s Annual Middle East Strategy Forum (MESF), which brings together a diverse group of over 150 foreign policy and defence experts from the government, industry, academia, think tanks and media to engage in constructive discussions around the geopolitics of the Middle East in Ottawa.<\/p><p>Younes is a member of the Civil Society Policy Action Group (CPAG), comprised of a group of leaders in CSO stakeholders and high-level government officials in Canada with a two-year mandate to provide advice to Global Affairs Canada on the shared approach, vision, and priorities necessary to support the effective mutual implementation of the CSO Policy.<\/p><p>Younes holds a Master&#8217;s degree in International Affairs from the Geneva Graduate Institute in Switzerland and previously served as a Young Foreign and Security Policy fellow with the Geneva Center for Security Policy.<\/p><\/div>\n\t\t\t\t<\/div>\n\t\t\t\t\t\t\t\t<\/div>\n\t\t\t\t<\/div>\n\t\t\t\t<\/div>\n\t\t\t\t\t<\/div>\n\t\t<\/div>\n\t\t\t\t\t<\/div>\n\t\t<\/section>\n\t\t\t\t<section class=\"elementor-section elementor-inner-section elementor-element elementor-element-da0f43b elementor-section-boxed elementor-section-height-default elementor-section-height-default\" data-id=\"da0f43b\" data-element_type=\"section\">\n\t\t\t\t\t\t<div class=\"elementor-container elementor-column-gap-default\">\n\t\t\t\t\t<div class=\"elementor-column elementor-col-100 elementor-inner-column elementor-element elementor-element-d26be15\" data-id=\"d26be15\" data-element_type=\"column\">\n\t\t\t<div class=\"elementor-widget-wrap\">\n\t\t\t\t\t\t\t<\/div>\n\t\t<\/div>\n\t\t\t\t\t<\/div>\n\t\t<\/section>\n\t\t\t\t\t<\/div>\n\t\t<\/div>\n\t\t\t\t<div class=\"elementor-column elementor-col-50 elementor-top-column elementor-element elementor-element-415319e\" data-id=\"415319e\" data-element_type=\"column\">\n\t\t\t<div class=\"elementor-widget-wrap elementor-element-populated\">\n\t\t\t\t\t\t<section class=\"elementor-section elementor-inner-section elementor-element elementor-element-515c3ce elementor-section-boxed elementor-section-height-default elementor-section-height-default\" data-id=\"515c3ce\" data-element_type=\"section\">\n\t\t\t\t\t\t<div class=\"elementor-container elementor-column-gap-default\">\n\t\t\t\t\t<div class=\"elementor-column elementor-col-100 elementor-inner-column elementor-element elementor-element-3607c63\" data-id=\"3607c63\" data-element_type=\"column\">\n\t\t\t<div class=\"elementor-widget-wrap elementor-element-populated\">\n\t\t\t\t\t\t<div class=\"elementor-element elementor-element-017998c elementor-position-left elementor-vertical-align-top elementor-widget elementor-widget-image-box\" data-id=\"017998c\" data-element_type=\"widget\" data-widget_type=\"image-box.default\">\n\t\t\t\t<div class=\"elementor-widget-container\">\n\t\t\t<div class=\"elementor-image-box-wrapper\"><figure class=\"elementor-image-box-img\"><img loading=\"lazy\" decoding=\"async\" width=\"990\" height=\"990\" src=\"https:\/\/www.mem-summit.ch\/wp-content\/uploads\/2023\/07\/Azzam-Alwash.png\" class=\"attachment-full size-full wp-image-15408\" alt=\"\" srcset=\"https:\/\/www.mem-summit.ch\/wp-content\/uploads\/2023\/07\/Azzam-Alwash.png 990w, https:\/\/www.mem-summit.ch\/wp-content\/uploads\/2023\/07\/Azzam-Alwash-480x480.png 480w, https:\/\/www.mem-summit.ch\/wp-content\/uploads\/2023\/07\/Azzam-Alwash-150x150.png 150w, https:\/\/www.mem-summit.ch\/wp-content\/uploads\/2023\/07\/Azzam-Alwash-768x768.png 768w\" sizes=\"(max-width: 990px) 100vw, 990px\" \/><\/figure><div class=\"elementor-image-box-content\"><h3 class=\"elementor-image-box-title\">AZZAM ALWASH <\/h3><p class=\"elementor-image-box-description\">Environmentalist<\/p><\/div><\/div>\t\t<\/div>\n\t\t\t\t<\/div>\n\t\t\t\t<div class=\"elementor-element elementor-element-a593472 elementor-widget elementor-widget-toggle\" data-id=\"a593472\" data-element_type=\"widget\" data-widget_type=\"toggle.default\">\n\t\t\t\t<div class=\"elementor-widget-container\">\n\t\t\t\t\t<div class=\"elementor-toggle\">\n\t\t\t\t\t\t\t<div class=\"elementor-toggle-item\">\n\t\t\t\t\t<div id=\"elementor-tab-title-1731\" class=\"elementor-tab-title\" data-tab=\"1\" role=\"button\" aria-controls=\"elementor-tab-content-1731\" aria-expanded=\"false\">\n\t\t\t\t\t\t\t\t\t\t\t\t<span class=\"elementor-toggle-icon elementor-toggle-icon-right\" aria-hidden=\"true\">\n\t\t\t\t\t\t\t\t\t\t\t\t\t\t\t<span class=\"elementor-toggle-icon-closed\"><i class=\"fas fa-angle-down\"><\/i><\/span>\n\t\t\t\t\t\t\t\t<span class=\"elementor-toggle-icon-opened\"><i class=\"elementor-toggle-icon-opened fas fa-angle-up\"><\/i><\/span>\n\t\t\t\t\t\t\t\t\t\t\t\t\t<\/span>\n\t\t\t\t\t\t\t\t\t\t\t\t<a class=\"elementor-toggle-title\" tabindex=\"0\">Read more<\/a>\n\t\t\t\t\t<\/div>\n\n\t\t\t\t\t<div id=\"elementor-tab-content-1731\" class=\"elementor-tab-content elementor-clearfix\" data-tab=\"1\" role=\"region\" aria-labelledby=\"elementor-tab-title-1731\"><p class=\"selectable-text copyable-text iq0m558w g0rxnol2\" dir=\"ltr\"><span class=\"selectable-text copyable-text\">Dr. Azzam Alwash was born in Kut, Iraq in 1958 and left to the United States in 1978 where he completed his graduate work with a Ph.D. in Civil Engineering from the University of Southern California in 1988.\u00a0 He practiced in the environmental and geotechnical field for over 20 years.\u00a0<\/span><\/p><p class=\"selectable-text copyable-text iq0m558w g0rxnol2\" dir=\"ltr\"><span class=\"selectable-text copyable-text\">He started Eden Again, a program to put the spotlight on the drying of the marshes of southern Iraq, under the auspices of the Free Iraq Foundation, where he is a member of the board of directors.\u00a0 After the removal of Saddam Hussien, he moved back to Iraq to work on the restoration of the marshes and founded Nature Iraq, an Iraqi NGO focusing on the preservation of the environment of Iraq and its cultural heritage.\u00a0An effort that earned him the Takreem Award in 2011 and The Goldman Environmental Prize for the 2013 as well as being designated one of the 100 forward thinking leaders of the world by the Foreign Policy Group in 2013.<\/span><\/p><p class=\"selectable-text copyable-text iq0m558w g0rxnol2\" dir=\"ltr\"><span class=\"selectable-text copyable-text\">In 2006, and in recognition of the need of Iraq to improve its undergraduate education, he became a founding member of the board of trustees of the American University of Iraq \u2013 Sulaimani.\u00a0 The mission of the university is to be the builder of the future leadership of Iraq and the region through the use of the liberal arts model and allowing students that reflect the mosaic of Iraq to interact and form life long friendships not to mention honest discussion about the modern and ancient history of the region alongside a rigorous scientific curriculum and worked actively to raise funds and to build the infrastructure and educational faculty.<\/span><\/p><p class=\"selectable-text copyable-text iq0m558w g0rxnol2\" dir=\"ltr\"><span class=\"selectable-text copyable-text\">Dr. Alwash is the advisor to Dr. Barham Salih on Climate\u00a0\u00a0 Change issues and produced a set of innovative ideas on how to convert Climate Change from a threat to the region to an opportunity to bring the regional powers together to address the challenges of climate change on the region through creation of cross border co dependence and cooperation.<\/span><\/p><p class=\"selectable-text copyable-text iq0m558w g0rxnol2\" dir=\"ltr\"><span class=\"selectable-text copyable-text\">Dr. Alwash is working now on issues of water and the environment through Nature Iraq and American University to promote the idea of cooperation on water management and making water an instrument of peace rather than the source of tension in the future middle east.<\/span><\/p><\/div>\n\t\t\t\t<\/div>\n\t\t\t\t\t\t\t\t<\/div>\n\t\t\t\t<\/div>\n\t\t\t\t<\/div>\n\t\t\t\t\t<\/div>\n\t\t<\/div>\n\t\t\t\t\t<\/div>\n\t\t<\/section>\n\t\t\t\t<section class=\"elementor-section elementor-inner-section elementor-element elementor-element-80c56ac elementor-section-boxed elementor-section-height-default elementor-section-height-default\" data-id=\"80c56ac\" data-element_type=\"section\">\n\t\t\t\t\t\t<div class=\"elementor-container elementor-column-gap-default\">\n\t\t\t\t\t<div class=\"elementor-column elementor-col-100 elementor-inner-column elementor-element elementor-element-5e289e6\" data-id=\"5e289e6\" data-element_type=\"column\">\n\t\t\t<div class=\"elementor-widget-wrap\">\n\t\t\t\t\t\t\t<\/div>\n\t\t<\/div>\n\t\t\t\t\t<\/div>\n\t\t<\/section>\n\t\t\t\t<section class=\"elementor-section elementor-inner-section elementor-element elementor-element-933cc18 elementor-section-boxed elementor-section-height-default elementor-section-height-default\" data-id=\"933cc18\" data-element_type=\"section\">\n\t\t\t\t\t\t<div class=\"elementor-container elementor-column-gap-default\">\n\t\t\t\t\t<div class=\"elementor-column elementor-col-100 elementor-inner-column elementor-element elementor-element-fc549df\" data-id=\"fc549df\" data-element_type=\"column\">\n\t\t\t<div class=\"elementor-widget-wrap elementor-element-populated\">\n\t\t\t\t\t\t<div class=\"elementor-element elementor-element-d609ed7 elementor-position-left elementor-vertical-align-top elementor-widget elementor-widget-image-box\" data-id=\"d609ed7\" data-element_type=\"widget\" data-widget_type=\"image-box.default\">\n\t\t\t\t<div class=\"elementor-widget-container\">\n\t\t\t<div class=\"elementor-image-box-wrapper\"><figure class=\"elementor-image-box-img\"><img loading=\"lazy\" decoding=\"async\" width=\"680\" height=\"680\" src=\"https:\/\/www.mem-summit.ch\/wp-content\/uploads\/2018\/05\/Fabrice-Balanche_2.jpg\" class=\"attachment-full size-full wp-image-2020\" alt=\"\" srcset=\"https:\/\/www.mem-summit.ch\/wp-content\/uploads\/2018\/05\/Fabrice-Balanche_2.jpg 680w, https:\/\/www.mem-summit.ch\/wp-content\/uploads\/2018\/05\/Fabrice-Balanche_2-150x150.jpg 150w, https:\/\/www.mem-summit.ch\/wp-content\/uploads\/2018\/05\/Fabrice-Balanche_2-480x480.jpg 480w, https:\/\/www.mem-summit.ch\/wp-content\/uploads\/2018\/05\/elementor\/thumbs\/Fabrice-Balanche_2-oyu3jdih3pw0kicyzfkjfw06dfpd70anwddhfvu608.jpg 100w\" sizes=\"(max-width: 680px) 100vw, 680px\" \/><\/figure><div class=\"elementor-image-box-content\"><h3 class=\"elementor-image-box-title\">FABRICE BALANCHE<\/h3><p class=\"elementor-image-box-description\">Professor, Universit\u00e9 Lyon II<\/p><\/div><\/div>\t\t<\/div>\n\t\t\t\t<\/div>\n\t\t\t\t<div class=\"elementor-element elementor-element-e478979 elementor-widget elementor-widget-toggle\" data-id=\"e478979\" data-element_type=\"widget\" data-widget_type=\"toggle.default\">\n\t\t\t\t<div class=\"elementor-widget-container\">\n\t\t\t\t\t<div class=\"elementor-toggle\">\n\t\t\t\t\t\t\t<div class=\"elementor-toggle-item\">\n\t\t\t\t\t<div id=\"elementor-tab-title-2391\" class=\"elementor-tab-title\" data-tab=\"1\" role=\"button\" aria-controls=\"elementor-tab-content-2391\" aria-expanded=\"false\">\n\t\t\t\t\t\t\t\t\t\t\t\t<span class=\"elementor-toggle-icon elementor-toggle-icon-right\" aria-hidden=\"true\">\n\t\t\t\t\t\t\t\t\t\t\t\t\t\t\t<span class=\"elementor-toggle-icon-closed\"><i class=\"fas fa-angle-down\"><\/i><\/span>\n\t\t\t\t\t\t\t\t<span class=\"elementor-toggle-icon-opened\"><i class=\"elementor-toggle-icon-opened fas fa-angle-up\"><\/i><\/span>\n\t\t\t\t\t\t\t\t\t\t\t\t\t<\/span>\n\t\t\t\t\t\t\t\t\t\t\t\t<a class=\"elementor-toggle-title\" tabindex=\"0\">Read more<\/a>\n\t\t\t\t\t<\/div>\n\n\t\t\t\t\t<div id=\"elementor-tab-content-2391\" class=\"elementor-tab-content elementor-clearfix\" data-tab=\"1\" role=\"region\" aria-labelledby=\"elementor-tab-title-2391\"><p>Fabrice Balanche is an associate professor at the University of Lyon in his native France. Formerly a visiting fellow at the Washington Institute for Near East Policy (2015-2017) and the Hoover Institution (2017-2018), is a political geographer specializing in the Middle East. He was previously the director of the Urban Observatory at the French Institute of the Near East in Beirut from 2003 to 2007, the director of GREMMO (Research Group on the Mediterranean and the Middle East) at the University of Lyon from 2010 to 2015. Fabrice Balanche received a doctorate in political geography from the University of Tours in 2000 and accreditation to supervise research from the University of Lyon in 2013.<\/p><p>He spent ten years in Lebanon and Syria, his main areas of study, since first engaging in fieldwork in the region in 1990. He was one of the first academics and observers who accurately predicted the evolution of the Syrian crisis, thanks to his deep knowledge of the Syrian society and his method of analysis.<\/p><p>His publications include <em>Geopolitics of the Middle East<\/em> (2014, in French), <em>Atlas of the Near East<\/em> (2011, in English, French, and Arabic), the book version of his thesis, <em>The Alawite Region and Syrian Power<\/em> (2006, in French), <em>Sectarianism in the Syrian Civil War<\/em> (2018, in English), Syria Lebanon : sectarianism and power (2022, French) and many articles on Syria and Middle East,), has been published in February 2018.<\/p><\/div>\n\t\t\t\t<\/div>\n\t\t\t\t\t\t\t\t<\/div>\n\t\t\t\t<\/div>\n\t\t\t\t<\/div>\n\t\t\t\t\t<\/div>\n\t\t<\/div>\n\t\t\t\t\t<\/div>\n\t\t<\/section>\n\t\t\t\t<section class=\"elementor-section elementor-inner-section elementor-element elementor-element-1ba33e5 elementor-section-boxed elementor-section-height-default elementor-section-height-default\" data-id=\"1ba33e5\" data-element_type=\"section\">\n\t\t\t\t\t\t<div class=\"elementor-container elementor-column-gap-default\">\n\t\t\t\t\t<div class=\"elementor-column elementor-col-100 elementor-inner-column elementor-element elementor-element-c0e1333\" data-id=\"c0e1333\" data-element_type=\"column\">\n\t\t\t<div class=\"elementor-widget-wrap\">\n\t\t\t\t\t\t\t<\/div>\n\t\t<\/div>\n\t\t\t\t\t<\/div>\n\t\t<\/section>\n\t\t\t\t<section class=\"elementor-section elementor-inner-section elementor-element elementor-element-3e70619 elementor-section-boxed elementor-section-height-default elementor-section-height-default\" data-id=\"3e70619\" data-element_type=\"section\">\n\t\t\t\t\t\t<div class=\"elementor-container elementor-column-gap-default\">\n\t\t\t\t\t<div class=\"elementor-column elementor-col-100 elementor-inner-column elementor-element elementor-element-d3fec61\" data-id=\"d3fec61\" data-element_type=\"column\">\n\t\t\t<div class=\"elementor-widget-wrap elementor-element-populated\">\n\t\t\t\t\t\t<div class=\"elementor-element elementor-element-3a5c21a elementor-position-left elementor-vertical-align-top elementor-widget elementor-widget-image-box\" data-id=\"3a5c21a\" data-element_type=\"widget\" data-widget_type=\"image-box.default\">\n\t\t\t\t<div class=\"elementor-widget-container\">\n\t\t\t<div class=\"elementor-image-box-wrapper\"><figure class=\"elementor-image-box-img\"><img loading=\"lazy\" decoding=\"async\" width=\"618\" height=\"618\" src=\"https:\/\/www.mem-summit.ch\/wp-content\/uploads\/2023\/07\/Ambassador_Yvonne_Baumann.png\" class=\"attachment-full size-full wp-image-15482\" alt=\"\" srcset=\"https:\/\/www.mem-summit.ch\/wp-content\/uploads\/2023\/07\/Ambassador_Yvonne_Baumann.png 618w, https:\/\/www.mem-summit.ch\/wp-content\/uploads\/2023\/07\/Ambassador_Yvonne_Baumann-480x480.png 480w, https:\/\/www.mem-summit.ch\/wp-content\/uploads\/2023\/07\/Ambassador_Yvonne_Baumann-150x150.png 150w\" sizes=\"(max-width: 618px) 100vw, 618px\" \/><\/figure><div class=\"elementor-image-box-content\"><h3 class=\"elementor-image-box-title\">YVONNE\tBAUMANN<\/h3><p class=\"elementor-image-box-description\">Ambassador of Switzerland to Egypt<\/p><\/div><\/div>\t\t<\/div>\n\t\t\t\t<\/div>\n\t\t\t\t<div class=\"elementor-element elementor-element-8bc130c elementor-widget elementor-widget-toggle\" data-id=\"8bc130c\" data-element_type=\"widget\" data-widget_type=\"toggle.default\">\n\t\t\t\t<div class=\"elementor-widget-container\">\n\t\t\t\t\t<div class=\"elementor-toggle\">\n\t\t\t\t\t\t\t<div class=\"elementor-toggle-item\">\n\t\t\t\t\t<div id=\"elementor-tab-title-1461\" class=\"elementor-tab-title\" data-tab=\"1\" role=\"button\" aria-controls=\"elementor-tab-content-1461\" aria-expanded=\"false\">\n\t\t\t\t\t\t\t\t\t\t\t\t<span class=\"elementor-toggle-icon elementor-toggle-icon-right\" aria-hidden=\"true\">\n\t\t\t\t\t\t\t\t\t\t\t\t\t\t\t<span class=\"elementor-toggle-icon-closed\"><i class=\"fas fa-angle-down\"><\/i><\/span>\n\t\t\t\t\t\t\t\t<span class=\"elementor-toggle-icon-opened\"><i class=\"elementor-toggle-icon-opened fas fa-angle-up\"><\/i><\/span>\n\t\t\t\t\t\t\t\t\t\t\t\t\t<\/span>\n\t\t\t\t\t\t\t\t\t\t\t\t<a class=\"elementor-toggle-title\" tabindex=\"0\">Read more<\/a>\n\t\t\t\t\t<\/div>\n\n\t\t\t\t\t<div id=\"elementor-tab-content-1461\" class=\"elementor-tab-content elementor-clearfix\" data-tab=\"1\" role=\"region\" aria-labelledby=\"elementor-tab-title-1461\"><p>Ambassador Yvonne Baumann joined the Swiss Federal Department of Foreign Affairs in 1991 and completed her diplomatic training in Bern and Budapest. She is serving as Ambassador of Switzerland to Egypt since 2021. Baumann studied History, German Literature and Philosophy and holds a licentiate and a doctoral degree (Dr. phil.) from the University of Zurich. From 1993 to 1996, she was assigned to the Swiss Agency for Development and Cooperation at the Foreign Ministry in Bern. She then served as Deputy Head of Mission at the Embassy of Switzerland in Venezuela until 1999. From 2000 to 2002 Baumann was a special advisor to the Swiss Foreign Minister and from 2022 to 2004 she served as Deputy Head of Mission to the Embassy of Switzerland in Mexico. By 2004 she achieved the rank of Ambassador and took on as Head of the Political Affairs Division in charge of the Americas at the Foreign Ministry in Bern where she served until the end of 2009. Since then, she was assigned as Head of Mission to Chile (2010-2014), to Indonesia, accredited as well to Timor-Leste and the Association of Southeast Asian Nations (2014-2018) and to Colombia (2018-2021).<\/p><\/div>\n\t\t\t\t<\/div>\n\t\t\t\t\t\t\t\t<\/div>\n\t\t\t\t<\/div>\n\t\t\t\t<\/div>\n\t\t\t\t\t<\/div>\n\t\t<\/div>\n\t\t\t\t\t<\/div>\n\t\t<\/section>\n\t\t\t\t<section class=\"elementor-section elementor-inner-section elementor-element elementor-element-d94db22 elementor-section-boxed elementor-section-height-default elementor-section-height-default\" data-id=\"d94db22\" data-element_type=\"section\">\n\t\t\t\t\t\t<div class=\"elementor-container elementor-column-gap-default\">\n\t\t\t\t\t<div class=\"elementor-column elementor-col-100 elementor-inner-column elementor-element elementor-element-f608048\" data-id=\"f608048\" data-element_type=\"column\">\n\t\t\t<div class=\"elementor-widget-wrap\">\n\t\t\t\t\t\t\t<\/div>\n\t\t<\/div>\n\t\t\t\t\t<\/div>\n\t\t<\/section>\n\t\t\t\t<section class=\"elementor-section elementor-inner-section elementor-element elementor-element-3305fcb elementor-section-boxed elementor-section-height-default elementor-section-height-default\" data-id=\"3305fcb\" data-element_type=\"section\">\n\t\t\t\t\t\t<div class=\"elementor-container elementor-column-gap-default\">\n\t\t\t\t\t<div class=\"elementor-column elementor-col-100 elementor-inner-column elementor-element elementor-element-f01a522\" data-id=\"f01a522\" data-element_type=\"column\">\n\t\t\t<div class=\"elementor-widget-wrap elementor-element-populated\">\n\t\t\t\t\t\t<div class=\"elementor-element elementor-element-3bd988d elementor-position-left elementor-vertical-align-top elementor-widget elementor-widget-image-box\" data-id=\"3bd988d\" data-element_type=\"widget\" data-widget_type=\"image-box.default\">\n\t\t\t\t<div class=\"elementor-widget-container\">\n\t\t\t<div class=\"elementor-image-box-wrapper\"><figure class=\"elementor-image-box-img\"><img loading=\"lazy\" decoding=\"async\" width=\"600\" height=\"600\" src=\"https:\/\/www.mem-summit.ch\/wp-content\/uploads\/2021\/12\/Benecchi_Foto_USI_2.jpg\" class=\"attachment-full size-full wp-image-13101\" alt=\"\" srcset=\"https:\/\/www.mem-summit.ch\/wp-content\/uploads\/2021\/12\/Benecchi_Foto_USI_2.jpg 600w, https:\/\/www.mem-summit.ch\/wp-content\/uploads\/2021\/12\/Benecchi_Foto_USI_2-480x480.jpg 480w, https:\/\/www.mem-summit.ch\/wp-content\/uploads\/2021\/12\/Benecchi_Foto_USI_2-150x150.jpg 150w, https:\/\/www.mem-summit.ch\/wp-content\/uploads\/2021\/12\/elementor\/thumbs\/Benecchi_Foto_USI_2-phxyez8ddqcuevqknz9iknjg9j2nbi09rjhq6jv7xk.jpg 100w\" sizes=\"(max-width: 600px) 100vw, 600px\" \/><\/figure><div class=\"elementor-image-box-content\"><h3 class=\"elementor-image-box-title\"> ELEONORA BENECCHI<\/h3><p class=\"elementor-image-box-description\">Lecturer and Researcher, Universit\u00e0 della Svizzera italiana<\/p><\/div><\/div>\t\t<\/div>\n\t\t\t\t<\/div>\n\t\t\t\t<div class=\"elementor-element elementor-element-01356a2 elementor-widget elementor-widget-toggle\" data-id=\"01356a2\" data-element_type=\"widget\" data-widget_type=\"toggle.default\">\n\t\t\t\t<div class=\"elementor-widget-container\">\n\t\t\t\t\t<div class=\"elementor-toggle\">\n\t\t\t\t\t\t\t<div class=\"elementor-toggle-item\">\n\t\t\t\t\t<div id=\"elementor-tab-title-1261\" class=\"elementor-tab-title\" data-tab=\"1\" role=\"button\" aria-controls=\"elementor-tab-content-1261\" aria-expanded=\"false\">\n\t\t\t\t\t\t\t\t\t\t\t\t<span class=\"elementor-toggle-icon elementor-toggle-icon-right\" aria-hidden=\"true\">\n\t\t\t\t\t\t\t\t\t\t\t\t\t\t\t<span class=\"elementor-toggle-icon-closed\"><i class=\"fas fa-angle-down\"><\/i><\/span>\n\t\t\t\t\t\t\t\t<span class=\"elementor-toggle-icon-opened\"><i class=\"elementor-toggle-icon-opened fas fa-angle-up\"><\/i><\/span>\n\t\t\t\t\t\t\t\t\t\t\t\t\t<\/span>\n\t\t\t\t\t\t\t\t\t\t\t\t<a class=\"elementor-toggle-title\" tabindex=\"0\">Read more<\/a>\n\t\t\t\t\t<\/div>\n\n\t\t\t\t\t<div id=\"elementor-tab-content-1261\" class=\"elementor-tab-content elementor-clearfix\" data-tab=\"1\" role=\"region\" aria-labelledby=\"elementor-tab-title-1261\"><p><span class=\"selectable-text copyable-text\">Dr. Eleonora Benecchi is\u00a0ma\u00eetre\u00a0d&#8217;enseignement\u00a0et de recherche\u00a0(MER)\u00a0at the Institute of Media and Journalism (USI, Universit\u00e0 della Svizzera italiana). Her main research interests include\u00a0Internet fandom,\u00a0participatory culture\u00a0with special regard to the spreading of cultural contents through social media and media consumption practices. She published scientific articles and book chapters in these fields in top-ranked journals such as Media Culture and Society and New Media and Society.\u00a0She is also head of research for projects focusing on kids and adolescents\u2019 digital\u00a0media consumption and she is currently working on the spread of problematic contents and hate speech through social media.\u00a0She is also a radio journalist and has been\u00a0organizing\u00a0labs connected to courses of radio, cinema and documentary filmmaking for over thirteen years.\u00a0Her last book \u201cDi chi \u00e8 questa storia\u201d deals with the changes in the creation, development and distribution of \u201cstories\u201d in the digital age.<\/span><\/p><\/div>\n\t\t\t\t<\/div>\n\t\t\t\t\t\t\t\t<\/div>\n\t\t\t\t<\/div>\n\t\t\t\t<\/div>\n\t\t\t\t\t<\/div>\n\t\t<\/div>\n\t\t\t\t\t<\/div>\n\t\t<\/section>\n\t\t\t\t<section class=\"elementor-section elementor-inner-section elementor-element elementor-element-1dd1686 elementor-section-boxed elementor-section-height-default elementor-section-height-default\" data-id=\"1dd1686\" data-element_type=\"section\">\n\t\t\t\t\t\t<div class=\"elementor-container elementor-column-gap-default\">\n\t\t\t\t\t<div class=\"elementor-column elementor-col-100 elementor-inner-column elementor-element elementor-element-d575436\" data-id=\"d575436\" data-element_type=\"column\">\n\t\t\t<div class=\"elementor-widget-wrap\">\n\t\t\t\t\t\t\t<\/div>\n\t\t<\/div>\n\t\t\t\t\t<\/div>\n\t\t<\/section>\n\t\t\t\t<section class=\"elementor-section elementor-inner-section elementor-element elementor-element-f75d793 elementor-section-boxed elementor-section-height-default elementor-section-height-default\" data-id=\"f75d793\" data-element_type=\"section\">\n\t\t\t\t\t\t<div class=\"elementor-container elementor-column-gap-default\">\n\t\t\t\t\t<div class=\"elementor-column elementor-col-100 elementor-inner-column elementor-element elementor-element-635d4fd\" data-id=\"635d4fd\" data-element_type=\"column\">\n\t\t\t<div class=\"elementor-widget-wrap elementor-element-populated\">\n\t\t\t\t\t\t<div class=\"elementor-element elementor-element-a1d0b26 elementor-position-left elementor-vertical-align-top elementor-widget elementor-widget-image-box\" data-id=\"a1d0b26\" data-element_type=\"widget\" data-widget_type=\"image-box.default\">\n\t\t\t\t<div class=\"elementor-widget-container\">\n\t\t\t<div class=\"elementor-image-box-wrapper\"><figure class=\"elementor-image-box-img\"><img loading=\"lazy\" decoding=\"async\" width=\"900\" height=\"900\" src=\"https:\/\/www.mem-summit.ch\/wp-content\/uploads\/2023\/07\/FRANCESCA_BORGHETTI.png\" class=\"attachment-full size-full wp-image-15416\" alt=\"\" srcset=\"https:\/\/www.mem-summit.ch\/wp-content\/uploads\/2023\/07\/FRANCESCA_BORGHETTI.png 900w, https:\/\/www.mem-summit.ch\/wp-content\/uploads\/2023\/07\/FRANCESCA_BORGHETTI-480x480.png 480w, https:\/\/www.mem-summit.ch\/wp-content\/uploads\/2023\/07\/FRANCESCA_BORGHETTI-150x150.png 150w, https:\/\/www.mem-summit.ch\/wp-content\/uploads\/2023\/07\/FRANCESCA_BORGHETTI-768x768.png 768w\" sizes=\"(max-width: 900px) 100vw, 900px\" \/><\/figure><div class=\"elementor-image-box-content\"><h3 class=\"elementor-image-box-title\">FRANCESCA BORGHETTI<\/h3><p class=\"elementor-image-box-description\">Film Director<\/p><\/div><\/div>\t\t<\/div>\n\t\t\t\t<\/div>\n\t\t\t\t<div class=\"elementor-element elementor-element-aaf9c8d elementor-widget elementor-widget-toggle\" data-id=\"aaf9c8d\" data-element_type=\"widget\" data-widget_type=\"toggle.default\">\n\t\t\t\t<div class=\"elementor-widget-container\">\n\t\t\t\t\t<div class=\"elementor-toggle\">\n\t\t\t\t\t\t\t<div class=\"elementor-toggle-item\">\n\t\t\t\t\t<div id=\"elementor-tab-title-1791\" class=\"elementor-tab-title\" data-tab=\"1\" role=\"button\" aria-controls=\"elementor-tab-content-1791\" aria-expanded=\"false\">\n\t\t\t\t\t\t\t\t\t\t\t\t<span class=\"elementor-toggle-icon elementor-toggle-icon-right\" aria-hidden=\"true\">\n\t\t\t\t\t\t\t\t\t\t\t\t\t\t\t<span class=\"elementor-toggle-icon-closed\"><i class=\"fas fa-angle-down\"><\/i><\/span>\n\t\t\t\t\t\t\t\t<span class=\"elementor-toggle-icon-opened\"><i class=\"elementor-toggle-icon-opened fas fa-angle-up\"><\/i><\/span>\n\t\t\t\t\t\t\t\t\t\t\t\t\t<\/span>\n\t\t\t\t\t\t\t\t\t\t\t\t<a class=\"elementor-toggle-title\" tabindex=\"0\">Read more<\/a>\n\t\t\t\t\t<\/div>\n\n\t\t\t\t\t<div id=\"elementor-tab-content-1791\" class=\"elementor-tab-content elementor-clearfix\" data-tab=\"1\" role=\"region\" aria-labelledby=\"elementor-tab-title-1791\"><p>Francesca Borghetti is an author and director with more than twenty years of experience in the audiovisual field. She collaborated with independent productions and TV channels such as Rai Storia, Rai 5, Babel Tv, Rai 2 and Rai Documentari. The interest in female figures who have left an imprint on future generations has become the centre of her work starting with the documentary \u201cClimbing Iran\u201d which she wrote and directed starring the Iranian rock climber Nasim Eshqi rewarded with several Prize. Francesca recently switched to the podcast format with \u201cPointeNini Women&#8217;s Mountain Stories\u201d among the Original contents of Rai Play Sound. With the podcast series \u201cPaladine\u201d, \u201cIn Buone Mani\u201d and \u201cRitratti di Artiste\u201d produced by Chora Media, she proceeds to tell exemplary stories women, hidden in the folds of history. \u201cNasim Iran Verticale\u201d produced by Rai Play Sound is the last stage of a journey alongside Nasim Eshqi that began many years earlier, in the salient moment in which she decided to speak &#8220;out loud&#8221;.<\/p><\/div>\n\t\t\t\t<\/div>\n\t\t\t\t\t\t\t\t<\/div>\n\t\t\t\t<\/div>\n\t\t\t\t<\/div>\n\t\t\t\t\t<\/div>\n\t\t<\/div>\n\t\t\t\t\t<\/div>\n\t\t<\/section>\n\t\t\t\t<section class=\"elementor-section elementor-inner-section elementor-element elementor-element-140549d elementor-section-boxed elementor-section-height-default elementor-section-height-default\" data-id=\"140549d\" data-element_type=\"section\">\n\t\t\t\t\t\t<div class=\"elementor-container elementor-column-gap-default\">\n\t\t\t\t\t<div class=\"elementor-column elementor-col-100 elementor-inner-column elementor-element elementor-element-97fe6c6\" data-id=\"97fe6c6\" data-element_type=\"column\">\n\t\t\t<div class=\"elementor-widget-wrap\">\n\t\t\t\t\t\t\t<\/div>\n\t\t<\/div>\n\t\t\t\t\t<\/div>\n\t\t<\/section>\n\t\t\t\t<section class=\"elementor-section elementor-inner-section elementor-element elementor-element-48d7b6e elementor-section-boxed elementor-section-height-default elementor-section-height-default\" data-id=\"48d7b6e\" data-element_type=\"section\">\n\t\t\t\t\t\t<div class=\"elementor-container elementor-column-gap-default\">\n\t\t\t\t\t<div class=\"elementor-column elementor-col-100 elementor-inner-column elementor-element elementor-element-d0e5e0c\" data-id=\"d0e5e0c\" data-element_type=\"column\">\n\t\t\t<div class=\"elementor-widget-wrap elementor-element-populated\">\n\t\t\t\t\t\t<div class=\"elementor-element elementor-element-969e461 elementor-position-left elementor-vertical-align-top elementor-widget elementor-widget-image-box\" data-id=\"969e461\" data-element_type=\"widget\" data-widget_type=\"image-box.default\">\n\t\t\t\t<div class=\"elementor-widget-container\">\n\t\t\t<div class=\"elementor-image-box-wrapper\"><figure class=\"elementor-image-box-img\"><img loading=\"lazy\" decoding=\"async\" width=\"461\" height=\"461\" src=\"https:\/\/www.mem-summit.ch\/wp-content\/uploads\/2019\/08\/Lorenzo_Cantoni_2.jpg\" class=\"attachment-full size-full wp-image-8192\" alt=\"\" srcset=\"https:\/\/www.mem-summit.ch\/wp-content\/uploads\/2019\/08\/Lorenzo_Cantoni_2.jpg 461w, https:\/\/www.mem-summit.ch\/wp-content\/uploads\/2019\/08\/Lorenzo_Cantoni_2-150x150.jpg 150w\" sizes=\"(max-width: 461px) 100vw, 461px\" \/><\/figure><div class=\"elementor-image-box-content\"><h3 class=\"elementor-image-box-title\">LORENZO CANTONI\t<\/h3><p class=\"elementor-image-box-description\">Professor, Faculty of Communication, Culture and Society, Universita\u0300 della Svizzera italiana<\/p><\/div><\/div>\t\t<\/div>\n\t\t\t\t<\/div>\n\t\t\t\t<div class=\"elementor-element elementor-element-8f09339 elementor-widget elementor-widget-toggle\" data-id=\"8f09339\" data-element_type=\"widget\" data-widget_type=\"toggle.default\">\n\t\t\t\t<div class=\"elementor-widget-container\">\n\t\t\t\t\t<div class=\"elementor-toggle\">\n\t\t\t\t\t\t\t<div class=\"elementor-toggle-item\">\n\t\t\t\t\t<div id=\"elementor-tab-title-1491\" class=\"elementor-tab-title\" data-tab=\"1\" role=\"button\" aria-controls=\"elementor-tab-content-1491\" aria-expanded=\"false\">\n\t\t\t\t\t\t\t\t\t\t\t\t<span class=\"elementor-toggle-icon elementor-toggle-icon-right\" aria-hidden=\"true\">\n\t\t\t\t\t\t\t\t\t\t\t\t\t\t\t<span class=\"elementor-toggle-icon-closed\"><i class=\"fas fa-angle-down\"><\/i><\/span>\n\t\t\t\t\t\t\t\t<span class=\"elementor-toggle-icon-opened\"><i class=\"elementor-toggle-icon-opened fas fa-angle-up\"><\/i><\/span>\n\t\t\t\t\t\t\t\t\t\t\t\t\t<\/span>\n\t\t\t\t\t\t\t\t\t\t\t\t<a class=\"elementor-toggle-title\" tabindex=\"0\">Read more<\/a>\n\t\t\t\t\t<\/div>\n\n\t\t\t\t\t<div id=\"elementor-tab-content-1491\" class=\"elementor-tab-content elementor-clearfix\" data-tab=\"1\" role=\"region\" aria-labelledby=\"elementor-tab-title-1491\"><p>Lorenzo Cantoni graduated in Philosophy and holds a PhD in Education and Linguistics. He is full professor at USI &#8211; Universit\u00e0 della Svizzera italiana (Lugano, Switzerland), Faculty of Communication, Culture and Society, where he is director of the Institute of Digital Technologies for Communication.<\/p><p>His research interests are where communication, education and new media overlap, ranging from computer mediated communication to usability, from eLearning to eTourism and digital Fashion, from ICT4D to eGovernment.<\/p><p>He is chair-holder of the UNESCO chair in ICT to develop and promote sustainable tourism in World Heritage Sites, established at USI in 2013, and board member of WHES &#8211; World Heritage Experience Switzerland.<\/p><p>He is USI&#8217;s Pro-rector for Education and Students&#8217; experience.<\/p><p>He is director of the\u00a0<a href=\"http:\/\/www.usi.ch\/mdfc\" target=\"_blank\" rel=\"noopener nofollow\">Master in Digital Fashion Communication,<\/a>\u00a0done in collaboration with the Universit\u00e9 Paris 1 Panth\u00e9on-Sorbonne, and director of the\u00a0<a href=\"https:\/\/www.usi.ch\/en\/node\/1148\" target=\"_blank\" rel=\"noopener nofollow\">Master in International Tourism<\/a>.<\/p><p>L. Cantoni has been Dean of the Faculty (2010-2014),\u00a0Deputy Rector (May 2022-June 2023)\u00a0and President of IFITT &#8211; International Federation for IT in Travel and Tourism (2014-January 2018).<\/p><\/div>\n\t\t\t\t<\/div>\n\t\t\t\t\t\t\t\t<\/div>\n\t\t\t\t<\/div>\n\t\t\t\t<\/div>\n\t\t\t\t\t<\/div>\n\t\t<\/div>\n\t\t\t\t\t<\/div>\n\t\t<\/section>\n\t\t\t\t<section class=\"elementor-section elementor-inner-section elementor-element elementor-element-f188de4 elementor-section-boxed elementor-section-height-default elementor-section-height-default\" data-id=\"f188de4\" data-element_type=\"section\">\n\t\t\t\t\t\t<div class=\"elementor-container elementor-column-gap-default\">\n\t\t\t\t\t<div class=\"elementor-column elementor-col-100 elementor-inner-column elementor-element elementor-element-8c086ee\" data-id=\"8c086ee\" data-element_type=\"column\">\n\t\t\t<div class=\"elementor-widget-wrap\">\n\t\t\t\t\t\t\t<\/div>\n\t\t<\/div>\n\t\t\t\t\t<\/div>\n\t\t<\/section>\n\t\t\t\t<section class=\"elementor-section elementor-inner-section elementor-element elementor-element-8afb2df elementor-section-boxed elementor-section-height-default elementor-section-height-default\" data-id=\"8afb2df\" data-element_type=\"section\">\n\t\t\t\t\t\t<div class=\"elementor-container elementor-column-gap-default\">\n\t\t\t\t\t<div class=\"elementor-column elementor-col-100 elementor-inner-column elementor-element elementor-element-1a83968\" data-id=\"1a83968\" data-element_type=\"column\">\n\t\t\t<div class=\"elementor-widget-wrap elementor-element-populated\">\n\t\t\t\t\t\t<div class=\"elementor-element elementor-element-ed9934f elementor-position-left elementor-vertical-align-top elementor-widget elementor-widget-image-box\" data-id=\"ed9934f\" data-element_type=\"widget\" data-widget_type=\"image-box.default\">\n\t\t\t\t<div class=\"elementor-widget-container\">\n\t\t\t<div class=\"elementor-image-box-wrapper\"><figure class=\"elementor-image-box-img\"><img loading=\"lazy\" decoding=\"async\" width=\"618\" height=\"618\" src=\"https:\/\/www.mem-summit.ch\/wp-content\/uploads\/2023\/07\/Mae_Anna_Chokr.png\" class=\"attachment-full size-full wp-image-15492\" alt=\"\" srcset=\"https:\/\/www.mem-summit.ch\/wp-content\/uploads\/2023\/07\/Mae_Anna_Chokr.png 618w, https:\/\/www.mem-summit.ch\/wp-content\/uploads\/2023\/07\/Mae_Anna_Chokr-480x480.png 480w, https:\/\/www.mem-summit.ch\/wp-content\/uploads\/2023\/07\/Mae_Anna_Chokr-150x150.png 150w\" sizes=\"(max-width: 618px) 100vw, 618px\" \/><\/figure><div class=\"elementor-image-box-content\"><h3 class=\"elementor-image-box-title\">MAE ANNA CHOKR<\/h3><p class=\"elementor-image-box-description\">ETH-Center for Security Studies <\/p><\/div><\/div>\t\t<\/div>\n\t\t\t\t<\/div>\n\t\t\t\t<div class=\"elementor-element elementor-element-975c32c elementor-widget elementor-widget-toggle\" data-id=\"975c32c\" data-element_type=\"widget\" data-widget_type=\"toggle.default\">\n\t\t\t\t<div class=\"elementor-widget-container\">\n\t\t\t\t\t<div class=\"elementor-toggle\">\n\t\t\t\t\t\t\t<div class=\"elementor-toggle-item\">\n\t\t\t\t\t<div id=\"elementor-tab-title-1581\" class=\"elementor-tab-title\" data-tab=\"1\" role=\"button\" aria-controls=\"elementor-tab-content-1581\" aria-expanded=\"false\">\n\t\t\t\t\t\t\t\t\t\t\t\t<span class=\"elementor-toggle-icon elementor-toggle-icon-right\" aria-hidden=\"true\">\n\t\t\t\t\t\t\t\t\t\t\t\t\t\t\t<span class=\"elementor-toggle-icon-closed\"><i class=\"fas fa-angle-down\"><\/i><\/span>\n\t\t\t\t\t\t\t\t<span class=\"elementor-toggle-icon-opened\"><i class=\"elementor-toggle-icon-opened fas fa-angle-up\"><\/i><\/span>\n\t\t\t\t\t\t\t\t\t\t\t\t\t<\/span>\n\t\t\t\t\t\t\t\t\t\t\t\t<a class=\"elementor-toggle-title\" tabindex=\"0\">Read more<\/a>\n\t\t\t\t\t<\/div>\n\n\t\t\t\t\t<div id=\"elementor-tab-content-1581\" class=\"elementor-tab-content elementor-clearfix\" data-tab=\"1\" role=\"region\" aria-labelledby=\"elementor-tab-title-1581\"><p>Mae Anna Chokr holds a Ph.D. in Politics from the University of Westminster in London. Her thesis titled \u2018Tribes, Memory and Politics in Mesopotamia\u2019 explores themes of identity, tribal heritage, and collective solidarities in Iraq as elements shaping the country\u2019s political culture. She has taught courses on Humanitarian Intervention and Middle East Politics in London. Mae previously worked as a researcher at the Middle East Institute (MEI) in Washington D.C., as well as Future Television in Beirut. She worked in different Ministries in Beirut, Lebanon and holds an MA in International Politics from the Lebanese American University. She is also a painter and emphasises the use of universal symbols to construct stories through her work.<\/p><\/div>\n\t\t\t\t<\/div>\n\t\t\t\t\t\t\t\t<\/div>\n\t\t\t\t<\/div>\n\t\t\t\t<\/div>\n\t\t\t\t\t<\/div>\n\t\t<\/div>\n\t\t\t\t\t<\/div>\n\t\t<\/section>\n\t\t\t\t<section class=\"elementor-section elementor-inner-section elementor-element elementor-element-3088ce9 elementor-section-boxed elementor-section-height-default elementor-section-height-default\" data-id=\"3088ce9\" data-element_type=\"section\">\n\t\t\t\t\t\t<div class=\"elementor-container elementor-column-gap-default\">\n\t\t\t\t\t<div class=\"elementor-column elementor-col-100 elementor-inner-column elementor-element elementor-element-b2637c4\" data-id=\"b2637c4\" data-element_type=\"column\">\n\t\t\t<div class=\"elementor-widget-wrap\">\n\t\t\t\t\t\t\t<\/div>\n\t\t<\/div>\n\t\t\t\t\t<\/div>\n\t\t<\/section>\n\t\t\t\t<section class=\"elementor-section elementor-inner-section elementor-element elementor-element-2d03f29 elementor-section-boxed elementor-section-height-default elementor-section-height-default\" data-id=\"2d03f29\" data-element_type=\"section\">\n\t\t\t\t\t\t<div class=\"elementor-container elementor-column-gap-default\">\n\t\t\t\t\t<div class=\"elementor-column elementor-col-100 elementor-inner-column elementor-element elementor-element-d46a4f5\" data-id=\"d46a4f5\" data-element_type=\"column\">\n\t\t\t<div class=\"elementor-widget-wrap elementor-element-populated\">\n\t\t\t\t\t\t<div class=\"elementor-element elementor-element-b5286e9 elementor-position-left elementor-vertical-align-top elementor-widget elementor-widget-image-box\" data-id=\"b5286e9\" data-element_type=\"widget\" data-widget_type=\"image-box.default\">\n\t\t\t\t<div class=\"elementor-widget-container\">\n\t\t\t<div class=\"elementor-image-box-wrapper\"><figure class=\"elementor-image-box-img\"><img loading=\"lazy\" decoding=\"async\" width=\"618\" height=\"618\" src=\"https:\/\/www.mem-summit.ch\/wp-content\/uploads\/2023\/07\/Seraina.png\" class=\"attachment-full size-full wp-image-15500\" alt=\"\" srcset=\"https:\/\/www.mem-summit.ch\/wp-content\/uploads\/2023\/07\/Seraina.png 618w, https:\/\/www.mem-summit.ch\/wp-content\/uploads\/2023\/07\/Seraina-480x480.png 480w, https:\/\/www.mem-summit.ch\/wp-content\/uploads\/2023\/07\/Seraina-150x150.png 150w\" sizes=\"(max-width: 618px) 100vw, 618px\" \/><\/figure><div class=\"elementor-image-box-content\"><h3 class=\"elementor-image-box-title\">SERAINA ELDADA<\/h3><p class=\"elementor-image-box-description\">Project Officer, Geneva Center of Security Policy<\/p><\/div><\/div>\t\t<\/div>\n\t\t\t\t<\/div>\n\t\t\t\t<div class=\"elementor-element elementor-element-238c7c8 elementor-widget elementor-widget-toggle\" data-id=\"238c7c8\" data-element_type=\"widget\" data-widget_type=\"toggle.default\">\n\t\t\t\t<div class=\"elementor-widget-container\">\n\t\t\t\t\t<div class=\"elementor-toggle\">\n\t\t\t\t\t\t\t<div class=\"elementor-toggle-item\">\n\t\t\t\t\t<div id=\"elementor-tab-title-3721\" class=\"elementor-tab-title\" data-tab=\"1\" role=\"button\" aria-controls=\"elementor-tab-content-3721\" aria-expanded=\"false\">\n\t\t\t\t\t\t\t\t\t\t\t\t<span class=\"elementor-toggle-icon elementor-toggle-icon-right\" aria-hidden=\"true\">\n\t\t\t\t\t\t\t\t\t\t\t\t\t\t\t<span class=\"elementor-toggle-icon-closed\"><i class=\"fas fa-angle-down\"><\/i><\/span>\n\t\t\t\t\t\t\t\t<span class=\"elementor-toggle-icon-opened\"><i class=\"elementor-toggle-icon-opened fas fa-angle-up\"><\/i><\/span>\n\t\t\t\t\t\t\t\t\t\t\t\t\t<\/span>\n\t\t\t\t\t\t\t\t\t\t\t\t<a class=\"elementor-toggle-title\" tabindex=\"0\">Read more<\/a>\n\t\t\t\t\t<\/div>\n\n\t\t\t\t\t<div id=\"elementor-tab-content-3721\" class=\"elementor-tab-content elementor-clearfix\" data-tab=\"1\" role=\"region\" aria-labelledby=\"elementor-tab-title-3721\"><p>Seraina Eldada supports dialogue processes within the Diplomatic Dialogue unit at the Geneva Centre for Security Policy (GCSP). The GCSP facilitates inclusive, discreet dialogue to support Track 1 actors and processes, and to inform Track 2 actors (\u201cdecision shapers\u201d) with a view to generating creative and policy oriented approaches to addressing security challenges, defusing tensions, and building trust and confidence. GCSP\u2019s facilitation and expertise in international security issues creates a favourable atmosphere for identifying common ground and improving understanding. This can complement official talks, which tend to be more formal and less conducive to creative brainstorming. Seraina\u2019s work includes project design, planning and coordination, monitoring and evaluation activities, research, analysis and conceptualisation of new avenues of work in various fragile and conflict settings. Seraina has a background in field-based operations and advocacy in the Middle East, Sub-Saharan Africa, South America and Europe. Previous areas of focus include frontline access negotiations, operational strategy, migration, counterterrorism and criminalization of humanitarian actors, acute health crises, and health and medical needs in armed conflict contexts. Seraina holds an MA and a BA in International Security and Diplomacy with a focus on the Middle East from Sciences Po, and a BA in Political Science and Human Rights from Columbia University.<\/p><\/div>\n\t\t\t\t<\/div>\n\t\t\t\t\t\t\t\t<\/div>\n\t\t\t\t<\/div>\n\t\t\t\t<\/div>\n\t\t\t\t\t<\/div>\n\t\t<\/div>\n\t\t\t\t\t<\/div>\n\t\t<\/section>\n\t\t\t\t<section class=\"elementor-section elementor-inner-section elementor-element elementor-element-4cb591b elementor-section-boxed elementor-section-height-default elementor-section-height-default\" data-id=\"4cb591b\" data-element_type=\"section\">\n\t\t\t\t\t\t<div class=\"elementor-container elementor-column-gap-default\">\n\t\t\t\t\t<div class=\"elementor-column elementor-col-100 elementor-inner-column elementor-element elementor-element-3f3630e\" data-id=\"3f3630e\" data-element_type=\"column\">\n\t\t\t<div class=\"elementor-widget-wrap\">\n\t\t\t\t\t\t\t<\/div>\n\t\t<\/div>\n\t\t\t\t\t<\/div>\n\t\t<\/section>\n\t\t\t\t<section class=\"elementor-section elementor-inner-section elementor-element elementor-element-c71b29e elementor-section-boxed elementor-section-height-default elementor-section-height-default\" data-id=\"c71b29e\" data-element_type=\"section\">\n\t\t\t\t\t\t<div class=\"elementor-container elementor-column-gap-default\">\n\t\t\t\t\t<div class=\"elementor-column elementor-col-100 elementor-inner-column elementor-element elementor-element-6cc6178\" data-id=\"6cc6178\" data-element_type=\"column\">\n\t\t\t<div class=\"elementor-widget-wrap elementor-element-populated\">\n\t\t\t\t\t\t<div class=\"elementor-element elementor-element-dfe8ace elementor-position-left elementor-vertical-align-top elementor-widget elementor-widget-image-box\" data-id=\"dfe8ace\" data-element_type=\"widget\" data-widget_type=\"image-box.default\">\n\t\t\t\t<div class=\"elementor-widget-container\">\n\t\t\t<div class=\"elementor-image-box-wrapper\"><figure class=\"elementor-image-box-img\"><img loading=\"lazy\" decoding=\"async\" width=\"600\" height=\"600\" src=\"https:\/\/www.mem-summit.ch\/wp-content\/uploads\/2021\/12\/Federica_Frediani_2.jpg\" class=\"attachment-full size-full wp-image-13160\" alt=\"\" srcset=\"https:\/\/www.mem-summit.ch\/wp-content\/uploads\/2021\/12\/Federica_Frediani_2.jpg 600w, https:\/\/www.mem-summit.ch\/wp-content\/uploads\/2021\/12\/Federica_Frediani_2-480x480.jpg 480w, https:\/\/www.mem-summit.ch\/wp-content\/uploads\/2021\/12\/Federica_Frediani_2-150x150.jpg 150w, https:\/\/www.mem-summit.ch\/wp-content\/uploads\/2021\/12\/elementor\/thumbs\/Federica_Frediani_2-pi1orqd3pkjfielzybmz3h8zdwp7bn5lson4qeqwaw.jpg 180w\" sizes=\"(max-width: 600px) 100vw, 600px\" \/><\/figure><div class=\"elementor-image-box-content\"><h3 class=\"elementor-image-box-title\">FEDERICA FREDIANI<\/h3><p class=\"elementor-image-box-description\">Lecturer, MEM Project Leader, Universit\u00e0 della Svizzera italiana<\/p><\/div><\/div>\t\t<\/div>\n\t\t\t\t<\/div>\n\t\t\t\t<div class=\"elementor-element elementor-element-ecf524b elementor-widget elementor-widget-toggle\" data-id=\"ecf524b\" data-element_type=\"widget\" data-widget_type=\"toggle.default\">\n\t\t\t\t<div class=\"elementor-widget-container\">\n\t\t\t\t\t<div class=\"elementor-toggle\">\n\t\t\t\t\t\t\t<div class=\"elementor-toggle-item\">\n\t\t\t\t\t<div id=\"elementor-tab-title-2481\" class=\"elementor-tab-title\" data-tab=\"1\" role=\"button\" aria-controls=\"elementor-tab-content-2481\" aria-expanded=\"false\">\n\t\t\t\t\t\t\t\t\t\t\t\t<span class=\"elementor-toggle-icon elementor-toggle-icon-right\" aria-hidden=\"true\">\n\t\t\t\t\t\t\t\t\t\t\t\t\t\t\t<span class=\"elementor-toggle-icon-closed\"><i class=\"fas fa-angle-down\"><\/i><\/span>\n\t\t\t\t\t\t\t\t<span class=\"elementor-toggle-icon-opened\"><i class=\"elementor-toggle-icon-opened fas fa-angle-up\"><\/i><\/span>\n\t\t\t\t\t\t\t\t\t\t\t\t\t<\/span>\n\t\t\t\t\t\t\t\t\t\t\t\t<a class=\"elementor-toggle-title\" tabindex=\"0\">Read more<\/a>\n\t\t\t\t\t<\/div>\n\n\t\t\t\t\t<div id=\"elementor-tab-content-2481\" class=\"elementor-tab-content elementor-clearfix\" data-tab=\"1\" role=\"region\" aria-labelledby=\"elementor-tab-title-2481\"><p><span style=\"font-size: 17px; font-style: normal; font-weight: 100;\">Federica Frediani, Senior researcher and lecturer at the Universit\u00e0 della Svizzera italiana, is currently Educational Programme Manager of the Middle East Mediterranean Freethinking Platform. She is a member of the Project Committee and Project Leader of the Middle East Mediterranean Summer Summit. She holds a Ph.D. in Comparative Literature from Universit\u00e0 di Siena. Her research interests focus mainly on representations, narratives, cultural productions and political and intercultural dynamics of the Middle East Mediterranean region. She published books and articles on travel writing. In particular the women travel literature, and on the relationships between Northern and Southern shores of the Mediterranean.<\/span><\/p><\/div>\n\t\t\t\t<\/div>\n\t\t\t\t\t\t\t\t<\/div>\n\t\t\t\t<\/div>\n\t\t\t\t<\/div>\n\t\t\t\t\t<\/div>\n\t\t<\/div>\n\t\t\t\t\t<\/div>\n\t\t<\/section>\n\t\t\t\t<section class=\"elementor-section elementor-inner-section elementor-element elementor-element-7df0c7c elementor-section-boxed elementor-section-height-default elementor-section-height-default\" data-id=\"7df0c7c\" data-element_type=\"section\">\n\t\t\t\t\t\t<div class=\"elementor-container elementor-column-gap-default\">\n\t\t\t\t\t<div class=\"elementor-column elementor-col-100 elementor-inner-column elementor-element elementor-element-cffbe6e\" data-id=\"cffbe6e\" data-element_type=\"column\">\n\t\t\t<div class=\"elementor-widget-wrap\">\n\t\t\t\t\t\t\t<\/div>\n\t\t<\/div>\n\t\t\t\t\t<\/div>\n\t\t<\/section>\n\t\t\t\t<section class=\"elementor-section elementor-inner-section elementor-element elementor-element-09c1420 elementor-section-boxed elementor-section-height-default elementor-section-height-default\" data-id=\"09c1420\" data-element_type=\"section\">\n\t\t\t\t\t\t<div class=\"elementor-container elementor-column-gap-default\">\n\t\t\t\t\t<div class=\"elementor-column elementor-col-100 elementor-inner-column elementor-element elementor-element-b152c3e\" data-id=\"b152c3e\" data-element_type=\"column\">\n\t\t\t<div class=\"elementor-widget-wrap elementor-element-populated\">\n\t\t\t\t\t\t<div class=\"elementor-element elementor-element-1fd1e34 elementor-position-left elementor-vertical-align-top elementor-widget elementor-widget-image-box\" data-id=\"1fd1e34\" data-element_type=\"widget\" data-widget_type=\"image-box.default\">\n\t\t\t\t<div class=\"elementor-widget-container\">\n\t\t\t<div class=\"elementor-image-box-wrapper\"><figure class=\"elementor-image-box-img\"><img loading=\"lazy\" decoding=\"async\" width=\"640\" height=\"640\" src=\"https:\/\/www.mem-summit.ch\/wp-content\/uploads\/2023\/07\/Carole_Guertler.png\" class=\"attachment-full size-full wp-image-15406\" alt=\"\" srcset=\"https:\/\/www.mem-summit.ch\/wp-content\/uploads\/2023\/07\/Carole_Guertler.png 640w, https:\/\/www.mem-summit.ch\/wp-content\/uploads\/2023\/07\/Carole_Guertler-480x480.png 480w, https:\/\/www.mem-summit.ch\/wp-content\/uploads\/2023\/07\/Carole_Guertler-150x150.png 150w\" sizes=\"(max-width: 640px) 100vw, 640px\" \/><\/figure><div class=\"elementor-image-box-content\"><h3 class=\"elementor-image-box-title\">CAROLE GUERTLER<\/h3><p class=\"elementor-image-box-description\">Independent consultant in sustainable development, cultural and creative economies and media<\/p><\/div><\/div>\t\t<\/div>\n\t\t\t\t<\/div>\n\t\t\t\t<div class=\"elementor-element elementor-element-47c0d9d elementor-widget elementor-widget-toggle\" data-id=\"47c0d9d\" data-element_type=\"widget\" data-widget_type=\"toggle.default\">\n\t\t\t\t<div class=\"elementor-widget-container\">\n\t\t\t\t\t<div class=\"elementor-toggle\">\n\t\t\t\t\t\t\t<div class=\"elementor-toggle-item\">\n\t\t\t\t\t<div id=\"elementor-tab-title-7521\" class=\"elementor-tab-title\" data-tab=\"1\" role=\"button\" aria-controls=\"elementor-tab-content-7521\" aria-expanded=\"false\">\n\t\t\t\t\t\t\t\t\t\t\t\t<span class=\"elementor-toggle-icon elementor-toggle-icon-right\" aria-hidden=\"true\">\n\t\t\t\t\t\t\t\t\t\t\t\t\t\t\t<span class=\"elementor-toggle-icon-closed\"><i class=\"fas fa-angle-down\"><\/i><\/span>\n\t\t\t\t\t\t\t\t<span class=\"elementor-toggle-icon-opened\"><i class=\"elementor-toggle-icon-opened fas fa-angle-up\"><\/i><\/span>\n\t\t\t\t\t\t\t\t\t\t\t\t\t<\/span>\n\t\t\t\t\t\t\t\t\t\t\t\t<a class=\"elementor-toggle-title\" tabindex=\"0\">Read more<\/a>\n\t\t\t\t\t<\/div>\n\n\t\t\t\t\t<div id=\"elementor-tab-content-7521\" class=\"elementor-tab-content elementor-clearfix\" data-tab=\"1\" role=\"region\" aria-labelledby=\"elementor-tab-title-7521\"><p>Carole Guertler is an independent consultant in sustainable development, cultural &amp; creative economies, and media. She specialized in organisational development &amp; capacity building, project and programme work, grantmaking and communication in the fields of philanthropy, NGO \/ NPO, social impact entrepreneurship and CSR. She has been trained in culture &amp; arts, journalism and NPO management, and has been primarily working in the Mediterranean &amp; Middle East Region as well as in Western and Southeast Europe. She is a member of the advisory boards of the research laboratory Synaps (Lebanon &amp; Switzerland), of the socio-cultural enterprise Yaraqa (Lebanon), and of the non-profit company Sela for Training and Protection of Heritage (Jordan). She is a collaborator of Stone Soup Consulting and a member of the editorial board of the Zurich Centre for Creative Economies, a research center within the Zurich University of the Arts.\u00a0<\/p><\/div>\n\t\t\t\t<\/div>\n\t\t\t\t\t\t\t\t<\/div>\n\t\t\t\t<\/div>\n\t\t\t\t<\/div>\n\t\t\t\t\t<\/div>\n\t\t<\/div>\n\t\t\t\t\t<\/div>\n\t\t<\/section>\n\t\t\t\t<section class=\"elementor-section elementor-inner-section elementor-element elementor-element-5982977 elementor-section-boxed elementor-section-height-default elementor-section-height-default\" data-id=\"5982977\" data-element_type=\"section\">\n\t\t\t\t\t\t<div class=\"elementor-container elementor-column-gap-default\">\n\t\t\t\t\t<div class=\"elementor-column elementor-col-100 elementor-inner-column elementor-element elementor-element-0899aa8\" data-id=\"0899aa8\" data-element_type=\"column\">\n\t\t\t<div class=\"elementor-widget-wrap\">\n\t\t\t\t\t\t\t<\/div>\n\t\t<\/div>\n\t\t\t\t\t<\/div>\n\t\t<\/section>\n\t\t\t\t<section class=\"elementor-section elementor-inner-section elementor-element elementor-element-107bfad elementor-section-boxed elementor-section-height-default elementor-section-height-default\" data-id=\"107bfad\" data-element_type=\"section\">\n\t\t\t\t\t\t<div class=\"elementor-container elementor-column-gap-default\">\n\t\t\t\t\t<div class=\"elementor-column elementor-col-100 elementor-inner-column elementor-element elementor-element-ef19d4f\" data-id=\"ef19d4f\" data-element_type=\"column\">\n\t\t\t<div class=\"elementor-widget-wrap elementor-element-populated\">\n\t\t\t\t\t\t<div class=\"elementor-element elementor-element-4facdd6 elementor-position-left elementor-vertical-align-top elementor-widget elementor-widget-image-box\" data-id=\"4facdd6\" data-element_type=\"widget\" data-widget_type=\"image-box.default\">\n\t\t\t\t<div class=\"elementor-widget-container\">\n\t\t\t<div class=\"elementor-image-box-wrapper\"><figure class=\"elementor-image-box-img\"><img loading=\"lazy\" decoding=\"async\" width=\"628\" height=\"600\" src=\"https:\/\/www.mem-summit.ch\/wp-content\/uploads\/2022\/08\/Antoine_Laham.jpg\" class=\"attachment-full size-full wp-image-14042\" alt=\"\" srcset=\"https:\/\/www.mem-summit.ch\/wp-content\/uploads\/2022\/08\/Antoine_Laham.jpg 628w, https:\/\/www.mem-summit.ch\/wp-content\/uploads\/2022\/08\/Antoine_Laham-480x459.jpg 480w\" sizes=\"(max-width: 628px) 100vw, 628px\" \/><\/figure><div class=\"elementor-image-box-content\"><h3 class=\"elementor-image-box-title\">ANTOINE LAHAM<\/h3><p class=\"elementor-image-box-description\">Office of the Special Envoy MENA, Federal Department of Foreign Affairs (FDFA)<\/p><\/div><\/div>\t\t<\/div>\n\t\t\t\t<\/div>\n\t\t\t\t<div class=\"elementor-element elementor-element-e22a048 elementor-widget elementor-widget-toggle\" data-id=\"e22a048\" data-element_type=\"widget\" data-widget_type=\"toggle.default\">\n\t\t\t\t<div class=\"elementor-widget-container\">\n\t\t\t\t\t<div class=\"elementor-toggle\">\n\t\t\t\t\t\t\t<div class=\"elementor-toggle-item\">\n\t\t\t\t\t<div id=\"elementor-tab-title-2371\" class=\"elementor-tab-title\" data-tab=\"1\" role=\"button\" aria-controls=\"elementor-tab-content-2371\" aria-expanded=\"false\">\n\t\t\t\t\t\t\t\t\t\t\t\t<span class=\"elementor-toggle-icon elementor-toggle-icon-right\" aria-hidden=\"true\">\n\t\t\t\t\t\t\t\t\t\t\t\t\t\t\t<span class=\"elementor-toggle-icon-closed\"><i class=\"fas fa-angle-down\"><\/i><\/span>\n\t\t\t\t\t\t\t\t<span class=\"elementor-toggle-icon-opened\"><i class=\"elementor-toggle-icon-opened fas fa-angle-up\"><\/i><\/span>\n\t\t\t\t\t\t\t\t\t\t\t\t\t<\/span>\n\t\t\t\t\t\t\t\t\t\t\t\t<a class=\"elementor-toggle-title\" tabindex=\"0\">Read more<\/a>\n\t\t\t\t\t<\/div>\n\n\t\t\t\t\t<div id=\"elementor-tab-content-2371\" class=\"elementor-tab-content elementor-clearfix\" data-tab=\"1\" role=\"region\" aria-labelledby=\"elementor-tab-title-2371\"><p>Until taking up his current position in February 2022 as Deputy of the Swiss Special Envoy MENA, Antoine Laham, on secondment by the Swiss Federal Department of Foreign Affairs (FDFA) &#8211; worked in the capacity of Senior Political Affairs Officer at the Office of the UN Special Envoy for Syria in 2013. Earlier, he was the first Country Director &#8211; Lebanon for the Geneva Center for Security Sector Governance (DCAF). In the latter capacity, he was associated as Senior Advisor to the joint Berghof Foundation \/ UNDP Lebanon &#8211; Peace Support Office on Consensus Building, Constitutional Empowerment and Civil Peace.<\/p><p>\u00a0<\/p><p>From 2007 to 2011, he contributed to the set-up and organization of the Inter-Lebanese Dialogue that took place in Switzerland and Lebanon. From 1999 to 2001, Antoine &#8211; seconded by the FDFA \u2013 worked as Regional Administration East-Kosovo with the United Nations Mission in Kosovo (UNMIK) entrusted the implementation of the United Nations Security Council Resolution 1244 (1999). Previously, from 1996 to 1998, Antoine Laham &#8211; seconded by the FDFA \u2013 worked as Deputy Director for Human Rights and Democratization with the OSCE Mission in Bosnia &amp; Herzegovina tasked with the implementation of the Dayton Agreement.<\/p><p>\u00a0<\/p><p>Antoine Laham holds a Dipl\u00f4me d\u2019Etudes Sup\u00e9rieures (DEA) in Finances, a Master degree in Economics a Bachelor degree in Sociology; a Diploma in Public Relations; and a Diploma in New Public Management from the Geneva University. He has published a number of studies covering the domain of Human Rights, Democratization, Governance and Decentralization.<\/p><\/div>\n\t\t\t\t<\/div>\n\t\t\t\t\t\t\t\t<\/div>\n\t\t\t\t<\/div>\n\t\t\t\t<\/div>\n\t\t\t\t\t<\/div>\n\t\t<\/div>\n\t\t\t\t\t<\/div>\n\t\t<\/section>\n\t\t\t\t<section class=\"elementor-section elementor-inner-section elementor-element elementor-element-984c79a elementor-section-boxed elementor-section-height-default elementor-section-height-default\" data-id=\"984c79a\" data-element_type=\"section\">\n\t\t\t\t\t\t<div class=\"elementor-container elementor-column-gap-default\">\n\t\t\t\t\t<div class=\"elementor-column elementor-col-100 elementor-inner-column elementor-element elementor-element-4aea010\" data-id=\"4aea010\" data-element_type=\"column\">\n\t\t\t<div class=\"elementor-widget-wrap\">\n\t\t\t\t\t\t\t<\/div>\n\t\t<\/div>\n\t\t\t\t\t<\/div>\n\t\t<\/section>\n\t\t\t\t<section class=\"elementor-section elementor-inner-section elementor-element elementor-element-64060c6 elementor-section-boxed elementor-section-height-default elementor-section-height-default\" data-id=\"64060c6\" data-element_type=\"section\">\n\t\t\t\t\t\t<div class=\"elementor-container elementor-column-gap-default\">\n\t\t\t\t\t<div class=\"elementor-column elementor-col-100 elementor-inner-column elementor-element elementor-element-f2fa34c\" data-id=\"f2fa34c\" data-element_type=\"column\">\n\t\t\t<div class=\"elementor-widget-wrap elementor-element-populated\">\n\t\t\t\t\t\t<div class=\"elementor-element elementor-element-e01bc4e elementor-position-left elementor-vertical-align-top elementor-widget elementor-widget-image-box\" data-id=\"e01bc4e\" data-element_type=\"widget\" data-widget_type=\"image-box.default\">\n\t\t\t\t<div class=\"elementor-widget-container\">\n\t\t\t<div class=\"elementor-image-box-wrapper\"><figure class=\"elementor-image-box-img\"><img loading=\"lazy\" decoding=\"async\" width=\"618\" height=\"618\" src=\"https:\/\/www.mem-summit.ch\/wp-content\/uploads\/2023\/07\/Ladina_Lange.png\" class=\"attachment-full size-full wp-image-15513\" alt=\"\" srcset=\"https:\/\/www.mem-summit.ch\/wp-content\/uploads\/2023\/07\/Ladina_Lange.png 618w, https:\/\/www.mem-summit.ch\/wp-content\/uploads\/2023\/07\/Ladina_Lange-480x480.png 480w, https:\/\/www.mem-summit.ch\/wp-content\/uploads\/2023\/07\/Ladina_Lange-150x150.png 150w\" sizes=\"(max-width: 618px) 100vw, 618px\" \/><\/figure><div class=\"elementor-image-box-content\"><h3 class=\"elementor-image-box-title\">LADINA LANGE<\/h3><p class=\"elementor-image-box-description\">Office of the Special Envoy MENA, Federal Department of Foreign Affairs (FDFA)<\/p><\/div><\/div>\t\t<\/div>\n\t\t\t\t<\/div>\n\t\t\t\t<div class=\"elementor-element elementor-element-ac04c77 elementor-widget elementor-widget-toggle\" data-id=\"ac04c77\" data-element_type=\"widget\" data-widget_type=\"toggle.default\">\n\t\t\t\t<div class=\"elementor-widget-container\">\n\t\t\t\t\t<div class=\"elementor-toggle\">\n\t\t\t\t\t\t\t<div class=\"elementor-toggle-item\">\n\t\t\t\t\t<div id=\"elementor-tab-title-1801\" class=\"elementor-tab-title\" data-tab=\"1\" role=\"button\" aria-controls=\"elementor-tab-content-1801\" aria-expanded=\"false\">\n\t\t\t\t\t\t\t\t\t\t\t\t<span class=\"elementor-toggle-icon elementor-toggle-icon-right\" aria-hidden=\"true\">\n\t\t\t\t\t\t\t\t\t\t\t\t\t\t\t<span class=\"elementor-toggle-icon-closed\"><i class=\"fas fa-angle-down\"><\/i><\/span>\n\t\t\t\t\t\t\t\t<span class=\"elementor-toggle-icon-opened\"><i class=\"elementor-toggle-icon-opened fas fa-angle-up\"><\/i><\/span>\n\t\t\t\t\t\t\t\t\t\t\t\t\t<\/span>\n\t\t\t\t\t\t\t\t\t\t\t\t<a class=\"elementor-toggle-title\" tabindex=\"0\">Read more<\/a>\n\t\t\t\t\t<\/div>\n\n\t\t\t\t\t<div id=\"elementor-tab-content-1801\" class=\"elementor-tab-content elementor-clearfix\" data-tab=\"1\" role=\"region\" aria-labelledby=\"elementor-tab-title-1801\"><p>Ladina Lange has been working as an Advisor to the Swiss Special Envoy MENA at the FDFA since May 2023. Additionally, she works on the desk for Israel\/Palestine at the Peace and Human Rights Division (PHRD) in Berne. Previously, she served as a Diplomatic Advisor at the Embassy of Switzerland to the UAE and Bahrain, covering human rights and regional politics. Prior, she gained experience in diplomatic dialogue initiatives, working as a Research Assistant for the Diplomatic Dialogue at the Geneva Centre for Security Policy (GCSP).<\/p><p>She has an academic background in Middle Eastern studies and linguistics and is interested in political group formation and language diversity.<\/p><\/div>\n\t\t\t\t<\/div>\n\t\t\t\t\t\t\t\t<\/div>\n\t\t\t\t<\/div>\n\t\t\t\t<\/div>\n\t\t\t\t\t<\/div>\n\t\t<\/div>\n\t\t\t\t\t<\/div>\n\t\t<\/section>\n\t\t\t\t<section class=\"elementor-section elementor-inner-section elementor-element elementor-element-b7854bd elementor-section-boxed elementor-section-height-default elementor-section-height-default\" data-id=\"b7854bd\" data-element_type=\"section\">\n\t\t\t\t\t\t<div class=\"elementor-container elementor-column-gap-default\">\n\t\t\t\t\t<div class=\"elementor-column elementor-col-100 elementor-inner-column elementor-element elementor-element-87f0da8\" data-id=\"87f0da8\" data-element_type=\"column\">\n\t\t\t<div class=\"elementor-widget-wrap\">\n\t\t\t\t\t\t\t<\/div>\n\t\t<\/div>\n\t\t\t\t\t<\/div>\n\t\t<\/section>\n\t\t\t\t<section class=\"elementor-section elementor-inner-section elementor-element elementor-element-988c3c6 elementor-section-boxed elementor-section-height-default elementor-section-height-default\" data-id=\"988c3c6\" data-element_type=\"section\">\n\t\t\t\t\t\t<div class=\"elementor-container elementor-column-gap-default\">\n\t\t\t\t\t<div class=\"elementor-column elementor-col-100 elementor-inner-column elementor-element elementor-element-c52804e\" data-id=\"c52804e\" data-element_type=\"column\">\n\t\t\t<div class=\"elementor-widget-wrap elementor-element-populated\">\n\t\t\t\t\t\t<div class=\"elementor-element elementor-element-368122d elementor-position-left elementor-vertical-align-top elementor-widget elementor-widget-image-box\" data-id=\"368122d\" data-element_type=\"widget\" data-widget_type=\"image-box.default\">\n\t\t\t\t<div class=\"elementor-widget-container\">\n\t\t\t<div class=\"elementor-image-box-wrapper\"><figure class=\"elementor-image-box-img\"><img loading=\"lazy\" decoding=\"async\" width=\"1000\" height=\"1000\" src=\"https:\/\/www.mem-summit.ch\/wp-content\/uploads\/2023\/07\/Martino_Lovato.png\" class=\"attachment-full size-full wp-image-15404\" alt=\"\" srcset=\"https:\/\/www.mem-summit.ch\/wp-content\/uploads\/2023\/07\/Martino_Lovato.png 1000w, https:\/\/www.mem-summit.ch\/wp-content\/uploads\/2023\/07\/Martino_Lovato-480x480.png 480w, https:\/\/www.mem-summit.ch\/wp-content\/uploads\/2023\/07\/Martino_Lovato-150x150.png 150w, https:\/\/www.mem-summit.ch\/wp-content\/uploads\/2023\/07\/Martino_Lovato-768x768.png 768w\" sizes=\"(max-width: 1000px) 100vw, 1000px\" \/><\/figure><div class=\"elementor-image-box-content\"><h3 class=\"elementor-image-box-title\">MARTINO LOVATO<\/h3><p class=\"elementor-image-box-description\">Lecturer, University of Macerata, MEM Facilitator<\/p><\/div><\/div>\t\t<\/div>\n\t\t\t\t<\/div>\n\t\t\t\t<div class=\"elementor-element elementor-element-32057b8 elementor-widget elementor-widget-toggle\" data-id=\"32057b8\" data-element_type=\"widget\" data-widget_type=\"toggle.default\">\n\t\t\t\t<div class=\"elementor-widget-container\">\n\t\t\t\t\t<div class=\"elementor-toggle\">\n\t\t\t\t\t\t\t<div class=\"elementor-toggle-item\">\n\t\t\t\t\t<div id=\"elementor-tab-title-5241\" class=\"elementor-tab-title\" data-tab=\"1\" role=\"button\" aria-controls=\"elementor-tab-content-5241\" aria-expanded=\"false\">\n\t\t\t\t\t\t\t\t\t\t\t\t<span class=\"elementor-toggle-icon elementor-toggle-icon-right\" aria-hidden=\"true\">\n\t\t\t\t\t\t\t\t\t\t\t\t\t\t\t<span class=\"elementor-toggle-icon-closed\"><i class=\"fas fa-angle-down\"><\/i><\/span>\n\t\t\t\t\t\t\t\t<span class=\"elementor-toggle-icon-opened\"><i class=\"elementor-toggle-icon-opened fas fa-angle-up\"><\/i><\/span>\n\t\t\t\t\t\t\t\t\t\t\t\t\t<\/span>\n\t\t\t\t\t\t\t\t\t\t\t\t<a class=\"elementor-toggle-title\" tabindex=\"0\">Read more<\/a>\n\t\t\t\t\t<\/div>\n\n\t\t\t\t\t<div id=\"elementor-tab-content-5241\" class=\"elementor-tab-content elementor-clearfix\" data-tab=\"1\" role=\"region\" aria-labelledby=\"elementor-tab-title-5241\"><p>Martino Lovato teaches Arabic language and literature at the University of Macerata. He holds a PhD in comparative literature from the University of Texas at Austin. His research focuses on the Mediterranean as a site of interdisciplinary inquiry between Italian, French, and Arabic literature and cinema. His articles have appeared, among others, in the <em>California Italian Studies<\/em> journal and <em>The Cambridge Companion to Slavery and Global Literature<\/em>.<\/p><\/div>\n\t\t\t\t<\/div>\n\t\t\t\t\t\t\t\t<\/div>\n\t\t\t\t<\/div>\n\t\t\t\t<\/div>\n\t\t\t\t\t<\/div>\n\t\t<\/div>\n\t\t\t\t\t<\/div>\n\t\t<\/section>\n\t\t\t\t<section class=\"elementor-section elementor-inner-section elementor-element elementor-element-c85a11b elementor-section-boxed elementor-section-height-default elementor-section-height-default\" data-id=\"c85a11b\" data-element_type=\"section\">\n\t\t\t\t\t\t<div class=\"elementor-container elementor-column-gap-default\">\n\t\t\t\t\t<div class=\"elementor-column elementor-col-100 elementor-inner-column elementor-element elementor-element-c43fc4d\" data-id=\"c43fc4d\" data-element_type=\"column\">\n\t\t\t<div class=\"elementor-widget-wrap\">\n\t\t\t\t\t\t\t<\/div>\n\t\t<\/div>\n\t\t\t\t\t<\/div>\n\t\t<\/section>\n\t\t\t\t<section class=\"elementor-section elementor-inner-section elementor-element elementor-element-2e50397 elementor-section-boxed elementor-section-height-default elementor-section-height-default\" data-id=\"2e50397\" data-element_type=\"section\">\n\t\t\t\t\t\t<div class=\"elementor-container elementor-column-gap-default\">\n\t\t\t\t\t<div class=\"elementor-column elementor-col-100 elementor-inner-column elementor-element elementor-element-978a05b\" data-id=\"978a05b\" data-element_type=\"column\">\n\t\t\t<div class=\"elementor-widget-wrap elementor-element-populated\">\n\t\t\t\t\t\t<div class=\"elementor-element elementor-element-50c3d3d elementor-position-left elementor-vertical-align-top elementor-widget elementor-widget-image-box\" data-id=\"50c3d3d\" data-element_type=\"widget\" data-widget_type=\"image-box.default\">\n\t\t\t\t<div class=\"elementor-widget-container\">\n\t\t\t<div class=\"elementor-image-box-wrapper\"><figure class=\"elementor-image-box-img\"><img loading=\"lazy\" decoding=\"async\" width=\"618\" height=\"618\" src=\"https:\/\/www.mem-summit.ch\/wp-content\/uploads\/2023\/07\/Nadine_Olivieri_Lozano.png\" class=\"attachment-full size-full wp-image-15488\" alt=\"\" srcset=\"https:\/\/www.mem-summit.ch\/wp-content\/uploads\/2023\/07\/Nadine_Olivieri_Lozano.png 618w, https:\/\/www.mem-summit.ch\/wp-content\/uploads\/2023\/07\/Nadine_Olivieri_Lozano-480x480.png 480w, https:\/\/www.mem-summit.ch\/wp-content\/uploads\/2023\/07\/Nadine_Olivieri_Lozano-150x150.png 150w\" sizes=\"(max-width: 618px) 100vw, 618px\" \/><\/figure><div class=\"elementor-image-box-content\"><h3 class=\"elementor-image-box-title\">NADINE OLIVIERI LOZANO<\/h3><p class=\"elementor-image-box-description\">Ambassador of Switzerland to Iran<\/p><\/div><\/div>\t\t<\/div>\n\t\t\t\t<\/div>\n\t\t\t\t<div class=\"elementor-element elementor-element-396d7ff elementor-widget elementor-widget-toggle\" data-id=\"396d7ff\" data-element_type=\"widget\" data-widget_type=\"toggle.default\">\n\t\t\t\t<div class=\"elementor-widget-container\">\n\t\t\t\t\t<div class=\"elementor-toggle\">\n\t\t\t\t\t\t\t<div class=\"elementor-toggle-item\">\n\t\t\t\t\t<div id=\"elementor-tab-title-6021\" class=\"elementor-tab-title\" data-tab=\"1\" role=\"button\" aria-controls=\"elementor-tab-content-6021\" aria-expanded=\"false\">\n\t\t\t\t\t\t\t\t\t\t\t\t<span class=\"elementor-toggle-icon elementor-toggle-icon-right\" aria-hidden=\"true\">\n\t\t\t\t\t\t\t\t\t\t\t\t\t\t\t<span class=\"elementor-toggle-icon-closed\"><i class=\"fas fa-angle-down\"><\/i><\/span>\n\t\t\t\t\t\t\t\t<span class=\"elementor-toggle-icon-opened\"><i class=\"elementor-toggle-icon-opened fas fa-angle-up\"><\/i><\/span>\n\t\t\t\t\t\t\t\t\t\t\t\t\t<\/span>\n\t\t\t\t\t\t\t\t\t\t\t\t<a class=\"elementor-toggle-title\" tabindex=\"0\">Read more<\/a>\n\t\t\t\t\t<\/div>\n\n\t\t\t\t\t<div id=\"elementor-tab-content-6021\" class=\"elementor-tab-content elementor-clearfix\" data-tab=\"1\" role=\"region\" aria-labelledby=\"elementor-tab-title-6021\"><p>Ambassador Nadine Olivieri Lozano is serving as Ambassador of Switzerland to Iran since 2022.<\/p><p>Olivieri worked as the Foreign Service Officer in the service of the Francophonie from 2005 to 2006. She then worked International Organizations Officer at the United Nations and International organizations office in Bern. She continued her career at the FDFA in 2008 as the Spokesperson of the Swiss Federal Department of Foreign Affairs, before she transferred to the Consulate General of Switzerland in New York where she worked as Deputy Consul General from 2011 to 2015. For the following four years she was Deputy Head of Mission in The Hague. From 2019 to 2022 she was Ambassador and Head of the Division for International Security of the FDFA in Bern.<\/p><\/div>\n\t\t\t\t<\/div>\n\t\t\t\t\t\t\t\t<\/div>\n\t\t\t\t<\/div>\n\t\t\t\t<\/div>\n\t\t\t\t\t<\/div>\n\t\t<\/div>\n\t\t\t\t\t<\/div>\n\t\t<\/section>\n\t\t\t\t<section class=\"elementor-section elementor-inner-section elementor-element elementor-element-013240f elementor-section-boxed elementor-section-height-default elementor-section-height-default\" data-id=\"013240f\" data-element_type=\"section\">\n\t\t\t\t\t\t<div class=\"elementor-container elementor-column-gap-default\">\n\t\t\t\t\t<div class=\"elementor-column elementor-col-100 elementor-inner-column elementor-element elementor-element-0695c83\" data-id=\"0695c83\" data-element_type=\"column\">\n\t\t\t<div class=\"elementor-widget-wrap\">\n\t\t\t\t\t\t\t<\/div>\n\t\t<\/div>\n\t\t\t\t\t<\/div>\n\t\t<\/section>\n\t\t\t\t<section class=\"elementor-section elementor-inner-section elementor-element elementor-element-191a54f elementor-section-boxed elementor-section-height-default elementor-section-height-default\" data-id=\"191a54f\" data-element_type=\"section\">\n\t\t\t\t\t\t<div class=\"elementor-container elementor-column-gap-default\">\n\t\t\t\t\t<div class=\"elementor-column elementor-col-100 elementor-inner-column elementor-element elementor-element-937836c\" data-id=\"937836c\" data-element_type=\"column\">\n\t\t\t<div class=\"elementor-widget-wrap elementor-element-populated\">\n\t\t\t\t\t\t<div class=\"elementor-element elementor-element-09d4350 elementor-position-left elementor-vertical-align-top elementor-widget elementor-widget-image-box\" data-id=\"09d4350\" data-element_type=\"widget\" data-widget_type=\"image-box.default\">\n\t\t\t\t<div class=\"elementor-widget-container\">\n\t\t\t<div class=\"elementor-image-box-wrapper\"><figure class=\"elementor-image-box-img\"><img loading=\"lazy\" decoding=\"async\" width=\"600\" height=\"600\" src=\"https:\/\/www.mem-summit.ch\/wp-content\/uploads\/2022\/08\/PASquier_Vincent_1.jpg\" class=\"attachment-full size-full wp-image-14235\" alt=\"\" srcset=\"https:\/\/www.mem-summit.ch\/wp-content\/uploads\/2022\/08\/PASquier_Vincent_1.jpg 600w, https:\/\/www.mem-summit.ch\/wp-content\/uploads\/2022\/08\/PASquier_Vincent_1-480x480.jpg 480w, https:\/\/www.mem-summit.ch\/wp-content\/uploads\/2022\/08\/PASquier_Vincent_1-150x150.jpg 150w\" sizes=\"(max-width: 600px) 100vw, 600px\" \/><\/figure><div class=\"elementor-image-box-content\"><h3 class=\"elementor-image-box-title\">VINCENT PASQUIER<\/h3><p class=\"elementor-image-box-description\">Head of Section Middle East, MENA Division, Federal Department of Foreign Affairs (FDFA)<\/p><\/div><\/div>\t\t<\/div>\n\t\t\t\t<\/div>\n\t\t\t\t<div class=\"elementor-element elementor-element-73fcc1d elementor-widget elementor-widget-toggle\" data-id=\"73fcc1d\" data-element_type=\"widget\" data-widget_type=\"toggle.default\">\n\t\t\t\t<div class=\"elementor-widget-container\">\n\t\t\t\t\t<div class=\"elementor-toggle\">\n\t\t\t\t\t\t\t<div class=\"elementor-toggle-item\">\n\t\t\t\t\t<div id=\"elementor-tab-title-1211\" class=\"elementor-tab-title\" data-tab=\"1\" role=\"button\" aria-controls=\"elementor-tab-content-1211\" aria-expanded=\"false\">\n\t\t\t\t\t\t\t\t\t\t\t\t<span class=\"elementor-toggle-icon elementor-toggle-icon-right\" aria-hidden=\"true\">\n\t\t\t\t\t\t\t\t\t\t\t\t\t\t\t<span class=\"elementor-toggle-icon-closed\"><i class=\"fas fa-angle-down\"><\/i><\/span>\n\t\t\t\t\t\t\t\t<span class=\"elementor-toggle-icon-opened\"><i class=\"elementor-toggle-icon-opened fas fa-angle-up\"><\/i><\/span>\n\t\t\t\t\t\t\t\t\t\t\t\t\t<\/span>\n\t\t\t\t\t\t\t\t\t\t\t\t<a class=\"elementor-toggle-title\" tabindex=\"0\">Read more<\/a>\n\t\t\t\t\t<\/div>\n\n\t\t\t\t\t<div id=\"elementor-tab-content-1211\" class=\"elementor-tab-content elementor-clearfix\" data-tab=\"1\" role=\"region\" aria-labelledby=\"elementor-tab-title-1211\"><p>Vincent Pasquier serves since July 2020 as Head of Section Middle East at the State Secretariat, Federal Department of Foreign Affairs of Switzerland in Bern.<\/p><p>After working for the Swiss Embassy in Damascus and the Temporary International Presence in Hebron, Pasquier joined the Swiss diplomatic service in 2009. He was part of the political section of the Embassy of Switzerland in Washington before working on European Affairs. From 2013 to 2016, he headed the Justice and Home Affairs Section in the Directorate for European Affairs in Berne. From 2016 to 2020, he served as Deputy Head of Mission in the Embassy of Switzerland in Abu Dhabi.<\/p><p>Pasquier holds a Master in Communication Systems from the Ecole Polytechnique F\u00e9d\u00e9rale de Lausanne (EPFL), a Licence in Political Science from the University of Geneva and an MSc in International Relations from the London School of Economics.<\/p><\/div>\n\t\t\t\t<\/div>\n\t\t\t\t\t\t\t\t<\/div>\n\t\t\t\t<\/div>\n\t\t\t\t<\/div>\n\t\t\t\t\t<\/div>\n\t\t<\/div>\n\t\t\t\t\t<\/div>\n\t\t<\/section>\n\t\t\t\t<section class=\"elementor-section elementor-inner-section elementor-element elementor-element-55509d6 elementor-section-boxed elementor-section-height-default elementor-section-height-default\" data-id=\"55509d6\" data-element_type=\"section\">\n\t\t\t\t\t\t<div class=\"elementor-container elementor-column-gap-default\">\n\t\t\t\t\t<div class=\"elementor-column elementor-col-100 elementor-inner-column elementor-element elementor-element-56f47f4\" data-id=\"56f47f4\" data-element_type=\"column\">\n\t\t\t<div class=\"elementor-widget-wrap\">\n\t\t\t\t\t\t\t<\/div>\n\t\t<\/div>\n\t\t\t\t\t<\/div>\n\t\t<\/section>\n\t\t\t\t<section class=\"elementor-section elementor-inner-section elementor-element elementor-element-d0e4b61 elementor-section-boxed elementor-section-height-default elementor-section-height-default\" data-id=\"d0e4b61\" data-element_type=\"section\">\n\t\t\t\t\t\t<div class=\"elementor-container elementor-column-gap-default\">\n\t\t\t\t\t<div class=\"elementor-column elementor-col-100 elementor-inner-column elementor-element elementor-element-b236e27\" data-id=\"b236e27\" data-element_type=\"column\">\n\t\t\t<div class=\"elementor-widget-wrap elementor-element-populated\">\n\t\t\t\t\t\t<div class=\"elementor-element elementor-element-3f2dc2b elementor-position-left elementor-vertical-align-top elementor-widget elementor-widget-image-box\" data-id=\"3f2dc2b\" data-element_type=\"widget\" data-widget_type=\"image-box.default\">\n\t\t\t\t<div class=\"elementor-widget-container\">\n\t\t\t<div class=\"elementor-image-box-wrapper\"><figure class=\"elementor-image-box-img\"><img loading=\"lazy\" decoding=\"async\" width=\"618\" height=\"618\" src=\"https:\/\/www.mem-summit.ch\/wp-content\/uploads\/2023\/07\/Medea_Savary.png\" class=\"attachment-full size-full wp-image-15494\" alt=\"\" srcset=\"https:\/\/www.mem-summit.ch\/wp-content\/uploads\/2023\/07\/Medea_Savary.png 618w, https:\/\/www.mem-summit.ch\/wp-content\/uploads\/2023\/07\/Medea_Savary-480x480.png 480w, https:\/\/www.mem-summit.ch\/wp-content\/uploads\/2023\/07\/Medea_Savary-150x150.png 150w\" sizes=\"(max-width: 618px) 100vw, 618px\" \/><\/figure><div class=\"elementor-image-box-content\"><h3 class=\"elementor-image-box-title\">MEDEA SAVARY<\/h3><p class=\"elementor-image-box-description\">Project Manager, MONET 2030, Swiss Federal Office of Statistics<\/p><\/div><\/div>\t\t<\/div>\n\t\t\t\t<\/div>\n\t\t\t\t<div class=\"elementor-element elementor-element-1327d73 elementor-widget elementor-widget-toggle\" data-id=\"1327d73\" data-element_type=\"widget\" data-widget_type=\"toggle.default\">\n\t\t\t\t<div class=\"elementor-widget-container\">\n\t\t\t\t\t<div class=\"elementor-toggle\">\n\t\t\t\t\t\t\t<div class=\"elementor-toggle-item\">\n\t\t\t\t\t<div id=\"elementor-tab-title-2001\" class=\"elementor-tab-title\" data-tab=\"1\" role=\"button\" aria-controls=\"elementor-tab-content-2001\" aria-expanded=\"false\">\n\t\t\t\t\t\t\t\t\t\t\t\t<span class=\"elementor-toggle-icon elementor-toggle-icon-right\" aria-hidden=\"true\">\n\t\t\t\t\t\t\t\t\t\t\t\t\t\t\t<span class=\"elementor-toggle-icon-closed\"><i class=\"fas fa-angle-down\"><\/i><\/span>\n\t\t\t\t\t\t\t\t<span class=\"elementor-toggle-icon-opened\"><i class=\"elementor-toggle-icon-opened fas fa-angle-up\"><\/i><\/span>\n\t\t\t\t\t\t\t\t\t\t\t\t\t<\/span>\n\t\t\t\t\t\t\t\t\t\t\t\t<a class=\"elementor-toggle-title\" tabindex=\"0\">Read more<\/a>\n\t\t\t\t\t<\/div>\n\n\t\t\t\t\t<div id=\"elementor-tab-content-2001\" class=\"elementor-tab-content elementor-clearfix\" data-tab=\"1\" role=\"region\" aria-labelledby=\"elementor-tab-title-2001\"><p>Medea Savary is a Master graduate with a degree in Development Studies from the Graduate Institute of International Studies in Geneva. She is currently working on sustainable development monitoring at the Swiss Federal Statistical Office, as project manager for the MONET 2030 indicator system. She previously worked in the field of emergency communication for the UNHCR in Myanmar and on the Mediterranean refugee crisis, based in Sicily. Medea is interested in finding compelling ways to explain complex issues at the intersection between data, story-telling and visualisation.<\/p><\/div>\n\t\t\t\t<\/div>\n\t\t\t\t\t\t\t\t<\/div>\n\t\t\t\t<\/div>\n\t\t\t\t<\/div>\n\t\t\t\t\t<\/div>\n\t\t<\/div>\n\t\t\t\t\t<\/div>\n\t\t<\/section>\n\t\t\t\t<section class=\"elementor-section elementor-inner-section elementor-element elementor-element-c7a5d9c elementor-section-boxed elementor-section-height-default elementor-section-height-default\" data-id=\"c7a5d9c\" data-element_type=\"section\">\n\t\t\t\t\t\t<div class=\"elementor-container elementor-column-gap-default\">\n\t\t\t\t\t<div class=\"elementor-column elementor-col-100 elementor-inner-column elementor-element elementor-element-195d9bf\" data-id=\"195d9bf\" data-element_type=\"column\">\n\t\t\t<div class=\"elementor-widget-wrap elementor-element-populated\">\n\t\t\t\t\t\t<div class=\"elementor-element elementor-element-c9c0fc2 elementor-position-left elementor-vertical-align-top elementor-widget elementor-widget-image-box\" data-id=\"c9c0fc2\" data-element_type=\"widget\" data-widget_type=\"image-box.default\">\n\t\t\t\t<div class=\"elementor-widget-container\">\n\t\t\t<div class=\"elementor-image-box-wrapper\"><figure class=\"elementor-image-box-img\"><img loading=\"lazy\" decoding=\"async\" width=\"618\" height=\"618\" src=\"https:\/\/www.mem-summit.ch\/wp-content\/uploads\/2023\/07\/Yara_Shawky.png\" class=\"attachment-full size-full wp-image-15474\" alt=\"\" srcset=\"https:\/\/www.mem-summit.ch\/wp-content\/uploads\/2023\/07\/Yara_Shawky.png 618w, https:\/\/www.mem-summit.ch\/wp-content\/uploads\/2023\/07\/Yara_Shawky-480x480.png 480w, https:\/\/www.mem-summit.ch\/wp-content\/uploads\/2023\/07\/Yara_Shawky-150x150.png 150w\" sizes=\"(max-width: 618px) 100vw, 618px\" \/><\/figure><div class=\"elementor-image-box-content\"><h3 class=\"elementor-image-box-title\">YARA SHAKWY<\/h3><p class=\"elementor-image-box-description\">Atlantic Fellow for Social and Economic Equity, London School of Economics<\/p><\/div><\/div>\t\t<\/div>\n\t\t\t\t<\/div>\n\t\t\t\t<div class=\"elementor-element elementor-element-5725010 elementor-widget elementor-widget-toggle\" data-id=\"5725010\" data-element_type=\"widget\" data-widget_type=\"toggle.default\">\n\t\t\t\t<div class=\"elementor-widget-container\">\n\t\t\t\t\t<div class=\"elementor-toggle\">\n\t\t\t\t\t\t\t<div class=\"elementor-toggle-item\">\n\t\t\t\t\t<div id=\"elementor-tab-title-9131\" class=\"elementor-tab-title\" data-tab=\"1\" role=\"button\" aria-controls=\"elementor-tab-content-9131\" aria-expanded=\"false\">\n\t\t\t\t\t\t\t\t\t\t\t\t<span class=\"elementor-toggle-icon elementor-toggle-icon-right\" aria-hidden=\"true\">\n\t\t\t\t\t\t\t\t\t\t\t\t\t\t\t<span class=\"elementor-toggle-icon-closed\"><i class=\"fas fa-angle-down\"><\/i><\/span>\n\t\t\t\t\t\t\t\t<span class=\"elementor-toggle-icon-opened\"><i class=\"elementor-toggle-icon-opened fas fa-angle-up\"><\/i><\/span>\n\t\t\t\t\t\t\t\t\t\t\t\t\t<\/span>\n\t\t\t\t\t\t\t\t\t\t\t\t<a class=\"elementor-toggle-title\" tabindex=\"0\">Read more<\/a>\n\t\t\t\t\t<\/div>\n\n\t\t\t\t\t<div id=\"elementor-tab-content-9131\" class=\"elementor-tab-content elementor-clearfix\" data-tab=\"1\" role=\"region\" aria-labelledby=\"elementor-tab-title-9131\"><p>Yara Shawky is a researcher and civil society professional with more than 20 years of experience in the fields of development, human rights, policy analysis and non-for-profit management in the MENA region. Throughout her career, she worked with various international organizations, funders and bilateral donors to enhance the resilience of civil society organizations to be able serve their communities and advocate for the rights of the voiceless and marginalized. Recently, her work is focusing on programs supporting media reform, freedom of expression, independent cinema, digital rights and impact of technology on society. In parallel to her professional career, Shawky has published many articles and studies in Arabic on cinema and drama that ranged from film reviews, to profiling of prominent Egyptian film directors and analysis of the development of \u201cmiddle class\u201d representation in Egyptian drama from the 1980s until recently. Shawky is currently exploring the impact of technology on society including creative industries in her capacity as an Atlantic Fellow for Social and Economic Equity with London School of Economics.<\/p><\/div>\n\t\t\t\t<\/div>\n\t\t\t\t\t\t\t\t<\/div>\n\t\t\t\t<\/div>\n\t\t\t\t<\/div>\n\t\t\t\t\t<\/div>\n\t\t<\/div>\n\t\t\t\t\t<\/div>\n\t\t<\/section>\n\t\t\t\t<section class=\"elementor-section elementor-inner-section elementor-element elementor-element-cde2b2e elementor-section-boxed elementor-section-height-default elementor-section-height-default\" data-id=\"cde2b2e\" data-element_type=\"section\">\n\t\t\t\t\t\t<div class=\"elementor-container elementor-column-gap-default\">\n\t\t\t\t\t<div class=\"elementor-column elementor-col-100 elementor-inner-column elementor-element elementor-element-40b07fe\" data-id=\"40b07fe\" data-element_type=\"column\">\n\t\t\t<div class=\"elementor-widget-wrap elementor-element-populated\">\n\t\t\t\t\t\t<div class=\"elementor-element elementor-element-3d93296 elementor-position-left elementor-vertical-align-top elementor-widget elementor-widget-image-box\" data-id=\"3d93296\" data-element_type=\"widget\" data-widget_type=\"image-box.default\">\n\t\t\t\t<div class=\"elementor-widget-container\">\n\t\t\t<div class=\"elementor-image-box-wrapper\"><figure class=\"elementor-image-box-img\"><img loading=\"lazy\" decoding=\"async\" width=\"1008\" height=\"1010\" src=\"https:\/\/www.mem-summit.ch\/wp-content\/uploads\/2023\/07\/Serena_Tolino.png\" class=\"attachment-full size-full wp-image-15402\" alt=\"\" srcset=\"https:\/\/www.mem-summit.ch\/wp-content\/uploads\/2023\/07\/Serena_Tolino.png 1008w, https:\/\/www.mem-summit.ch\/wp-content\/uploads\/2023\/07\/Serena_Tolino-480x481.png 480w, https:\/\/www.mem-summit.ch\/wp-content\/uploads\/2023\/07\/Serena_Tolino-150x150.png 150w, https:\/\/www.mem-summit.ch\/wp-content\/uploads\/2023\/07\/Serena_Tolino-768x770.png 768w\" sizes=\"(max-width: 1008px) 100vw, 1008px\" \/><\/figure><div class=\"elementor-image-box-content\"><h3 class=\"elementor-image-box-title\">SERENA TOLINO<\/h3><p class=\"elementor-image-box-description\">Professor of Islamic and Middle Eastern Studies and Co-Director, Institute for the Study of the Middle East and Muslim Societies, University of Bern\n<\/p><\/div><\/div>\t\t<\/div>\n\t\t\t\t<\/div>\n\t\t\t\t<div class=\"elementor-element elementor-element-83a7d7f elementor-widget elementor-widget-toggle\" data-id=\"83a7d7f\" data-element_type=\"widget\" data-widget_type=\"toggle.default\">\n\t\t\t\t<div class=\"elementor-widget-container\">\n\t\t\t\t\t<div class=\"elementor-toggle\">\n\t\t\t\t\t\t\t<div class=\"elementor-toggle-item\">\n\t\t\t\t\t<div id=\"elementor-tab-title-1381\" class=\"elementor-tab-title\" data-tab=\"1\" role=\"button\" aria-controls=\"elementor-tab-content-1381\" aria-expanded=\"false\">\n\t\t\t\t\t\t\t\t\t\t\t\t<span class=\"elementor-toggle-icon elementor-toggle-icon-right\" aria-hidden=\"true\">\n\t\t\t\t\t\t\t\t\t\t\t\t\t\t\t<span class=\"elementor-toggle-icon-closed\"><i class=\"fas fa-angle-down\"><\/i><\/span>\n\t\t\t\t\t\t\t\t<span class=\"elementor-toggle-icon-opened\"><i class=\"elementor-toggle-icon-opened fas fa-angle-up\"><\/i><\/span>\n\t\t\t\t\t\t\t\t\t\t\t\t\t<\/span>\n\t\t\t\t\t\t\t\t\t\t\t\t<a class=\"elementor-toggle-title\" tabindex=\"0\">Read more<\/a>\n\t\t\t\t\t<\/div>\n\n\t\t\t\t\t<div id=\"elementor-tab-content-1381\" class=\"elementor-tab-content elementor-clearfix\" data-tab=\"1\" role=\"region\" aria-labelledby=\"elementor-tab-title-1381\"><p>Serena Tolino is a Professor of Islamic and Middle Eastern Studies and Co-Director of the Institute for the Study of the Middle East and Muslim Societies at the University of Bern, where she also leads the project TraSIS: Trajectories of Slavery in Islamicate Societies. Three Concepts from Islamic Legal Sources, funded by the Swiss National Science Foundation.<\/p><p>Before moving to Bern, she was an assistant professor at the University of Hamburg, a post-doc at the University of Zurich and a visiting fellow at the Program in Islamic Law at Harvard Law School.<\/p><p>She studied in Naples, Halle and Cairo. Her main research interests include the history of gender, sexuality and LGBTQI+ rights in the Middle East, Islamic law, and the history of slavery in the Middle East. Her most recent publications include The Human Body in Islamic Law. Essays in Memory of Agostino Cilardo (ed. with Carlo de Angelo), a dossier of Studi Magrebini\/North African Studies (2022) and Sex and Desire in Muslim Cultures. Beyond Norms and Transgression from the Abbasids to the Present Day (ed. with Aymon Kreil and Lucia Sorbera, I.B. Tauris 2021).<\/p><\/div>\n\t\t\t\t<\/div>\n\t\t\t\t\t\t\t\t<\/div>\n\t\t\t\t<\/div>\n\t\t\t\t<\/div>\n\t\t\t\t\t<\/div>\n\t\t<\/div>\n\t\t\t\t\t<\/div>\n\t\t<\/section>\n\t\t\t\t<section class=\"elementor-section elementor-inner-section elementor-element elementor-element-24458e1 elementor-section-boxed elementor-section-height-default elementor-section-height-default\" data-id=\"24458e1\" data-element_type=\"section\">\n\t\t\t\t\t\t<div class=\"elementor-container elementor-column-gap-default\">\n\t\t\t\t\t<div class=\"elementor-column elementor-col-100 elementor-inner-column elementor-element elementor-element-f124575\" data-id=\"f124575\" data-element_type=\"column\">\n\t\t\t<div class=\"elementor-widget-wrap\">\n\t\t\t\t\t\t\t<\/div>\n\t\t<\/div>\n\t\t\t\t\t<\/div>\n\t\t<\/section>\n\t\t\t\t<section class=\"elementor-section elementor-inner-section elementor-element elementor-element-595dfd5 elementor-section-boxed elementor-section-height-default elementor-section-height-default\" data-id=\"595dfd5\" data-element_type=\"section\">\n\t\t\t\t\t\t<div class=\"elementor-container elementor-column-gap-default\">\n\t\t\t\t\t<div class=\"elementor-column elementor-col-100 elementor-inner-column elementor-element elementor-element-28955d4\" data-id=\"28955d4\" data-element_type=\"column\">\n\t\t\t<div class=\"elementor-widget-wrap elementor-element-populated\">\n\t\t\t\t\t\t<div class=\"elementor-element elementor-element-4d01ae7 elementor-position-left elementor-vertical-align-top elementor-widget elementor-widget-image-box\" data-id=\"4d01ae7\" data-element_type=\"widget\" data-widget_type=\"image-box.default\">\n\t\t\t\t<div class=\"elementor-widget-container\">\n\t\t\t<div class=\"elementor-image-box-wrapper\"><figure class=\"elementor-image-box-img\"><img loading=\"lazy\" decoding=\"async\" width=\"680\" height=\"680\" src=\"https:\/\/www.mem-summit.ch\/wp-content\/uploads\/2019\/08\/Amb._Pio_Wennubst_2.jpg\" class=\"attachment-full size-full wp-image-8244\" alt=\"\" srcset=\"https:\/\/www.mem-summit.ch\/wp-content\/uploads\/2019\/08\/Amb._Pio_Wennubst_2.jpg 680w, https:\/\/www.mem-summit.ch\/wp-content\/uploads\/2019\/08\/Amb._Pio_Wennubst_2-150x150.jpg 150w, https:\/\/www.mem-summit.ch\/wp-content\/uploads\/2019\/08\/Amb._Pio_Wennubst_2-480x480.jpg 480w\" sizes=\"(max-width: 680px) 100vw, 680px\" \/><\/figure><div class=\"elementor-image-box-content\"><h3 class=\"elementor-image-box-title\">PIO\tWENNUBST<\/h3><p class=\"elementor-image-box-description\">Permanent Representative, Permanent Mission of Switzerland to the United Nations organisations in Rome<\/p><\/div><\/div>\t\t<\/div>\n\t\t\t\t<\/div>\n\t\t\t\t<div class=\"elementor-element elementor-element-08490cd elementor-widget elementor-widget-toggle\" data-id=\"08490cd\" data-element_type=\"widget\" data-widget_type=\"toggle.default\">\n\t\t\t\t<div class=\"elementor-widget-container\">\n\t\t\t\t\t<div class=\"elementor-toggle\">\n\t\t\t\t\t\t\t<div class=\"elementor-toggle-item\">\n\t\t\t\t\t<div id=\"elementor-tab-title-8681\" class=\"elementor-tab-title\" data-tab=\"1\" role=\"button\" aria-controls=\"elementor-tab-content-8681\" aria-expanded=\"false\">\n\t\t\t\t\t\t\t\t\t\t\t\t<span class=\"elementor-toggle-icon elementor-toggle-icon-right\" aria-hidden=\"true\">\n\t\t\t\t\t\t\t\t\t\t\t\t\t\t\t<span class=\"elementor-toggle-icon-closed\"><i class=\"fas fa-angle-down\"><\/i><\/span>\n\t\t\t\t\t\t\t\t<span class=\"elementor-toggle-icon-opened\"><i class=\"elementor-toggle-icon-opened fas fa-angle-up\"><\/i><\/span>\n\t\t\t\t\t\t\t\t\t\t\t\t\t<\/span>\n\t\t\t\t\t\t\t\t\t\t\t\t<a class=\"elementor-toggle-title\" tabindex=\"0\">Read more<\/a>\n\t\t\t\t\t<\/div>\n\n\t\t\t\t\t<div id=\"elementor-tab-content-8681\" class=\"elementor-tab-content elementor-clearfix\" data-tab=\"1\" role=\"region\" aria-labelledby=\"elementor-tab-title-8681\"><p>Ambassador Pio Wennubst, an agro-economist specialised in systemic approaches by formation, is an experienced development diplomat with extensive fieldwork. After a period as managing director of a Swiss chemical company, he joined the public sector. Between 1992 and 2008, Wennubst moved first to Nepal to work for the UN and later to different countries, such as Bolivia, Madagascar and Tanzania, to work for the Swiss Agency for Development and Cooperation (SDC).<\/p><p>From 2008 to 2011, he was the deputy permanent representative of the Swiss Mission to the Rome-based UN agencies and from 2010, he was also in charge of reforming the SDC\u2019s Global Programme Food Security. He later joined the Swiss permanent mission to the UN in New York as head of the economic and social development team where he facilitated several resolutions, including the QCPR 2012 in which the United Nations Development System reform is rooted. Subsequently, Wennubst managed for almost six years the Global Cooperation Department as assistant director general of SDC and was in charge of the Swiss support to multilateral funds and programs such as UNDP, Green Climate Fund, UNWOMEN, UNICEF, UNCDF and others.<\/p><p>Currently, Ambassador Wennubst is representing Switzerland at multilateral agencies based in Rome that deal with food security and agricultural development, namely FAO, IFAD, WFP and CFS. In the context of the United Nations Food Systems Summit that took place in New York in September 2021, Wennubst launched the project \u201cBites of Transfoodmation\u201d, which engages youth to transform food systems through a unifying common vision.<\/p><\/div>\n\t\t\t\t<\/div>\n\t\t\t\t\t\t\t\t<\/div>\n\t\t\t\t<\/div>\n\t\t\t\t<\/div>\n\t\t\t\t\t<\/div>\n\t\t<\/div>\n\t\t\t\t\t<\/div>\n\t\t<\/section>\n\t\t\t\t<section class=\"elementor-section elementor-inner-section elementor-element elementor-element-0f15d27 elementor-section-boxed elementor-section-height-default elementor-section-height-default\" data-id=\"0f15d27\" data-element_type=\"section\">\n\t\t\t\t\t\t<div class=\"elementor-container elementor-column-gap-default\">\n\t\t\t\t\t<div class=\"elementor-column elementor-col-100 elementor-inner-column elementor-element elementor-element-76059a1\" data-id=\"76059a1\" data-element_type=\"column\">\n\t\t\t<div class=\"elementor-widget-wrap elementor-element-populated\">\n\t\t\t\t\t\t<div class=\"elementor-element elementor-element-4e014e6 elementor-position-left elementor-vertical-align-top elementor-widget elementor-widget-image-box\" data-id=\"4e014e6\" data-element_type=\"widget\" data-widget_type=\"image-box.default\">\n\t\t\t\t<div class=\"elementor-widget-container\">\n\t\t\t<div class=\"elementor-image-box-wrapper\"><figure class=\"elementor-image-box-img\"><img loading=\"lazy\" decoding=\"async\" width=\"618\" height=\"618\" src=\"https:\/\/www.mem-summit.ch\/wp-content\/uploads\/2023\/07\/Giovanni_Zavaritt.png\" class=\"attachment-full size-full wp-image-15525\" alt=\"\" srcset=\"https:\/\/www.mem-summit.ch\/wp-content\/uploads\/2023\/07\/Giovanni_Zavaritt.png 618w, https:\/\/www.mem-summit.ch\/wp-content\/uploads\/2023\/07\/Giovanni_Zavaritt-480x480.png 480w, https:\/\/www.mem-summit.ch\/wp-content\/uploads\/2023\/07\/Giovanni_Zavaritt-150x150.png 150w\" sizes=\"(max-width: 618px) 100vw, 618px\" \/><\/figure><div class=\"elementor-image-box-content\"><h3 class=\"elementor-image-box-title\">GIOVANNI ZAVARITT<\/h3><p class=\"elementor-image-box-description\">Secretary General, Universit\u00e0 della Svizzera italiana<\/p><\/div><\/div>\t\t<\/div>\n\t\t\t\t<\/div>\n\t\t\t\t<div class=\"elementor-element elementor-element-36a7121 elementor-widget elementor-widget-toggle\" data-id=\"36a7121\" data-element_type=\"widget\" data-widget_type=\"toggle.default\">\n\t\t\t\t<div class=\"elementor-widget-container\">\n\t\t\t\t\t<div class=\"elementor-toggle\">\n\t\t\t\t\t\t\t<div class=\"elementor-toggle-item\">\n\t\t\t\t\t<div id=\"elementor-tab-title-5731\" class=\"elementor-tab-title\" data-tab=\"1\" role=\"button\" aria-controls=\"elementor-tab-content-5731\" aria-expanded=\"false\">\n\t\t\t\t\t\t\t\t\t\t\t\t<span class=\"elementor-toggle-icon elementor-toggle-icon-right\" aria-hidden=\"true\">\n\t\t\t\t\t\t\t\t\t\t\t\t\t\t\t<span class=\"elementor-toggle-icon-closed\"><i class=\"fas fa-angle-down\"><\/i><\/span>\n\t\t\t\t\t\t\t\t<span class=\"elementor-toggle-icon-opened\"><i class=\"elementor-toggle-icon-opened fas fa-angle-up\"><\/i><\/span>\n\t\t\t\t\t\t\t\t\t\t\t\t\t<\/span>\n\t\t\t\t\t\t\t\t\t\t\t\t<a class=\"elementor-toggle-title\" tabindex=\"0\">Read more<\/a>\n\t\t\t\t\t<\/div>\n\n\t\t\t\t\t<div id=\"elementor-tab-content-5731\" class=\"elementor-tab-content elementor-clearfix\" data-tab=\"1\" role=\"region\" aria-labelledby=\"elementor-tab-title-5731\"><p>Giovanni Zavaritt (1979) holds a PhD in Political Communication and an Executive Master of Science in Communications Management. He was (2015-2019) Head of Communication at USI, were now is General secretary. Since 2015 he is member of the Board of the Science et Cit\u00e9 foundation.<\/p><\/div>\n\t\t\t\t<\/div>\n\t\t\t\t\t\t\t\t<\/div>\n\t\t\t\t<\/div>\n\t\t\t\t<\/div>\n\t\t\t\t\t<\/div>\n\t\t<\/div>\n\t\t\t\t\t<\/div>\n\t\t<\/section>\n\t\t\t\t\t<\/div>\n\t\t<\/div>\n\t\t\t\t\t<\/div>\n\t\t<\/section>\n\t\t\t\t<section class=\"elementor-section elementor-top-section elementor-element elementor-element-9864db2 elementor-section-content-middle elementor-hidden-desktop elementor-hidden-tablet elementor-hidden-mobile elementor-section-boxed elementor-section-height-default elementor-section-height-default\" data-id=\"9864db2\" data-element_type=\"section\">\n\t\t\t\t\t\t<div class=\"elementor-container elementor-column-gap-no\">\n\t\t\t\t\t<div class=\"elementor-column elementor-col-100 elementor-top-column elementor-element elementor-element-89ca0af\" data-id=\"89ca0af\" data-element_type=\"column\">\n\t\t\t<div class=\"elementor-widget-wrap elementor-element-populated\">\n\t\t\t\t\t\t<section class=\"elementor-section elementor-inner-section elementor-element elementor-element-9aa8971 elementor-section-boxed elementor-section-height-default elementor-section-height-default\" data-id=\"9aa8971\" data-element_type=\"section\">\n\t\t\t\t\t\t<div class=\"elementor-container elementor-column-gap-default\">\n\t\t\t\t\t<div class=\"elementor-column elementor-col-50 elementor-inner-column elementor-element elementor-element-3bb3aa38\" data-id=\"3bb3aa38\" data-element_type=\"column\">\n\t\t\t<div class=\"elementor-widget-wrap elementor-element-populated\">\n\t\t\t\t\t\t<div class=\"elementor-element elementor-element-41fa3351 elementor-position-left elementor-vertical-align-top elementor-widget elementor-widget-image-box\" data-id=\"41fa3351\" data-element_type=\"widget\" data-widget_type=\"image-box.default\">\n\t\t\t\t<div class=\"elementor-widget-container\">\n\t\t\t<div class=\"elementor-image-box-wrapper\"><figure class=\"elementor-image-box-img\"><img decoding=\"async\" src=\"https:\/\/www.mem-summit.ch\/wp-content\/uploads\/elementor\/thumbs\/JEAN-PATRICK_VILLENEUVE_5-oyu3jckmwvuq8wec4x5wve8ps1tzzb6xk8pzylvk6g.jpg\" title=\"JEAN-PATRICK_VILLENEUVE_5\" alt=\"\" loading=\"lazy\" \/><\/figure><div class=\"elementor-image-box-content\"><h3 class=\"elementor-image-box-title\">JEAN-PATRICK VILLENEUVE<\/h3><p class=\"elementor-image-box-description\">Professor and Director, Institute of Communication and Public Policy, Universit\u00e0 della Svizzera italiana, Switzerland<\/p><\/div><\/div>\t\t<\/div>\n\t\t\t\t<\/div>\n\t\t\t\t\t<\/div>\n\t\t<\/div>\n\t\t\t\t<div class=\"elementor-column elementor-col-50 elementor-inner-column elementor-element elementor-element-65443ce\" data-id=\"65443ce\" data-element_type=\"column\">\n\t\t\t<div class=\"elementor-widget-wrap elementor-element-populated\">\n\t\t\t\t\t\t<div class=\"elementor-element elementor-element-53a51bd elementor-position-left elementor-vertical-align-top elementor-widget elementor-widget-image-box\" data-id=\"53a51bd\" data-element_type=\"widget\" data-widget_type=\"image-box.default\">\n\t\t\t\t<div class=\"elementor-widget-container\">\n\t\t\t<div class=\"elementor-image-box-wrapper\"><figure class=\"elementor-image-box-img\"><img decoding=\"async\" src=\"https:\/\/www.mem-summit.ch\/wp-content\/uploads\/elementor\/thumbs\/PIO_WENNUBST_2-oyu3jckmwvuq8wec4x5wve8ps1tzzb6xk8pzylvk6g.jpg\" title=\"Pio Wennubst\" alt=\"\" loading=\"lazy\" \/><\/figure><div class=\"elementor-image-box-content\"><h3 class=\"elementor-image-box-title\">PIO WENNUBST<\/h3><p class=\"elementor-image-box-description\">Permanent Representative, Permanent Mission of Switzerland to the United Nations organisations in Rome, Switzerland<\/p><\/div><\/div>\t\t<\/div>\n\t\t\t\t<\/div>\n\t\t\t\t\t<\/div>\n\t\t<\/div>\n\t\t\t\t\t<\/div>\n\t\t<\/section>\n\t\t\t\t\t<\/div>\n\t\t<\/div>\n\t\t\t\t\t<\/div>\n\t\t<\/section>\n\t\t\t\t<section class=\"elementor-section elementor-top-section elementor-element elementor-element-c0b6389 elementor-section-boxed elementor-section-height-default elementor-section-height-default\" data-id=\"c0b6389\" data-element_type=\"section\">\n\t\t\t\t\t\t<div class=\"elementor-container elementor-column-gap-default\">\n\t\t\t\t\t<div class=\"elementor-column elementor-col-100 elementor-top-column elementor-element elementor-element-a462de1\" data-id=\"a462de1\" data-element_type=\"column\">\n\t\t\t<div class=\"elementor-widget-wrap elementor-element-populated\">\n\t\t\t\t\t\t<div class=\"elementor-element elementor-element-cf92fb5 elementor-widget elementor-widget-shortcode\" data-id=\"cf92fb5\" data-element_type=\"widget\" data-widget_type=\"shortcode.default\">\n\t\t\t\t<div class=\"elementor-widget-container\">\n\t\t\t\t\t<div class=\"elementor-shortcode\"><script>\njQuery('a[href=\"javascript:void(0);\"]').removeAttr('target');\n<\/script><\/div>\n\t\t\t\t<\/div>\n\t\t\t\t<\/div>\n\t\t\t\t\t<\/div>\n\t\t<\/div>\n\t\t\t\t\t<\/div>\n\t\t<\/section>\n\t\t\t\t<\/div>\n\t\t\n<\/div>\n\t\t\t\t<\/div>\n\t\t\t\t\t\t\t\t<\/div>\n\t\t\t\t<\/div>\n\t\t\t\t<\/div>\n\t\t\t\t\t<\/div>\n\t\t<\/div>\n\t\t\t\t\t<\/div>\n\t\t<\/section>\n\t\t\t\t<section class=\"elementor-section elementor-top-section elementor-element elementor-element-e5540f5 elementor-section-height-min-height elementor-section-boxed elementor-section-height-default elementor-section-items-middle\" data-id=\"e5540f5\" data-element_type=\"section\" data-settings=\"{&quot;background_background&quot;:&quot;classic&quot;}\">\n\t\t\t\t\t\t\t<div class=\"elementor-background-overlay\"><\/div>\n\t\t\t\t\t\t\t<div class=\"elementor-container elementor-column-gap-default\">\n\t\t\t\t\t<div class=\"elementor-column elementor-col-100 elementor-top-column elementor-element elementor-element-a83410c\" data-id=\"a83410c\" data-element_type=\"column\" data-settings=\"{&quot;background_background&quot;:&quot;classic&quot;}\">\n\t\t\t<div class=\"elementor-widget-wrap elementor-element-populated\">\n\t\t\t\t\t\t\t<\/div>\n\t\t<\/div>\n\t\t\t\t\t<\/div>\n\t\t<\/section>\n\t\t\t\t<section class=\"elementor-section elementor-top-section elementor-element elementor-element-f900c72 elementor-section-boxed elementor-section-height-default elementor-section-height-default\" data-id=\"f900c72\" data-element_type=\"section\">\n\t\t\t\t\t\t<div class=\"elementor-container elementor-column-gap-no\">\n\t\t\t\t\t<div class=\"elementor-column elementor-col-100 elementor-top-column elementor-element elementor-element-b5eebec\" data-id=\"b5eebec\" data-element_type=\"column\">\n\t\t\t<div class=\"elementor-widget-wrap elementor-element-populated\">\n\t\t\t\t\t\t<div class=\"elementor-element elementor-element-efeae94 elementor-widget elementor-widget-menu-anchor\" data-id=\"efeae94\" data-element_type=\"widget\" data-widget_type=\"menu-anchor.default\">\n\t\t\t\t<div class=\"elementor-widget-container\">\n\t\t\t\t\t<div class=\"elementor-menu-anchor\" id=\"2023\"><\/div>\n\t\t\t\t<\/div>\n\t\t\t\t<\/div>\n\t\t\t\t<div class=\"elementor-element elementor-element-4d09ca2 elementor-widget-divider--view-line elementor-widget elementor-widget-divider\" data-id=\"4d09ca2\" data-element_type=\"widget\" data-widget_type=\"divider.default\">\n\t\t\t\t<div class=\"elementor-widget-container\">\n\t\t\t\t\t<div class=\"elementor-divider\">\n\t\t\t<span class=\"elementor-divider-separator\">\n\t\t\t\t\t\t<\/span>\n\t\t<\/div>\n\t\t\t\t<\/div>\n\t\t\t\t<\/div>\n\t\t\t\t<div class=\"elementor-element elementor-element-68fb0f9 elementor-widget elementor-widget-heading\" data-id=\"68fb0f9\" data-element_type=\"widget\" data-widget_type=\"heading.default\">\n\t\t\t\t<div class=\"elementor-widget-container\">\n\t\t\t<h1 class=\"elementor-heading-title elementor-size-default\">Forum 2023<\/h1>\t\t<\/div>\n\t\t\t\t<\/div>\n\t\t\t\t<div class=\"elementor-element elementor-element-d8162df elementor-widget elementor-widget-text-editor\" data-id=\"d8162df\" data-element_type=\"widget\" data-widget_type=\"text-editor.default\">\n\t\t\t\t<div class=\"elementor-widget-container\">\n\t\t\t\t\t\t\t<p><span class=\"ui-provider bhh bhi c d e f g h i j k l m n o p q r s t bhj bhk w x y z ab ac ae af ag ah ai aj ak\" dir=\"ltr\">Il Forum del MEM Summer Summit, che ha avuto luogo il 26 agosto, \u00e8 l&#8217;evento conclusivo dei 10 giorni del Summit ed era aperto al vasto pubblico.<\/span><\/p>\n<p><span class=\"TextRun SCXW48540615 BCX9\" lang=\"IT-IT\" xml:lang=\"IT-IT\" data-contrast=\"auto\"><span class=\"NormalTextRun SCXW48540615 BCX9\">Il Forum del MEM <\/span><span class=\"NormalTextRun SCXW48540615 BCX9\">Summer<\/span><span class=\"NormalTextRun SCXW48540615 BCX9\"> Summit 2023 \u00e8 stato aperto con <\/span><span class=\"NormalTextRun SCXW48540615 BCX9\">gli <\/span><span class=\"NormalTextRun SCXW48540615 BCX9\">interventi di figure istituzionali ed esponenti politici che hanno <\/span><span class=\"NormalTextRun SCXW48540615 BCX9\">sottolineato<\/span><span class=\"NormalTextRun SCXW48540615 BCX9\">\u00a0l\u2019importanza strategica e culturale della regione del Medio Oriente Mediterraneo<\/span><span class=\"NormalTextRun SCXW48540615 BCX9\">,<\/span><span class=\"NormalTextRun SCXW48540615 BCX9\"> caratterizzata da <\/span><span class=\"NormalTextRun SCXW48540615 BCX9\">una unit\u00e0 e prossimit\u00e0 geografiche ma da <\/span><span class=\"NormalTextRun SCXW48540615 BCX9\">una grande eterogeneit\u00e0 e ricchezza culturale. L<\/span><\/span>&#8216;accento \u00e8 stato posto <span class=\"TextRun SCXW48540615 BCX9\" lang=\"IT-IT\" xml:lang=\"IT-IT\" data-contrast=\"auto\"><span class=\"NormalTextRun SCXW48540615 BCX9\">sul ruolo cruciale di progetti ed iniziative di collaborazione fra i diversi attori della regione<\/span><span class=\"NormalTextRun SCXW48540615 BCX9\"> per favorire la comprensione reciproca.<\/span><\/span><\/p>\n\t\t\t\t\t\t<\/div>\n\t\t\t\t<\/div>\n\t\t\t\t<div class=\"elementor-element elementor-element-0ef4337 elementor-widget elementor-widget-menu-anchor\" data-id=\"0ef4337\" data-element_type=\"widget\" data-widget_type=\"menu-anchor.default\">\n\t\t\t\t<div class=\"elementor-widget-container\">\n\t\t\t\t\t<div class=\"elementor-menu-anchor\" id=\"programme\"><\/div>\n\t\t\t\t<\/div>\n\t\t\t\t<\/div>\n\t\t\t\t<div class=\"elementor-element elementor-element-4cef3d3 elementor-widget-divider--view-line elementor-widget elementor-widget-divider\" data-id=\"4cef3d3\" data-element_type=\"widget\" data-widget_type=\"divider.default\">\n\t\t\t\t<div class=\"elementor-widget-container\">\n\t\t\t\t\t<div class=\"elementor-divider\">\n\t\t\t<span class=\"elementor-divider-separator\">\n\t\t\t\t\t\t<\/span>\n\t\t<\/div>\n\t\t\t\t<\/div>\n\t\t\t\t<\/div>\n\t\t\t\t<div class=\"elementor-element elementor-element-239edcc elementor-widget elementor-widget-heading\" data-id=\"239edcc\" data-element_type=\"widget\" data-widget_type=\"heading.default\">\n\t\t\t\t<div class=\"elementor-widget-container\">\n\t\t\t<h2 class=\"elementor-heading-title elementor-size-default\">Guarda il Forum 2023<\/h2>\t\t<\/div>\n\t\t\t\t<\/div>\n\t\t\t\t<div class=\"elementor-element elementor-element-c907274 elementor-widget elementor-widget-toggle\" data-id=\"c907274\" data-element_type=\"widget\" data-widget_type=\"toggle.default\">\n\t\t\t\t<div class=\"elementor-widget-container\">\n\t\t\t\t\t<div class=\"elementor-toggle\">\n\t\t\t\t\t\t\t<div class=\"elementor-toggle-item\">\n\t\t\t\t\t<h3 id=\"elementor-tab-title-2101\" class=\"elementor-tab-title\" data-tab=\"1\" role=\"button\" aria-controls=\"elementor-tab-content-2101\" aria-expanded=\"false\">\n\t\t\t\t\t\t\t\t\t\t\t\t<span class=\"elementor-toggle-icon elementor-toggle-icon-left\" aria-hidden=\"true\">\n\t\t\t\t\t\t\t\t\t\t\t\t\t\t\t<span class=\"elementor-toggle-icon-closed\"><i class=\"fas fa-angle-down\"><\/i><\/span>\n\t\t\t\t\t\t\t\t<span class=\"elementor-toggle-icon-opened\"><i class=\"elementor-toggle-icon-opened fas fa-angle-up\"><\/i><\/span>\n\t\t\t\t\t\t\t\t\t\t\t\t\t<\/span>\n\t\t\t\t\t\t\t\t\t\t\t\t<a class=\"elementor-toggle-title\" tabindex=\"0\">Discorsi di apertura e Keynote speech<\/a>\n\t\t\t\t\t<\/h3>\n\n\t\t\t\t\t<div id=\"elementor-tab-content-2101\" class=\"elementor-tab-content elementor-clearfix\" data-tab=\"1\" role=\"region\" aria-labelledby=\"elementor-tab-title-2101\"><p>Discorsi di apertura:<br \/>\nLorenzo Cantoni, Pro-rector for Education and Students\u2019 experience, Universit\u00e0 della Svizzera italiana, Switzerland<br \/>\nMorena Ferrari Gamba, President of the City Council of Lugano, Switzerland<br \/>\nMarina Carobbio Guscetti, Member of the Cantonal Council, Director of the Department of Education, Culture and Sport, Republic and Canton Ticino, Switzerland<br \/>\nHE Ignazio Cassis, Federal Councillor, Federal Department of Foreign Affairs, Switzerland<\/p>\n<p>Keynote speech:<br \/>\nHE Mohamed Mehdi Bensaid, Minister of Youth, Culture and Communication, Kingdom of Morocco<br \/>\nAlexandra Xanthaki, UN Special Rapporteur in the field of cultural rights, Switzerland<br \/>\nHE Jacques Ducrest, Ambassador, Head of International Relations Division, State Secretariat for Education, Research and Innovation, Switzerland<\/p>\n<\/div>\n\t\t\t\t<\/div>\n\t\t\t\t\t\t\t\t<\/div>\n\t\t\t\t<\/div>\n\t\t\t\t<\/div>\n\t\t\t\t<div class=\"elementor-element elementor-element-85ce54d elementor-widget elementor-widget-video\" data-id=\"85ce54d\" data-element_type=\"widget\" data-settings=\"{&quot;youtube_url&quot;:&quot;https:\\\/\\\/youtu.be\\\/3o5RoucRT2g?si=B3pB6CJZGGArB-f7&quot;,&quot;yt_privacy&quot;:&quot;yes&quot;,&quot;loop&quot;:&quot;yes&quot;,&quot;video_type&quot;:&quot;youtube&quot;,&quot;controls&quot;:&quot;yes&quot;}\" data-widget_type=\"video.default\">\n\t\t\t\t<div class=\"elementor-widget-container\">\n\t\t\t\t\t<div class=\"elementor-wrapper elementor-open-inline\">\n\t\t\t<div class=\"elementor-video\"><\/div>\t\t<\/div>\n\t\t\t\t<\/div>\n\t\t\t\t<\/div>\n\t\t\t\t<div class=\"elementor-element elementor-element-8b94818 elementor-widget elementor-widget-toggle\" data-id=\"8b94818\" data-element_type=\"widget\" data-widget_type=\"toggle.default\">\n\t\t\t\t<div class=\"elementor-widget-container\">\n\t\t\t\t\t<div class=\"elementor-toggle\">\n\t\t\t\t\t\t\t<div class=\"elementor-toggle-item\">\n\t\t\t\t\t<h3 id=\"elementor-tab-title-1461\" class=\"elementor-tab-title\" data-tab=\"1\" role=\"button\" aria-controls=\"elementor-tab-content-1461\" aria-expanded=\"false\">\n\t\t\t\t\t\t\t\t\t\t\t\t<span class=\"elementor-toggle-icon elementor-toggle-icon-left\" aria-hidden=\"true\">\n\t\t\t\t\t\t\t\t\t\t\t\t\t\t\t<span class=\"elementor-toggle-icon-closed\"><i class=\"fas fa-angle-down\"><\/i><\/span>\n\t\t\t\t\t\t\t\t<span class=\"elementor-toggle-icon-opened\"><i class=\"elementor-toggle-icon-opened fas fa-angle-up\"><\/i><\/span>\n\t\t\t\t\t\t\t\t\t\t\t\t\t<\/span>\n\t\t\t\t\t\t\t\t\t\t\t\t<a class=\"elementor-toggle-title\" tabindex=\"0\">Panel 1: La regione del Medio Oriente Mediterraneo oggi: configurazioni geopolitiche<\/a>\n\t\t\t\t\t<\/h3>\n\n\t\t\t\t\t<div id=\"elementor-tab-content-1461\" class=\"elementor-tab-content elementor-clearfix\" data-tab=\"1\" role=\"region\" aria-labelledby=\"elementor-tab-title-1461\"><p class=\"p1\">Nell\u2019ultimo anno, il panorama geopolitico della regione ha subito rapide e profonde trasformazioni con implicazioni sui futuri assetti regionali e globali.<\/p>\n<p class=\"p1\">Il conflitto tra Russia e Ucraina continua ad avere un impatto sui Paesi della regione, non solo sugli equilibri e le configurazioni geopolitiche, ma anche sulla sicurezza alimentare e sulla situazione socio-economica.<\/p>\n<p class=\"p1\">L\u2019affermazione di un paradigma multipolare nelle relazioni internazionali ha provocato cambiamenti nelle alleanze e nell\u2019influenza delle potenze tradizionali. I Paesi del Golfo hanno accresciuto la loro importanza sulla scena globale, rafforzando al contempo le relazioni regionali nel Mediterraneo allargato. Contestualmente, Paesi come la Tunisia, l\u2019Iran e Israele hanno vissuto sviluppi politici interni e disordini importanti, con implicazioni di vasta portata per la regione e non solo.<\/p>\n<p class=\"p1\">Al panel hanno partecipato illustri esperti di geopolitica e relazioni internazionali che hanno proposto analisi sulle problematiche attuali e sulle prospettive della regione.<\/p>\n<p>Mohamed Mahmoud Mohamedou, Deputy Director and Professor of International History and Politics, Graduate Institute of international and development studies, Switzerland<br \/>\nKarim Emile Bitar, Professor of International Relations and Director of the Institute of Political Science at the Saint Joseph University of Beirut, Lebanon<br \/>\nCinzia Bianco, Research Fellow on the Arabian Peninsula and the Gulf, European Council on Foreign Relations, Italy<br \/>\nMatteo Legrenzi, Professor of International Relations, Universit\u00e0 Ca\u2019 Foscari Venezia, Italy<br \/>\nAdi Horesh, Young change-maker<br \/>\nModeratore: Mohamed Mahmoud Mohamedou, Deputy Director and Professor of International History and Politics, Graduate Institute of international and development studies, Switzerland<\/p>\n<\/div>\n\t\t\t\t<\/div>\n\t\t\t\t\t\t\t\t<\/div>\n\t\t\t\t<\/div>\n\t\t\t\t<\/div>\n\t\t\t\t<div class=\"elementor-element elementor-element-f108dbf elementor-widget elementor-widget-video\" data-id=\"f108dbf\" data-element_type=\"widget\" data-settings=\"{&quot;youtube_url&quot;:&quot;https:\\\/\\\/youtu.be\\\/URhgM6Bu194?si=4VLfAoHGVe5IcIxB&quot;,&quot;yt_privacy&quot;:&quot;yes&quot;,&quot;loop&quot;:&quot;yes&quot;,&quot;video_type&quot;:&quot;youtube&quot;,&quot;controls&quot;:&quot;yes&quot;}\" data-widget_type=\"video.default\">\n\t\t\t\t<div class=\"elementor-widget-container\">\n\t\t\t\t\t<div class=\"elementor-wrapper elementor-open-inline\">\n\t\t\t<div class=\"elementor-video\"><\/div>\t\t<\/div>\n\t\t\t\t<\/div>\n\t\t\t\t<\/div>\n\t\t\t\t<div class=\"elementor-element elementor-element-f58ee11 elementor-widget elementor-widget-toggle\" data-id=\"f58ee11\" data-element_type=\"widget\" data-widget_type=\"toggle.default\">\n\t\t\t\t<div class=\"elementor-widget-container\">\n\t\t\t\t\t<div class=\"elementor-toggle\">\n\t\t\t\t\t\t\t<div class=\"elementor-toggle-item\">\n\t\t\t\t\t<h3 id=\"elementor-tab-title-2571\" class=\"elementor-tab-title\" data-tab=\"1\" role=\"button\" aria-controls=\"elementor-tab-content-2571\" aria-expanded=\"false\">\n\t\t\t\t\t\t\t\t\t\t\t\t<span class=\"elementor-toggle-icon elementor-toggle-icon-left\" aria-hidden=\"true\">\n\t\t\t\t\t\t\t\t\t\t\t\t\t\t\t<span class=\"elementor-toggle-icon-closed\"><i class=\"fas fa-angle-down\"><\/i><\/span>\n\t\t\t\t\t\t\t\t<span class=\"elementor-toggle-icon-opened\"><i class=\"elementor-toggle-icon-opened fas fa-angle-up\"><\/i><\/span>\n\t\t\t\t\t\t\t\t\t\t\t\t\t<\/span>\n\t\t\t\t\t\t\t\t\t\t\t\t<a class=\"elementor-toggle-title\" tabindex=\"0\">Panel 2: Il ruolo della cultura, tra dialogo e diplomazia<\/a>\n\t\t\t\t\t<\/h3>\n\n\t\t\t\t\t<div id=\"elementor-tab-content-2571\" class=\"elementor-tab-content elementor-clearfix\" data-tab=\"1\" role=\"region\" aria-labelledby=\"elementor-tab-title-2571\"><p class=\"p1\">Il panel ha evidenziato il ruolo della cultura, intesa nel suo senso pi\u00f9 ampio, per promuovere il dialogo, la collaborazione e la pace al di l\u00e0 dei confini nazionali. Le dinamiche politiche e di potere, le relazioni e le influenze all\u2019interno e tra i Paesi sono state analizzate attraverso la lente della cultura e delle narrazioni culturali.<\/p>\n<p class=\"p1\">Lo sviluppo e il rafforzamento di un\u2019interazione multiforme tra persone e Paesi, che includa le loro diverse identit\u00e0 e le risposte a domande comuni, porta a promuovere e sostenere il dialogo nella regione. La cultura rappresenta una dimensione inevitabile delle relazioni internazionali e la diplomazia culturale \u00e8 diventata uno degli strumenti pi\u00f9 apprezzati nelle strategie diplomatiche.<\/p>\n<p class=\"p1\">I relatori, provenienti da esperienze e formazioni diverse, hanno delineato un quadro teorico corredato da esempi di successo in diversi campi come la scienza, la diplomazia, la musica e i media.<\/p>\n<p>Maurizio Bona, Former Advisor to the Director General of CERN and Professor at University of Pavia, Italy<br \/>\nRenee Hattar, Director of the Royal Institute for Inter-Faith Studies, Jordan<br \/>\nSelim Koru, Analyst at the Economic Policy Research Foundation of Turkey, Turkey<br \/>\nInes Mokdadi, Young change-maker<br \/>\nModeratore: Diana Segantini, Advisor for Arts, culture, heritage and media, Switzerland<\/p>\n<p>Prima del panel &#8211; Intervista con Fatima Zamba, Young change-maker<\/p>\n<\/div>\n\t\t\t\t<\/div>\n\t\t\t\t\t\t\t\t<\/div>\n\t\t\t\t<\/div>\n\t\t\t\t<\/div>\n\t\t\t\t<div class=\"elementor-element elementor-element-5b7d8cb elementor-widget elementor-widget-video\" data-id=\"5b7d8cb\" data-element_type=\"widget\" data-settings=\"{&quot;youtube_url&quot;:&quot;https:\\\/\\\/youtu.be\\\/BI7-5NI2TGs?si=ui6923S-6rUFQje8&quot;,&quot;yt_privacy&quot;:&quot;yes&quot;,&quot;loop&quot;:&quot;yes&quot;,&quot;video_type&quot;:&quot;youtube&quot;,&quot;controls&quot;:&quot;yes&quot;}\" data-widget_type=\"video.default\">\n\t\t\t\t<div class=\"elementor-widget-container\">\n\t\t\t\t\t<div class=\"elementor-wrapper elementor-open-inline\">\n\t\t\t<div class=\"elementor-video\"><\/div>\t\t<\/div>\n\t\t\t\t<\/div>\n\t\t\t\t<\/div>\n\t\t\t\t<div class=\"elementor-element elementor-element-cee90ac elementor-widget elementor-widget-toggle\" data-id=\"cee90ac\" data-element_type=\"widget\" data-widget_type=\"toggle.default\">\n\t\t\t\t<div class=\"elementor-widget-container\">\n\t\t\t\t\t<div class=\"elementor-toggle\">\n\t\t\t\t\t\t\t<div class=\"elementor-toggle-item\">\n\t\t\t\t\t<h3 id=\"elementor-tab-title-2161\" class=\"elementor-tab-title\" data-tab=\"1\" role=\"button\" aria-controls=\"elementor-tab-content-2161\" aria-expanded=\"false\">\n\t\t\t\t\t\t\t\t\t\t\t\t<span class=\"elementor-toggle-icon elementor-toggle-icon-left\" aria-hidden=\"true\">\n\t\t\t\t\t\t\t\t\t\t\t\t\t\t\t<span class=\"elementor-toggle-icon-closed\"><i class=\"fas fa-angle-down\"><\/i><\/span>\n\t\t\t\t\t\t\t\t<span class=\"elementor-toggle-icon-opened\"><i class=\"elementor-toggle-icon-opened fas fa-angle-up\"><\/i><\/span>\n\t\t\t\t\t\t\t\t\t\t\t\t\t<\/span>\n\t\t\t\t\t\t\t\t\t\t\t\t<a class=\"elementor-toggle-title\" tabindex=\"0\">Panel 3: Il cambiamento climatico: sfide e opportunit\u00e0<\/a>\n\t\t\t\t\t<\/h3>\n\n\t\t\t\t\t<div id=\"elementor-tab-content-2161\" class=\"elementor-tab-content elementor-clearfix\" data-tab=\"1\" role=\"region\" aria-labelledby=\"elementor-tab-title-2161\"><p class=\"p1\">La regione mediterranea del Medio Oriente \u00e8 altamente vulnerabile agli effetti del cambiamento climatico. Secondo studi recenti, la regione si sta riscaldando a un ritmo doppio rispetto alla media globale, con il rischio di diventare inabitabile per una parte significativa della sua popolazione entro il 2050.<\/p>\n<p class=\"p1\">La regione ha ospitato la 27a Conferenza delle Nazioni Unite sui cambiamenti climatici in Egitto nel 2022 (COP 27) e ospiter\u00e0 la COP 28 negli Emirati Arabi Uniti alla fine del 2023. Gli studi hanno evidenziato la necessit\u00e0 di un\u2019azione immediata, poich\u00e9 il cambiamento climatico sta aggravando problemi persistenti e criticit\u00e0 della regione. Fra questi, la scarsit\u00e0 d\u2019acqua, l\u2019insicurezza alimentare, l\u2019intensificazione dei disastri naturali, l\u2019incremento dei flussi migratori e l\u2019intensificazione dei conflitti.<\/p>\n<p class=\"p1\">Affrontare efficacemente queste complesse sfide richiede un approccio globale\u00a0e\u00a0multidisciplinare,\u00a0 collaborazioni a livello regionale e interregionale. Inserendo tra le priorit\u00e0 la sostenibilit\u00e0 ambientale e promuovendo lo sviluppo di comunit\u00e0 resilienti al clima, la regione pu\u00f2 iniziare a contrastare gli effetti negativi del cambiamento climatico.<\/p>\n<p class=\"p1\">L\u2019obiettivo principale di questo panel \u00e8 quello di far luce sulle sfide stratificate che la regione deve affrontare, presentando allo stesso tempo soluzioni innovative e opportunit\u00e0 per fronteggiare questa crisi.<\/p>\n<p>Mohammed Mahmoud, Senior Fellow and Director of the Climate and Water Program, Middle East Institute, United States<br \/>\nAdnan Tabatabai, CEO, CARPO &#8211; Center for Applied Research in Partnership with the Orient, Germany<br \/>\nShivan Fazil, Research fellow at the Stockholm International Peace Research Institute, Iraq<br \/>\nMaryem Fitouri, Young change-maker<br \/>\nModeratore: Alessandro Bertellotti, Radiotelevisione svizzera, Switzerland<\/p>\n<p>Prima del panel &#8211; Intervista con Antoine Kallab, Young change-maker<\/p>\n<\/div>\n\t\t\t\t<\/div>\n\t\t\t\t\t\t\t\t<\/div>\n\t\t\t\t<\/div>\n\t\t\t\t<\/div>\n\t\t\t\t<div class=\"elementor-element elementor-element-aeafc87 elementor-widget elementor-widget-video\" data-id=\"aeafc87\" data-element_type=\"widget\" data-settings=\"{&quot;youtube_url&quot;:&quot;https:\\\/\\\/youtu.be\\\/a4Inb8tYIJo?si=17PfTD2aFRirl4y3&quot;,&quot;yt_privacy&quot;:&quot;yes&quot;,&quot;loop&quot;:&quot;yes&quot;,&quot;video_type&quot;:&quot;youtube&quot;,&quot;controls&quot;:&quot;yes&quot;}\" data-widget_type=\"video.default\">\n\t\t\t\t<div class=\"elementor-widget-container\">\n\t\t\t\t\t<div class=\"elementor-wrapper elementor-open-inline\">\n\t\t\t<div class=\"elementor-video\"><\/div>\t\t<\/div>\n\t\t\t\t<\/div>\n\t\t\t\t<\/div>\n\t\t\t\t<div class=\"elementor-element elementor-element-1517d0e elementor-widget elementor-widget-toggle\" data-id=\"1517d0e\" data-element_type=\"widget\" data-widget_type=\"toggle.default\">\n\t\t\t\t<div class=\"elementor-widget-container\">\n\t\t\t\t\t<div class=\"elementor-toggle\">\n\t\t\t\t\t\t\t<div class=\"elementor-toggle-item\">\n\t\t\t\t\t<h3 id=\"elementor-tab-title-2211\" class=\"elementor-tab-title\" data-tab=\"1\" role=\"button\" aria-controls=\"elementor-tab-content-2211\" aria-expanded=\"false\">\n\t\t\t\t\t\t\t\t\t\t\t\t<span class=\"elementor-toggle-icon elementor-toggle-icon-left\" aria-hidden=\"true\">\n\t\t\t\t\t\t\t\t\t\t\t\t\t\t\t<span class=\"elementor-toggle-icon-closed\"><i class=\"fas fa-angle-down\"><\/i><\/span>\n\t\t\t\t\t\t\t\t<span class=\"elementor-toggle-icon-opened\"><i class=\"elementor-toggle-icon-opened fas fa-angle-up\"><\/i><\/span>\n\t\t\t\t\t\t\t\t\t\t\t\t\t<\/span>\n\t\t\t\t\t\t\t\t\t\t\t\t<a class=\"elementor-toggle-title\" tabindex=\"0\">Panel 4: Scenari futuri per la regione del Medio Oriente Mediterraneo e discorso di chiusura di Dott.ssa Federica Frediani<\/a>\n\t\t\t\t\t<\/h3>\n\n\t\t\t\t\t<div id=\"elementor-tab-content-2211\" class=\"elementor-tab-content elementor-clearfix\" data-tab=\"1\" role=\"region\" aria-labelledby=\"elementor-tab-title-2211\"><p>In chiusura del Forum MEM 2023, i giovani\u00a0change-maker hanno\u00a0presentato\u00a0alcuni\u00a0scenari\u00a0futuri\u00a0per la\u00a0regione del\u00a0Medio Oriente Mediterraneo, elaborati durante un workshop MEM in Marocco\u00a0a giugno del 2023\u00a0e\u00a0ulteriormente\u00a0sviluppati durante il Seminario MEM 2023. Questi scenari, sviluppati da giovani\u00a0change-makers,\u00a0rappresentano\u00a0un set di\u00a0risposte alle sfide\u00a0attuali\u00a0e propongono visioni, aspirazioni e percorsi di sviluppo,\u00a0nella speranza di ispirare nuove\u00a0e ulteriori\u00a0narrazioni.<\/p>\n<\/div>\n\t\t\t\t<\/div>\n\t\t\t\t\t\t\t\t<\/div>\n\t\t\t\t<\/div>\n\t\t\t\t<\/div>\n\t\t\t\t<div class=\"elementor-element elementor-element-09fc2e2 elementor-widget elementor-widget-video\" data-id=\"09fc2e2\" data-element_type=\"widget\" data-settings=\"{&quot;youtube_url&quot;:&quot;https:\\\/\\\/youtu.be\\\/ntebYVPFj5o?si=7GTxqYwD6SU1mO1p&quot;,&quot;yt_privacy&quot;:&quot;yes&quot;,&quot;loop&quot;:&quot;yes&quot;,&quot;video_type&quot;:&quot;youtube&quot;,&quot;controls&quot;:&quot;yes&quot;}\" data-widget_type=\"video.default\">\n\t\t\t\t<div class=\"elementor-widget-container\">\n\t\t\t\t\t<div class=\"elementor-wrapper elementor-open-inline\">\n\t\t\t<div class=\"elementor-video\"><\/div>\t\t<\/div>\n\t\t\t\t<\/div>\n\t\t\t\t<\/div>\n\t\t\t\t<div class=\"elementor-element elementor-element-5130f11 elementor-align-left elementor-mobile-align-left elementor-widget elementor-widget-button\" data-id=\"5130f11\" data-element_type=\"widget\" data-widget_type=\"button.default\">\n\t\t\t\t<div class=\"elementor-widget-container\">\n\t\t\t\t\t<div class=\"elementor-button-wrapper\">\n\t\t\t<a class=\"elementor-button elementor-button-link elementor-size-md\" href=\"https:\/\/www.mem-summersummit.ch\/wp-content\/uploads\/2023\/08\/Forum-programme-MEMSS_2023.pdf\" target=\"_blank\" rel=\"nofollow\">\n\t\t\t\t\t\t<span class=\"elementor-button-content-wrapper\">\n\t\t\t\t\t\t\t\t\t<span class=\"elementor-button-text\">Scarica il Programma<\/span>\n\t\t\t\t\t<\/span>\n\t\t\t\t\t<\/a>\n\t\t<\/div>\n\t\t\t\t<\/div>\n\t\t\t\t<\/div>\n\t\t\t\t<div class=\"elementor-element elementor-element-ecf0dbb elementor-widget elementor-widget-toggle\" data-id=\"ecf0dbb\" data-element_type=\"widget\" data-widget_type=\"toggle.default\">\n\t\t\t\t<div class=\"elementor-widget-container\">\n\t\t\t\t\t<div class=\"elementor-toggle\">\n\t\t\t\t\t\t\t<div class=\"elementor-toggle-item\">\n\t\t\t\t\t<h3 id=\"elementor-tab-title-2481\" class=\"elementor-tab-title\" data-tab=\"1\" role=\"button\" aria-controls=\"elementor-tab-content-2481\" aria-expanded=\"false\">\n\t\t\t\t\t\t\t\t\t\t\t\t<span class=\"elementor-toggle-icon elementor-toggle-icon-left\" aria-hidden=\"true\">\n\t\t\t\t\t\t\t\t\t\t\t\t\t\t\t<span class=\"elementor-toggle-icon-closed\"><i class=\"fas fa-angle-down\"><\/i><\/span>\n\t\t\t\t\t\t\t\t<span class=\"elementor-toggle-icon-opened\"><i class=\"elementor-toggle-icon-opened fas fa-angle-up\"><\/i><\/span>\n\t\t\t\t\t\t\t\t\t\t\t\t\t<\/span>\n\t\t\t\t\t\t\t\t\t\t\t\t<a class=\"elementor-toggle-title\" tabindex=\"0\">Relatori<\/a>\n\t\t\t\t\t<\/h3>\n\n\t\t\t\t\t<div id=\"elementor-tab-content-2481\" class=\"elementor-tab-content elementor-clearfix\" data-tab=\"1\" role=\"region\" aria-labelledby=\"elementor-tab-title-2481\">\t\t<div data-elementor-type=\"page\" data-elementor-id=\"15521\" class=\"elementor elementor-15521\" data-elementor-post-type=\"elementor_library\">\n\t\t\t\t\t\t<section class=\"elementor-section elementor-top-section elementor-element elementor-element-62728ca elementor-section-content-middle elementor-section-boxed elementor-section-height-default elementor-section-height-default\" data-id=\"62728ca\" data-element_type=\"section\">\n\t\t\t\t\t\t<div class=\"elementor-container elementor-column-gap-no\">\n\t\t\t\t\t<div class=\"elementor-column elementor-col-50 elementor-top-column elementor-element elementor-element-b4246ef\" data-id=\"b4246ef\" data-element_type=\"column\">\n\t\t\t<div class=\"elementor-widget-wrap elementor-element-populated\">\n\t\t\t\t\t\t<section class=\"elementor-section elementor-inner-section elementor-element elementor-element-d97951b elementor-section-boxed elementor-section-height-default elementor-section-height-default\" data-id=\"d97951b\" data-element_type=\"section\">\n\t\t\t\t\t\t<div class=\"elementor-container elementor-column-gap-default\">\n\t\t\t\t\t<div class=\"elementor-column elementor-col-100 elementor-inner-column elementor-element elementor-element-b63c890\" data-id=\"b63c890\" data-element_type=\"column\">\n\t\t\t<div class=\"elementor-widget-wrap elementor-element-populated\">\n\t\t\t\t\t\t<div class=\"elementor-element elementor-element-b1dd5ab elementor-position-left elementor-vertical-align-top elementor-widget elementor-widget-image-box\" data-id=\"b1dd5ab\" data-element_type=\"widget\" data-widget_type=\"image-box.default\">\n\t\t\t\t<div class=\"elementor-widget-container\">\n\t\t\t<div class=\"elementor-image-box-wrapper\"><figure class=\"elementor-image-box-img\"><img loading=\"lazy\" decoding=\"async\" width=\"600\" height=\"600\" src=\"https:\/\/www.mem-summit.ch\/wp-content\/uploads\/2023\/08\/Mohammed_Mehdi_Bensaid.png\" class=\"attachment-full size-full wp-image-15707\" alt=\"\" srcset=\"https:\/\/www.mem-summit.ch\/wp-content\/uploads\/2023\/08\/Mohammed_Mehdi_Bensaid.png 600w, https:\/\/www.mem-summit.ch\/wp-content\/uploads\/2023\/08\/Mohammed_Mehdi_Bensaid-480x480.png 480w, https:\/\/www.mem-summit.ch\/wp-content\/uploads\/2023\/08\/Mohammed_Mehdi_Bensaid-150x150.png 150w\" sizes=\"(max-width: 600px) 100vw, 600px\" \/><\/figure><div class=\"elementor-image-box-content\"><h3 class=\"elementor-image-box-title\">HE MOHAMMED MEHDI BENSAID<\/h3><p class=\"elementor-image-box-description\">Minister of Youth, Culture and Communication, Kingdom of Morocco<\/p><\/div><\/div>\t\t<\/div>\n\t\t\t\t<\/div>\n\t\t\t\t<div class=\"elementor-element elementor-element-783ad5e elementor-widget elementor-widget-toggle\" data-id=\"783ad5e\" data-element_type=\"widget\" data-widget_type=\"toggle.default\">\n\t\t\t\t<div class=\"elementor-widget-container\">\n\t\t\t\t\t<div class=\"elementor-toggle\">\n\t\t\t\t\t\t\t<div class=\"elementor-toggle-item\">\n\t\t\t\t\t<div id=\"elementor-tab-title-1261\" class=\"elementor-tab-title\" data-tab=\"1\" role=\"button\" aria-controls=\"elementor-tab-content-1261\" aria-expanded=\"false\">\n\t\t\t\t\t\t\t\t\t\t\t\t<span class=\"elementor-toggle-icon elementor-toggle-icon-right\" aria-hidden=\"true\">\n\t\t\t\t\t\t\t\t\t\t\t\t\t\t\t<span class=\"elementor-toggle-icon-closed\"><i class=\"fas fa-angle-down\"><\/i><\/span>\n\t\t\t\t\t\t\t\t<span class=\"elementor-toggle-icon-opened\"><i class=\"elementor-toggle-icon-opened fas fa-angle-up\"><\/i><\/span>\n\t\t\t\t\t\t\t\t\t\t\t\t\t<\/span>\n\t\t\t\t\t\t\t\t\t\t\t\t<a class=\"elementor-toggle-title\" tabindex=\"0\">Read more<\/a>\n\t\t\t\t\t<\/div>\n\n\t\t\t\t\t<div id=\"elementor-tab-content-1261\" class=\"elementor-tab-content elementor-clearfix\" data-tab=\"1\" role=\"region\" aria-labelledby=\"elementor-tab-title-1261\"><p>Mohammed Mehdi Bensaid was born on 26 October 1984 in Rabat.<\/p><p>He has a degree in Political Science and International Relations from the Institut d&#8217;Etudes Politiques in Toulouse, and in Law from the Faculty of Law in Toulouse. He also holds a Master&#8217;s degree in African Affairs from Sciences Po Paris, and in International Relations from the Institut de Relations Internationales et Strat\u00e9giques in Paris. Mehdi Bensaid became involved in politics following the democratic changes in the Kingdom of Morocco.<\/p><p>As a founding President of the Cercle des Jeunes D\u00e9mocrates Marocains, he entered Morocco in the Guinness Book of Records with the world&#8217;s largest flag in Dakhla.<\/p><p>He was elected to the House of Representatives of the Kingdom of Morocco following the 2011 legislative elections. After being elected Chairman of the Committee on Foreign Affairs, National Defence, Islamic Affairs and Moroccans Residing Abroad between 2014 and 2016, Mr Mehdi Bensaid became the youngest MP to hold such a position.<\/p><p>Mohammed Mehdi Bensaid has demonstrated his commitment to integrating young people into public policy and political action at both local and national level. A member of the Political Bureau of the Authenticity and Modernity Party, he was elected deputy in the legislative elections of 8 September 2021 for the &#8220;Rabat-Ocean&#8221; constituency, before being appointed Minister for Youth, Culture and Communication.<\/p><\/div>\n\t\t\t\t<\/div>\n\t\t\t\t\t\t\t\t<\/div>\n\t\t\t\t<\/div>\n\t\t\t\t<\/div>\n\t\t\t\t\t<\/div>\n\t\t<\/div>\n\t\t\t\t\t<\/div>\n\t\t<\/section>\n\t\t\t\t<section class=\"elementor-section elementor-inner-section elementor-element elementor-element-4a42334 elementor-section-boxed elementor-section-height-default elementor-section-height-default\" data-id=\"4a42334\" data-element_type=\"section\">\n\t\t\t\t\t\t<div class=\"elementor-container elementor-column-gap-default\">\n\t\t\t\t\t<div class=\"elementor-column elementor-col-100 elementor-inner-column elementor-element elementor-element-5513135\" data-id=\"5513135\" data-element_type=\"column\">\n\t\t\t<div class=\"elementor-widget-wrap elementor-element-populated\">\n\t\t\t\t\t\t<div class=\"elementor-element elementor-element-0d6f5c2 elementor-position-left elementor-vertical-align-top elementor-widget elementor-widget-image-box\" data-id=\"0d6f5c2\" data-element_type=\"widget\" data-widget_type=\"image-box.default\">\n\t\t\t\t<div class=\"elementor-widget-container\">\n\t\t\t<div class=\"elementor-image-box-wrapper\"><figure class=\"elementor-image-box-img\"><img loading=\"lazy\" decoding=\"async\" width=\"600\" height=\"600\" src=\"https:\/\/www.mem-summit.ch\/wp-content\/uploads\/2023\/08\/Alexandra_Xanthaki.png\" class=\"attachment-full size-full wp-image-15713\" alt=\"\" srcset=\"https:\/\/www.mem-summit.ch\/wp-content\/uploads\/2023\/08\/Alexandra_Xanthaki.png 600w, https:\/\/www.mem-summit.ch\/wp-content\/uploads\/2023\/08\/Alexandra_Xanthaki-480x480.png 480w, https:\/\/www.mem-summit.ch\/wp-content\/uploads\/2023\/08\/Alexandra_Xanthaki-150x150.png 150w\" sizes=\"(max-width: 600px) 100vw, 600px\" \/><\/figure><div class=\"elementor-image-box-content\"><h3 class=\"elementor-image-box-title\">ALEXANDRA XANTHAKI<\/h3><p class=\"elementor-image-box-description\">UN Special Rapporteur in the field of cultural rights, Switzerland<\/p><\/div><\/div>\t\t<\/div>\n\t\t\t\t<\/div>\n\t\t\t\t<div class=\"elementor-element elementor-element-c2fa793 elementor-widget elementor-widget-toggle\" data-id=\"c2fa793\" data-element_type=\"widget\" data-widget_type=\"toggle.default\">\n\t\t\t\t<div class=\"elementor-widget-container\">\n\t\t\t\t\t<div class=\"elementor-toggle\">\n\t\t\t\t\t\t\t<div class=\"elementor-toggle-item\">\n\t\t\t\t\t<div id=\"elementor-tab-title-2041\" class=\"elementor-tab-title\" data-tab=\"1\" role=\"button\" aria-controls=\"elementor-tab-content-2041\" aria-expanded=\"false\">\n\t\t\t\t\t\t\t\t\t\t\t\t<span class=\"elementor-toggle-icon elementor-toggle-icon-right\" aria-hidden=\"true\">\n\t\t\t\t\t\t\t\t\t\t\t\t\t\t\t<span class=\"elementor-toggle-icon-closed\"><i class=\"fas fa-angle-down\"><\/i><\/span>\n\t\t\t\t\t\t\t\t<span class=\"elementor-toggle-icon-opened\"><i class=\"elementor-toggle-icon-opened fas fa-angle-up\"><\/i><\/span>\n\t\t\t\t\t\t\t\t\t\t\t\t\t<\/span>\n\t\t\t\t\t\t\t\t\t\t\t\t<a class=\"elementor-toggle-title\" tabindex=\"0\">Read more<\/a>\n\t\t\t\t\t<\/div>\n\n\t\t\t\t\t<div id=\"elementor-tab-content-2041\" class=\"elementor-tab-content elementor-clearfix\" data-tab=\"1\" role=\"region\" aria-labelledby=\"elementor-tab-title-2041\"><p>Alexandra Xanthaki is Professor of Laws at Brunel University London, United Kingdom. A leading expert on cultural rights, Alexandra has over 50 publications varying from cultural rights of minorities and indigenous peoples to cultural diversity, cultural heritage, balancing cultural rights with other rights and interests, and multicultural aspects of international human rights law.<br \/><br \/>Alexandra is Greek and completed her law degree in Athens Law Faculty and qualified as a lawyer. She then moved to the United Kingdom and completed a Masters degree (LLM) in &#8216;Human Rights and Emergency Law&#8217; at Queen&#8217;s University, Belfast. She pursued a doctorate at Keele University, UK, on the &#8216;Rights of Indigenous Peoples in the United Nations&#8217; under the supervision of Patrick Thornberry. Her work on cultural rights of non-state actors is well-known and has been cited repeatedly in international documents. She has worked on issues relating to human rights with NGOs and civil society. Before taking up the mandate, Alexandra has worked closely with several mandates at the United Nations and has advised several States on human rights issues. She has also taught civil servants and lawyers in several parts of the world, including the Ukraine, Vietnam, South Africa and Malaysia.<br \/><br \/>Alexandra is a member of the Summer Human Rights Faculty in Oxford. In Brunel University London, she leads the Brunel side in an EU funded project of 13 partners on employing technology to push forward the integration of migrants. She has also worked with colleagues and NGOs to develop a prototype of an online game to advance the rights of children and their integration. Ms. Xanthaki is well known as the founder of the awarded Athens Refugee Project, where students have volunteered since early 2016 with refugee civil society organisations.<\/p><\/div>\n\t\t\t\t<\/div>\n\t\t\t\t\t\t\t\t<\/div>\n\t\t\t\t<\/div>\n\t\t\t\t<\/div>\n\t\t\t\t\t<\/div>\n\t\t<\/div>\n\t\t\t\t\t<\/div>\n\t\t<\/section>\n\t\t\t\t<section class=\"elementor-section elementor-inner-section elementor-element elementor-element-5fa8607 elementor-section-boxed elementor-section-height-default elementor-section-height-default\" data-id=\"5fa8607\" data-element_type=\"section\">\n\t\t\t\t\t\t<div class=\"elementor-container elementor-column-gap-default\">\n\t\t\t\t\t<div class=\"elementor-column elementor-col-100 elementor-inner-column elementor-element elementor-element-359c4c1\" data-id=\"359c4c1\" data-element_type=\"column\">\n\t\t\t<div class=\"elementor-widget-wrap elementor-element-populated\">\n\t\t\t\t\t\t<div class=\"elementor-element elementor-element-0be700c elementor-position-left elementor-vertical-align-top elementor-widget elementor-widget-image-box\" data-id=\"0be700c\" data-element_type=\"widget\" data-widget_type=\"image-box.default\">\n\t\t\t\t<div class=\"elementor-widget-container\">\n\t\t\t<div class=\"elementor-image-box-wrapper\"><figure class=\"elementor-image-box-img\"><img loading=\"lazy\" decoding=\"async\" width=\"600\" height=\"600\" src=\"https:\/\/www.mem-summit.ch\/wp-content\/uploads\/2022\/08\/Ignazio_Cassis_1.jpg\" class=\"attachment-full size-full wp-image-14302\" alt=\"\" srcset=\"https:\/\/www.mem-summit.ch\/wp-content\/uploads\/2022\/08\/Ignazio_Cassis_1.jpg 600w, https:\/\/www.mem-summit.ch\/wp-content\/uploads\/2022\/08\/Ignazio_Cassis_1-480x480.jpg 480w, https:\/\/www.mem-summit.ch\/wp-content\/uploads\/2022\/08\/Ignazio_Cassis_1-150x150.jpg 150w\" sizes=\"(max-width: 600px) 100vw, 600px\" \/><\/figure><div class=\"elementor-image-box-content\"><h3 class=\"elementor-image-box-title\">HE IGNAZIO CASSIS<\/h3><p class=\"elementor-image-box-description\">Federal Councillor, Federal Department of Foreign Affairs, Switzerland<\/p><\/div><\/div>\t\t<\/div>\n\t\t\t\t<\/div>\n\t\t\t\t<div class=\"elementor-element elementor-element-f5c5219 elementor-widget elementor-widget-toggle\" data-id=\"f5c5219\" data-element_type=\"widget\" data-widget_type=\"toggle.default\">\n\t\t\t\t<div class=\"elementor-widget-container\">\n\t\t\t\t\t<div class=\"elementor-toggle\">\n\t\t\t\t\t\t\t<div class=\"elementor-toggle-item\">\n\t\t\t\t\t<div id=\"elementor-tab-title-2571\" class=\"elementor-tab-title\" data-tab=\"1\" role=\"button\" aria-controls=\"elementor-tab-content-2571\" aria-expanded=\"false\">\n\t\t\t\t\t\t\t\t\t\t\t\t<span class=\"elementor-toggle-icon elementor-toggle-icon-right\" aria-hidden=\"true\">\n\t\t\t\t\t\t\t\t\t\t\t\t\t\t\t<span class=\"elementor-toggle-icon-closed\"><i class=\"fas fa-angle-down\"><\/i><\/span>\n\t\t\t\t\t\t\t\t<span class=\"elementor-toggle-icon-opened\"><i class=\"elementor-toggle-icon-opened fas fa-angle-up\"><\/i><\/span>\n\t\t\t\t\t\t\t\t\t\t\t\t\t<\/span>\n\t\t\t\t\t\t\t\t\t\t\t\t<a class=\"elementor-toggle-title\" tabindex=\"0\">Read more<\/a>\n\t\t\t\t\t<\/div>\n\n\t\t\t\t\t<div id=\"elementor-tab-content-2571\" class=\"elementor-tab-content elementor-clearfix\" data-tab=\"1\" role=\"region\" aria-labelledby=\"elementor-tab-title-2571\"><div><div class=\"eda-page-intro eda-page-content eda-page-content--xlarge\"><div class=\"eda-lead\"><p class=\"eda-lead__text\">Ignazio Cassis worked as a medical doctor before starting his political career as a member of the communal parliament for Collina d&#8217;Oro, in the district of Lugano. Whilst serving as the cantonal physician, he was elected 2007 to the National Council as a member of FDP \u2013 The Liberals. 2017 Ignazio Cassis was elected to the Federal Council. In line with the seniority principle of the Federal Council he took on the presidency of the Swiss Confederation in 2022.<\/p><\/div><\/div><\/div><div><div class=\"text\"><div class=\"eda-page-content\"><div class=\"eda-rich-text\"><p>Ignazio Cassis (FDP), elected by the United Federal Assembly on 20 September 2017, took up his post as head of the Federal Department of Foreign Affairs (FDFA) on 1 November 2017.<\/p><p>For two years prior to his election to the Federal Council, Mr Cassis was president of the parliamentary group of the FDP.The Liberals, of which he was a member since his election to the National Council in 2007. From 2015, he chaired the National Council&#8217;s Social Security and Health Committee. He was also vice-chair or chair of various parliamentary groups. His political career began in 2004 with his election to the legislative authority of the Ticino municipality of Collina d&#8217;Oro.<\/p><p>After graduating in medicine from the University of Zurich in 1987, Ignazio Cassis obtained a doctorate from the University of Lausanne in 1996 and a master&#8217;s degree in public health from the University of Geneva the same year.<\/p><p>From 1988 to 1996 he worked as a doctor, specialising 1998 in internal medicine and in prevention and public health. From 1997 to 2008 he was cantonal physician for the Canton of Ticino. From 2008 to 2012 has held the office of Vice-President of the Swiss Medical Association and since 2012 has held the office of various organisations in the health sector (Curafutura, CURAVIVA, EQUAM, RADIX, etc.).<\/p><p>His university teaching activities (in charge of courses) have taken him to various universities, such as Universit\u00e0 della Svizzera italiana, Universit\u00e9 de Lausanne, Universit\u00e4t Bern and Universit\u00e4t Z\u00fcrich. \u00a0<\/p><\/div><\/div><\/div><\/div><\/div>\n\t\t\t\t<\/div>\n\t\t\t\t\t\t\t\t<\/div>\n\t\t\t\t<\/div>\n\t\t\t\t<\/div>\n\t\t\t\t\t<\/div>\n\t\t<\/div>\n\t\t\t\t\t<\/div>\n\t\t<\/section>\n\t\t\t\t<section class=\"elementor-section elementor-inner-section elementor-element elementor-element-76d52bc elementor-section-boxed elementor-section-height-default elementor-section-height-default\" data-id=\"76d52bc\" data-element_type=\"section\">\n\t\t\t\t\t\t<div class=\"elementor-container elementor-column-gap-default\">\n\t\t\t\t\t<div class=\"elementor-column elementor-col-100 elementor-inner-column elementor-element elementor-element-82d86ef\" data-id=\"82d86ef\" data-element_type=\"column\">\n\t\t\t<div class=\"elementor-widget-wrap elementor-element-populated\">\n\t\t\t\t\t\t<div class=\"elementor-element elementor-element-08ef45b elementor-position-left elementor-vertical-align-top elementor-widget elementor-widget-image-box\" data-id=\"08ef45b\" data-element_type=\"widget\" data-widget_type=\"image-box.default\">\n\t\t\t\t<div class=\"elementor-widget-container\">\n\t\t\t<div class=\"elementor-image-box-wrapper\"><figure class=\"elementor-image-box-img\"><img fetchpriority=\"high\" decoding=\"async\" width=\"618\" height=\"618\" src=\"https:\/\/www.mem-summit.ch\/wp-content\/uploads\/2023\/07\/Zakaria_Al_Shmaly.png\" class=\"attachment-full size-full wp-image-15478\" alt=\"\" srcset=\"https:\/\/www.mem-summit.ch\/wp-content\/uploads\/2023\/07\/Zakaria_Al_Shmaly.png 618w, https:\/\/www.mem-summit.ch\/wp-content\/uploads\/2023\/07\/Zakaria_Al_Shmaly-480x480.png 480w, https:\/\/www.mem-summit.ch\/wp-content\/uploads\/2023\/07\/Zakaria_Al_Shmaly-150x150.png 150w\" sizes=\"(max-width: 618px) 100vw, 618px\" \/><\/figure><div class=\"elementor-image-box-content\"><h3 class=\"elementor-image-box-title\">ZAKARIA AL SHMALY<\/h3><p class=\"elementor-image-box-description\">Doctoral Fellow, United Nations University Maastricht<\/p><\/div><\/div>\t\t<\/div>\n\t\t\t\t<\/div>\n\t\t\t\t<div class=\"elementor-element elementor-element-7a7c4d2 elementor-widget elementor-widget-toggle\" data-id=\"7a7c4d2\" data-element_type=\"widget\" data-widget_type=\"toggle.default\">\n\t\t\t\t<div class=\"elementor-widget-container\">\n\t\t\t\t\t<div class=\"elementor-toggle\">\n\t\t\t\t\t\t\t<div class=\"elementor-toggle-item\">\n\t\t\t\t\t<div id=\"elementor-tab-title-1281\" class=\"elementor-tab-title\" data-tab=\"1\" role=\"button\" aria-controls=\"elementor-tab-content-1281\" aria-expanded=\"false\">\n\t\t\t\t\t\t\t\t\t\t\t\t<span class=\"elementor-toggle-icon elementor-toggle-icon-right\" aria-hidden=\"true\">\n\t\t\t\t\t\t\t\t\t\t\t\t\t\t\t<span class=\"elementor-toggle-icon-closed\"><i class=\"fas fa-angle-down\"><\/i><\/span>\n\t\t\t\t\t\t\t\t<span class=\"elementor-toggle-icon-opened\"><i class=\"elementor-toggle-icon-opened fas fa-angle-up\"><\/i><\/span>\n\t\t\t\t\t\t\t\t\t\t\t\t\t<\/span>\n\t\t\t\t\t\t\t\t\t\t\t\t<a class=\"elementor-toggle-title\" tabindex=\"0\">Read more<\/a>\n\t\t\t\t\t<\/div>\n\n\t\t\t\t\t<div id=\"elementor-tab-content-1281\" class=\"elementor-tab-content elementor-clearfix\" data-tab=\"1\" role=\"region\" aria-labelledby=\"elementor-tab-title-1281\"><p>Zakaria Al Shmaly is a Syrian academic who researches the intersection between governance and technology, with a focus on European asylum policy. He worked in Europe and the Middle East with humanitarian and international organisations such as the International NGO Safety Organisation (INSO), Norwegian Refugee Council (NRC), and the European Parliament. He holds a B.A. in Liberal Arts and Sciences from the University College Freiburg, an M.A. from the European University Institute, and is currently a Dahrendorf Fellow at Oxford University &#8211; St. Antony\u2019s College and a Doctoral Fellow at the United Nations University &#8211; Maastricht Economic and Social Research Institute on Innovation and Technology (UNU-MERIT). Zak is also a musician and a political theatre<\/p><\/div>\n\t\t\t\t<\/div>\n\t\t\t\t\t\t\t\t<\/div>\n\t\t\t\t<\/div>\n\t\t\t\t<\/div>\n\t\t\t\t\t<\/div>\n\t\t<\/div>\n\t\t\t\t\t<\/div>\n\t\t<\/section>\n\t\t\t\t<section class=\"elementor-section elementor-inner-section elementor-element elementor-element-5300335 elementor-section-boxed elementor-section-height-default elementor-section-height-default\" data-id=\"5300335\" data-element_type=\"section\">\n\t\t\t\t\t\t<div class=\"elementor-container elementor-column-gap-default\">\n\t\t\t\t\t<div class=\"elementor-column elementor-col-100 elementor-inner-column elementor-element elementor-element-ff8adce\" data-id=\"ff8adce\" data-element_type=\"column\">\n\t\t\t<div class=\"elementor-widget-wrap elementor-element-populated\">\n\t\t\t\t\t\t<div class=\"elementor-element elementor-element-a24d541 elementor-position-left elementor-vertical-align-top elementor-widget elementor-widget-image-box\" data-id=\"a24d541\" data-element_type=\"widget\" data-widget_type=\"image-box.default\">\n\t\t\t\t<div class=\"elementor-widget-container\">\n\t\t\t<div class=\"elementor-image-box-wrapper\"><figure class=\"elementor-image-box-img\"><img loading=\"lazy\" decoding=\"async\" width=\"288\" height=\"288\" src=\"https:\/\/www.mem-summit.ch\/wp-content\/uploads\/2022\/08\/Cinzia_Bianco_1.jpg\" class=\"attachment-full size-full wp-image-14434\" alt=\"\" srcset=\"https:\/\/www.mem-summit.ch\/wp-content\/uploads\/2022\/08\/Cinzia_Bianco_1.jpg 288w, https:\/\/www.mem-summit.ch\/wp-content\/uploads\/2022\/08\/Cinzia_Bianco_1-150x150.jpg 150w\" sizes=\"(max-width: 288px) 100vw, 288px\" \/><\/figure><div class=\"elementor-image-box-content\"><h3 class=\"elementor-image-box-title\">CINZIA BIANCO<\/h3><p class=\"elementor-image-box-description\">Research Fellow on the Arabian Peninsula and the Gulf, European Council on Foreign Relations, Italy<\/p><\/div><\/div>\t\t<\/div>\n\t\t\t\t<\/div>\n\t\t\t\t<div class=\"elementor-element elementor-element-f002bfa elementor-widget elementor-widget-toggle\" data-id=\"f002bfa\" data-element_type=\"widget\" data-widget_type=\"toggle.default\">\n\t\t\t\t<div class=\"elementor-widget-container\">\n\t\t\t\t\t<div class=\"elementor-toggle\">\n\t\t\t\t\t\t\t<div class=\"elementor-toggle-item\">\n\t\t\t\t\t<div id=\"elementor-tab-title-2511\" class=\"elementor-tab-title\" data-tab=\"1\" role=\"button\" aria-controls=\"elementor-tab-content-2511\" aria-expanded=\"false\">\n\t\t\t\t\t\t\t\t\t\t\t\t<span class=\"elementor-toggle-icon elementor-toggle-icon-right\" aria-hidden=\"true\">\n\t\t\t\t\t\t\t\t\t\t\t\t\t\t\t<span class=\"elementor-toggle-icon-closed\"><i class=\"fas fa-angle-down\"><\/i><\/span>\n\t\t\t\t\t\t\t\t<span class=\"elementor-toggle-icon-opened\"><i class=\"elementor-toggle-icon-opened fas fa-angle-up\"><\/i><\/span>\n\t\t\t\t\t\t\t\t\t\t\t\t\t<\/span>\n\t\t\t\t\t\t\t\t\t\t\t\t<a class=\"elementor-toggle-title\" tabindex=\"0\">Read more<\/a>\n\t\t\t\t\t<\/div>\n\n\t\t\t\t\t<div id=\"elementor-tab-content-2511\" class=\"elementor-tab-content elementor-clearfix\" data-tab=\"1\" role=\"region\" aria-labelledby=\"elementor-tab-title-2511\"><p>Cinzia Bianco is a research fellow at the European Council on Foreign Relations, where she is working on political, security and economic developments in the Arabian Peninsula and Gulf region and relations with Europe. She is based between Berlin (Germany) and Milan (Italy). Additionally, she is a senior analyst at Gulf State Analytics and a non-resident scholar at the Middle East Institute in Washington DC. Previously, Bianco was a research fellow for the European Commission\u2019s project on EU-GCC relations \u2018Sharaka\u2019 between 2013 and 2014.<\/p><p>She holds an MA degree in Middle East and Mediterranean Studies from King\u2019s College London and a PhD in Middle East Politics from the University of Exeter in the United Kingdom. She is the author, together with Prof. Matteo Legrenzi, of the first-ever book Italian book on the contemporary geopolitics of the Gulf monarchies, &#8220;Le monarchie arabe del Golfo&#8221; edited by Il Mulino (2023).<\/p><\/div>\n\t\t\t\t<\/div>\n\t\t\t\t\t\t\t\t<\/div>\n\t\t\t\t<\/div>\n\t\t\t\t<\/div>\n\t\t\t\t\t<\/div>\n\t\t<\/div>\n\t\t\t\t\t<\/div>\n\t\t<\/section>\n\t\t\t\t<section class=\"elementor-section elementor-inner-section elementor-element elementor-element-2971928 elementor-section-boxed elementor-section-height-default elementor-section-height-default\" data-id=\"2971928\" data-element_type=\"section\">\n\t\t\t\t\t\t<div class=\"elementor-container elementor-column-gap-default\">\n\t\t\t\t\t<div class=\"elementor-column elementor-col-100 elementor-inner-column elementor-element elementor-element-348e1d6\" data-id=\"348e1d6\" data-element_type=\"column\">\n\t\t\t<div class=\"elementor-widget-wrap elementor-element-populated\">\n\t\t\t\t\t\t<div class=\"elementor-element elementor-element-db016b8 elementor-position-left elementor-vertical-align-top elementor-widget elementor-widget-image-box\" data-id=\"db016b8\" data-element_type=\"widget\" data-widget_type=\"image-box.default\">\n\t\t\t\t<div class=\"elementor-widget-container\">\n\t\t\t<div class=\"elementor-image-box-wrapper\"><figure class=\"elementor-image-box-img\"><img loading=\"lazy\" decoding=\"async\" width=\"502\" height=\"502\" src=\"https:\/\/www.mem-summit.ch\/wp-content\/uploads\/2023\/08\/Maurizio_Bona.png\" class=\"attachment-full size-full wp-image-15724\" alt=\"\" srcset=\"https:\/\/www.mem-summit.ch\/wp-content\/uploads\/2023\/08\/Maurizio_Bona.png 502w, https:\/\/www.mem-summit.ch\/wp-content\/uploads\/2023\/08\/Maurizio_Bona-480x480.png 480w, https:\/\/www.mem-summit.ch\/wp-content\/uploads\/2023\/08\/Maurizio_Bona-150x150.png 150w\" sizes=\"(max-width: 502px) 100vw, 502px\" \/><\/figure><div class=\"elementor-image-box-content\"><h3 class=\"elementor-image-box-title\">MAURIZIO BONA<\/h3><p class=\"elementor-image-box-description\">Former Advisor to the Director General of CERN and Professor at University of Pavia, Italy\u00a0<\/p><\/div><\/div>\t\t<\/div>\n\t\t\t\t<\/div>\n\t\t\t\t<div class=\"elementor-element elementor-element-cd24a6b elementor-widget elementor-widget-toggle\" data-id=\"cd24a6b\" data-element_type=\"widget\" data-widget_type=\"toggle.default\">\n\t\t\t\t<div class=\"elementor-widget-container\">\n\t\t\t\t\t<div class=\"elementor-toggle\">\n\t\t\t\t\t\t\t<div class=\"elementor-toggle-item\">\n\t\t\t\t\t<div id=\"elementor-tab-title-2151\" class=\"elementor-tab-title\" data-tab=\"1\" role=\"button\" aria-controls=\"elementor-tab-content-2151\" aria-expanded=\"false\">\n\t\t\t\t\t\t\t\t\t\t\t\t<span class=\"elementor-toggle-icon elementor-toggle-icon-right\" aria-hidden=\"true\">\n\t\t\t\t\t\t\t\t\t\t\t\t\t\t\t<span class=\"elementor-toggle-icon-closed\"><i class=\"fas fa-angle-down\"><\/i><\/span>\n\t\t\t\t\t\t\t\t<span class=\"elementor-toggle-icon-opened\"><i class=\"elementor-toggle-icon-opened fas fa-angle-up\"><\/i><\/span>\n\t\t\t\t\t\t\t\t\t\t\t\t\t<\/span>\n\t\t\t\t\t\t\t\t\t\t\t\t<a class=\"elementor-toggle-title\" tabindex=\"0\">Read more<\/a>\n\t\t\t\t\t<\/div>\n\n\t\t\t\t\t<div id=\"elementor-tab-content-2151\" class=\"elementor-tab-content elementor-clearfix\" data-tab=\"1\" role=\"region\" aria-labelledby=\"elementor-tab-title-2151\"><div class=\"page\" title=\"Page 1\"><div class=\"layoutArea\"><div class=\"column\"><p>Maurizio Bona holds an engineering degree and a doctor degree in material science from Politecnico di Milano. He spent his whole career at CERN, the European Organization for Nuclear Research, Geneva.<\/p><p>He joined CERN in 1983 and participated in the design and development phases of the LHC* superconducting magnets. He was responsible of the development of short-length prototypes and of the first full-length prototype dipole magnets. As Invited Professor, he taught superconductivity and superconducting magnets at University of Genoa.<\/p><p>Once the R&amp;D phase of the LHC dipoles concluded, he led the Technical Group and the Integrated Safety and Environment Group of the CERN Safety Department. From June 2006 until the end of December 2008 he led the Safety Department.<\/p><p>From 2009 to the end of 2015, he was the Advisor to the Director-General, in charge of relations with international organizations. He was instrumental to develop the CERN network of relations with other international organizations and to obtain in December 2012 the status of Observer for CERN in the United Nations General Assembly. He officially represented CERN at the UN General Assemblies of the following years.<\/p><p>In 2016 he served as the Head of Relations with international organization. From 2017 until retirement (April 2022) he was Senior Advisor for relations with Parliaments and Science for policy, and Senior Advisor on knowledge transfer.<\/p><p>At present he is Vice-Chair of the Steering Committee of the International Year of Basic Sciences for Sustainable Development, which was proclaimed by the United Nations in December 2021.<\/p><p>Maurizio Bona is an expert in science diplomacy and promoter of initiatives aimed at valorizing the role of science, technology, and STEM education for the good of society, for the intercultural dialogue, and for peace. He is regularly invited to share his experience at public conferences and thematic events.<\/p><p>* CERN\u2019s Large Hadron Collider (LHC), is the world largest (27 km circumference) and highest-energy accelerator. Details: www.cern.ch<\/p><\/div><\/div><\/div><\/div>\n\t\t\t\t<\/div>\n\t\t\t\t\t\t\t\t<\/div>\n\t\t\t\t<\/div>\n\t\t\t\t<\/div>\n\t\t\t\t\t<\/div>\n\t\t<\/div>\n\t\t\t\t\t<\/div>\n\t\t<\/section>\n\t\t\t\t<section class=\"elementor-section elementor-inner-section elementor-element elementor-element-6b56857 elementor-section-boxed elementor-section-height-default elementor-section-height-default\" data-id=\"6b56857\" data-element_type=\"section\">\n\t\t\t\t\t\t<div class=\"elementor-container elementor-column-gap-default\">\n\t\t\t\t\t<div class=\"elementor-column elementor-col-100 elementor-inner-column elementor-element elementor-element-c330812\" data-id=\"c330812\" data-element_type=\"column\">\n\t\t\t<div class=\"elementor-widget-wrap elementor-element-populated\">\n\t\t\t\t\t\t<div class=\"elementor-element elementor-element-48d09bc elementor-position-left elementor-vertical-align-top elementor-widget elementor-widget-image-box\" data-id=\"48d09bc\" data-element_type=\"widget\" data-widget_type=\"image-box.default\">\n\t\t\t\t<div class=\"elementor-widget-container\">\n\t\t\t<div class=\"elementor-image-box-wrapper\"><figure class=\"elementor-image-box-img\"><img loading=\"lazy\" decoding=\"async\" width=\"443\" height=\"443\" src=\"https:\/\/www.mem-summit.ch\/wp-content\/uploads\/2019\/08\/MARINA_CAROBBIO_GUSCETTI\u200b_2.jpg\" class=\"attachment-full size-full wp-image-8194\" alt=\"\" srcset=\"https:\/\/www.mem-summit.ch\/wp-content\/uploads\/2019\/08\/MARINA_CAROBBIO_GUSCETTI\u200b_2.jpg 443w, https:\/\/www.mem-summit.ch\/wp-content\/uploads\/2019\/08\/MARINA_CAROBBIO_GUSCETTI\u200b_2-150x150.jpg 150w\" sizes=\"(max-width: 443px) 100vw, 443px\" \/><\/figure><div class=\"elementor-image-box-content\"><h3 class=\"elementor-image-box-title\">MARINA CAROBBIO GUSCETTI<\/h3><p class=\"elementor-image-box-description\">Member of the Cantonal Council, Director of the Department of Education, Culture and Sport, Republic and Canton Ticino, Switzerland<\/p><\/div><\/div>\t\t<\/div>\n\t\t\t\t<\/div>\n\t\t\t\t<div class=\"elementor-element elementor-element-1805ab2 elementor-widget elementor-widget-toggle\" data-id=\"1805ab2\" data-element_type=\"widget\" data-widget_type=\"toggle.default\">\n\t\t\t\t<div class=\"elementor-widget-container\">\n\t\t\t\t\t<div class=\"elementor-toggle\">\n\t\t\t\t\t\t\t<div class=\"elementor-toggle-item\">\n\t\t\t\t\t<div id=\"elementor-tab-title-2511\" class=\"elementor-tab-title\" data-tab=\"1\" role=\"button\" aria-controls=\"elementor-tab-content-2511\" aria-expanded=\"false\">\n\t\t\t\t\t\t\t\t\t\t\t\t<span class=\"elementor-toggle-icon elementor-toggle-icon-right\" aria-hidden=\"true\">\n\t\t\t\t\t\t\t\t\t\t\t\t\t\t\t<span class=\"elementor-toggle-icon-closed\"><i class=\"fas fa-angle-down\"><\/i><\/span>\n\t\t\t\t\t\t\t\t<span class=\"elementor-toggle-icon-opened\"><i class=\"elementor-toggle-icon-opened fas fa-angle-up\"><\/i><\/span>\n\t\t\t\t\t\t\t\t\t\t\t\t\t<\/span>\n\t\t\t\t\t\t\t\t\t\t\t\t<a class=\"elementor-toggle-title\" tabindex=\"0\">Read more<\/a>\n\t\t\t\t\t<\/div>\n\n\t\t\t\t\t<div id=\"elementor-tab-content-2511\" class=\"elementor-tab-content elementor-clearfix\" data-tab=\"1\" role=\"region\" aria-labelledby=\"elementor-tab-title-2511\"><p>After studying medicine at the University of Basel, where she graduated in 1991, she worked as a family doctor.<\/p><p>From 1991 to 2007, she was a deputy to the Grand Council of Ticino. From 2007 to 2019 she was a member of the National Council, where she was a member of the Finance Commission, the Social Security and Health Commission and the Finance Delegation. In 2018 and 2019, she was elected as President of the National Council and Federal Assembly. Also in 2019, she became the first woman from Ticino and the first Ticino member of the Socialist Party to win a seat in the Council of States. In the Council of States she was a member of the Finance Commission, the Social Security and Health Commission, the Science, Education and Culture Commission, as well as the Parliamentary Delegation to the Council of Europe.<\/p><\/div>\n\t\t\t\t<\/div>\n\t\t\t\t\t\t\t\t<\/div>\n\t\t\t\t<\/div>\n\t\t\t\t<\/div>\n\t\t\t\t\t<\/div>\n\t\t<\/div>\n\t\t\t\t\t<\/div>\n\t\t<\/section>\n\t\t\t\t<section class=\"elementor-section elementor-inner-section elementor-element elementor-element-d8ef60f elementor-section-boxed elementor-section-height-default elementor-section-height-default\" data-id=\"d8ef60f\" data-element_type=\"section\">\n\t\t\t\t\t\t<div class=\"elementor-container elementor-column-gap-default\">\n\t\t\t\t\t<div class=\"elementor-column elementor-col-100 elementor-inner-column elementor-element elementor-element-0a0cda6\" data-id=\"0a0cda6\" data-element_type=\"column\">\n\t\t\t<div class=\"elementor-widget-wrap elementor-element-populated\">\n\t\t\t\t\t\t<div class=\"elementor-element elementor-element-9432108 elementor-position-left elementor-vertical-align-top elementor-widget elementor-widget-image-box\" data-id=\"9432108\" data-element_type=\"widget\" data-widget_type=\"image-box.default\">\n\t\t\t\t<div class=\"elementor-widget-container\">\n\t\t\t<div class=\"elementor-image-box-wrapper\"><figure class=\"elementor-image-box-img\"><img loading=\"lazy\" decoding=\"async\" width=\"500\" height=\"500\" src=\"https:\/\/www.mem-summit.ch\/wp-content\/uploads\/2023\/08\/Morena_Ferrari_Gamba.png\" class=\"attachment-full size-full wp-image-15703\" alt=\"\" srcset=\"https:\/\/www.mem-summit.ch\/wp-content\/uploads\/2023\/08\/Morena_Ferrari_Gamba.png 500w, https:\/\/www.mem-summit.ch\/wp-content\/uploads\/2023\/08\/Morena_Ferrari_Gamba-480x480.png 480w, https:\/\/www.mem-summit.ch\/wp-content\/uploads\/2023\/08\/Morena_Ferrari_Gamba-150x150.png 150w\" sizes=\"(max-width: 500px) 100vw, 500px\" \/><\/figure><div class=\"elementor-image-box-content\"><h3 class=\"elementor-image-box-title\">MORENA FERRARI GAMBA<\/h3><p class=\"elementor-image-box-description\">President of the City Council of Lugano, Switzerland <\/p><\/div><\/div>\t\t<\/div>\n\t\t\t\t<\/div>\n\t\t\t\t<div class=\"elementor-element elementor-element-a0a6be7 elementor-widget elementor-widget-toggle\" data-id=\"a0a6be7\" data-element_type=\"widget\" data-widget_type=\"toggle.default\">\n\t\t\t\t<div class=\"elementor-widget-container\">\n\t\t\t\t\t<div class=\"elementor-toggle\">\n\t\t\t\t\t\t\t<div class=\"elementor-toggle-item\">\n\t\t\t\t\t<div id=\"elementor-tab-title-1681\" class=\"elementor-tab-title\" data-tab=\"1\" role=\"button\" aria-controls=\"elementor-tab-content-1681\" aria-expanded=\"false\">\n\t\t\t\t\t\t\t\t\t\t\t\t<span class=\"elementor-toggle-icon elementor-toggle-icon-right\" aria-hidden=\"true\">\n\t\t\t\t\t\t\t\t\t\t\t\t\t\t\t<span class=\"elementor-toggle-icon-closed\"><i class=\"fas fa-angle-down\"><\/i><\/span>\n\t\t\t\t\t\t\t\t<span class=\"elementor-toggle-icon-opened\"><i class=\"elementor-toggle-icon-opened fas fa-angle-up\"><\/i><\/span>\n\t\t\t\t\t\t\t\t\t\t\t\t\t<\/span>\n\t\t\t\t\t\t\t\t\t\t\t\t<a class=\"elementor-toggle-title\" tabindex=\"0\">Read more<\/a>\n\t\t\t\t\t<\/div>\n\n\t\t\t\t\t<div id=\"elementor-tab-content-1681\" class=\"elementor-tab-content elementor-clearfix\" data-tab=\"1\" role=\"region\" aria-labelledby=\"elementor-tab-title-1681\"><\/div>\n\t\t\t\t<\/div>\n\t\t\t\t\t\t\t\t<\/div>\n\t\t\t\t<\/div>\n\t\t\t\t<\/div>\n\t\t\t\t\t<\/div>\n\t\t<\/div>\n\t\t\t\t\t<\/div>\n\t\t<\/section>\n\t\t\t\t<section class=\"elementor-section elementor-inner-section elementor-element elementor-element-edec850 elementor-section-boxed elementor-section-height-default elementor-section-height-default\" data-id=\"edec850\" data-element_type=\"section\">\n\t\t\t\t\t\t<div class=\"elementor-container elementor-column-gap-default\">\n\t\t\t\t\t<div class=\"elementor-column elementor-col-100 elementor-inner-column elementor-element elementor-element-8915893\" data-id=\"8915893\" data-element_type=\"column\">\n\t\t\t<div class=\"elementor-widget-wrap elementor-element-populated\">\n\t\t\t\t\t\t<div class=\"elementor-element elementor-element-889229d elementor-position-left elementor-vertical-align-top elementor-widget elementor-widget-image-box\" data-id=\"889229d\" data-element_type=\"widget\" data-widget_type=\"image-box.default\">\n\t\t\t\t<div class=\"elementor-widget-container\">\n\t\t\t<div class=\"elementor-image-box-wrapper\"><figure class=\"elementor-image-box-img\"><img loading=\"lazy\" decoding=\"async\" width=\"618\" height=\"618\" src=\"https:\/\/www.mem-summit.ch\/wp-content\/uploads\/2023\/07\/Selim_Koru.png\" class=\"attachment-full size-full wp-image-15486\" alt=\"\" srcset=\"https:\/\/www.mem-summit.ch\/wp-content\/uploads\/2023\/07\/Selim_Koru.png 618w, https:\/\/www.mem-summit.ch\/wp-content\/uploads\/2023\/07\/Selim_Koru-480x480.png 480w, https:\/\/www.mem-summit.ch\/wp-content\/uploads\/2023\/07\/Selim_Koru-150x150.png 150w\" sizes=\"(max-width: 618px) 100vw, 618px\" \/><\/figure><div class=\"elementor-image-box-content\"><h3 class=\"elementor-image-box-title\">SELIM KORU<\/h3><p class=\"elementor-image-box-description\">Analyst at the Economic Policy Research Foundation of Turkey (TEPAV), Turkey<\/p><\/div><\/div>\t\t<\/div>\n\t\t\t\t<\/div>\n\t\t\t\t<div class=\"elementor-element elementor-element-53297ea elementor-widget elementor-widget-toggle\" data-id=\"53297ea\" data-element_type=\"widget\" data-widget_type=\"toggle.default\">\n\t\t\t\t<div class=\"elementor-widget-container\">\n\t\t\t\t\t<div class=\"elementor-toggle\">\n\t\t\t\t\t\t\t<div class=\"elementor-toggle-item\">\n\t\t\t\t\t<div id=\"elementor-tab-title-8721\" class=\"elementor-tab-title\" data-tab=\"1\" role=\"button\" aria-controls=\"elementor-tab-content-8721\" aria-expanded=\"false\">\n\t\t\t\t\t\t\t\t\t\t\t\t<span class=\"elementor-toggle-icon elementor-toggle-icon-right\" aria-hidden=\"true\">\n\t\t\t\t\t\t\t\t\t\t\t\t\t\t\t<span class=\"elementor-toggle-icon-closed\"><i class=\"fas fa-angle-down\"><\/i><\/span>\n\t\t\t\t\t\t\t\t<span class=\"elementor-toggle-icon-opened\"><i class=\"elementor-toggle-icon-opened fas fa-angle-up\"><\/i><\/span>\n\t\t\t\t\t\t\t\t\t\t\t\t\t<\/span>\n\t\t\t\t\t\t\t\t\t\t\t\t<a class=\"elementor-toggle-title\" tabindex=\"0\">Read more<\/a>\n\t\t\t\t\t<\/div>\n\n\t\t\t\t\t<div id=\"elementor-tab-content-8721\" class=\"elementor-tab-content elementor-clearfix\" data-tab=\"1\" role=\"region\" aria-labelledby=\"elementor-tab-title-8721\"><p>Selim Koru is an analyst at the Ankara-based Economic Policy Research Foundation of Turkey (TEPAV) and a fellow at the Philadelphia-based Foreign Policy Research Institute (FPRI). He writes about Turkish politics in outlets such as <em>The New York Times <\/em>and<em> War on the Rocks<\/em>. He also writes <em>K\u00fclt\u00fcrkampf<\/em>, a Substack newsletter on Turkey\u2019s political culture. He is currently writing a book on Turkish politics as well as a PhD dissertation on Nietzsche&#8217;s politics.\u00a0<em>\u00a0<\/em><\/p><\/div>\n\t\t\t\t<\/div>\n\t\t\t\t\t\t\t\t<\/div>\n\t\t\t\t<\/div>\n\t\t\t\t<\/div>\n\t\t\t\t\t<\/div>\n\t\t<\/div>\n\t\t\t\t\t<\/div>\n\t\t<\/section>\n\t\t\t\t<section class=\"elementor-section elementor-inner-section elementor-element elementor-element-963a75b elementor-section-boxed elementor-section-height-default elementor-section-height-default\" data-id=\"963a75b\" data-element_type=\"section\">\n\t\t\t\t\t\t<div class=\"elementor-container elementor-column-gap-default\">\n\t\t\t\t\t<div class=\"elementor-column elementor-col-100 elementor-inner-column elementor-element elementor-element-19eef9f\" data-id=\"19eef9f\" data-element_type=\"column\">\n\t\t\t<div class=\"elementor-widget-wrap elementor-element-populated\">\n\t\t\t\t\t\t<div class=\"elementor-element elementor-element-21089d5 elementor-position-left elementor-vertical-align-top elementor-widget elementor-widget-image-box\" data-id=\"21089d5\" data-element_type=\"widget\" data-widget_type=\"image-box.default\">\n\t\t\t\t<div class=\"elementor-widget-container\">\n\t\t\t<div class=\"elementor-image-box-wrapper\"><figure class=\"elementor-image-box-img\"><img loading=\"lazy\" decoding=\"async\" width=\"618\" height=\"618\" src=\"https:\/\/www.mem-summit.ch\/wp-content\/uploads\/2023\/07\/Mohammed_Mahmoud.png\" class=\"attachment-full size-full wp-image-15472\" alt=\"\" srcset=\"https:\/\/www.mem-summit.ch\/wp-content\/uploads\/2023\/07\/Mohammed_Mahmoud.png 618w, https:\/\/www.mem-summit.ch\/wp-content\/uploads\/2023\/07\/Mohammed_Mahmoud-480x480.png 480w, https:\/\/www.mem-summit.ch\/wp-content\/uploads\/2023\/07\/Mohammed_Mahmoud-150x150.png 150w\" sizes=\"(max-width: 618px) 100vw, 618px\" \/><\/figure><div class=\"elementor-image-box-content\"><h3 class=\"elementor-image-box-title\">MOHAMMED MAHMOUD<\/h3><p class=\"elementor-image-box-description\">Senior Fellow and Director of the Climate and Water Program, Middle East Institute, United States of America<\/p><\/div><\/div>\t\t<\/div>\n\t\t\t\t<\/div>\n\t\t\t\t<div class=\"elementor-element elementor-element-a2cf233 elementor-widget elementor-widget-toggle\" data-id=\"a2cf233\" data-element_type=\"widget\" data-widget_type=\"toggle.default\">\n\t\t\t\t<div class=\"elementor-widget-container\">\n\t\t\t\t\t<div class=\"elementor-toggle\">\n\t\t\t\t\t\t\t<div class=\"elementor-toggle-item\">\n\t\t\t\t\t<div id=\"elementor-tab-title-1701\" class=\"elementor-tab-title\" data-tab=\"1\" role=\"button\" aria-controls=\"elementor-tab-content-1701\" aria-expanded=\"false\">\n\t\t\t\t\t\t\t\t\t\t\t\t<span class=\"elementor-toggle-icon elementor-toggle-icon-right\" aria-hidden=\"true\">\n\t\t\t\t\t\t\t\t\t\t\t\t\t\t\t<span class=\"elementor-toggle-icon-closed\"><i class=\"fas fa-angle-down\"><\/i><\/span>\n\t\t\t\t\t\t\t\t<span class=\"elementor-toggle-icon-opened\"><i class=\"elementor-toggle-icon-opened fas fa-angle-up\"><\/i><\/span>\n\t\t\t\t\t\t\t\t\t\t\t\t\t<\/span>\n\t\t\t\t\t\t\t\t\t\t\t\t<a class=\"elementor-toggle-title\" tabindex=\"0\">Read more<\/a>\n\t\t\t\t\t<\/div>\n\n\t\t\t\t\t<div id=\"elementor-tab-content-1701\" class=\"elementor-tab-content elementor-clearfix\" data-tab=\"1\" role=\"region\" aria-labelledby=\"elementor-tab-title-1701\"><p>Mohammed Mahmoud is the Director of the Climate and Water Program and a senior fellow at the Middle East Institute. His areas of expertise include climate change adaptation, water policy analysis, and scenario planning.<\/p><p>Mohammed has held leadership positions in several organizations. Most recently as Chair of the Water Utility Climate Alliance; a coalition of 12 of the nation\u2019s largest water utilities that collectively provide water to over 50 million people in the United States, with the purpose of providing leadership and collaboration on climate change issues that affect water agencies. Prior to that Mohammed was President of the North American Weather Modification Council; an organization dedicated to advancing research and development activities that increase the scientific knowledge and proper use of weather modification applications.<\/p><p>Mohammed\u2019s professional accomplishments include negotiating and formalizing a 10-year multi-state cloud seeding funding agreement between seven Colorado River Basin states, developing and implementing the first ever climate adaptation plan for a multi-county water district in Arizona, and helping secure a 1.1 million dollar grant from NASA for Arizona State University to study the impacts of climate change on the hydrology of the Western United States. Furthermore, he has provided numerous subject matter interviews in press, radio, and video media on climate-associated topics such as regional climate change impacts, water resources management, extreme heat, droughts, and the food-water-energy nexus.<\/p><p>Mohammed has conducted water management research and work for the Middle East and North Africa region; most extensively on the Nile River Basin. His research on the Nile River Basin focused on the development of water resources in the Basin, analysis of Nile water- sharing agreements, and solutions for current and future challenges in the Nile River Basin.<\/p><p>Mohammed\u2019s other water management work in the region explored formalizing the administration of Saudi Arabia\u2019s groundwater resources by using other established groundwater management frameworks as application templates; such as Arizona\u2019s 1980 Groundwater Management Code.<\/p><p>Mohammed\u2019s educational background includes a B.S. and M.S. in Civil Engineering from Michigan Technological University, and a PhD in Hydrology and Water Resources from the University of Arizona. In addition, he is a Faculty Associate with Arizona State University.<\/p><\/div>\n\t\t\t\t<\/div>\n\t\t\t\t\t\t\t\t<\/div>\n\t\t\t\t<\/div>\n\t\t\t\t<\/div>\n\t\t\t\t\t<\/div>\n\t\t<\/div>\n\t\t\t\t\t<\/div>\n\t\t<\/section>\n\t\t\t\t<section class=\"elementor-section elementor-inner-section elementor-element elementor-element-f9a3018 elementor-section-boxed elementor-section-height-default elementor-section-height-default\" data-id=\"f9a3018\" data-element_type=\"section\">\n\t\t\t\t\t\t<div class=\"elementor-container elementor-column-gap-default\">\n\t\t\t\t\t<div class=\"elementor-column elementor-col-100 elementor-inner-column elementor-element elementor-element-6fdbd0c\" data-id=\"6fdbd0c\" data-element_type=\"column\">\n\t\t\t<div class=\"elementor-widget-wrap elementor-element-populated\">\n\t\t\t\t\t\t<div class=\"elementor-element elementor-element-f5e1fac elementor-position-left elementor-vertical-align-top elementor-widget elementor-widget-image-box\" data-id=\"f5e1fac\" data-element_type=\"widget\" data-widget_type=\"image-box.default\">\n\t\t\t\t<div class=\"elementor-widget-container\">\n\t\t\t<div class=\"elementor-image-box-wrapper\"><figure class=\"elementor-image-box-img\"><img loading=\"lazy\" decoding=\"async\" width=\"343\" height=\"341\" src=\"https:\/\/www.mem-summit.ch\/wp-content\/uploads\/2019\/06\/Diana_Segantini_2.jpg\" class=\"attachment-full size-full wp-image-7014\" alt=\"\" srcset=\"https:\/\/www.mem-summit.ch\/wp-content\/uploads\/2019\/06\/Diana_Segantini_2.jpg 343w, https:\/\/www.mem-summit.ch\/wp-content\/uploads\/2019\/06\/Diana_Segantini_2-150x150.jpg 150w\" sizes=\"(max-width: 343px) 100vw, 343px\" \/><\/figure><div class=\"elementor-image-box-content\"><h3 class=\"elementor-image-box-title\">DIANA SEGANTINI<\/h3><p class=\"elementor-image-box-description\">Advisor for Arts, culture, heritage and media, Switzerland<\/p><\/div><\/div>\t\t<\/div>\n\t\t\t\t<\/div>\n\t\t\t\t<div class=\"elementor-element elementor-element-cf19cea elementor-widget elementor-widget-toggle\" data-id=\"cf19cea\" data-element_type=\"widget\" data-widget_type=\"toggle.default\">\n\t\t\t\t<div class=\"elementor-widget-container\">\n\t\t\t\t\t<div class=\"elementor-toggle\">\n\t\t\t\t\t\t\t<div class=\"elementor-toggle-item\">\n\t\t\t\t\t<div id=\"elementor-tab-title-2171\" class=\"elementor-tab-title\" data-tab=\"1\" role=\"button\" aria-controls=\"elementor-tab-content-2171\" aria-expanded=\"false\">\n\t\t\t\t\t\t\t\t\t\t\t\t<span class=\"elementor-toggle-icon elementor-toggle-icon-right\" aria-hidden=\"true\">\n\t\t\t\t\t\t\t\t\t\t\t\t\t\t\t<span class=\"elementor-toggle-icon-closed\"><i class=\"fas fa-angle-down\"><\/i><\/span>\n\t\t\t\t\t\t\t\t<span class=\"elementor-toggle-icon-opened\"><i class=\"elementor-toggle-icon-opened fas fa-angle-up\"><\/i><\/span>\n\t\t\t\t\t\t\t\t\t\t\t\t\t<\/span>\n\t\t\t\t\t\t\t\t\t\t\t\t<a class=\"elementor-toggle-title\" tabindex=\"0\">Read more<\/a>\n\t\t\t\t\t<\/div>\n\n\t\t\t\t\t<div id=\"elementor-tab-content-2171\" class=\"elementor-tab-content elementor-clearfix\" data-tab=\"1\" role=\"region\" aria-labelledby=\"elementor-tab-title-2171\"><p>Diana Segantini is a Swiss\/Norwegian citizen who specialised in Arab-Islamic Studies at L&#8217;Orientale University in Naples and holds a Masters in International Relations from IUHEI Geneva. Segantini started her professional career in the art and documentary film scene, as well as gaining extensive experience working in different countries serving the UN, various NGOs and more extensively in the Middle East as a delegate for the International Red Cross ICRC for 4 years. Fluent in Arabic and 9 other languages, she has become an expert on the Arab region and with regard to intercultural issues.<\/p><p>In 2008, she founded Segantini Unlimited, an agency specialised in cultural mediation and international cultural productions such as art exhibitions, music events, debates and documentary films, mandated by the Global Ethic Foundation.<\/p><p>Segantini has also led women\u2019s empowerment programs in Saudi Arabia and the rest of the GCC. For 6 years, she was head of Arts &amp; Culture for Swiss TV and radio RSI and a Member of the RSI Board, producing music concerts and over 100 feature and documentary films, acclaimed at various international Festivals.<\/p><p>Since 2019, she has contributed to Saudi Arabia\u2019s Vision 2030 through several projects; in 2019 she was appointed Chief Heritage &amp; Culture officer at Diriyah Gate Development Authority in Saudi Arabia, responsible for this UNESCO Heritage Site, building up several cultural institutions such as museums, academies and an Art District. She subsequently served as senior director for Arts &amp; Culture at AMAALA. Currently, she is Partner for Culture, Heritage &amp; Communication at AEON Strategy, a Saudi firm specialised in true sustainability. Moreover, she is an independent advisor for arts, culture, media &amp; philanthropy in different projects in GCC and Switzerland.<\/p><\/div>\n\t\t\t\t<\/div>\n\t\t\t\t\t\t\t\t<\/div>\n\t\t\t\t<\/div>\n\t\t\t\t<\/div>\n\t\t\t\t\t<\/div>\n\t\t<\/div>\n\t\t\t\t\t<\/div>\n\t\t<\/section>\n\t\t\t\t\t<\/div>\n\t\t<\/div>\n\t\t\t\t<div class=\"elementor-column elementor-col-50 elementor-top-column elementor-element elementor-element-00c9901\" data-id=\"00c9901\" data-element_type=\"column\">\n\t\t\t<div class=\"elementor-widget-wrap elementor-element-populated\">\n\t\t\t\t\t\t<section class=\"elementor-section elementor-inner-section elementor-element elementor-element-fafe92a elementor-section-boxed elementor-section-height-default elementor-section-height-default\" data-id=\"fafe92a\" data-element_type=\"section\">\n\t\t\t\t\t\t<div class=\"elementor-container elementor-column-gap-default\">\n\t\t\t\t\t<div class=\"elementor-column elementor-col-100 elementor-inner-column elementor-element elementor-element-65e089f\" data-id=\"65e089f\" data-element_type=\"column\">\n\t\t\t<div class=\"elementor-widget-wrap elementor-element-populated\">\n\t\t\t\t\t\t<div class=\"elementor-element elementor-element-c917f8a elementor-vertical-align-top elementor-widget elementor-widget-image-box\" data-id=\"c917f8a\" data-element_type=\"widget\" data-widget_type=\"image-box.default\">\n\t\t\t\t<div class=\"elementor-widget-container\">\n\t\t\t<div class=\"elementor-image-box-wrapper\"><div class=\"elementor-image-box-content\"><h3 class=\"elementor-image-box-title\">HE WAFA BANI MUSTAFA<\/h3><p class=\"elementor-image-box-description\">Minister of Social Development, Hashemite Kingdom of Jordan<\/p><\/div><\/div>\t\t<\/div>\n\t\t\t\t<\/div>\n\t\t\t\t<div class=\"elementor-element elementor-element-9117247 elementor-widget elementor-widget-toggle\" data-id=\"9117247\" data-element_type=\"widget\" data-widget_type=\"toggle.default\">\n\t\t\t\t<div class=\"elementor-widget-container\">\n\t\t\t\t\t<div class=\"elementor-toggle\">\n\t\t\t\t\t\t\t<div class=\"elementor-toggle-item\">\n\t\t\t\t\t<div id=\"elementor-tab-title-1521\" class=\"elementor-tab-title\" data-tab=\"1\" role=\"button\" aria-controls=\"elementor-tab-content-1521\" aria-expanded=\"false\">\n\t\t\t\t\t\t\t\t\t\t\t\t<span class=\"elementor-toggle-icon elementor-toggle-icon-right\" aria-hidden=\"true\">\n\t\t\t\t\t\t\t\t\t\t\t\t\t\t\t<span class=\"elementor-toggle-icon-closed\"><i class=\"fas fa-angle-down\"><\/i><\/span>\n\t\t\t\t\t\t\t\t<span class=\"elementor-toggle-icon-opened\"><i class=\"elementor-toggle-icon-opened fas fa-angle-up\"><\/i><\/span>\n\t\t\t\t\t\t\t\t\t\t\t\t\t<\/span>\n\t\t\t\t\t\t\t\t\t\t\t\t<a class=\"elementor-toggle-title\" tabindex=\"0\">Read more<\/a>\n\t\t\t\t\t<\/div>\n\n\t\t\t\t\t<div id=\"elementor-tab-content-1521\" class=\"elementor-tab-content elementor-clearfix\" data-tab=\"1\" role=\"region\" aria-labelledby=\"elementor-tab-title-1521\"><\/div>\n\t\t\t\t<\/div>\n\t\t\t\t\t\t\t\t<\/div>\n\t\t\t\t<\/div>\n\t\t\t\t<\/div>\n\t\t\t\t\t<\/div>\n\t\t<\/div>\n\t\t\t\t\t<\/div>\n\t\t<\/section>\n\t\t\t\t<section class=\"elementor-section elementor-inner-section elementor-element elementor-element-07f8448 elementor-section-boxed elementor-section-height-default elementor-section-height-default\" data-id=\"07f8448\" data-element_type=\"section\">\n\t\t\t\t\t\t<div class=\"elementor-container elementor-column-gap-default\">\n\t\t\t\t\t<div class=\"elementor-column elementor-col-100 elementor-inner-column elementor-element elementor-element-deeca33\" data-id=\"deeca33\" data-element_type=\"column\">\n\t\t\t<div class=\"elementor-widget-wrap elementor-element-populated\">\n\t\t\t\t\t\t<div class=\"elementor-element elementor-element-e76de07 elementor-position-left elementor-vertical-align-top elementor-widget elementor-widget-image-box\" data-id=\"e76de07\" data-element_type=\"widget\" data-widget_type=\"image-box.default\">\n\t\t\t\t<div class=\"elementor-widget-container\">\n\t\t\t<div class=\"elementor-image-box-wrapper\"><figure class=\"elementor-image-box-img\"><img loading=\"lazy\" decoding=\"async\" width=\"500\" height=\"500\" src=\"https:\/\/www.mem-summit.ch\/wp-content\/uploads\/2023\/08\/HE_Jacques_Ducrest.png\" class=\"attachment-full size-full wp-image-15699\" alt=\"\" srcset=\"https:\/\/www.mem-summit.ch\/wp-content\/uploads\/2023\/08\/HE_Jacques_Ducrest.png 500w, https:\/\/www.mem-summit.ch\/wp-content\/uploads\/2023\/08\/HE_Jacques_Ducrest-480x480.png 480w, https:\/\/www.mem-summit.ch\/wp-content\/uploads\/2023\/08\/HE_Jacques_Ducrest-150x150.png 150w\" sizes=\"(max-width: 500px) 100vw, 500px\" \/><\/figure><div class=\"elementor-image-box-content\"><h3 class=\"elementor-image-box-title\">HE JACQUES DUCREST<\/h3><p class=\"elementor-image-box-description\">Ambassador, Head of International Relations Division, State Secretariat for Education, Research and Innovation, Switzerland<\/p><\/div><\/div>\t\t<\/div>\n\t\t\t\t<\/div>\n\t\t\t\t<div class=\"elementor-element elementor-element-7646ec9 elementor-widget elementor-widget-toggle\" data-id=\"7646ec9\" data-element_type=\"widget\" data-widget_type=\"toggle.default\">\n\t\t\t\t<div class=\"elementor-widget-container\">\n\t\t\t\t\t<div class=\"elementor-toggle\">\n\t\t\t\t\t\t\t<div class=\"elementor-toggle-item\">\n\t\t\t\t\t<div id=\"elementor-tab-title-1241\" class=\"elementor-tab-title\" data-tab=\"1\" role=\"button\" aria-controls=\"elementor-tab-content-1241\" aria-expanded=\"false\">\n\t\t\t\t\t\t\t\t\t\t\t\t<span class=\"elementor-toggle-icon elementor-toggle-icon-right\" aria-hidden=\"true\">\n\t\t\t\t\t\t\t\t\t\t\t\t\t\t\t<span class=\"elementor-toggle-icon-closed\"><i class=\"fas fa-angle-down\"><\/i><\/span>\n\t\t\t\t\t\t\t\t<span class=\"elementor-toggle-icon-opened\"><i class=\"elementor-toggle-icon-opened fas fa-angle-up\"><\/i><\/span>\n\t\t\t\t\t\t\t\t\t\t\t\t\t<\/span>\n\t\t\t\t\t\t\t\t\t\t\t\t<a class=\"elementor-toggle-title\" tabindex=\"0\">Read more<\/a>\n\t\t\t\t\t<\/div>\n\n\t\t\t\t\t<div id=\"elementor-tab-content-1241\" class=\"elementor-tab-content elementor-clearfix\" data-tab=\"1\" role=\"region\" aria-labelledby=\"elementor-tab-title-1241\"><p>Jacques Ducrest studied law at the Universities of Neuch\u00e2tel, Switzerland, and Mannheim, Germany, before going on to gain a Master of Laws (LL.M.) degree from McGill University in Montreal, Canada. He has also been admitted to the bar of the canton of Neuch\u00e2tel. Having joined the federal government&#8217;s diplomatic service in 1998, he completed postings to Manila, Prague and Vienna before joining the Directorate of International Law, and then the Prosperity and Sustainability Division at the Federal Department of Foreign Affairs.<\/p><p>Deputy Head of the Prosperity and Sustainability Division from 1 September 2017, Jacques Ducrest focused on a cross-disciplinary approach to current challenges in a sustainability perspective. In this capacity, on 22 March 2019, he was appointed Delegate of the Swiss Federal Council for the 2030 Agenda for Sustainable Development. He chaired the 2030 Agenda Steering Committee, which is the strategic guiding and coordinating body for sustainable development policy at federal level.<\/p><p>From 1 April 2022, Ambassador Jacques Ducrest is Head of the International Relations Division at the State Secretariat for Education, Research and Innovation and member of the Management board. He is responsible for the negotiation and implementation of bilateral agreements in the fields of education, research and innovation as well as for Swissnex, the global network connecting Switzerland and the world in education, research and innovation.<\/p><\/div>\n\t\t\t\t<\/div>\n\t\t\t\t\t\t\t\t<\/div>\n\t\t\t\t<\/div>\n\t\t\t\t<\/div>\n\t\t\t\t\t<\/div>\n\t\t<\/div>\n\t\t\t\t\t<\/div>\n\t\t<\/section>\n\t\t\t\t<section class=\"elementor-section elementor-inner-section elementor-element elementor-element-65d5fe3 elementor-section-boxed elementor-section-height-default elementor-section-height-default\" data-id=\"65d5fe3\" data-element_type=\"section\">\n\t\t\t\t\t\t<div class=\"elementor-container elementor-column-gap-default\">\n\t\t\t\t\t<div class=\"elementor-column elementor-col-100 elementor-inner-column elementor-element elementor-element-a60f519\" data-id=\"a60f519\" data-element_type=\"column\">\n\t\t\t<div class=\"elementor-widget-wrap elementor-element-populated\">\n\t\t\t\t\t\t<div class=\"elementor-element elementor-element-ee5bd45 elementor-position-left elementor-vertical-align-top elementor-widget elementor-widget-image-box\" data-id=\"ee5bd45\" data-element_type=\"widget\" data-widget_type=\"image-box.default\">\n\t\t\t\t<div class=\"elementor-widget-container\">\n\t\t\t<div class=\"elementor-image-box-wrapper\"><figure class=\"elementor-image-box-img\"><img loading=\"lazy\" decoding=\"async\" width=\"618\" height=\"618\" src=\"https:\/\/www.mem-summit.ch\/wp-content\/uploads\/2023\/08\/Mohamed_Mahmoud_Mohamedou_Credits_Boris_Palefroy.png\" class=\"attachment-full size-full wp-image-15658\" alt=\"\" srcset=\"https:\/\/www.mem-summit.ch\/wp-content\/uploads\/2023\/08\/Mohamed_Mahmoud_Mohamedou_Credits_Boris_Palefroy.png 618w, https:\/\/www.mem-summit.ch\/wp-content\/uploads\/2023\/08\/Mohamed_Mahmoud_Mohamedou_Credits_Boris_Palefroy-480x480.png 480w, https:\/\/www.mem-summit.ch\/wp-content\/uploads\/2023\/08\/Mohamed_Mahmoud_Mohamedou_Credits_Boris_Palefroy-150x150.png 150w\" sizes=\"(max-width: 618px) 100vw, 618px\" \/><\/figure><div class=\"elementor-image-box-content\"><h3 class=\"elementor-image-box-title\">MOHAMED MAHMOUD MOHAMEDOU<\/h3><p class=\"elementor-image-box-description\">Deputy Director of the Graduate Institute of international and development studies, Professor of International History and Politics, Switzerland<\/p><\/div><\/div>\t\t<\/div>\n\t\t\t\t<\/div>\n\t\t\t\t<div class=\"elementor-element elementor-element-aaf33fc elementor-widget elementor-widget-toggle\" data-id=\"aaf33fc\" data-element_type=\"widget\" data-widget_type=\"toggle.default\">\n\t\t\t\t<div class=\"elementor-widget-container\">\n\t\t\t\t\t<div class=\"elementor-toggle\">\n\t\t\t\t\t\t\t<div class=\"elementor-toggle-item\">\n\t\t\t\t\t<div id=\"elementor-tab-title-1791\" class=\"elementor-tab-title\" data-tab=\"1\" role=\"button\" aria-controls=\"elementor-tab-content-1791\" aria-expanded=\"false\">\n\t\t\t\t\t\t\t\t\t\t\t\t<span class=\"elementor-toggle-icon elementor-toggle-icon-right\" aria-hidden=\"true\">\n\t\t\t\t\t\t\t\t\t\t\t\t\t\t\t<span class=\"elementor-toggle-icon-closed\"><i class=\"fas fa-angle-down\"><\/i><\/span>\n\t\t\t\t\t\t\t\t<span class=\"elementor-toggle-icon-opened\"><i class=\"elementor-toggle-icon-opened fas fa-angle-up\"><\/i><\/span>\n\t\t\t\t\t\t\t\t\t\t\t\t\t<\/span>\n\t\t\t\t\t\t\t\t\t\t\t\t<a class=\"elementor-toggle-title\" tabindex=\"0\">Read more<\/a>\n\t\t\t\t\t<\/div>\n\n\t\t\t\t\t<div id=\"elementor-tab-content-1791\" class=\"elementor-tab-content elementor-clearfix\" data-tab=\"1\" role=\"region\" aria-labelledby=\"elementor-tab-title-1791\"><p>Mohammad-Mahmoud Ould Mohamedou is Professor of International History and Politics at the Geneva Graduate Institute (Institut de Hautes \u00c9tudes Internationales et du D\u00e9veloppement) in Geneva, where he is Deputy Director and headed the Department of International History and Politics from 2017 to 2022. Professor Mohamedou was previously Associate Director of the Humanitarian Policy and Conflict Research Programme at Harvard University in Cambridge, Massachusetts, and Visiting Professor at the doctoral school at Sciences Po Paris and the University of St. Wales, as well as Deputy Director and Academic Dean of the Geneva Center for Security Policy (GCSP).<\/p><p>He is the author of a trilogy on the post-September 11 era &#8211; Contre-Croisade: Le 11 Septembre et le Retournement du Monde (L&#8217;Harmattan, 2004), Understanding Al Qaeda: Changing War and Global Politics (Pluto Press, 2011) and A Theory of ISIS: Political Violence and the Transformation of the Global Order (University of Chicago Press, 2018) &#8211; as well as Iraq and the Second Gulf War: State-Building and Regime Security (Austin &amp; Winfeld, 2002).<\/p><p>He is the editor of State-Building in the Middle East and North Africa &#8211; One Hundred Years of Religion, Nationalism and Politics (Bloomsbury, 2021) and co-editor, with Timothy Sisk, of Democratization in the 21st Century (Routledge, 2016). He was Minister of Foreign Affairs of Mauritania in 2008 and was the recipient of the Coll\u00e8ge de France Recognition in November 2018 and awarded Global South Distinguished Scholar 2020\/2021 from the International Studies Association (ISA). In December 2018, Al Jazeera English devoted a documentary entitled Rethinking Radicalisation to his research work.<\/p><\/div>\n\t\t\t\t<\/div>\n\t\t\t\t\t\t\t\t<\/div>\n\t\t\t\t<\/div>\n\t\t\t\t<\/div>\n\t\t\t\t\t<\/div>\n\t\t<\/div>\n\t\t\t\t\t<\/div>\n\t\t<\/section>\n\t\t\t\t<section class=\"elementor-section elementor-inner-section elementor-element elementor-element-5671731 elementor-section-boxed elementor-section-height-default elementor-section-height-default\" data-id=\"5671731\" data-element_type=\"section\">\n\t\t\t\t\t\t<div class=\"elementor-container elementor-column-gap-default\">\n\t\t\t\t\t<div class=\"elementor-column elementor-col-100 elementor-inner-column elementor-element elementor-element-0df2776\" data-id=\"0df2776\" data-element_type=\"column\">\n\t\t\t<div class=\"elementor-widget-wrap elementor-element-populated\">\n\t\t\t\t\t\t<div class=\"elementor-element elementor-element-4cf7ea2 elementor-vertical-align-top elementor-widget elementor-widget-image-box\" data-id=\"4cf7ea2\" data-element_type=\"widget\" data-widget_type=\"image-box.default\">\n\t\t\t\t<div class=\"elementor-widget-container\">\n\t\t\t<div class=\"elementor-image-box-wrapper\"><div class=\"elementor-image-box-content\"><h3 class=\"elementor-image-box-title\">ALESSANDRO BERTELLOTTI<\/h3><p class=\"elementor-image-box-description\">Radiotelevisione svizzera, Switzerland<\/p><\/div><\/div>\t\t<\/div>\n\t\t\t\t<\/div>\n\t\t\t\t<div class=\"elementor-element elementor-element-a0134fc elementor-widget elementor-widget-toggle\" data-id=\"a0134fc\" data-element_type=\"widget\" data-widget_type=\"toggle.default\">\n\t\t\t\t<div class=\"elementor-widget-container\">\n\t\t\t\t\t<div class=\"elementor-toggle\">\n\t\t\t\t\t\t\t<div class=\"elementor-toggle-item\">\n\t\t\t\t\t<div id=\"elementor-tab-title-1671\" class=\"elementor-tab-title\" data-tab=\"1\" role=\"button\" aria-controls=\"elementor-tab-content-1671\" aria-expanded=\"false\">\n\t\t\t\t\t\t\t\t\t\t\t\t<span class=\"elementor-toggle-icon elementor-toggle-icon-right\" aria-hidden=\"true\">\n\t\t\t\t\t\t\t\t\t\t\t\t\t\t\t<span class=\"elementor-toggle-icon-closed\"><i class=\"fas fa-angle-down\"><\/i><\/span>\n\t\t\t\t\t\t\t\t<span class=\"elementor-toggle-icon-opened\"><i class=\"elementor-toggle-icon-opened fas fa-angle-up\"><\/i><\/span>\n\t\t\t\t\t\t\t\t\t\t\t\t\t<\/span>\n\t\t\t\t\t\t\t\t\t\t\t\t<a class=\"elementor-toggle-title\" tabindex=\"0\">Read more<\/a>\n\t\t\t\t\t<\/div>\n\n\t\t\t\t\t<div id=\"elementor-tab-content-1671\" class=\"elementor-tab-content elementor-clearfix\" data-tab=\"1\" role=\"region\" aria-labelledby=\"elementor-tab-title-1671\"><\/div>\n\t\t\t\t<\/div>\n\t\t\t\t\t\t\t\t<\/div>\n\t\t\t\t<\/div>\n\t\t\t\t<\/div>\n\t\t\t\t\t<\/div>\n\t\t<\/div>\n\t\t\t\t\t<\/div>\n\t\t<\/section>\n\t\t\t\t<section class=\"elementor-section elementor-inner-section elementor-element elementor-element-806095a elementor-section-boxed elementor-section-height-default elementor-section-height-default\" data-id=\"806095a\" data-element_type=\"section\">\n\t\t\t\t\t\t<div class=\"elementor-container elementor-column-gap-default\">\n\t\t\t\t\t<div class=\"elementor-column elementor-col-100 elementor-inner-column elementor-element elementor-element-a8db145\" data-id=\"a8db145\" data-element_type=\"column\">\n\t\t\t<div class=\"elementor-widget-wrap elementor-element-populated\">\n\t\t\t\t\t\t<div class=\"elementor-element elementor-element-cfaf07c elementor-position-left elementor-vertical-align-top elementor-widget elementor-widget-image-box\" data-id=\"cfaf07c\" data-element_type=\"widget\" data-widget_type=\"image-box.default\">\n\t\t\t\t<div class=\"elementor-widget-container\">\n\t\t\t<div class=\"elementor-image-box-wrapper\"><figure class=\"elementor-image-box-img\"><img loading=\"lazy\" decoding=\"async\" width=\"600\" height=\"600\" src=\"https:\/\/www.mem-summit.ch\/wp-content\/uploads\/2023\/08\/Karim_emile_bitar_1.jpg\" class=\"attachment-full size-full wp-image-15531\" alt=\"\" srcset=\"https:\/\/www.mem-summit.ch\/wp-content\/uploads\/2023\/08\/Karim_emile_bitar_1.jpg 600w, https:\/\/www.mem-summit.ch\/wp-content\/uploads\/2023\/08\/Karim_emile_bitar_1-480x480.jpg 480w, https:\/\/www.mem-summit.ch\/wp-content\/uploads\/2023\/08\/Karim_emile_bitar_1-150x150.jpg 150w\" sizes=\"(max-width: 600px) 100vw, 600px\" \/><\/figure><div class=\"elementor-image-box-content\"><h3 class=\"elementor-image-box-title\">KARIM EMILE BITAR<\/h3><p class=\"elementor-image-box-description\">Professor of International Relations and Director of the Institute of Political Science at the Saint Joseph University of Beirut, Lebanon<\/p><\/div><\/div>\t\t<\/div>\n\t\t\t\t<\/div>\n\t\t\t\t<div class=\"elementor-element elementor-element-2642bc8 elementor-widget elementor-widget-toggle\" data-id=\"2642bc8\" data-element_type=\"widget\" data-widget_type=\"toggle.default\">\n\t\t\t\t<div class=\"elementor-widget-container\">\n\t\t\t\t\t<div class=\"elementor-toggle\">\n\t\t\t\t\t\t\t<div class=\"elementor-toggle-item\">\n\t\t\t\t\t<div id=\"elementor-tab-title-4011\" class=\"elementor-tab-title\" data-tab=\"1\" role=\"button\" aria-controls=\"elementor-tab-content-4011\" aria-expanded=\"false\">\n\t\t\t\t\t\t\t\t\t\t\t\t<span class=\"elementor-toggle-icon elementor-toggle-icon-right\" aria-hidden=\"true\">\n\t\t\t\t\t\t\t\t\t\t\t\t\t\t\t<span class=\"elementor-toggle-icon-closed\"><i class=\"fas fa-angle-down\"><\/i><\/span>\n\t\t\t\t\t\t\t\t<span class=\"elementor-toggle-icon-opened\"><i class=\"elementor-toggle-icon-opened fas fa-angle-up\"><\/i><\/span>\n\t\t\t\t\t\t\t\t\t\t\t\t\t<\/span>\n\t\t\t\t\t\t\t\t\t\t\t\t<a class=\"elementor-toggle-title\" tabindex=\"0\">Read more<\/a>\n\t\t\t\t\t<\/div>\n\n\t\t\t\t\t<div id=\"elementor-tab-content-4011\" class=\"elementor-tab-content elementor-clearfix\" data-tab=\"1\" role=\"region\" aria-labelledby=\"elementor-tab-title-4011\"><div class=\"page\" title=\"Page 1\"><div class=\"layoutArea\"><div class=\"column\"><p>Karim Emile Bitar is Professor of International Relations and Director of the Institute of Political Science at the Saint Joseph University of Beirut (USJ), a Lecturer in Geopolitics, Diplomacy and Middle East Studies at Ecole Normale Supe\u0301rieure (ENS-Lyon), a Senior Fellow at theInstitute for International and Strategic Relations in Paris (IRIS). He is an Associate Fellow at the Geneva Center for Security Policy (GCSP), and a Non-Resident Scholar at Washington D.C.\u2019s Middle East Institute (MEI).<\/p><p>He is the Director of the Arab Master in Democracy and Human Rights (Global Campus of Human Rights, Venice, Italy), a program coordinated by USJ in partnership with seven Arab and European Universities. He is the Editor of French monthly public affairs magazine \u2018L\u2019ENA hors les murs\u2019, of which he has coordinated more than 150 issues.<\/p><p>He is co-founder and member of the board of directors of \u2018Kulluna Irada\u2019, a leading lobbying and civic organization for political reform in Lebanon. He is Vice-President of the \u2018Cercle des E\u0301conomistes Arabes\u2019, Secretary General of the \u2018Emile Bitar Foundation\u2019, the initiator of the \u2018Beirut Human Rights Week\u2019 and the co-organizer of the International Feminisms Festival.<\/p><p>He graduated from France\u2019s National School of Administration (ENA, promotion Cyrano de Bergerac 1997-1999) and from the Paris Institute of Political Studies (Sciences Po). He studied Law at the University of Paris Sorbonne, Economics and International Relations at McGill University. He spent his senior year at Harvard where he studied Government and specialized in Middle East Studies. The dissertation he wrote at the University of Paris 8 focused on \u201cThe Relations between Orient and Occident in pubic and intellectual debates.\u201d<\/p><p>He co-edited and co-wrote the collective books Regards sur la France (with Robert Fadel, Seuil, 2007, 640 pages), and Le Ce\u0300dre et le Che\u0302ne, De Gaulle et le Liban (with Clotilde de Fouche\u0301cour, Geuthner, 2015, 548 pages). He writes frequent Op-Eds in <span style=\"font-size: 16px;\">leading publications including The New York Times, Le Monde, Le Monde diplomatique, Libe\u0301ration, An-Nahar, L\u2019Orient-Le Jour, Informed Comment, Atlantico, La Vanguardia&#8230;<\/span><\/p><\/div><\/div><\/div><div class=\"page\" title=\"Page 2\"><div class=\"layoutArea\"><div class=\"column\"><p>He has recently contributed a chapter on \u2018International Violence\u2019 to the SAGE Handbook of Political Science. He is the author of more than twenty book chapters and academic articles. He has supervised more than 65 master theses.<\/p><p>He started his career as a consultant in Management for Cap Gemini Ernst &amp; Young Consulting, before working for five years at France\u2019s television channel CANAL+ (Vivendi Universal) as a manager in charge of strategic planning, business development and external relations. He later founder KB Consulting Group, a consulting firm in management, communication and public affairs<\/p><p>He gave conferences and keynote addresses in more than 25 countries. In the past 10 years, he has been quoted more than 1500 times in the international media (AFP, Reuters, Associated Press, The Christian Science Monitor, The New York Times, The Washington Post, Russia Today, Xinhua, Le Monde, Le Figaro, Libe\u0301ration, El Pais, The Guardian, Time&#8230;).<\/p><p>He frequently testifies before the Foreign Affairs Committees of the French and European Parliaments.<\/p><\/div><\/div><\/div><\/div>\n\t\t\t\t<\/div>\n\t\t\t\t\t\t\t\t<\/div>\n\t\t\t\t<\/div>\n\t\t\t\t<\/div>\n\t\t\t\t\t<\/div>\n\t\t<\/div>\n\t\t\t\t\t<\/div>\n\t\t<\/section>\n\t\t\t\t<section class=\"elementor-section elementor-inner-section elementor-element elementor-element-f390edb elementor-section-boxed elementor-section-height-default elementor-section-height-default\" data-id=\"f390edb\" data-element_type=\"section\">\n\t\t\t\t\t\t<div class=\"elementor-container elementor-column-gap-default\">\n\t\t\t\t\t<div class=\"elementor-column elementor-col-100 elementor-inner-column elementor-element elementor-element-34c14b6\" data-id=\"34c14b6\" data-element_type=\"column\">\n\t\t\t<div class=\"elementor-widget-wrap elementor-element-populated\">\n\t\t\t\t\t\t<div class=\"elementor-element elementor-element-2397edc elementor-position-left elementor-vertical-align-top elementor-widget elementor-widget-image-box\" data-id=\"2397edc\" data-element_type=\"widget\" data-widget_type=\"image-box.default\">\n\t\t\t\t<div class=\"elementor-widget-container\">\n\t\t\t<div class=\"elementor-image-box-wrapper\"><figure class=\"elementor-image-box-img\"><img loading=\"lazy\" decoding=\"async\" width=\"461\" height=\"461\" src=\"https:\/\/www.mem-summit.ch\/wp-content\/uploads\/2019\/08\/Lorenzo_Cantoni_2.jpg\" class=\"attachment-full size-full wp-image-8192\" alt=\"\" srcset=\"https:\/\/www.mem-summit.ch\/wp-content\/uploads\/2019\/08\/Lorenzo_Cantoni_2.jpg 461w, https:\/\/www.mem-summit.ch\/wp-content\/uploads\/2019\/08\/Lorenzo_Cantoni_2-150x150.jpg 150w\" sizes=\"(max-width: 461px) 100vw, 461px\" \/><\/figure><div class=\"elementor-image-box-content\"><h3 class=\"elementor-image-box-title\">LORENZO CANTONI\t<\/h3><p class=\"elementor-image-box-description\">Pro-rector for Education and Students&#8217; experience, Universit\u00e0 della Svizzera italiana<\/p><\/div><\/div>\t\t<\/div>\n\t\t\t\t<\/div>\n\t\t\t\t<div class=\"elementor-element elementor-element-493c54b elementor-widget elementor-widget-toggle\" data-id=\"493c54b\" data-element_type=\"widget\" data-widget_type=\"toggle.default\">\n\t\t\t\t<div class=\"elementor-widget-container\">\n\t\t\t\t\t<div class=\"elementor-toggle\">\n\t\t\t\t\t\t\t<div class=\"elementor-toggle-item\">\n\t\t\t\t\t<div id=\"elementor-tab-title-7671\" class=\"elementor-tab-title\" data-tab=\"1\" role=\"button\" aria-controls=\"elementor-tab-content-7671\" aria-expanded=\"false\">\n\t\t\t\t\t\t\t\t\t\t\t\t<span class=\"elementor-toggle-icon elementor-toggle-icon-right\" aria-hidden=\"true\">\n\t\t\t\t\t\t\t\t\t\t\t\t\t\t\t<span class=\"elementor-toggle-icon-closed\"><i class=\"fas fa-angle-down\"><\/i><\/span>\n\t\t\t\t\t\t\t\t<span class=\"elementor-toggle-icon-opened\"><i class=\"elementor-toggle-icon-opened fas fa-angle-up\"><\/i><\/span>\n\t\t\t\t\t\t\t\t\t\t\t\t\t<\/span>\n\t\t\t\t\t\t\t\t\t\t\t\t<a class=\"elementor-toggle-title\" tabindex=\"0\">Read more<\/a>\n\t\t\t\t\t<\/div>\n\n\t\t\t\t\t<div id=\"elementor-tab-content-7671\" class=\"elementor-tab-content elementor-clearfix\" data-tab=\"1\" role=\"region\" aria-labelledby=\"elementor-tab-title-7671\"><p>Lorenzo Cantoni graduated in Philosophy and holds a PhD in Education and Linguistics. He is full professor at USI &#8211; Universit\u00e0 della Svizzera italiana (Lugano, Switzerland), Faculty of Communication, Culture and Society, where he is director of the Institute of Digital Technologies for Communication.<\/p><p>His research interests are where communication, education and new media overlap, ranging from computer mediated communication to usability, from eLearning to eTourism and digital Fashion, from ICT4D to eGovernment.<\/p><p>He is chair-holder of the UNESCO chair in ICT to develop and promote sustainable tourism in World Heritage Sites, established at USI in 2013, and board member of WHES &#8211; World Heritage Experience Switzerland.<\/p><p>He is USI&#8217;s Pro-rector for Education and Students&#8217; experience.<\/p><p>He is director of the\u00a0<a href=\"http:\/\/www.usi.ch\/mdfc\" target=\"_blank\" rel=\"noopener nofollow\">Master in Digital Fashion Communication,<\/a>\u00a0done in collaboration with the Universit\u00e9 Paris 1 Panth\u00e9on-Sorbonne, and director of the\u00a0<a href=\"https:\/\/www.usi.ch\/en\/node\/1148\" target=\"_blank\" rel=\"noopener nofollow\">Master in International Tourism<\/a>.<\/p><p>L. Cantoni has been Dean of the Faculty (2010-2014),\u00a0Deputy Rector (May 2022-June 2023)\u00a0and President of IFITT &#8211; International Federation for IT in Travel and Tourism (2014-January 2018).<\/p><\/div>\n\t\t\t\t<\/div>\n\t\t\t\t\t\t\t\t<\/div>\n\t\t\t\t<\/div>\n\t\t\t\t<\/div>\n\t\t\t\t\t<\/div>\n\t\t<\/div>\n\t\t\t\t\t<\/div>\n\t\t<\/section>\n\t\t\t\t<section class=\"elementor-section elementor-inner-section elementor-element elementor-element-e013e6b elementor-section-boxed elementor-section-height-default elementor-section-height-default\" data-id=\"e013e6b\" data-element_type=\"section\">\n\t\t\t\t\t\t<div class=\"elementor-container elementor-column-gap-default\">\n\t\t\t\t\t<div class=\"elementor-column elementor-col-100 elementor-inner-column elementor-element elementor-element-8230dd5\" data-id=\"8230dd5\" data-element_type=\"column\">\n\t\t\t<div class=\"elementor-widget-wrap elementor-element-populated\">\n\t\t\t\t\t\t<div class=\"elementor-element elementor-element-dd81177 elementor-position-left elementor-vertical-align-top elementor-widget elementor-widget-image-box\" data-id=\"dd81177\" data-element_type=\"widget\" data-widget_type=\"image-box.default\">\n\t\t\t\t<div class=\"elementor-widget-container\">\n\t\t\t<div class=\"elementor-image-box-wrapper\"><figure class=\"elementor-image-box-img\"><img loading=\"lazy\" decoding=\"async\" width=\"500\" height=\"500\" src=\"https:\/\/www.mem-summit.ch\/wp-content\/uploads\/2023\/08\/Shivan_Fazil.png\" class=\"attachment-full size-full wp-image-15701\" alt=\"\" srcset=\"https:\/\/www.mem-summit.ch\/wp-content\/uploads\/2023\/08\/Shivan_Fazil.png 500w, https:\/\/www.mem-summit.ch\/wp-content\/uploads\/2023\/08\/Shivan_Fazil-480x480.png 480w, https:\/\/www.mem-summit.ch\/wp-content\/uploads\/2023\/08\/Shivan_Fazil-150x150.png 150w\" sizes=\"(max-width: 500px) 100vw, 500px\" \/><\/figure><div class=\"elementor-image-box-content\"><h3 class=\"elementor-image-box-title\">SHIVAN FAZIL<\/h3><p class=\"elementor-image-box-description\">Research fellow at the Stockholm International Peace Research Institute, Iraq<\/p><\/div><\/div>\t\t<\/div>\n\t\t\t\t<\/div>\n\t\t\t\t<div class=\"elementor-element elementor-element-a80f19e elementor-widget elementor-widget-toggle\" data-id=\"a80f19e\" data-element_type=\"widget\" data-widget_type=\"toggle.default\">\n\t\t\t\t<div class=\"elementor-widget-container\">\n\t\t\t\t\t<div class=\"elementor-toggle\">\n\t\t\t\t\t\t\t<div class=\"elementor-toggle-item\">\n\t\t\t\t\t<div id=\"elementor-tab-title-1761\" class=\"elementor-tab-title\" data-tab=\"1\" role=\"button\" aria-controls=\"elementor-tab-content-1761\" aria-expanded=\"false\">\n\t\t\t\t\t\t\t\t\t\t\t\t<span class=\"elementor-toggle-icon elementor-toggle-icon-right\" aria-hidden=\"true\">\n\t\t\t\t\t\t\t\t\t\t\t\t\t\t\t<span class=\"elementor-toggle-icon-closed\"><i class=\"fas fa-angle-down\"><\/i><\/span>\n\t\t\t\t\t\t\t\t<span class=\"elementor-toggle-icon-opened\"><i class=\"elementor-toggle-icon-opened fas fa-angle-up\"><\/i><\/span>\n\t\t\t\t\t\t\t\t\t\t\t\t\t<\/span>\n\t\t\t\t\t\t\t\t\t\t\t\t<a class=\"elementor-toggle-title\" tabindex=\"0\">Read more<\/a>\n\t\t\t\t\t<\/div>\n\n\t\t\t\t\t<div id=\"elementor-tab-content-1761\" class=\"elementor-tab-content elementor-clearfix\" data-tab=\"1\" role=\"region\" aria-labelledby=\"elementor-tab-title-1761\"><p>Shivan Fazil is a Researcher with the Middle East and North Africa Programme at Stockholm International Peace Research Institute. His work mainly focuses on drivers of conflict, peacebuilding and governance in Iraq. He is regularly quoted in the international media, commenting on social, political and security dynamics in post-conflict Iraq. Fazil holds an MSc in Middle Eastern Politics from the School of Oriental and African Studies, University of London.<\/p><\/div>\n\t\t\t\t<\/div>\n\t\t\t\t\t\t\t\t<\/div>\n\t\t\t\t<\/div>\n\t\t\t\t<\/div>\n\t\t\t\t\t<\/div>\n\t\t<\/div>\n\t\t\t\t\t<\/div>\n\t\t<\/section>\n\t\t\t\t<section class=\"elementor-section elementor-inner-section elementor-element elementor-element-98905e1 elementor-section-boxed elementor-section-height-default elementor-section-height-default\" data-id=\"98905e1\" data-element_type=\"section\">\n\t\t\t\t\t\t<div class=\"elementor-container elementor-column-gap-default\">\n\t\t\t\t\t<div class=\"elementor-column elementor-col-100 elementor-inner-column elementor-element elementor-element-7526445\" data-id=\"7526445\" data-element_type=\"column\">\n\t\t\t<div class=\"elementor-widget-wrap elementor-element-populated\">\n\t\t\t\t\t\t<div class=\"elementor-element elementor-element-768ff93 elementor-position-left elementor-vertical-align-top elementor-widget elementor-widget-image-box\" data-id=\"768ff93\" data-element_type=\"widget\" data-widget_type=\"image-box.default\">\n\t\t\t\t<div class=\"elementor-widget-container\">\n\t\t\t<div class=\"elementor-image-box-wrapper\"><figure class=\"elementor-image-box-img\"><img loading=\"lazy\" decoding=\"async\" width=\"618\" height=\"618\" src=\"https:\/\/www.mem-summit.ch\/wp-content\/uploads\/2023\/07\/Renee_Hattar.png\" class=\"attachment-full size-full wp-image-15484\" alt=\"\" srcset=\"https:\/\/www.mem-summit.ch\/wp-content\/uploads\/2023\/07\/Renee_Hattar.png 618w, https:\/\/www.mem-summit.ch\/wp-content\/uploads\/2023\/07\/Renee_Hattar-480x480.png 480w, https:\/\/www.mem-summit.ch\/wp-content\/uploads\/2023\/07\/Renee_Hattar-150x150.png 150w\" sizes=\"(max-width: 618px) 100vw, 618px\" \/><\/figure><div class=\"elementor-image-box-content\"><h3 class=\"elementor-image-box-title\">RENEE HATTAR<\/h3><p class=\"elementor-image-box-description\">Director of the Royal Institute for Inter-Faith Studies, Jordan<\/p><\/div><\/div>\t\t<\/div>\n\t\t\t\t<\/div>\n\t\t\t\t<div class=\"elementor-element elementor-element-f287580 elementor-widget elementor-widget-toggle\" data-id=\"f287580\" data-element_type=\"widget\" data-widget_type=\"toggle.default\">\n\t\t\t\t<div class=\"elementor-widget-container\">\n\t\t\t\t\t<div class=\"elementor-toggle\">\n\t\t\t\t\t\t\t<div class=\"elementor-toggle-item\">\n\t\t\t\t\t<div id=\"elementor-tab-title-2541\" class=\"elementor-tab-title\" data-tab=\"1\" role=\"button\" aria-controls=\"elementor-tab-content-2541\" aria-expanded=\"false\">\n\t\t\t\t\t\t\t\t\t\t\t\t<span class=\"elementor-toggle-icon elementor-toggle-icon-right\" aria-hidden=\"true\">\n\t\t\t\t\t\t\t\t\t\t\t\t\t\t\t<span class=\"elementor-toggle-icon-closed\"><i class=\"fas fa-angle-down\"><\/i><\/span>\n\t\t\t\t\t\t\t\t<span class=\"elementor-toggle-icon-opened\"><i class=\"elementor-toggle-icon-opened fas fa-angle-up\"><\/i><\/span>\n\t\t\t\t\t\t\t\t\t\t\t\t\t<\/span>\n\t\t\t\t\t\t\t\t\t\t\t\t<a class=\"elementor-toggle-title\" tabindex=\"0\">Read more<\/a>\n\t\t\t\t\t<\/div>\n\n\t\t\t\t\t<div id=\"elementor-tab-content-2541\" class=\"elementor-tab-content elementor-clearfix\" data-tab=\"1\" role=\"region\" aria-labelledby=\"elementor-tab-title-2541\"><p>Dr. Renee Hattar holds a PhD in Peace Studies from the University of Granada-Spain; she is specialised in Music and Peace with focus on Arab Christian Studies, Interfaith and Peacebuilding. Between 2006 and 2016 she has worked as Coordinator of the Middle East Department at the International Centre for the Study of Christian Orient in Granada- Spain and professor of Arabic Language and Culture at the Institute of Theology \u201cLumen Gentium\u201d, affiliated to the Faculty of Theology at the San Damaso Ecclesiastical University\/Spain, 2008 to 2016. She served as consultant of interfaith relations (Christianity-Islam) for the Spanish Episcopal Conference, 2012 to 2016. In 2016, Dr. Hattar joined the Royal Institute for Inter-Faith Studies as Head of International Studies, Programs and Projects and is August 2021 she was appointed RIIFS Director. She has participated in many conferences, workshops and trainings on different topics, such as Arab Christian studies, peacebuilding, music and peace, PVE, dialogue and inter-faith. She is the author of different articles and training manuals.<\/p><\/div>\n\t\t\t\t<\/div>\n\t\t\t\t\t\t\t\t<\/div>\n\t\t\t\t<\/div>\n\t\t\t\t<\/div>\n\t\t\t\t\t<\/div>\n\t\t<\/div>\n\t\t\t\t\t<\/div>\n\t\t<\/section>\n\t\t\t\t<section class=\"elementor-section elementor-inner-section elementor-element elementor-element-6eed451 elementor-section-boxed elementor-section-height-default elementor-section-height-default\" data-id=\"6eed451\" data-element_type=\"section\">\n\t\t\t\t\t\t<div class=\"elementor-container elementor-column-gap-default\">\n\t\t\t\t\t<div class=\"elementor-column elementor-col-100 elementor-inner-column elementor-element elementor-element-051bfcc\" data-id=\"051bfcc\" data-element_type=\"column\">\n\t\t\t<div class=\"elementor-widget-wrap elementor-element-populated\">\n\t\t\t\t\t\t<div class=\"elementor-element elementor-element-e8b05f0 elementor-position-left elementor-vertical-align-top elementor-widget elementor-widget-image-box\" data-id=\"e8b05f0\" data-element_type=\"widget\" data-widget_type=\"image-box.default\">\n\t\t\t\t<div class=\"elementor-widget-container\">\n\t\t\t<div class=\"elementor-image-box-wrapper\"><figure class=\"elementor-image-box-img\"><img loading=\"lazy\" decoding=\"async\" width=\"600\" height=\"600\" src=\"https:\/\/www.mem-summit.ch\/wp-content\/uploads\/2021\/08\/Matteo_Legrenzi_2.jpg\" class=\"attachment-full size-full wp-image-12696\" alt=\"\" srcset=\"https:\/\/www.mem-summit.ch\/wp-content\/uploads\/2021\/08\/Matteo_Legrenzi_2.jpg 600w, https:\/\/www.mem-summit.ch\/wp-content\/uploads\/2021\/08\/Matteo_Legrenzi_2-480x480.jpg 480w, https:\/\/www.mem-summit.ch\/wp-content\/uploads\/2021\/08\/Matteo_Legrenzi_2-150x150.jpg 150w, https:\/\/www.mem-summit.ch\/wp-content\/uploads\/2021\/08\/elementor\/thumbs\/Matteo_Legrenzi_2-pbk5glujsci86d5rhw3t73nftbcna5yf3v5jqtzwmg.jpg 100w\" sizes=\"(max-width: 600px) 100vw, 600px\" \/><\/figure><div class=\"elementor-image-box-content\"><h3 class=\"elementor-image-box-title\">MATTEO LEGRENZI<\/h3><p class=\"elementor-image-box-description\">Professor, Ca\u2019 Foscari University of Venice, Italy<\/p><\/div><\/div>\t\t<\/div>\n\t\t\t\t<\/div>\n\t\t\t\t<div class=\"elementor-element elementor-element-a809408 elementor-widget elementor-widget-toggle\" data-id=\"a809408\" data-element_type=\"widget\" data-widget_type=\"toggle.default\">\n\t\t\t\t<div class=\"elementor-widget-container\">\n\t\t\t\t\t<div class=\"elementor-toggle\">\n\t\t\t\t\t\t\t<div class=\"elementor-toggle-item\">\n\t\t\t\t\t<div id=\"elementor-tab-title-1761\" class=\"elementor-tab-title\" data-tab=\"1\" role=\"button\" aria-controls=\"elementor-tab-content-1761\" aria-expanded=\"false\">\n\t\t\t\t\t\t\t\t\t\t\t\t<span class=\"elementor-toggle-icon elementor-toggle-icon-right\" aria-hidden=\"true\">\n\t\t\t\t\t\t\t\t\t\t\t\t\t\t\t<span class=\"elementor-toggle-icon-closed\"><i class=\"fas fa-angle-down\"><\/i><\/span>\n\t\t\t\t\t\t\t\t<span class=\"elementor-toggle-icon-opened\"><i class=\"elementor-toggle-icon-opened fas fa-angle-up\"><\/i><\/span>\n\t\t\t\t\t\t\t\t\t\t\t\t\t<\/span>\n\t\t\t\t\t\t\t\t\t\t\t\t<a class=\"elementor-toggle-title\" tabindex=\"0\">Read more<\/a>\n\t\t\t\t\t<\/div>\n\n\t\t\t\t\t<div id=\"elementor-tab-content-1761\" class=\"elementor-tab-content elementor-clearfix\" data-tab=\"1\" role=\"region\" aria-labelledby=\"elementor-tab-title-1761\"><p>Matteo Legrenzi is a professor of International Relations at Ca\u2019 Foscari University of Venice. He holds a DPhil in International Relations and an MPhil in Modern Middle Eastern Studies from St Antony&#8217;s College, Oxford. He served as president of the Italian Association for Middle Eastern Studies (SeSaMO) and is a member of the International Advisory Council of the World Congress for Middle East Studies (WOCMES) and of the European Association for Middle Eastern Studies (EURAMES) Council.<\/p><p>He helped to establish and served as inaugural coordinator of the undergraduate program in Philosophy, International Studies and Economics (PISE) and its double degree with the University of Gr\u00f6ningen. He was founding director of the master in Strategic Studies and International Security and is coordinator of the Research Institute for International Studies.<\/p><p>He is a member of the Institute of International Affairs (IAI &#8211; Istituto Affari Internazionali) and in Oxford he is Research Associate at the Department of Politics and International Relations. He sits on the editorial board of the Elements in Middle East Politics series of Cambridge University Press.<\/p><p>He was rector&#8217;s delegate for the Middle East and studied Arabic at the American University in Cairo. Before returning to Venice he taught in Oxford, Ottawa and Seoul and in 2009 he won the Capital Educators&#8217; Award in Canada.<\/p><p>Legrenzi is an honorary research fellow at the University of Exeter and currently supervises numerous Marie Curie Global Individual Fellowships, one Marie Curie COFUND and four Marie Curie Europe Individual Fellowships. He deals with international relations and comparative government of the Middle East, in particular the political economy, regionalism and security of the Arab monarchies of the Gulf.<\/p><\/div>\n\t\t\t\t<\/div>\n\t\t\t\t\t\t\t\t<\/div>\n\t\t\t\t<\/div>\n\t\t\t\t<\/div>\n\t\t\t\t\t<\/div>\n\t\t<\/div>\n\t\t\t\t\t<\/div>\n\t\t<\/section>\n\t\t\t\t<section class=\"elementor-section elementor-inner-section elementor-element elementor-element-e290c13 elementor-section-boxed elementor-section-height-default elementor-section-height-default\" data-id=\"e290c13\" data-element_type=\"section\">\n\t\t\t\t\t\t<div class=\"elementor-container elementor-column-gap-default\">\n\t\t\t\t\t<div class=\"elementor-column elementor-col-100 elementor-inner-column elementor-element elementor-element-6d75cb1\" data-id=\"6d75cb1\" data-element_type=\"column\">\n\t\t\t<div class=\"elementor-widget-wrap elementor-element-populated\">\n\t\t\t\t\t\t<div class=\"elementor-element elementor-element-8847e60 elementor-position-left elementor-vertical-align-top elementor-widget elementor-widget-image-box\" data-id=\"8847e60\" data-element_type=\"widget\" data-widget_type=\"image-box.default\">\n\t\t\t\t<div class=\"elementor-widget-container\">\n\t\t\t<div class=\"elementor-image-box-wrapper\"><figure class=\"elementor-image-box-img\"><img loading=\"lazy\" decoding=\"async\" width=\"618\" height=\"618\" src=\"https:\/\/www.mem-summit.ch\/wp-content\/uploads\/2023\/07\/Adnan_Tabatabai.png\" class=\"attachment-full size-full wp-image-15506\" alt=\"\" srcset=\"https:\/\/www.mem-summit.ch\/wp-content\/uploads\/2023\/07\/Adnan_Tabatabai.png 618w, https:\/\/www.mem-summit.ch\/wp-content\/uploads\/2023\/07\/Adnan_Tabatabai-480x480.png 480w, https:\/\/www.mem-summit.ch\/wp-content\/uploads\/2023\/07\/Adnan_Tabatabai-150x150.png 150w\" sizes=\"(max-width: 618px) 100vw, 618px\" \/><\/figure><div class=\"elementor-image-box-content\"><h3 class=\"elementor-image-box-title\">ADNAN TABATABAI<\/h3><p class=\"elementor-image-box-description\">CEO, CARPO &#8211; Center for Applied Research in Partnership with the Orient, Germany<\/p><\/div><\/div>\t\t<\/div>\n\t\t\t\t<\/div>\n\t\t\t\t<div class=\"elementor-element elementor-element-4038b54 elementor-widget elementor-widget-toggle\" data-id=\"4038b54\" data-element_type=\"widget\" data-widget_type=\"toggle.default\">\n\t\t\t\t<div class=\"elementor-widget-container\">\n\t\t\t\t\t<div class=\"elementor-toggle\">\n\t\t\t\t\t\t\t<div class=\"elementor-toggle-item\">\n\t\t\t\t\t<div id=\"elementor-tab-title-6731\" class=\"elementor-tab-title\" data-tab=\"1\" role=\"button\" aria-controls=\"elementor-tab-content-6731\" aria-expanded=\"false\">\n\t\t\t\t\t\t\t\t\t\t\t\t<span class=\"elementor-toggle-icon elementor-toggle-icon-right\" aria-hidden=\"true\">\n\t\t\t\t\t\t\t\t\t\t\t\t\t\t\t<span class=\"elementor-toggle-icon-closed\"><i class=\"fas fa-angle-down\"><\/i><\/span>\n\t\t\t\t\t\t\t\t<span class=\"elementor-toggle-icon-opened\"><i class=\"elementor-toggle-icon-opened fas fa-angle-up\"><\/i><\/span>\n\t\t\t\t\t\t\t\t\t\t\t\t\t<\/span>\n\t\t\t\t\t\t\t\t\t\t\t\t<a class=\"elementor-toggle-title\" tabindex=\"0\">Read more<\/a>\n\t\t\t\t\t<\/div>\n\n\t\t\t\t\t<div id=\"elementor-tab-content-6731\" class=\"elementor-tab-content elementor-clearfix\" data-tab=\"1\" role=\"region\" aria-labelledby=\"elementor-tab-title-6731\"><p>Adnan Tabatabai is co-founder and CEO of the Germany-based Middle East think tank CARPO \u2013 Center for Applied Research in Partnership with the Orient. He obtained his MSc. Middle East Politics at the School of Oriental and African Studies \/ University of London. As an Iran analyst Tabatabai is consulted by European policymakers and businesses on Iran related affairs. Through his work at CARPO, Tabatabai has designed and facilitated track 2 and civil-society dialogue formats between Iran and Saudi Arabia since 2015. He is furthermore involved in a variety of projects at CARPO on regional security in the Persian Gulf region. Tabatabai is author of the book \u201cMorgen in Iran\u201d (Oct. 2016, Edition K\u00f6rber-Stiftung). He is regularly featured in international media with commentary and analysis on developments in Iran and the Middle East.<\/p><\/div>\n\t\t\t\t<\/div>\n\t\t\t\t\t\t\t\t<\/div>\n\t\t\t\t<\/div>\n\t\t\t\t<\/div>\n\t\t\t\t\t<\/div>\n\t\t<\/div>\n\t\t\t\t\t<\/div>\n\t\t<\/section>\n\t\t\t\t\t<\/div>\n\t\t<\/div>\n\t\t\t\t\t<\/div>\n\t\t<\/section>\n\t\t\t\t<section class=\"elementor-section elementor-top-section elementor-element elementor-element-c0b6389 elementor-section-boxed elementor-section-height-default elementor-section-height-default\" data-id=\"c0b6389\" data-element_type=\"section\">\n\t\t\t\t\t\t<div class=\"elementor-container elementor-column-gap-default\">\n\t\t\t\t\t<div class=\"elementor-column elementor-col-100 elementor-top-column elementor-element elementor-element-a462de1\" data-id=\"a462de1\" data-element_type=\"column\">\n\t\t\t<div class=\"elementor-widget-wrap elementor-element-populated\">\n\t\t\t\t\t\t<div class=\"elementor-element elementor-element-cf92fb5 elementor-widget elementor-widget-shortcode\" data-id=\"cf92fb5\" data-element_type=\"widget\" data-widget_type=\"shortcode.default\">\n\t\t\t\t<div class=\"elementor-widget-container\">\n\t\t\t\t\t<div class=\"elementor-shortcode\"><script>\njQuery('a[href=\"javascript:void(0);\"]').removeAttr('target');\n<\/script><\/div>\n\t\t\t\t<\/div>\n\t\t\t\t<\/div>\n\t\t\t\t\t<\/div>\n\t\t<\/div>\n\t\t\t\t\t<\/div>\n\t\t<\/section>\n\t\t\t\t<\/div>\n\t\t\n<\/div>\n\t\t\t\t<\/div>\n\t\t\t\t\t\t\t\t<\/div>\n\t\t\t\t<\/div>\n\t\t\t\t<\/div>\n\t\t\t\t\t<\/div>\n\t\t<\/div>\n\t\t\t\t\t<\/div>\n\t\t<\/section>\n\t\t\t\t<section class=\"elementor-section elementor-top-section elementor-element elementor-element-d82b064 elementor-section-content-middle elementor-section-height-min-height elementor-section-boxed elementor-section-height-default elementor-section-items-middle\" data-id=\"d82b064\" data-element_type=\"section\" data-settings=\"{&quot;background_background&quot;:&quot;classic&quot;}\">\n\t\t\t\t\t\t<div class=\"elementor-container elementor-column-gap-no\">\n\t\t\t\t\t<div class=\"elementor-column elementor-col-100 elementor-top-column elementor-element elementor-element-912d7f2\" data-id=\"912d7f2\" data-element_type=\"column\">\n\t\t\t<div class=\"elementor-widget-wrap\">\n\t\t\t\t\t\t\t<\/div>\n\t\t<\/div>\n\t\t\t\t\t<\/div>\n\t\t<\/section>\n\t\t\t\t<section class=\"elementor-section elementor-top-section elementor-element elementor-element-10eeeae elementor-section-boxed elementor-section-height-default elementor-section-height-default\" data-id=\"10eeeae\" data-element_type=\"section\">\n\t\t\t\t\t\t<div class=\"elementor-container elementor-column-gap-no\">\n\t\t\t\t\t<div class=\"elementor-column elementor-col-100 elementor-top-column elementor-element elementor-element-ae4b841\" data-id=\"ae4b841\" data-element_type=\"column\">\n\t\t\t<div class=\"elementor-widget-wrap elementor-element-populated\">\n\t\t\t\t\t\t<div class=\"elementor-element elementor-element-8ae99c6 elementor-widget elementor-widget-menu-anchor\" data-id=\"8ae99c6\" data-element_type=\"widget\" data-widget_type=\"menu-anchor.default\">\n\t\t\t\t<div class=\"elementor-widget-container\">\n\t\t\t\t\t<div class=\"elementor-menu-anchor\" id=\"film-climbingiran\"><\/div>\n\t\t\t\t<\/div>\n\t\t\t\t<\/div>\n\t\t\t\t<div class=\"elementor-element elementor-element-c5efddc elementor-widget-divider--view-line elementor-widget elementor-widget-divider\" data-id=\"c5efddc\" data-element_type=\"widget\" data-widget_type=\"divider.default\">\n\t\t\t\t<div class=\"elementor-widget-container\">\n\t\t\t\t\t<div class=\"elementor-divider\">\n\t\t\t<span class=\"elementor-divider-separator\">\n\t\t\t\t\t\t<\/span>\n\t\t<\/div>\n\t\t\t\t<\/div>\n\t\t\t\t<\/div>\n\t\t\t\t<div class=\"elementor-element elementor-element-84d6619 elementor-widget elementor-widget-heading\" data-id=\"84d6619\" data-element_type=\"widget\" data-widget_type=\"heading.default\">\n\t\t\t\t<div class=\"elementor-widget-container\">\n\t\t\t<h3 class=\"elementor-heading-title elementor-size-default\"><div>Proiezione Film - Climbing Iran<span style=\"font-size: 40px;letter-spacing: 0px\"><\/span><\/div><\/h3>\t\t<\/div>\n\t\t\t\t<\/div>\n\t\t\t\t<section class=\"elementor-section elementor-inner-section elementor-element elementor-element-12c97aa elementor-section-full_width elementor-section-height-default elementor-section-height-default\" data-id=\"12c97aa\" data-element_type=\"section\">\n\t\t\t\t\t\t<div class=\"elementor-container elementor-column-gap-default\">\n\t\t\t\t\t<div class=\"elementor-column elementor-col-50 elementor-inner-column elementor-element elementor-element-aad9507\" data-id=\"aad9507\" data-element_type=\"column\">\n\t\t\t<div class=\"elementor-widget-wrap elementor-element-populated\">\n\t\t\t\t\t\t<div class=\"elementor-element elementor-element-5b1f05c elementor-widget elementor-widget-video\" data-id=\"5b1f05c\" data-element_type=\"widget\" data-settings=\"{&quot;youtube_url&quot;:&quot;https:\\\/\\\/www.youtube.com\\\/watch?v=C4rE7VTRtNQ&quot;,&quot;video_type&quot;:&quot;youtube&quot;,&quot;controls&quot;:&quot;yes&quot;}\" data-widget_type=\"video.default\">\n\t\t\t\t<div class=\"elementor-widget-container\">\n\t\t\t\t\t<div class=\"elementor-wrapper elementor-open-inline\">\n\t\t\t<div class=\"elementor-video\"><\/div>\t\t<\/div>\n\t\t\t\t<\/div>\n\t\t\t\t<\/div>\n\t\t\t\t\t<\/div>\n\t\t<\/div>\n\t\t\t\t<div class=\"elementor-column elementor-col-50 elementor-inner-column elementor-element elementor-element-fce2ac1\" data-id=\"fce2ac1\" data-element_type=\"column\">\n\t\t\t<div class=\"elementor-widget-wrap elementor-element-populated\">\n\t\t\t\t\t\t<div class=\"elementor-element elementor-element-efa21a9 elementor-widget elementor-widget-text-editor\" data-id=\"efa21a9\" data-element_type=\"widget\" data-widget_type=\"text-editor.default\">\n\t\t\t\t<div class=\"elementor-widget-container\">\n\t\t\t\t\t\t\t<h3>Climbing Iran<\/h3>\n<p>Data: 23 agosto 2023<br \/>\nOre: 18:00<br \/>\nLuogo: Aula Magna, Campus Ovest, Universit\u00e0 della Svizzera italiana<br \/>\nVia Giuseppe Buffi 13, 6900 Lugano<\/p>\n<p>Di Francesca Borghetti<br \/>\nCon Nasim Eshqi<br \/>\nProdotto da Nanof<br \/>\nDistribuito da Mescalito Film<br \/>\nItalia, Francia | 2020 | 54&#8242;<br \/>\nItaliano, inglese<br \/>\nSub. Italiano, inglese<\/p>\n\t\t\t\t\t\t<\/div>\n\t\t\t\t<\/div>\n\t\t\t\t\t<\/div>\n\t\t<\/div>\n\t\t\t\t\t<\/div>\n\t\t<\/section>\n\t\t\t\t<div class=\"elementor-element elementor-element-f44199c elementor-widget elementor-widget-text-editor\" data-id=\"f44199c\" data-element_type=\"widget\" data-widget_type=\"text-editor.default\">\n\t\t\t\t<div class=\"elementor-widget-container\">\n\t\t\t\t\t\t\t<h3><span class=\"selectable-text copyable-text\">Una scalatrice iraniana sfida i pregiudizi del suo paese<\/span><\/h3>\n<p>La vicenda dell&#8217;arrampicatrice iraniana Nasim Eshqi, che dopo essersi distinta in diversi sport, come karate e kickboxing, a 23 anni ha iniziato a scalare, rivendicando il diritto di salire in vetta oltre la forza di gravit\u00e0 e le difficolt\u00e0 di essere donna nel proprio paese.<\/p>\n<h3>Sinossi film<\/h3>\n<p>Nasim ha mani forti e unghie dipinte con smalto rosa shocking. \u00c8 una pioniera dell\u2019arrampicata all\u2019aperto in Iran, dove le donne arrampicano su pareti artificiali durante orari stabiliti, solo tra donne. Dopo essere stata una giovane campionessa di diversi sport \u2013 dal karate al kickboxing \u2013 Nasim ha seguito il richiamo della natura e ha deciso di andare oltre le barriere imposte alle donne del suo Paese, costruendo la propria strada sulle montagne persiane, dove ha aperto una cinquantina di nuove vie.<\/p>\n<p>Il film \u00e8 il ritratto di una donna straordinaria, determinata a superare le barriere che si oppongono alla sua passione, siano esse fisiche, sociali, psicologiche, geografiche o ideologiche. Impegnata a \u201ccambiare le cose a poco a poco\u201d, porta altre giovani donne sulle pareti di roccia, poco fuori Teheran, insegnando loro come arrampicarsi e diventare indipendenti. Nasim ha un sogno che pu\u00f2 diventare realt\u00e0: aprire una nuova via sulle Alpi, anche quando raggiungere l\u2019Europa stessa \u00e8 una vera e propria impresa.<\/p>\n<h3>Discussione<\/h3>\n<p>Ha seguito una discussione con Federica Frediani (Project Leader MEM Summer Summit), Francesca Borghetti (regista) e Nasim Eshqi (arrampicatrice iraniana).<\/p>\n\t\t\t\t\t\t<\/div>\n\t\t\t\t<\/div>\n\t\t\t\t\t<\/div>\n\t\t<\/div>\n\t\t\t\t\t<\/div>\n\t\t<\/section>\n\t\t\t\t<section class=\"elementor-section elementor-top-section elementor-element elementor-element-d7e758c elementor-section-height-min-height elementor-section-boxed elementor-section-height-default elementor-section-items-middle\" data-id=\"d7e758c\" data-element_type=\"section\" data-settings=\"{&quot;background_background&quot;:&quot;classic&quot;}\">\n\t\t\t\t\t\t\t<div class=\"elementor-background-overlay\"><\/div>\n\t\t\t\t\t\t\t<div class=\"elementor-container elementor-column-gap-default\">\n\t\t\t\t\t<div class=\"elementor-column elementor-col-100 elementor-top-column elementor-element elementor-element-6323df6\" data-id=\"6323df6\" data-element_type=\"column\" data-settings=\"{&quot;background_background&quot;:&quot;classic&quot;}\">\n\t\t\t<div class=\"elementor-widget-wrap elementor-element-populated\">\n\t\t\t\t\t\t\t<\/div>\n\t\t<\/div>\n\t\t\t\t\t<\/div>\n\t\t<\/section>\n\t\t\t\t<section class=\"elementor-section elementor-top-section elementor-element elementor-element-165a848f elementor-section-boxed elementor-section-height-default elementor-section-height-default\" data-id=\"165a848f\" data-element_type=\"section\">\n\t\t\t\t\t\t<div class=\"elementor-container elementor-column-gap-no\">\n\t\t\t\t\t<div class=\"elementor-column elementor-col-100 elementor-top-column elementor-element elementor-element-77e875eb\" data-id=\"77e875eb\" data-element_type=\"column\">\n\t\t\t<div class=\"elementor-widget-wrap elementor-element-populated\">\n\t\t\t\t\t\t<div class=\"elementor-element elementor-element-16237eb3 elementor-widget elementor-widget-menu-anchor\" data-id=\"16237eb3\" data-element_type=\"widget\" data-widget_type=\"menu-anchor.default\">\n\t\t\t\t<div class=\"elementor-widget-container\">\n\t\t\t\t\t<div class=\"elementor-menu-anchor\" id=\"spotlight\"><\/div>\n\t\t\t\t<\/div>\n\t\t\t\t<\/div>\n\t\t\t\t<div class=\"elementor-element elementor-element-4b83db30 elementor-widget-divider--view-line elementor-widget elementor-widget-divider\" data-id=\"4b83db30\" data-element_type=\"widget\" data-widget_type=\"divider.default\">\n\t\t\t\t<div class=\"elementor-widget-container\">\n\t\t\t\t\t<div class=\"elementor-divider\">\n\t\t\t<span class=\"elementor-divider-separator\">\n\t\t\t\t\t\t<\/span>\n\t\t<\/div>\n\t\t\t\t<\/div>\n\t\t\t\t<\/div>\n\t\t\t\t<div class=\"elementor-element elementor-element-2c5f1440 elementor-widget elementor-widget-heading\" data-id=\"2c5f1440\" data-element_type=\"widget\" data-widget_type=\"heading.default\">\n\t\t\t\t<div class=\"elementor-widget-container\">\n\t\t\t<h1 class=\"elementor-heading-title elementor-size-default\">Highlights del MEM Summer Summit - Forum 2023<\/h1>\t\t<\/div>\n\t\t\t\t<\/div>\n\t\t\t\t<div class=\"elementor-element elementor-element-8e09bf6 elementor-widget elementor-widget-video\" data-id=\"8e09bf6\" data-element_type=\"widget\" data-settings=\"{&quot;youtube_url&quot;:&quot;https:\\\/\\\/youtu.be\\\/mZuicQUAk1k&quot;,&quot;yt_privacy&quot;:&quot;yes&quot;,&quot;loop&quot;:&quot;yes&quot;,&quot;video_type&quot;:&quot;youtube&quot;,&quot;controls&quot;:&quot;yes&quot;}\" data-widget_type=\"video.default\">\n\t\t\t\t<div class=\"elementor-widget-container\">\n\t\t\t\t\t<div class=\"elementor-wrapper elementor-open-inline\">\n\t\t\t<div class=\"elementor-video\"><\/div>\t\t<\/div>\n\t\t\t\t<\/div>\n\t\t\t\t<\/div>\n\t\t\t\t\t<\/div>\n\t\t<\/div>\n\t\t\t\t\t<\/div>\n\t\t<\/section>\n\t\t\t\t<section class=\"elementor-section elementor-top-section elementor-element elementor-element-ffd4d88 elementor-section-boxed elementor-section-height-default elementor-section-height-default\" data-id=\"ffd4d88\" data-element_type=\"section\">\n\t\t\t\t\t\t<div class=\"elementor-container elementor-column-gap-no\">\n\t\t\t\t\t<div class=\"elementor-column elementor-col-100 elementor-top-column elementor-element elementor-element-c7cb8c4\" data-id=\"c7cb8c4\" data-element_type=\"column\">\n\t\t\t<div class=\"elementor-widget-wrap elementor-element-populated\">\n\t\t\t\t\t\t<div class=\"elementor-element elementor-element-e47fdfb elementor-widget-divider--view-line elementor-widget elementor-widget-divider\" data-id=\"e47fdfb\" data-element_type=\"widget\" data-widget_type=\"divider.default\">\n\t\t\t\t<div class=\"elementor-widget-container\">\n\t\t\t\t\t<div class=\"elementor-divider\">\n\t\t\t<span class=\"elementor-divider-separator\">\n\t\t\t\t\t\t<\/span>\n\t\t<\/div>\n\t\t\t\t<\/div>\n\t\t\t\t<\/div>\n\t\t\t\t<div class=\"elementor-element elementor-element-42b436c elementor-widget elementor-widget-heading\" data-id=\"42b436c\" data-element_type=\"widget\" data-widget_type=\"heading.default\">\n\t\t\t\t<div class=\"elementor-widget-container\">\n\t\t\t<h3 class=\"elementor-heading-title elementor-size-default\">Partner 2023<\/h3>\t\t<\/div>\n\t\t\t\t<\/div>\n\t\t\t\t<div class=\"elementor-element elementor-element-f6b01ca elementor-widget elementor-widget-text-editor\" data-id=\"f6b01ca\" data-element_type=\"widget\" data-widget_type=\"text-editor.default\">\n\t\t\t\t<div class=\"elementor-widget-container\">\n\t\t\t\t\t\t\t<h3 style=\"font-size: 1.55556rem; font-style: normal;\">Patronage<\/h3>\n\t\t\t\t\t\t<\/div>\n\t\t\t\t<\/div>\n\t\t\t\t<div class=\"elementor-element elementor-element-c70376e elementor-widget-divider--view-line elementor-widget elementor-widget-divider\" data-id=\"c70376e\" data-element_type=\"widget\" data-widget_type=\"divider.default\">\n\t\t\t\t<div class=\"elementor-widget-container\">\n\t\t\t\t\t<div class=\"elementor-divider\">\n\t\t\t<span class=\"elementor-divider-separator\">\n\t\t\t\t\t\t<\/span>\n\t\t<\/div>\n\t\t\t\t<\/div>\n\t\t\t\t<\/div>\n\t\t\t\t<section class=\"elementor-section elementor-inner-section elementor-element elementor-element-d29f17c elementor-section-boxed elementor-section-height-default elementor-section-height-default\" data-id=\"d29f17c\" data-element_type=\"section\">\n\t\t\t\t\t\t<div class=\"elementor-container elementor-column-gap-default\">\n\t\t\t\t\t<div class=\"elementor-column elementor-col-50 elementor-inner-column elementor-element elementor-element-12c5b8d\" data-id=\"12c5b8d\" data-element_type=\"column\">\n\t\t\t<div class=\"elementor-widget-wrap elementor-element-populated\">\n\t\t\t\t\t\t<div class=\"elementor-element elementor-element-05a2ad2 elementor-widget elementor-widget-image\" data-id=\"05a2ad2\" data-element_type=\"widget\" data-widget_type=\"image.default\">\n\t\t\t\t<div class=\"elementor-widget-container\">\n\t\t\t\t\t\t\t\t\t\t\t\t\t\t<a href=\"https:\/\/www.eda.admin.ch\/eda\/en\/home\/fdfa\/organisation-fdfa\/directorates-divisions\/directorate-political-affairs\/menad.html\" target=\"_blank\" rel=\"nofollow\">\n\t\t\t\t\t\t\t<img loading=\"lazy\" decoding=\"async\" width=\"785\" height=\"253\" src=\"https:\/\/www.mem-summit.ch\/wp-content\/uploads\/2018\/07\/EDA_CMYK_hoch_pos_En.png\" class=\"attachment-full size-full wp-image-2443\" alt=\"\" srcset=\"https:\/\/www.mem-summit.ch\/wp-content\/uploads\/2018\/07\/EDA_CMYK_hoch_pos_En.png 785w, https:\/\/www.mem-summit.ch\/wp-content\/uploads\/2018\/07\/EDA_CMYK_hoch_pos_En-480x155.png 480w, https:\/\/www.mem-summit.ch\/wp-content\/uploads\/2018\/07\/EDA_CMYK_hoch_pos_En-768x248.png 768w, https:\/\/www.mem-summit.ch\/wp-content\/uploads\/2018\/07\/elementor\/thumbs\/EDA_CMYK_hoch_pos_En-oyu3jegduncmb31fzwkgj836c5obx0zx4y4dkw3hwo.png 310w\" sizes=\"(max-width: 785px) 100vw, 785px\" \/>\t\t\t\t\t\t\t\t<\/a>\n\t\t\t\t\t\t\t\t\t\t\t\t\t<\/div>\n\t\t\t\t<\/div>\n\t\t\t\t\t<\/div>\n\t\t<\/div>\n\t\t\t\t<div class=\"elementor-column elementor-col-50 elementor-inner-column elementor-element elementor-element-8ee5813\" data-id=\"8ee5813\" data-element_type=\"column\">\n\t\t\t<div class=\"elementor-widget-wrap elementor-element-populated\">\n\t\t\t\t\t\t<div class=\"elementor-element elementor-element-b1e3a87 elementor-widget elementor-widget-image\" data-id=\"b1e3a87\" data-element_type=\"widget\" data-widget_type=\"image.default\">\n\t\t\t\t<div class=\"elementor-widget-container\">\n\t\t\t\t\t\t\t\t\t\t\t\t\t\t<a href=\"https:\/\/www.eda.admin.ch\/eda\/en\/home\/fdfa\/organisation-fdfa\/directorates-divisions\/sdc.html\" target=\"_blank\" rel=\"nofollow\">\n\t\t\t\t\t\t\t<img loading=\"lazy\" decoding=\"async\" width=\"780\" height=\"295\" src=\"https:\/\/www.mem-summit.ch\/wp-content\/uploads\/2018\/07\/SDC_CMYK_hoch_pos.png\" class=\"attachment-full size-full wp-image-2494\" alt=\"\" srcset=\"https:\/\/www.mem-summit.ch\/wp-content\/uploads\/2018\/07\/SDC_CMYK_hoch_pos.png 780w, https:\/\/www.mem-summit.ch\/wp-content\/uploads\/2018\/07\/SDC_CMYK_hoch_pos-480x182.png 480w, https:\/\/www.mem-summit.ch\/wp-content\/uploads\/2018\/07\/SDC_CMYK_hoch_pos-768x290.png 768w\" sizes=\"(max-width: 780px) 100vw, 780px\" \/>\t\t\t\t\t\t\t\t<\/a>\n\t\t\t\t\t\t\t\t\t\t\t\t\t<\/div>\n\t\t\t\t<\/div>\n\t\t\t\t\t<\/div>\n\t\t<\/div>\n\t\t\t\t\t<\/div>\n\t\t<\/section>\n\t\t\t\t<section class=\"elementor-section elementor-inner-section elementor-element elementor-element-a7ede73 elementor-section-boxed elementor-section-height-default elementor-section-height-default\" data-id=\"a7ede73\" data-element_type=\"section\">\n\t\t\t\t\t\t<div class=\"elementor-container elementor-column-gap-default\">\n\t\t\t\t\t<div class=\"elementor-column elementor-col-50 elementor-inner-column elementor-element elementor-element-02fd722\" data-id=\"02fd722\" data-element_type=\"column\">\n\t\t\t<div class=\"elementor-widget-wrap elementor-element-populated\">\n\t\t\t\t\t\t<div class=\"elementor-element elementor-element-9fffaa7 elementor-widget elementor-widget-image\" data-id=\"9fffaa7\" data-element_type=\"widget\" data-widget_type=\"image.default\">\n\t\t\t\t<div class=\"elementor-widget-container\">\n\t\t\t\t\t\t\t\t\t\t\t\t\t\t<a href=\"https:\/\/www.lugano.ch\/\" target=\"_blank\" rel=\"nofollow\">\n\t\t\t\t\t\t\t<img loading=\"lazy\" decoding=\"async\" width=\"1080\" height=\"485\" src=\"https:\/\/www.mem-summit.ch\/wp-content\/uploads\/2022\/07\/Stemma_LVGA_dicitura2righe_NERO.png\" class=\"attachment-full size-full wp-image-13969\" alt=\"\" srcset=\"https:\/\/www.mem-summit.ch\/wp-content\/uploads\/2022\/07\/Stemma_LVGA_dicitura2righe_NERO.png 1080w, https:\/\/www.mem-summit.ch\/wp-content\/uploads\/2022\/07\/Stemma_LVGA_dicitura2righe_NERO-480x216.png 480w, https:\/\/www.mem-summit.ch\/wp-content\/uploads\/2022\/07\/Stemma_LVGA_dicitura2righe_NERO-1024x460.png 1024w, https:\/\/www.mem-summit.ch\/wp-content\/uploads\/2022\/07\/Stemma_LVGA_dicitura2righe_NERO-768x345.png 768w\" sizes=\"(max-width: 1080px) 100vw, 1080px\" \/>\t\t\t\t\t\t\t\t<\/a>\n\t\t\t\t\t\t\t\t\t\t\t\t\t<\/div>\n\t\t\t\t<\/div>\n\t\t\t\t\t<\/div>\n\t\t<\/div>\n\t\t\t\t<div class=\"elementor-column elementor-col-50 elementor-inner-column elementor-element elementor-element-c5d406b\" data-id=\"c5d406b\" data-element_type=\"column\">\n\t\t\t<div class=\"elementor-widget-wrap elementor-element-populated\">\n\t\t\t\t\t\t<div class=\"elementor-element elementor-element-0e9a44a elementor-widget elementor-widget-image\" data-id=\"0e9a44a\" data-element_type=\"widget\" data-widget_type=\"image.default\">\n\t\t\t\t<div class=\"elementor-widget-container\">\n\t\t\t\t\t\t\t\t\t\t\t\t\t\t<a href=\"https:\/\/www.ti.ch\/\" target=\"_blank\" rel=\"nofollow\">\n\t\t\t\t\t\t\t<img loading=\"lazy\" decoding=\"async\" width=\"863\" height=\"146\" src=\"https:\/\/www.mem-summit.ch\/wp-content\/uploads\/2018\/07\/rep_ti_colori.png\" class=\"attachment-full size-full wp-image-2439\" alt=\"\" srcset=\"https:\/\/www.mem-summit.ch\/wp-content\/uploads\/2018\/07\/rep_ti_colori.png 863w, https:\/\/www.mem-summit.ch\/wp-content\/uploads\/2018\/07\/rep_ti_colori-480x81.png 480w, https:\/\/www.mem-summit.ch\/wp-content\/uploads\/2018\/07\/rep_ti_colori-768x130.png 768w\" sizes=\"(max-width: 863px) 100vw, 863px\" \/>\t\t\t\t\t\t\t\t<\/a>\n\t\t\t\t\t\t\t\t\t\t\t\t\t<\/div>\n\t\t\t\t<\/div>\n\t\t\t\t\t<\/div>\n\t\t<\/div>\n\t\t\t\t\t<\/div>\n\t\t<\/section>\n\t\t\t\t<div class=\"elementor-element elementor-element-51db153 elementor-widget-divider--view-line elementor-widget elementor-widget-divider\" data-id=\"51db153\" data-element_type=\"widget\" data-widget_type=\"divider.default\">\n\t\t\t\t<div class=\"elementor-widget-container\">\n\t\t\t\t\t<div class=\"elementor-divider\">\n\t\t\t<span class=\"elementor-divider-separator\">\n\t\t\t\t\t\t<\/span>\n\t\t<\/div>\n\t\t\t\t<\/div>\n\t\t\t\t<\/div>\n\t\t\t\t<div class=\"elementor-element elementor-element-e82e216 elementor-widget elementor-widget-text-editor\" data-id=\"e82e216\" data-element_type=\"widget\" data-widget_type=\"text-editor.default\">\n\t\t\t\t<div class=\"elementor-widget-container\">\n\t\t\t\t\t\t\t<h3 style=\"font-size: 1.55556rem; font-style: normal;\">Partner istituzionali<\/h3>\n\t\t\t\t\t\t<\/div>\n\t\t\t\t<\/div>\n\t\t\t\t<div class=\"elementor-element elementor-element-6c5967a elementor-widget-divider--view-line elementor-widget elementor-widget-divider\" data-id=\"6c5967a\" data-element_type=\"widget\" data-widget_type=\"divider.default\">\n\t\t\t\t<div class=\"elementor-widget-container\">\n\t\t\t\t\t<div class=\"elementor-divider\">\n\t\t\t<span class=\"elementor-divider-separator\">\n\t\t\t\t\t\t<\/span>\n\t\t<\/div>\n\t\t\t\t<\/div>\n\t\t\t\t<\/div>\n\t\t\t\t<section class=\"elementor-section elementor-inner-section elementor-element elementor-element-153c412 elementor-section-boxed elementor-section-height-default elementor-section-height-default\" data-id=\"153c412\" data-element_type=\"section\">\n\t\t\t\t\t\t<div class=\"elementor-container elementor-column-gap-default\">\n\t\t\t\t\t<div class=\"elementor-column elementor-col-50 elementor-inner-column elementor-element elementor-element-ce12d76\" data-id=\"ce12d76\" data-element_type=\"column\">\n\t\t\t<div class=\"elementor-widget-wrap elementor-element-populated\">\n\t\t\t\t\t\t<div class=\"elementor-element elementor-element-023993b elementor-widget elementor-widget-image\" data-id=\"023993b\" data-element_type=\"widget\" data-widget_type=\"image.default\">\n\t\t\t\t<div class=\"elementor-widget-container\">\n\t\t\t\t\t\t\t\t\t\t\t\t\t\t<a href=\"http:\/\/www.ens.fr\/en\" target=\"_blank\" rel=\"nofollow\">\n\t\t\t\t\t\t\t<img loading=\"lazy\" decoding=\"async\" width=\"640\" height=\"233\" src=\"https:\/\/www.mem-summit.ch\/wp-content\/uploads\/2018\/05\/ENS-PSL-2-e1642584299807.jpg\" class=\"attachment-full size-full wp-image-1265\" alt=\"\" srcset=\"https:\/\/www.mem-summit.ch\/wp-content\/uploads\/2018\/05\/ENS-PSL-2-e1642584299807.jpg 640w, https:\/\/www.mem-summit.ch\/wp-content\/uploads\/2018\/05\/ENS-PSL-2-e1642584299807-480x175.jpg 480w\" sizes=\"(max-width: 640px) 100vw, 640px\" \/>\t\t\t\t\t\t\t\t<\/a>\n\t\t\t\t\t\t\t\t\t\t\t\t\t<\/div>\n\t\t\t\t<\/div>\n\t\t\t\t\t<\/div>\n\t\t<\/div>\n\t\t\t\t<div class=\"elementor-column elementor-col-50 elementor-inner-column elementor-element elementor-element-2d0947c\" data-id=\"2d0947c\" data-element_type=\"column\">\n\t\t\t<div class=\"elementor-widget-wrap elementor-element-populated\">\n\t\t\t\t\t\t<div class=\"elementor-element elementor-element-631d1e9 elementor-widget elementor-widget-image\" data-id=\"631d1e9\" data-element_type=\"widget\" data-widget_type=\"image.default\">\n\t\t\t\t<div class=\"elementor-widget-container\">\n\t\t\t\t\t\t\t\t\t\t\t\t\t\t<a href=\"http:\/\/www.ssph-lugano-summerschool.ch\/\" target=\"_blank\" rel=\"nofollow\">\n\t\t\t\t\t\t\t<img loading=\"lazy\" decoding=\"async\" width=\"696\" height=\"407\" src=\"https:\/\/www.mem-summit.ch\/wp-content\/uploads\/2019\/06\/Logo_SSPH.jpg\" class=\"attachment-full size-full wp-image-6633\" alt=\"\" srcset=\"https:\/\/www.mem-summit.ch\/wp-content\/uploads\/2019\/06\/Logo_SSPH.jpg 696w, https:\/\/www.mem-summit.ch\/wp-content\/uploads\/2019\/06\/Logo_SSPH-480x281.jpg 480w\" sizes=\"(max-width: 696px) 100vw, 696px\" \/>\t\t\t\t\t\t\t\t<\/a>\n\t\t\t\t\t\t\t\t\t\t\t\t\t<\/div>\n\t\t\t\t<\/div>\n\t\t\t\t\t<\/div>\n\t\t<\/div>\n\t\t\t\t\t<\/div>\n\t\t<\/section>\n\t\t\t\t<section class=\"elementor-section elementor-inner-section elementor-element elementor-element-a74477d elementor-section-boxed elementor-section-height-default elementor-section-height-default\" data-id=\"a74477d\" data-element_type=\"section\">\n\t\t\t\t\t\t<div class=\"elementor-container elementor-column-gap-default\">\n\t\t\t\t\t<div class=\"elementor-column elementor-col-50 elementor-inner-column elementor-element elementor-element-9bec42b\" data-id=\"9bec42b\" data-element_type=\"column\">\n\t\t\t<div class=\"elementor-widget-wrap elementor-element-populated\">\n\t\t\t\t\t\t<div class=\"elementor-element elementor-element-490e24e elementor-widget elementor-widget-image\" data-id=\"490e24e\" data-element_type=\"widget\" data-widget_type=\"image.default\">\n\t\t\t\t<div class=\"elementor-widget-container\">\n\t\t\t\t\t\t\t\t\t\t\t\t\t\t<a href=\"http:\/\/www.unescochair.usi.ch\/\" target=\"_blank\" rel=\"nofollow\">\n\t\t\t\t\t\t\t<img loading=\"lazy\" decoding=\"async\" width=\"1375\" height=\"275\" src=\"https:\/\/www.mem-summit.ch\/wp-content\/uploads\/2019\/06\/USI-UNESCO-UNITWIN.jpg\" class=\"attachment-full size-full wp-image-6630\" alt=\"\" srcset=\"https:\/\/www.mem-summit.ch\/wp-content\/uploads\/2019\/06\/USI-UNESCO-UNITWIN.jpg 1375w, https:\/\/www.mem-summit.ch\/wp-content\/uploads\/2019\/06\/USI-UNESCO-UNITWIN-480x96.jpg 480w, https:\/\/www.mem-summit.ch\/wp-content\/uploads\/2019\/06\/USI-UNESCO-UNITWIN-768x154.jpg 768w, https:\/\/www.mem-summit.ch\/wp-content\/uploads\/2019\/06\/USI-UNESCO-UNITWIN-1024x205.jpg 1024w\" sizes=\"(max-width: 1375px) 100vw, 1375px\" \/>\t\t\t\t\t\t\t\t<\/a>\n\t\t\t\t\t\t\t\t\t\t\t\t\t<\/div>\n\t\t\t\t<\/div>\n\t\t\t\t\t<\/div>\n\t\t<\/div>\n\t\t\t\t<div class=\"elementor-column elementor-col-50 elementor-inner-column elementor-element elementor-element-e9e2807\" data-id=\"e9e2807\" data-element_type=\"column\">\n\t\t\t<div class=\"elementor-widget-wrap\">\n\t\t\t\t\t\t\t<\/div>\n\t\t<\/div>\n\t\t\t\t\t<\/div>\n\t\t<\/section>\n\t\t\t\t<div class=\"elementor-element elementor-element-bc57d03 elementor-widget-divider--view-line elementor-widget elementor-widget-divider\" data-id=\"bc57d03\" data-element_type=\"widget\" data-widget_type=\"divider.default\">\n\t\t\t\t<div class=\"elementor-widget-container\">\n\t\t\t\t\t<div class=\"elementor-divider\">\n\t\t\t<span class=\"elementor-divider-separator\">\n\t\t\t\t\t\t<\/span>\n\t\t<\/div>\n\t\t\t\t<\/div>\n\t\t\t\t<\/div>\n\t\t\t\t<div class=\"elementor-element elementor-element-841f05a elementor-widget elementor-widget-text-editor\" data-id=\"841f05a\" data-element_type=\"widget\" data-widget_type=\"text-editor.default\">\n\t\t\t\t<div class=\"elementor-widget-container\">\n\t\t\t\t\t\t\t<h3 style=\"font-size: 1.55556rem; font-style: normal;\">Partner<\/h3>\n\t\t\t\t\t\t<\/div>\n\t\t\t\t<\/div>\n\t\t\t\t<div class=\"elementor-element elementor-element-bd33150 elementor-widget-divider--view-line elementor-widget elementor-widget-divider\" data-id=\"bd33150\" data-element_type=\"widget\" data-widget_type=\"divider.default\">\n\t\t\t\t<div class=\"elementor-widget-container\">\n\t\t\t\t\t<div class=\"elementor-divider\">\n\t\t\t<span class=\"elementor-divider-separator\">\n\t\t\t\t\t\t<\/span>\n\t\t<\/div>\n\t\t\t\t<\/div>\n\t\t\t\t<\/div>\n\t\t\t\t<section class=\"elementor-section elementor-inner-section elementor-element elementor-element-bad8490 elementor-section-boxed elementor-section-height-default elementor-section-height-default\" data-id=\"bad8490\" data-element_type=\"section\">\n\t\t\t\t\t\t<div class=\"elementor-container elementor-column-gap-default\">\n\t\t\t\t\t<div class=\"elementor-column elementor-col-50 elementor-inner-column elementor-element elementor-element-7d147af\" data-id=\"7d147af\" data-element_type=\"column\">\n\t\t\t<div class=\"elementor-widget-wrap elementor-element-populated\">\n\t\t\t\t\t\t<div class=\"elementor-element elementor-element-1829fdb elementor-widget elementor-widget-image\" data-id=\"1829fdb\" data-element_type=\"widget\" data-widget_type=\"image.default\">\n\t\t\t\t<div class=\"elementor-widget-container\">\n\t\t\t\t\t\t\t\t\t\t\t\t\t\t<a href=\"https:\/\/www.garzoni.com\/it\/\" target=\"_blank\" rel=\"nofollow\">\n\t\t\t\t\t\t\t<img loading=\"lazy\" decoding=\"async\" width=\"822\" height=\"417\" src=\"https:\/\/www.mem-summit.ch\/wp-content\/uploads\/2019\/07\/Logo-Garzoni-REG-Color-e1642585636689.png\" class=\"attachment-full size-full wp-image-7255\" alt=\"\" srcset=\"https:\/\/www.mem-summit.ch\/wp-content\/uploads\/2019\/07\/Logo-Garzoni-REG-Color-e1642585636689.png 822w, https:\/\/www.mem-summit.ch\/wp-content\/uploads\/2019\/07\/Logo-Garzoni-REG-Color-e1642585636689-480x244.png 480w, https:\/\/www.mem-summit.ch\/wp-content\/uploads\/2019\/07\/Logo-Garzoni-REG-Color-e1642585636689-768x390.png 768w\" sizes=\"(max-width: 822px) 100vw, 822px\" \/>\t\t\t\t\t\t\t\t<\/a>\n\t\t\t\t\t\t\t\t\t\t\t\t\t<\/div>\n\t\t\t\t<\/div>\n\t\t\t\t\t<\/div>\n\t\t<\/div>\n\t\t\t\t<div class=\"elementor-column elementor-col-50 elementor-inner-column elementor-element elementor-element-40a7364\" data-id=\"40a7364\" data-element_type=\"column\">\n\t\t\t<div class=\"elementor-widget-wrap elementor-element-populated\">\n\t\t\t\t\t\t<div class=\"elementor-element elementor-element-8fd787a elementor-widget elementor-widget-image\" data-id=\"8fd787a\" data-element_type=\"widget\" data-widget_type=\"image.default\">\n\t\t\t\t<div class=\"elementor-widget-container\">\n\t\t\t\t\t\t\t\t\t\t\t\t\t\t<a href=\"https:\/\/www.villacastagnola.com\/en\" target=\"_blank\" rel=\"nofollow\">\n\t\t\t\t\t\t\t<img loading=\"lazy\" decoding=\"async\" width=\"1200\" height=\"698\" src=\"https:\/\/www.mem-summit.ch\/wp-content\/uploads\/2018\/05\/CASTAGNOLA_LOGO_Lugano_Switzerland-e1528102536831.jpg\" class=\"attachment-full size-full wp-image-1318\" alt=\"\" \/>\t\t\t\t\t\t\t\t<\/a>\n\t\t\t\t\t\t\t\t\t\t\t\t\t<\/div>\n\t\t\t\t<\/div>\n\t\t\t\t\t<\/div>\n\t\t<\/div>\n\t\t\t\t\t<\/div>\n\t\t<\/section>\n\t\t\t\t<div class=\"elementor-element elementor-element-83d75a9 elementor-widget-divider--view-line elementor-widget elementor-widget-divider\" data-id=\"83d75a9\" data-element_type=\"widget\" data-widget_type=\"divider.default\">\n\t\t\t\t<div class=\"elementor-widget-container\">\n\t\t\t\t\t<div class=\"elementor-divider\">\n\t\t\t<span class=\"elementor-divider-separator\">\n\t\t\t\t\t\t<\/span>\n\t\t<\/div>\n\t\t\t\t<\/div>\n\t\t\t\t<\/div>\n\t\t\t\t<div class=\"elementor-element elementor-element-b7b6197 elementor-widget elementor-widget-text-editor\" data-id=\"b7b6197\" data-element_type=\"widget\" data-widget_type=\"text-editor.default\">\n\t\t\t\t<div class=\"elementor-widget-container\">\n\t\t\t\t\t\t\t<h3 style=\"font-size: 1.55556rem; font-style: normal;\">Media Partner<\/h3>\n\t\t\t\t\t\t<\/div>\n\t\t\t\t<\/div>\n\t\t\t\t<div class=\"elementor-element elementor-element-7575288 elementor-widget-divider--view-line elementor-widget elementor-widget-divider\" data-id=\"7575288\" data-element_type=\"widget\" data-widget_type=\"divider.default\">\n\t\t\t\t<div class=\"elementor-widget-container\">\n\t\t\t\t\t<div class=\"elementor-divider\">\n\t\t\t<span class=\"elementor-divider-separator\">\n\t\t\t\t\t\t<\/span>\n\t\t<\/div>\n\t\t\t\t<\/div>\n\t\t\t\t<\/div>\n\t\t\t\t<section class=\"elementor-section elementor-inner-section elementor-element elementor-element-b09564e elementor-section-boxed elementor-section-height-default elementor-section-height-default\" data-id=\"b09564e\" data-element_type=\"section\">\n\t\t\t\t\t\t<div class=\"elementor-container elementor-column-gap-default\">\n\t\t\t\t\t<div class=\"elementor-column elementor-col-50 elementor-inner-column elementor-element elementor-element-0e0be99\" data-id=\"0e0be99\" data-element_type=\"column\">\n\t\t\t<div class=\"elementor-widget-wrap elementor-element-populated\">\n\t\t\t\t\t\t<div class=\"elementor-element elementor-element-6a1553a elementor-widget elementor-widget-image\" data-id=\"6a1553a\" data-element_type=\"widget\" data-widget_type=\"image.default\">\n\t\t\t\t<div class=\"elementor-widget-container\">\n\t\t\t\t\t\t\t\t\t\t\t\t\t\t<a href=\"https:\/\/www.srgssr.ch\/en\/home\/\" target=\"_blank\" rel=\"nofollow\">\n\t\t\t\t\t\t\t<img loading=\"lazy\" decoding=\"async\" width=\"685\" height=\"384\" src=\"https:\/\/www.mem-summit.ch\/wp-content\/uploads\/2018\/07\/SRG-UA_loghi.png\" class=\"attachment-full size-full wp-image-2454\" alt=\"\" srcset=\"https:\/\/www.mem-summit.ch\/wp-content\/uploads\/2018\/07\/SRG-UA_loghi.png 685w, https:\/\/www.mem-summit.ch\/wp-content\/uploads\/2018\/07\/SRG-UA_loghi-480x269.png 480w\" sizes=\"(max-width: 685px) 100vw, 685px\" \/>\t\t\t\t\t\t\t\t<\/a>\n\t\t\t\t\t\t\t\t\t\t\t\t\t<\/div>\n\t\t\t\t<\/div>\n\t\t\t\t\t<\/div>\n\t\t<\/div>\n\t\t\t\t<div class=\"elementor-column elementor-col-50 elementor-inner-column elementor-element elementor-element-76c5ae2\" data-id=\"76c5ae2\" data-element_type=\"column\">\n\t\t\t<div class=\"elementor-widget-wrap\">\n\t\t\t\t\t\t\t<\/div>\n\t\t<\/div>\n\t\t\t\t\t<\/div>\n\t\t<\/section>\n\t\t\t\t<div class=\"elementor-element elementor-element-e31c1ff elementor-widget-divider--view-line elementor-widget elementor-widget-divider\" data-id=\"e31c1ff\" data-element_type=\"widget\" data-widget_type=\"divider.default\">\n\t\t\t\t<div class=\"elementor-widget-container\">\n\t\t\t\t\t<div class=\"elementor-divider\">\n\t\t\t<span class=\"elementor-divider-separator\">\n\t\t\t\t\t\t<\/span>\n\t\t<\/div>\n\t\t\t\t<\/div>\n\t\t\t\t<\/div>\n\t\t\t\t<div class=\"elementor-element elementor-element-2babb17 elementor-widget elementor-widget-text-editor\" data-id=\"2babb17\" data-element_type=\"widget\" data-widget_type=\"text-editor.default\">\n\t\t\t\t<div class=\"elementor-widget-container\">\n\t\t\t\t\t\t\t<h3 style=\"font-size: 1.55556rem; font-style: normal;\">Cultural Partner<\/h3>\n\t\t\t\t\t\t<\/div>\n\t\t\t\t<\/div>\n\t\t\t\t<div class=\"elementor-element elementor-element-c2192e1 elementor-widget-divider--view-line elementor-widget elementor-widget-divider\" data-id=\"c2192e1\" data-element_type=\"widget\" data-widget_type=\"divider.default\">\n\t\t\t\t<div class=\"elementor-widget-container\">\n\t\t\t\t\t<div class=\"elementor-divider\">\n\t\t\t<span class=\"elementor-divider-separator\">\n\t\t\t\t\t\t<\/span>\n\t\t<\/div>\n\t\t\t\t<\/div>\n\t\t\t\t<\/div>\n\t\t\t\t<section class=\"elementor-section elementor-inner-section elementor-element elementor-element-9b77c0e elementor-section-boxed elementor-section-height-default elementor-section-height-default\" data-id=\"9b77c0e\" data-element_type=\"section\">\n\t\t\t\t\t\t<div class=\"elementor-container elementor-column-gap-default\">\n\t\t\t\t\t<div class=\"elementor-column elementor-col-50 elementor-inner-column elementor-element elementor-element-9b9fed8\" data-id=\"9b9fed8\" data-element_type=\"column\">\n\t\t\t<div class=\"elementor-widget-wrap elementor-element-populated\">\n\t\t\t\t\t\t<div class=\"elementor-element elementor-element-527318a elementor-widget elementor-widget-image\" data-id=\"527318a\" data-element_type=\"widget\" data-widget_type=\"image.default\">\n\t\t\t\t<div class=\"elementor-widget-container\">\n\t\t\t\t\t\t\t\t\t\t\t\t\t\t<a href=\"https:\/\/transfoodmation.com\/\" target=\"_blank\" rel=\"nofollow\">\n\t\t\t\t\t\t\t<img loading=\"lazy\" decoding=\"async\" width=\"560\" height=\"546\" src=\"https:\/\/www.mem-summit.ch\/wp-content\/uploads\/2021\/08\/logo_bites_of_transfoodmation.png\" class=\"attachment-full size-full wp-image-12512\" alt=\"\" srcset=\"https:\/\/www.mem-summit.ch\/wp-content\/uploads\/2021\/08\/logo_bites_of_transfoodmation.png 560w, https:\/\/www.mem-summit.ch\/wp-content\/uploads\/2021\/08\/logo_bites_of_transfoodmation-480x468.png 480w\" sizes=\"(max-width: 560px) 100vw, 560px\" \/>\t\t\t\t\t\t\t\t<\/a>\n\t\t\t\t\t\t\t\t\t\t\t\t\t<\/div>\n\t\t\t\t<\/div>\n\t\t\t\t\t<\/div>\n\t\t<\/div>\n\t\t\t\t<div class=\"elementor-column elementor-col-50 elementor-inner-column elementor-element elementor-element-db2e982\" data-id=\"db2e982\" data-element_type=\"column\">\n\t\t\t<div class=\"elementor-widget-wrap elementor-element-populated\">\n\t\t\t\t\t\t<div class=\"elementor-element elementor-element-2c27ad4 elementor-widget elementor-widget-image\" data-id=\"2c27ad4\" data-element_type=\"widget\" data-widget_type=\"image.default\">\n\t\t\t\t<div class=\"elementor-widget-container\">\n\t\t\t\t\t\t\t\t\t\t\t\t\t\t<a href=\"https:\/\/www.imarabe.org\/en\" target=\"_blank\" rel=\"nofollow\">\n\t\t\t\t\t\t\t<img loading=\"lazy\" decoding=\"async\" width=\"600\" height=\"620\" src=\"https:\/\/www.mem-summit.ch\/wp-content\/uploads\/2020\/08\/exe\u0301_IMA-Converti.png\" class=\"attachment-full size-full wp-image-11683\" alt=\"\" srcset=\"https:\/\/www.mem-summit.ch\/wp-content\/uploads\/2020\/08\/exe\u0301_IMA-Converti.png 600w, https:\/\/www.mem-summit.ch\/wp-content\/uploads\/2020\/08\/exe\u0301_IMA-Converti-480x496.png 480w\" sizes=\"(max-width: 600px) 100vw, 600px\" \/>\t\t\t\t\t\t\t\t<\/a>\n\t\t\t\t\t\t\t\t\t\t\t\t\t<\/div>\n\t\t\t\t<\/div>\n\t\t\t\t\t<\/div>\n\t\t<\/div>\n\t\t\t\t\t<\/div>\n\t\t<\/section>\n\t\t\t\t<section class=\"elementor-section elementor-inner-section elementor-element elementor-element-12f7e3c elementor-section-boxed elementor-section-height-default elementor-section-height-default\" data-id=\"12f7e3c\" data-element_type=\"section\">\n\t\t\t\t\t\t<div class=\"elementor-container elementor-column-gap-default\">\n\t\t\t\t\t<div class=\"elementor-column elementor-col-50 elementor-inner-column elementor-element elementor-element-7b97128\" data-id=\"7b97128\" data-element_type=\"column\">\n\t\t\t<div class=\"elementor-widget-wrap elementor-element-populated\">\n\t\t\t\t\t\t<div class=\"elementor-element elementor-element-6eb7320 elementor-widget elementor-widget-image\" data-id=\"6eb7320\" data-element_type=\"widget\" data-widget_type=\"image.default\">\n\t\t\t\t<div class=\"elementor-widget-container\">\n\t\t\t\t\t\t\t\t\t\t\t\t\t\t<a href=\"https:\/\/pardo.ch\" target=\"_blank\" rel=\"nofollow\">\n\t\t\t\t\t\t\t<img loading=\"lazy\" decoding=\"async\" width=\"431\" height=\"61\" src=\"https:\/\/www.mem-summit.ch\/wp-content\/uploads\/2019\/07\/logo-web-locarno-festival.png\" class=\"attachment-full size-full wp-image-7215\" alt=\"\" \/>\t\t\t\t\t\t\t\t<\/a>\n\t\t\t\t\t\t\t\t\t\t\t\t\t<\/div>\n\t\t\t\t<\/div>\n\t\t\t\t\t<\/div>\n\t\t<\/div>\n\t\t\t\t<div class=\"elementor-column elementor-col-50 elementor-inner-column elementor-element elementor-element-a206fb6\" data-id=\"a206fb6\" data-element_type=\"column\">\n\t\t\t<div class=\"elementor-widget-wrap elementor-element-populated\">\n\t\t\t\t\t\t<div class=\"elementor-element elementor-element-8447929 elementor-widget elementor-widget-image\" data-id=\"8447929\" data-element_type=\"widget\" data-widget_type=\"image.default\">\n\t\t\t\t<div class=\"elementor-widget-container\">\n\t\t\t\t\t\t\t\t\t\t\t\t\t\t<a href=\"https:\/\/moleskinefoundation.org\/\" target=\"_blank\" rel=\"nofollow\">\n\t\t\t\t\t\t\t<img loading=\"lazy\" decoding=\"async\" width=\"506\" height=\"189\" src=\"https:\/\/www.mem-summit.ch\/wp-content\/uploads\/2019\/07\/Logo_Fondazione_Moleskine-e1642585542842.png\" class=\"attachment-full size-full wp-image-7209\" alt=\"\" srcset=\"https:\/\/www.mem-summit.ch\/wp-content\/uploads\/2019\/07\/Logo_Fondazione_Moleskine-e1642585542842.png 506w, https:\/\/www.mem-summit.ch\/wp-content\/uploads\/2019\/07\/Logo_Fondazione_Moleskine-e1642585542842-480x179.png 480w\" sizes=\"(max-width: 506px) 100vw, 506px\" \/>\t\t\t\t\t\t\t\t<\/a>\n\t\t\t\t\t\t\t\t\t\t\t\t\t<\/div>\n\t\t\t\t<\/div>\n\t\t\t\t\t<\/div>\n\t\t<\/div>\n\t\t\t\t\t<\/div>\n\t\t<\/section>\n\t\t\t\t<section class=\"elementor-section elementor-inner-section elementor-element elementor-element-c1b75bc elementor-section-boxed elementor-section-height-default elementor-section-height-default\" data-id=\"c1b75bc\" data-element_type=\"section\">\n\t\t\t\t\t\t<div class=\"elementor-container elementor-column-gap-default\">\n\t\t\t\t\t<div class=\"elementor-column elementor-col-50 elementor-inner-column elementor-element elementor-element-a9da39d\" data-id=\"a9da39d\" data-element_type=\"column\">\n\t\t\t<div class=\"elementor-widget-wrap elementor-element-populated\">\n\t\t\t\t\t\t<div class=\"elementor-element elementor-element-2301e09 elementor-widget elementor-widget-image\" data-id=\"2301e09\" data-element_type=\"widget\" data-widget_type=\"image.default\">\n\t\t\t\t<div class=\"elementor-widget-container\">\n\t\t\t\t\t\t\t\t\t\t\t\t\t\t<a href=\"https:\/\/www.oasiscenter.eu\/\" target=\"_blank\" rel=\"nofollow\">\n\t\t\t\t\t\t\t<img loading=\"lazy\" decoding=\"async\" width=\"394\" height=\"175\" src=\"https:\/\/www.mem-summit.ch\/wp-content\/uploads\/2022\/07\/OASIS-blu.png\" class=\"attachment-full size-full wp-image-13937\" alt=\"\" \/>\t\t\t\t\t\t\t\t<\/a>\n\t\t\t\t\t\t\t\t\t\t\t\t\t<\/div>\n\t\t\t\t<\/div>\n\t\t\t\t\t<\/div>\n\t\t<\/div>\n\t\t\t\t<div class=\"elementor-column elementor-col-50 elementor-inner-column elementor-element elementor-element-8fdb8e0\" data-id=\"8fdb8e0\" data-element_type=\"column\">\n\t\t\t<div class=\"elementor-widget-wrap elementor-element-populated\">\n\t\t\t\t\t\t<div class=\"elementor-element elementor-element-3d04592 elementor-widget elementor-widget-image\" data-id=\"3d04592\" data-element_type=\"widget\" data-widget_type=\"image.default\">\n\t\t\t\t<div class=\"elementor-widget-container\">\n\t\t\t\t\t\t\t\t\t\t\t\t\t\t<a href=\"http:\/\/www.segrefoundation.org\/vittorio-dan-segre\/\" target=\"_blank\" rel=\"nofollow\">\n\t\t\t\t\t\t\t<img loading=\"lazy\" decoding=\"async\" width=\"550\" height=\"317\" src=\"https:\/\/www.mem-summit.ch\/wp-content\/uploads\/2021\/08\/Logo_dan_segre-e1658303001734.png\" class=\"attachment-full size-full wp-image-12738\" alt=\"\" srcset=\"https:\/\/www.mem-summit.ch\/wp-content\/uploads\/2021\/08\/Logo_dan_segre-e1658303001734.png 550w, https:\/\/www.mem-summit.ch\/wp-content\/uploads\/2021\/08\/Logo_dan_segre-e1658303001734-480x277.png 480w\" sizes=\"(max-width: 550px) 100vw, 550px\" \/>\t\t\t\t\t\t\t\t<\/a>\n\t\t\t\t\t\t\t\t\t\t\t\t\t<\/div>\n\t\t\t\t<\/div>\n\t\t\t\t\t<\/div>\n\t\t<\/div>\n\t\t\t\t\t<\/div>\n\t\t<\/section>\n\t\t\t\t<div class=\"elementor-element elementor-element-cb2564f elementor-widget-divider--view-line elementor-widget elementor-widget-divider\" data-id=\"cb2564f\" data-element_type=\"widget\" data-widget_type=\"divider.default\">\n\t\t\t\t<div class=\"elementor-widget-container\">\n\t\t\t\t\t<div class=\"elementor-divider\">\n\t\t\t<span class=\"elementor-divider-separator\">\n\t\t\t\t\t\t<\/span>\n\t\t<\/div>\n\t\t\t\t<\/div>\n\t\t\t\t<\/div>\n\t\t\t\t<div class=\"elementor-element elementor-element-21c95da elementor-widget elementor-widget-text-editor\" data-id=\"21c95da\" data-element_type=\"widget\" data-widget_type=\"text-editor.default\">\n\t\t\t\t<div class=\"elementor-widget-container\">\n\t\t\t\t\t\t\t<h3 style=\"font-size: 1.55556rem; font-style: normal;\">Event Partner<\/h3>\n\t\t\t\t\t\t<\/div>\n\t\t\t\t<\/div>\n\t\t\t\t<div class=\"elementor-element elementor-element-9c831ee elementor-widget-divider--view-line elementor-widget elementor-widget-divider\" data-id=\"9c831ee\" data-element_type=\"widget\" data-widget_type=\"divider.default\">\n\t\t\t\t<div class=\"elementor-widget-container\">\n\t\t\t\t\t<div class=\"elementor-divider\">\n\t\t\t<span class=\"elementor-divider-separator\">\n\t\t\t\t\t\t<\/span>\n\t\t<\/div>\n\t\t\t\t<\/div>\n\t\t\t\t<\/div>\n\t\t\t\t<section class=\"elementor-section elementor-inner-section elementor-element elementor-element-5eaf07c elementor-hidden-desktop elementor-hidden-tablet elementor-hidden-phone elementor-section-boxed elementor-section-height-default elementor-section-height-default\" data-id=\"5eaf07c\" data-element_type=\"section\">\n\t\t\t\t\t\t<div class=\"elementor-container elementor-column-gap-default\">\n\t\t\t\t\t<div class=\"elementor-column elementor-col-50 elementor-inner-column elementor-element elementor-element-9f5b1ab\" data-id=\"9f5b1ab\" data-element_type=\"column\">\n\t\t\t<div class=\"elementor-widget-wrap elementor-element-populated\">\n\t\t\t\t\t\t<div class=\"elementor-element elementor-element-e8e38e5 elementor-widget elementor-widget-image\" data-id=\"e8e38e5\" data-element_type=\"widget\" data-widget_type=\"image.default\">\n\t\t\t\t<div class=\"elementor-widget-container\">\n\t\t\t\t\t\t\t\t\t\t\t\t\t\t<a href=\"https:\/\/www.lugano.amag.ch\/it\" target=\"_blank\" rel=\"nofollow\">\n\t\t\t\t\t\t\t<img decoding=\"async\" src=\"https:\/\/www.mem-summit.ch\/wp-content\/uploads\/elementor\/thumbs\/screen-oyu3jdii2sw511o8pmn1rykuidv3ttb3xj5ipoh0tg.png\" title=\"A_fior_di_gusto_logo\" alt=\"\" loading=\"lazy\" \/>\t\t\t\t\t\t\t\t<\/a>\n\t\t\t\t\t\t\t\t\t\t\t\t\t<\/div>\n\t\t\t\t<\/div>\n\t\t\t\t\t<\/div>\n\t\t<\/div>\n\t\t\t\t<div class=\"elementor-column elementor-col-50 elementor-inner-column elementor-element elementor-element-7142cc0\" data-id=\"7142cc0\" data-element_type=\"column\">\n\t\t\t<div class=\"elementor-widget-wrap elementor-element-populated\">\n\t\t\t\t\t\t<div class=\"elementor-element elementor-element-09bfa32 elementor-widget elementor-widget-image\" data-id=\"09bfa32\" data-element_type=\"widget\" data-widget_type=\"image.default\">\n\t\t\t\t<div class=\"elementor-widget-container\">\n\t\t\t\t\t\t\t\t\t\t\t\t\t\t<a href=\"https:\/\/www.lugano.amag.ch\/it\" target=\"_blank\" rel=\"nofollow\">\n\t\t\t\t\t\t\t<img decoding=\"async\" src=\"https:\/\/www.mem-summit.ch\/wp-content\/uploads\/elementor\/thumbs\/AMAG_logo_grau_pos_pantone-oyu3jbmtxwkqm3wv169jcrnlgb9uvlcjwxo0ktc8tk.jpg\" title=\"Druck\" alt=\"\" loading=\"lazy\" \/>\t\t\t\t\t\t\t\t<\/a>\n\t\t\t\t\t\t\t\t\t\t\t\t\t<\/div>\n\t\t\t\t<\/div>\n\t\t\t\t\t<\/div>\n\t\t<\/div>\n\t\t\t\t\t<\/div>\n\t\t<\/section>\n\t\t\t\t<section class=\"elementor-section elementor-inner-section elementor-element elementor-element-9bb77dc elementor-section-boxed elementor-section-height-default elementor-section-height-default\" data-id=\"9bb77dc\" data-element_type=\"section\">\n\t\t\t\t\t\t<div class=\"elementor-container elementor-column-gap-default\">\n\t\t\t\t\t<div class=\"elementor-column elementor-col-50 elementor-inner-column elementor-element elementor-element-bfd40a5\" data-id=\"bfd40a5\" data-element_type=\"column\">\n\t\t\t<div class=\"elementor-widget-wrap elementor-element-populated\">\n\t\t\t\t\t\t<div class=\"elementor-element elementor-element-3160a86 elementor-widget elementor-widget-image\" data-id=\"3160a86\" data-element_type=\"widget\" data-widget_type=\"image.default\">\n\t\t\t\t<div class=\"elementor-widget-container\">\n\t\t\t\t\t\t\t\t\t\t\t\t\t\t<a href=\"https:\/\/www.angeliniservice.ch\/\" target=\"_blank\" rel=\"nofollow\">\n\t\t\t\t\t\t\t<img loading=\"lazy\" decoding=\"async\" width=\"2560\" height=\"1536\" src=\"https:\/\/www.mem-summit.ch\/wp-content\/uploads\/2022\/08\/logoangelini-1_DEFINITIVO_2-scaled-e1660663541664.jpg\" class=\"attachment-full size-full wp-image-14208\" alt=\"\" srcset=\"https:\/\/www.mem-summit.ch\/wp-content\/uploads\/2022\/08\/logoangelini-1_DEFINITIVO_2-scaled-e1660663541664.jpg 2560w, https:\/\/www.mem-summit.ch\/wp-content\/uploads\/2022\/08\/logoangelini-1_DEFINITIVO_2-scaled-e1660663541664-480x288.jpg 480w, https:\/\/www.mem-summit.ch\/wp-content\/uploads\/2022\/08\/logoangelini-1_DEFINITIVO_2-scaled-e1660663541664-1024x614.jpg 1024w, https:\/\/www.mem-summit.ch\/wp-content\/uploads\/2022\/08\/logoangelini-1_DEFINITIVO_2-scaled-e1660663541664-768x461.jpg 768w, https:\/\/www.mem-summit.ch\/wp-content\/uploads\/2022\/08\/logoangelini-1_DEFINITIVO_2-scaled-e1660663541664-1536x922.jpg 1536w, https:\/\/www.mem-summit.ch\/wp-content\/uploads\/2022\/08\/logoangelini-1_DEFINITIVO_2-scaled-e1660663541664-2048x1229.jpg 2048w\" sizes=\"(max-width: 2560px) 100vw, 2560px\" \/>\t\t\t\t\t\t\t\t<\/a>\n\t\t\t\t\t\t\t\t\t\t\t\t\t<\/div>\n\t\t\t\t<\/div>\n\t\t\t\t\t<\/div>\n\t\t<\/div>\n\t\t\t\t<div class=\"elementor-column elementor-col-50 elementor-inner-column elementor-element elementor-element-f4abfb4\" data-id=\"f4abfb4\" data-element_type=\"column\">\n\t\t\t<div class=\"elementor-widget-wrap elementor-element-populated\">\n\t\t\t\t\t\t<div class=\"elementor-element elementor-element-6626354 elementor-widget elementor-widget-image\" data-id=\"6626354\" data-element_type=\"widget\" data-widget_type=\"image.default\">\n\t\t\t\t<div class=\"elementor-widget-container\">\n\t\t\t\t\t\t\t\t\t\t\t\t\t\t<a href=\"http:\/\/carloranzoni.ch\/index\/?page_id=127\" target=\"_blank\" rel=\"nofollow\">\n\t\t\t\t\t\t\t<img loading=\"lazy\" decoding=\"async\" width=\"1200\" height=\"1200\" src=\"https:\/\/www.mem-summit.ch\/wp-content\/uploads\/2022\/08\/logo-1-jpg-PG.jpg\" class=\"attachment-full size-full wp-image-14425\" alt=\"\" srcset=\"https:\/\/www.mem-summit.ch\/wp-content\/uploads\/2022\/08\/logo-1-jpg-PG.jpg 1200w, https:\/\/www.mem-summit.ch\/wp-content\/uploads\/2022\/08\/logo-1-jpg-PG-480x480.jpg 480w, https:\/\/www.mem-summit.ch\/wp-content\/uploads\/2022\/08\/logo-1-jpg-PG-1024x1024.jpg 1024w, https:\/\/www.mem-summit.ch\/wp-content\/uploads\/2022\/08\/logo-1-jpg-PG-150x150.jpg 150w, https:\/\/www.mem-summit.ch\/wp-content\/uploads\/2022\/08\/logo-1-jpg-PG-768x768.jpg 768w\" sizes=\"(max-width: 1200px) 100vw, 1200px\" \/>\t\t\t\t\t\t\t\t<\/a>\n\t\t\t\t\t\t\t\t\t\t\t\t\t<\/div>\n\t\t\t\t<\/div>\n\t\t\t\t\t<\/div>\n\t\t<\/div>\n\t\t\t\t\t<\/div>\n\t\t<\/section>\n\t\t\t\t<section class=\"elementor-section elementor-inner-section elementor-element elementor-element-a218646 elementor-section-boxed elementor-section-height-default elementor-section-height-default\" data-id=\"a218646\" data-element_type=\"section\">\n\t\t\t\t\t\t<div class=\"elementor-container elementor-column-gap-default\">\n\t\t\t\t\t<div class=\"elementor-column elementor-col-50 elementor-inner-column elementor-element elementor-element-e3cb9c4\" data-id=\"e3cb9c4\" data-element_type=\"column\">\n\t\t\t<div class=\"elementor-widget-wrap elementor-element-populated\">\n\t\t\t\t\t\t<div class=\"elementor-element elementor-element-320d58e elementor-widget elementor-widget-image\" data-id=\"320d58e\" data-element_type=\"widget\" data-widget_type=\"image.default\">\n\t\t\t\t<div class=\"elementor-widget-container\">\n\t\t\t\t\t\t\t\t\t\t\t\t\t\t<a href=\"https:\/\/chiccodoro.com\/lang-it\/\" target=\"_blank\" rel=\"nofollow\">\n\t\t\t\t\t\t\t<img loading=\"lazy\" decoding=\"async\" width=\"795\" height=\"367\" src=\"https:\/\/www.mem-summit.ch\/wp-content\/uploads\/2019\/06\/Chicco_Doro_Logo.jpg\" class=\"attachment-full size-full wp-image-6597\" alt=\"\" srcset=\"https:\/\/www.mem-summit.ch\/wp-content\/uploads\/2019\/06\/Chicco_Doro_Logo.jpg 795w, https:\/\/www.mem-summit.ch\/wp-content\/uploads\/2019\/06\/Chicco_Doro_Logo-480x222.jpg 480w, https:\/\/www.mem-summit.ch\/wp-content\/uploads\/2019\/06\/Chicco_Doro_Logo-768x355.jpg 768w\" sizes=\"(max-width: 795px) 100vw, 795px\" \/>\t\t\t\t\t\t\t\t<\/a>\n\t\t\t\t\t\t\t\t\t\t\t\t\t<\/div>\n\t\t\t\t<\/div>\n\t\t\t\t\t<\/div>\n\t\t<\/div>\n\t\t\t\t<div class=\"elementor-column elementor-col-50 elementor-inner-column elementor-element elementor-element-2f6ab9f\" data-id=\"2f6ab9f\" data-element_type=\"column\">\n\t\t\t<div class=\"elementor-widget-wrap elementor-element-populated\">\n\t\t\t\t\t\t<div class=\"elementor-element elementor-element-db80c58 elementor-widget elementor-widget-image\" data-id=\"db80c58\" data-element_type=\"widget\" data-widget_type=\"image.default\">\n\t\t\t\t<div class=\"elementor-widget-container\">\n\t\t\t\t\t\t\t\t\t\t\t\t\t\t<a href=\"https:\/\/www.arcobaleno.ch\" target=\"_blank\" rel=\"nofollow\">\n\t\t\t\t\t\t\t<img loading=\"lazy\" decoding=\"async\" width=\"514\" height=\"148\" src=\"https:\/\/www.mem-summit.ch\/wp-content\/uploads\/2021\/08\/logo_erbe_ticino.png\" class=\"attachment-full size-full wp-image-12498\" alt=\"\" srcset=\"https:\/\/www.mem-summit.ch\/wp-content\/uploads\/2021\/08\/logo_erbe_ticino.png 514w, https:\/\/www.mem-summit.ch\/wp-content\/uploads\/2021\/08\/logo_erbe_ticino-480x138.png 480w\" sizes=\"(max-width: 514px) 100vw, 514px\" \/>\t\t\t\t\t\t\t\t<\/a>\n\t\t\t\t\t\t\t\t\t\t\t\t\t<\/div>\n\t\t\t\t<\/div>\n\t\t\t\t\t<\/div>\n\t\t<\/div>\n\t\t\t\t\t<\/div>\n\t\t<\/section>\n\t\t\t\t<section class=\"elementor-section elementor-inner-section elementor-element elementor-element-11c82dc elementor-section-boxed elementor-section-height-default elementor-section-height-default\" data-id=\"11c82dc\" data-element_type=\"section\">\n\t\t\t\t\t\t<div class=\"elementor-container elementor-column-gap-default\">\n\t\t\t\t\t<div class=\"elementor-column elementor-col-50 elementor-inner-column elementor-element elementor-element-b9ff50e\" data-id=\"b9ff50e\" data-element_type=\"column\">\n\t\t\t<div class=\"elementor-widget-wrap elementor-element-populated\">\n\t\t\t\t\t\t<div class=\"elementor-element elementor-element-0ec7334 elementor-widget elementor-widget-image\" data-id=\"0ec7334\" data-element_type=\"widget\" data-widget_type=\"image.default\">\n\t\t\t\t<div class=\"elementor-widget-container\">\n\t\t\t\t\t\t\t\t\t\t\t\t\t\t<a href=\"http:\/\/www.saporiticino.ch\" target=\"_blank\" rel=\"nofollow\">\n\t\t\t\t\t\t\t<img loading=\"lazy\" decoding=\"async\" width=\"3020\" height=\"717\" src=\"https:\/\/www.mem-summit.ch\/wp-content\/uploads\/2019\/06\/Logo-San-Clemente.jpg\" class=\"attachment-full size-full wp-image-6654\" alt=\"\" srcset=\"https:\/\/www.mem-summit.ch\/wp-content\/uploads\/2019\/06\/Logo-San-Clemente.jpg 3020w, https:\/\/www.mem-summit.ch\/wp-content\/uploads\/2019\/06\/Logo-San-Clemente-480x114.jpg 480w, https:\/\/www.mem-summit.ch\/wp-content\/uploads\/2019\/06\/Logo-San-Clemente-768x182.jpg 768w, https:\/\/www.mem-summit.ch\/wp-content\/uploads\/2019\/06\/Logo-San-Clemente-1024x243.jpg 1024w\" sizes=\"(max-width: 3020px) 100vw, 3020px\" \/>\t\t\t\t\t\t\t\t<\/a>\n\t\t\t\t\t\t\t\t\t\t\t\t\t<\/div>\n\t\t\t\t<\/div>\n\t\t\t\t\t<\/div>\n\t\t<\/div>\n\t\t\t\t<div class=\"elementor-column elementor-col-50 elementor-inner-column elementor-element elementor-element-d7c4d4c\" data-id=\"d7c4d4c\" data-element_type=\"column\">\n\t\t\t<div class=\"elementor-widget-wrap\">\n\t\t\t\t\t\t\t<\/div>\n\t\t<\/div>\n\t\t\t\t\t<\/div>\n\t\t<\/section>\n\t\t\t\t<section class=\"elementor-section elementor-inner-section elementor-element elementor-element-5c5fa90 elementor-section-boxed elementor-section-height-default elementor-section-height-default\" data-id=\"5c5fa90\" data-element_type=\"section\">\n\t\t\t\t\t\t<div class=\"elementor-container elementor-column-gap-default\">\n\t\t\t\t\t<div class=\"elementor-column elementor-col-50 elementor-inner-column elementor-element elementor-element-49bd078\" data-id=\"49bd078\" data-element_type=\"column\">\n\t\t\t<div class=\"elementor-widget-wrap\">\n\t\t\t\t\t\t\t<\/div>\n\t\t<\/div>\n\t\t\t\t<div class=\"elementor-column elementor-col-50 elementor-inner-column elementor-element elementor-element-31e2c24\" data-id=\"31e2c24\" data-element_type=\"column\">\n\t\t\t<div class=\"elementor-widget-wrap\">\n\t\t\t\t\t\t\t<\/div>\n\t\t<\/div>\n\t\t\t\t\t<\/div>\n\t\t<\/section>\n\t\t\t\t<section class=\"elementor-section elementor-inner-section elementor-element elementor-element-8a02c3e elementor-hidden-tablet elementor-hidden-mobile elementor-hidden-desktop elementor-section-boxed elementor-section-height-default elementor-section-height-default\" data-id=\"8a02c3e\" data-element_type=\"section\">\n\t\t\t\t\t\t<div class=\"elementor-container elementor-column-gap-default\">\n\t\t\t\t\t<div class=\"elementor-column elementor-col-50 elementor-inner-column elementor-element elementor-element-6f7a87a\" data-id=\"6f7a87a\" data-element_type=\"column\">\n\t\t\t<div class=\"elementor-widget-wrap elementor-element-populated\">\n\t\t\t\t\t\t<div class=\"elementor-element elementor-element-4da53d5 elementor-widget elementor-widget-image\" data-id=\"4da53d5\" data-element_type=\"widget\" data-widget_type=\"image.default\">\n\t\t\t\t<div class=\"elementor-widget-container\">\n\t\t\t\t\t\t\t\t\t\t\t\t\t\t<a href=\"https:\/\/www.emme.ch\/it\/home\" target=\"_blank\" rel=\"nofollow\">\n\t\t\t\t\t\t\t<img loading=\"lazy\" decoding=\"async\" width=\"1000\" height=\"317\" src=\"https:\/\/www.mem-summit.ch\/wp-content\/uploads\/2018\/07\/Emme.png\" class=\"attachment-full size-full wp-image-2778\" alt=\"\" srcset=\"https:\/\/www.mem-summit.ch\/wp-content\/uploads\/2018\/07\/Emme.png 1000w, https:\/\/www.mem-summit.ch\/wp-content\/uploads\/2018\/07\/Emme-480x152.png 480w, https:\/\/www.mem-summit.ch\/wp-content\/uploads\/2018\/07\/Emme-768x243.png 768w\" sizes=\"(max-width: 1000px) 100vw, 1000px\" \/>\t\t\t\t\t\t\t\t<\/a>\n\t\t\t\t\t\t\t\t\t\t\t\t\t<\/div>\n\t\t\t\t<\/div>\n\t\t\t\t\t<\/div>\n\t\t<\/div>\n\t\t\t\t<div class=\"elementor-column elementor-col-50 elementor-inner-column elementor-element elementor-element-85d0fd4\" data-id=\"85d0fd4\" data-element_type=\"column\">\n\t\t\t<div class=\"elementor-widget-wrap elementor-element-populated\">\n\t\t\t\t\t\t<div class=\"elementor-element elementor-element-262b27d elementor-hidden-desktop elementor-hidden-tablet elementor-hidden-phone elementor-widget elementor-widget-image\" data-id=\"262b27d\" data-element_type=\"widget\" data-widget_type=\"image.default\">\n\t\t\t\t<div class=\"elementor-widget-container\">\n\t\t\t\t\t\t\t\t\t\t\t\t\t\t<a href=\"http:\/\/www.saporiticino.ch\" target=\"_blank\" rel=\"nofollow\">\n\t\t\t\t\t\t\t<img decoding=\"async\" src=\"https:\/\/www.mem-summit.ch\/wp-content\/uploads\/elementor\/thumbs\/saveurs-logo-rosso-black-01-oyu3jegcieolkxsrkphf28xz8gvyionqxbmh0n82ac.png\" title=\"Sapori Ticino\" alt=\"\" loading=\"lazy\" \/>\t\t\t\t\t\t\t\t<\/a>\n\t\t\t\t\t\t\t\t\t\t\t\t\t<\/div>\n\t\t\t\t<\/div>\n\t\t\t\t\t<\/div>\n\t\t<\/div>\n\t\t\t\t\t<\/div>\n\t\t<\/section>\n\t\t\t\t<section class=\"elementor-section elementor-inner-section elementor-element elementor-element-3995233 elementor-hidden-tablet elementor-hidden-phone elementor-section-boxed elementor-section-height-default elementor-section-height-default\" data-id=\"3995233\" data-element_type=\"section\">\n\t\t\t\t\t\t<div class=\"elementor-container elementor-column-gap-default\">\n\t\t\t\t\t<div class=\"elementor-column elementor-col-100 elementor-inner-column elementor-element elementor-element-5524ca9\" data-id=\"5524ca9\" data-element_type=\"column\">\n\t\t\t<div class=\"elementor-widget-wrap\">\n\t\t\t\t\t\t\t<\/div>\n\t\t<\/div>\n\t\t\t\t\t<\/div>\n\t\t<\/section>\n\t\t\t\t\t<\/div>\n\t\t<\/div>\n\t\t\t\t\t<\/div>\n\t\t<\/section>\n\t\t\t\t<section class=\"elementor-section elementor-top-section elementor-element elementor-element-51fbec3 elementor-section-height-min-height elementor-section-boxed elementor-section-height-default elementor-section-items-middle\" data-id=\"51fbec3\" data-element_type=\"section\" data-settings=\"{&quot;background_background&quot;:&quot;classic&quot;}\">\n\t\t\t\t\t\t\t<div class=\"elementor-background-overlay\"><\/div>\n\t\t\t\t\t\t\t<div class=\"elementor-container elementor-column-gap-default\">\n\t\t\t\t\t<div class=\"elementor-column elementor-col-100 elementor-top-column elementor-element elementor-element-6412fe6\" data-id=\"6412fe6\" data-element_type=\"column\" data-settings=\"{&quot;background_background&quot;:&quot;classic&quot;}\">\n\t\t\t<div class=\"elementor-widget-wrap elementor-element-populated\">\n\t\t\t\t\t\t\t<\/div>\n\t\t<\/div>\n\t\t\t\t\t<\/div>\n\t\t<\/section>\n\t\t\t\t<section class=\"elementor-section elementor-top-section elementor-element elementor-element-8f3c245 elementor-section-boxed elementor-section-height-default elementor-section-height-default\" data-id=\"8f3c245\" data-element_type=\"section\">\n\t\t\t\t\t\t<div class=\"elementor-container elementor-column-gap-no\">\n\t\t\t\t\t<div class=\"elementor-column elementor-col-100 elementor-top-column elementor-element elementor-element-e8884fd\" data-id=\"e8884fd\" data-element_type=\"column\">\n\t\t\t<div class=\"elementor-widget-wrap elementor-element-populated\">\n\t\t\t\t\t\t<div class=\"elementor-element elementor-element-9417efe elementor-widget-divider--view-line elementor-widget elementor-widget-divider\" data-id=\"9417efe\" data-element_type=\"widget\" data-widget_type=\"divider.default\">\n\t\t\t\t<div class=\"elementor-widget-container\">\n\t\t\t\t\t<div class=\"elementor-divider\">\n\t\t\t<span class=\"elementor-divider-separator\">\n\t\t\t\t\t\t<\/span>\n\t\t<\/div>\n\t\t\t\t<\/div>\n\t\t\t\t<\/div>\n\t\t\t\t<div class=\"elementor-element elementor-element-0c9abae elementor-widget elementor-widget-heading\" data-id=\"0c9abae\" data-element_type=\"widget\" data-widget_type=\"heading.default\">\n\t\t\t\t<div class=\"elementor-widget-container\">\n\t\t\t<h3 class=\"elementor-heading-title elementor-size-default\">Donor 2022<\/h3>\t\t<\/div>\n\t\t\t\t<\/div>\n\t\t\t\t<div class=\"elementor-element elementor-element-53994d9 elementor-widget elementor-widget-image\" data-id=\"53994d9\" data-element_type=\"widget\" data-widget_type=\"image.default\">\n\t\t\t\t<div class=\"elementor-widget-container\">\n\t\t\t\t\t\t\t\t\t\t\t\t\t\t<a href=\"https:\/\/totalenergies.com\/\" target=\"_blank\" rel=\"nofollow\">\n\t\t\t\t\t\t\t<img loading=\"lazy\" decoding=\"async\" width=\"1506\" height=\"1071\" src=\"https:\/\/www.mem-summit.ch\/wp-content\/uploads\/2022\/07\/TotalEnergies_Logo_RGB-e1658838432880.png\" class=\"attachment-full size-full wp-image-13952\" alt=\"\" srcset=\"https:\/\/www.mem-summit.ch\/wp-content\/uploads\/2022\/07\/TotalEnergies_Logo_RGB-e1658838432880.png 1506w, https:\/\/www.mem-summit.ch\/wp-content\/uploads\/2022\/07\/TotalEnergies_Logo_RGB-e1658838432880-480x341.png 480w, https:\/\/www.mem-summit.ch\/wp-content\/uploads\/2022\/07\/TotalEnergies_Logo_RGB-e1658838432880-1024x728.png 1024w, https:\/\/www.mem-summit.ch\/wp-content\/uploads\/2022\/07\/TotalEnergies_Logo_RGB-e1658838432880-768x546.png 768w\" sizes=\"(max-width: 1506px) 100vw, 1506px\" \/>\t\t\t\t\t\t\t\t<\/a>\n\t\t\t\t\t\t\t\t\t\t\t\t\t<\/div>\n\t\t\t\t<\/div>\n\t\t\t\t<div class=\"elementor-element elementor-element-a0a4f9f elementor-widget elementor-widget-image\" data-id=\"a0a4f9f\" data-element_type=\"widget\" data-widget_type=\"image.default\">\n\t\t\t\t<div class=\"elementor-widget-container\">\n\t\t\t\t\t\t\t\t\t\t\t\t\t\t<a href=\"http:\/\/www.fondazionespitzer.ch\/\" target=\"_blank\" rel=\"nofollow\">\n\t\t\t\t\t\t\t<img loading=\"lazy\" decoding=\"async\" width=\"2000\" height=\"282\" src=\"https:\/\/www.mem-summit.ch\/wp-content\/uploads\/2022\/07\/logo_hirschmann_stiftung.png\" class=\"attachment-full size-full wp-image-13932\" alt=\"\" srcset=\"https:\/\/www.mem-summit.ch\/wp-content\/uploads\/2022\/07\/logo_hirschmann_stiftung.png 2000w, https:\/\/www.mem-summit.ch\/wp-content\/uploads\/2022\/07\/logo_hirschmann_stiftung-480x68.png 480w, https:\/\/www.mem-summit.ch\/wp-content\/uploads\/2022\/07\/logo_hirschmann_stiftung-1024x144.png 1024w, https:\/\/www.mem-summit.ch\/wp-content\/uploads\/2022\/07\/logo_hirschmann_stiftung-768x108.png 768w, https:\/\/www.mem-summit.ch\/wp-content\/uploads\/2022\/07\/logo_hirschmann_stiftung-1536x217.png 1536w\" sizes=\"(max-width: 2000px) 100vw, 2000px\" \/>\t\t\t\t\t\t\t\t<\/a>\n\t\t\t\t\t\t\t\t\t\t\t\t\t<\/div>\n\t\t\t\t<\/div>\n\t\t\t\t<div class=\"elementor-element elementor-element-926e50c elementor-widget elementor-widget-image\" data-id=\"926e50c\" data-element_type=\"widget\" data-widget_type=\"image.default\">\n\t\t\t\t<div class=\"elementor-widget-container\">\n\t\t\t\t\t\t\t\t\t\t\t\t\t\t<a href=\"https:\/\/www.garzoni.com\/it\/\" target=\"_blank\" rel=\"nofollow\">\n\t\t\t\t\t\t\t<img loading=\"lazy\" decoding=\"async\" width=\"822\" height=\"417\" src=\"https:\/\/www.mem-summit.ch\/wp-content\/uploads\/2019\/07\/Logo-Garzoni-REG-Color-e1642585636689.png\" class=\"attachment-full size-full wp-image-7255\" alt=\"\" srcset=\"https:\/\/www.mem-summit.ch\/wp-content\/uploads\/2019\/07\/Logo-Garzoni-REG-Color-e1642585636689.png 822w, https:\/\/www.mem-summit.ch\/wp-content\/uploads\/2019\/07\/Logo-Garzoni-REG-Color-e1642585636689-480x244.png 480w, https:\/\/www.mem-summit.ch\/wp-content\/uploads\/2019\/07\/Logo-Garzoni-REG-Color-e1642585636689-768x390.png 768w\" sizes=\"(max-width: 822px) 100vw, 822px\" \/>\t\t\t\t\t\t\t\t<\/a>\n\t\t\t\t\t\t\t\t\t\t\t\t\t<\/div>\n\t\t\t\t<\/div>\n\t\t\t\t<div class=\"elementor-element elementor-element-851b996 elementor-widget elementor-widget-image\" data-id=\"851b996\" data-element_type=\"widget\" data-widget_type=\"image.default\">\n\t\t\t\t<div class=\"elementor-widget-container\">\n\t\t\t\t\t\t\t\t\t\t\t\t\t<img loading=\"lazy\" decoding=\"async\" width=\"419\" height=\"37\" src=\"https:\/\/www.mem-summit.ch\/wp-content\/uploads\/2021\/08\/admin-ajax-e1658302837995.png\" class=\"attachment-full size-full wp-image-12522\" alt=\"\" \/>\t\t\t\t\t\t\t\t\t\t\t\t\t<\/div>\n\t\t\t\t<\/div>\n\t\t\t\t<div class=\"elementor-element elementor-element-49cf48b elementor-widget elementor-widget-image\" data-id=\"49cf48b\" data-element_type=\"widget\" data-widget_type=\"image.default\">\n\t\t\t\t<div class=\"elementor-widget-container\">\n\t\t\t\t\t\t\t\t\t\t\t\t\t\t<a href=\"https:\/\/drosos.org\/en\/\" target=\"_blank\" rel=\"nofollow\">\n\t\t\t\t\t\t\t<img loading=\"lazy\" decoding=\"async\" width=\"565\" height=\"94\" src=\"https:\/\/www.mem-summit.ch\/wp-content\/uploads\/2020\/01\/Drosos_Logo.png\" class=\"attachment-full size-full wp-image-11155\" alt=\"\" srcset=\"https:\/\/www.mem-summit.ch\/wp-content\/uploads\/2020\/01\/Drosos_Logo.png 565w, https:\/\/www.mem-summit.ch\/wp-content\/uploads\/2020\/01\/Drosos_Logo-480x80.png 480w\" sizes=\"(max-width: 565px) 100vw, 565px\" \/>\t\t\t\t\t\t\t\t<\/a>\n\t\t\t\t\t\t\t\t\t\t\t\t\t<\/div>\n\t\t\t\t<\/div>\n\t\t\t\t\t<\/div>\n\t\t<\/div>\n\t\t\t\t\t<\/div>\n\t\t<\/section>\n\t\t\t\t<\/div>\n\t\t","protected":false},"excerpt":{"rendered":"<p>MEM Summer Summit 2023 Seminario 2023 Il seminario era dedicato principalmente ai giovani partecipanti al Summit, ad eccezione della proiezione del film Climbing Iran, che era gratuita e aperta al pubblico. Scarica il programma Climbing Iran Speakers ZAKARIA AL SHMALY Doctoral Fellow, United Nations University Maastricht Read more Zakaria Al Shmaly is a Syrian academic &hellip;<\/p>\n<p class=\"read-more\"> <a class=\"\" href=\"https:\/\/www.mem-summit.ch\/it\/mem-summer-summit-2023\/\"> <span class=\"screen-reader-text\">MEM Summer Summit 2023<\/span> Leggi altro &raquo;<\/a><\/p>\n","protected":false},"author":2,"featured_media":12815,"parent":0,"menu_order":0,"comment_status":"closed","ping_status":"closed","template":"","meta":{"inline_featured_image":false,"site-sidebar-layout":"default","site-content-layout":"default","ast-global-header-display":"","ast-main-header-display":"","ast-hfb-above-header-display":"","ast-hfb-below-header-display":"","ast-hfb-mobile-header-display":"","site-post-title":"disabled","ast-breadcrumbs-content":"","ast-featured-img":"disabled","footer-sml-layout":"","theme-transparent-header-meta":"default","adv-header-id-meta":"","stick-header-meta":"default","header-above-stick-meta":"","header-main-stick-meta":"","header-below-stick-meta":"","footnotes":""},"class_list":["post-15960","page","type-page","status-publish","has-post-thumbnail","hentry"],"yoast_head":"<!-- This site is optimized with the Yoast SEO plugin v22.6 - https:\/\/yoast.com\/wordpress\/plugins\/seo\/ -->\n<title>Middle East Mediterranean MEM Summer Summit - Lugano<\/title>\n<meta name=\"description\" content=\"Il MEM Summer Summit, composto da un Seminario e un Forum, \u00e8 una piattaforma per giovani leader e change-maker per delineare una visione per il loro futuro comune. Provenendo da istituzioni pubbliche e private, organizzazioni senza scopo di lucro, imprese sociali, media, arte e cultura, valutano, innovano e sviluppano nuovi approcci per affrontare i problemi che persistono. Il vertice \u00e8 concepito come uno scambio intellettuale e umano attraverso le frontiere, le culture e le lingue.\" \/>\n<meta name=\"robots\" content=\"index, follow, max-snippet:-1, max-image-preview:large, max-video-preview:-1\" \/>\n<link rel=\"canonical\" href=\"https:\/\/www.mem-summit.ch\/mem-summer-summit-2023\/\" \/>\n<meta property=\"og:locale\" content=\"it_IT\" \/>\n<meta property=\"og:type\" content=\"article\" \/>\n<meta property=\"og:title\" content=\"Middle East Mediterranean MEM Summer Summit - Lugano\" \/>\n<meta property=\"og:description\" content=\"Il MEM Summer Summit, composto da un Seminario e un Forum, \u00e8 una piattaforma per giovani leader e change-maker per delineare una visione per il loro futuro comune. Provenendo da istituzioni pubbliche e private, organizzazioni senza scopo di lucro, imprese sociali, media, arte e cultura, valutano, innovano e sviluppano nuovi approcci per affrontare i problemi che persistono. Il vertice \u00e8 concepito come uno scambio intellettuale e umano attraverso le frontiere, le culture e le lingue.\" \/>\n<meta property=\"og:url\" content=\"https:\/\/www.mem-summit.ch\/mem-summer-summit-2023\/\" \/>\n<meta property=\"og:site_name\" content=\"Mem USI\" \/>\n<meta property=\"article:modified_time\" content=\"2024-06-12T15:10:13+00:00\" \/>\n<meta property=\"og:image\" content=\"https:\/\/www.mem-summit.ch\/wp-content\/uploads\/2021\/08\/DSC2967-scaled.jpg\" \/>\n\t<meta property=\"og:image:width\" content=\"2560\" \/>\n\t<meta property=\"og:image:height\" content=\"1704\" \/>\n\t<meta property=\"og:image:type\" content=\"image\/jpeg\" \/>\n<meta name=\"twitter:label1\" content=\"Tempo di lettura stimato\" \/>\n\t<meta name=\"twitter:data1\" content=\"68 minuti\" \/>\n<script type=\"application\/ld+json\" class=\"yoast-schema-graph\">{\"@context\":\"https:\/\/schema.org\",\"@graph\":[{\"@type\":\"WebPage\",\"@id\":\"https:\/\/www.mem-summit.ch\/mem-summer-summit-2023\/\",\"url\":\"https:\/\/www.mem-summit.ch\/mem-summer-summit-2023\/\",\"name\":\"Middle East Mediterranean MEM Summer Summit - Lugano\",\"isPartOf\":{\"@id\":\"https:\/\/www.mem-summit.ch\/#website\"},\"primaryImageOfPage\":{\"@id\":\"https:\/\/www.mem-summit.ch\/mem-summer-summit-2023\/#primaryimage\"},\"image\":{\"@id\":\"https:\/\/www.mem-summit.ch\/mem-summer-summit-2023\/#primaryimage\"},\"thumbnailUrl\":\"https:\/\/www.mem-summit.ch\/wp-content\/uploads\/2021\/08\/DSC2967-scaled.jpg\",\"datePublished\":\"2024-06-12T14:33:50+00:00\",\"dateModified\":\"2024-06-12T15:10:13+00:00\",\"description\":\"Il MEM Summer Summit, composto da un Seminario e un Forum, \u00e8 una piattaforma per giovani leader e change-maker per delineare una visione per il loro futuro comune. Provenendo da istituzioni pubbliche e private, organizzazioni senza scopo di lucro, imprese sociali, media, arte e cultura, valutano, innovano e sviluppano nuovi approcci per affrontare i problemi che persistono. Il vertice \u00e8 concepito come uno scambio intellettuale e umano attraverso le frontiere, le culture e le lingue.\",\"breadcrumb\":{\"@id\":\"https:\/\/www.mem-summit.ch\/mem-summer-summit-2023\/#breadcrumb\"},\"inLanguage\":\"it-IT\",\"potentialAction\":[{\"@type\":\"ReadAction\",\"target\":[\"https:\/\/www.mem-summit.ch\/mem-summer-summit-2023\/\"]}]},{\"@type\":\"ImageObject\",\"inLanguage\":\"it-IT\",\"@id\":\"https:\/\/www.mem-summit.ch\/mem-summer-summit-2023\/#primaryimage\",\"url\":\"https:\/\/www.mem-summit.ch\/wp-content\/uploads\/2021\/08\/DSC2967-scaled.jpg\",\"contentUrl\":\"https:\/\/www.mem-summit.ch\/wp-content\/uploads\/2021\/08\/DSC2967-scaled.jpg\",\"width\":2560,\"height\":1704,\"caption\":\"MEM SUMMIT 2021\"},{\"@type\":\"BreadcrumbList\",\"@id\":\"https:\/\/www.mem-summit.ch\/mem-summer-summit-2023\/#breadcrumb\",\"itemListElement\":[{\"@type\":\"ListItem\",\"position\":1,\"name\":\"Home\",\"item\":\"https:\/\/www.mem-summit.ch\/\"},{\"@type\":\"ListItem\",\"position\":2,\"name\":\"MEM Summer Summit 2023\"}]},{\"@type\":\"WebSite\",\"@id\":\"https:\/\/www.mem-summit.ch\/#website\",\"url\":\"https:\/\/www.mem-summit.ch\/\",\"name\":\"Mem USI\",\"description\":\"Middle East Mediterranean - Summer summit 2018\",\"publisher\":{\"@id\":\"https:\/\/www.mem-summit.ch\/#organization\"},\"potentialAction\":[{\"@type\":\"SearchAction\",\"target\":{\"@type\":\"EntryPoint\",\"urlTemplate\":\"https:\/\/www.mem-summit.ch\/?s={search_term_string}\"},\"query-input\":\"required name=search_term_string\"}],\"inLanguage\":\"it-IT\"},{\"@type\":\"Organization\",\"@id\":\"https:\/\/www.mem-summit.ch\/#organization\",\"name\":\"Summer Summit Lugano, Switzerland\",\"url\":\"https:\/\/www.mem-summit.ch\/\",\"logo\":{\"@type\":\"ImageObject\",\"inLanguage\":\"it-IT\",\"@id\":\"https:\/\/www.mem-summit.ch\/#\/schema\/logo\/image\/\",\"url\":\"https:\/\/www.mem-summersummit.ch\/wp-content\/uploads\/2018\/05\/USI_logo_retina.png\",\"contentUrl\":\"https:\/\/www.mem-summersummit.ch\/wp-content\/uploads\/2018\/05\/USI_logo_retina.png\",\"width\":900,\"height\":156,\"caption\":\"Summer Summit Lugano, Switzerland\"},\"image\":{\"@id\":\"https:\/\/www.mem-summit.ch\/#\/schema\/logo\/image\/\"}}]}<\/script>\n<!-- \/ Yoast SEO plugin. -->","yoast_head_json":{"title":"Middle East Mediterranean MEM Summer Summit - Lugano","description":"Il MEM Summer Summit, composto da un Seminario e un Forum, \u00e8 una piattaforma per giovani leader e change-maker per delineare una visione per il loro futuro comune. Provenendo da istituzioni pubbliche e private, organizzazioni senza scopo di lucro, imprese sociali, media, arte e cultura, valutano, innovano e sviluppano nuovi approcci per affrontare i problemi che persistono. Il vertice \u00e8 concepito come uno scambio intellettuale e umano attraverso le frontiere, le culture e le lingue.","robots":{"index":"index","follow":"follow","max-snippet":"max-snippet:-1","max-image-preview":"max-image-preview:large","max-video-preview":"max-video-preview:-1"},"canonical":"https:\/\/www.mem-summit.ch\/mem-summer-summit-2023\/","og_locale":"it_IT","og_type":"article","og_title":"Middle East Mediterranean MEM Summer Summit - Lugano","og_description":"Il MEM Summer Summit, composto da un Seminario e un Forum, \u00e8 una piattaforma per giovani leader e change-maker per delineare una visione per il loro futuro comune. Provenendo da istituzioni pubbliche e private, organizzazioni senza scopo di lucro, imprese sociali, media, arte e cultura, valutano, innovano e sviluppano nuovi approcci per affrontare i problemi che persistono. Il vertice \u00e8 concepito come uno scambio intellettuale e umano attraverso le frontiere, le culture e le lingue.","og_url":"https:\/\/www.mem-summit.ch\/mem-summer-summit-2023\/","og_site_name":"Mem USI","article_modified_time":"2024-06-12T15:10:13+00:00","og_image":[{"width":2560,"height":1704,"url":"https:\/\/www.mem-summit.ch\/wp-content\/uploads\/2021\/08\/DSC2967-scaled.jpg","type":"image\/jpeg"}],"twitter_misc":{"Tempo di lettura stimato":"68 minuti"},"schema":{"@context":"https:\/\/schema.org","@graph":[{"@type":"WebPage","@id":"https:\/\/www.mem-summit.ch\/mem-summer-summit-2023\/","url":"https:\/\/www.mem-summit.ch\/mem-summer-summit-2023\/","name":"Middle East Mediterranean MEM Summer Summit - Lugano","isPartOf":{"@id":"https:\/\/www.mem-summit.ch\/#website"},"primaryImageOfPage":{"@id":"https:\/\/www.mem-summit.ch\/mem-summer-summit-2023\/#primaryimage"},"image":{"@id":"https:\/\/www.mem-summit.ch\/mem-summer-summit-2023\/#primaryimage"},"thumbnailUrl":"https:\/\/www.mem-summit.ch\/wp-content\/uploads\/2021\/08\/DSC2967-scaled.jpg","datePublished":"2024-06-12T14:33:50+00:00","dateModified":"2024-06-12T15:10:13+00:00","description":"Il MEM Summer Summit, composto da un Seminario e un Forum, \u00e8 una piattaforma per giovani leader e change-maker per delineare una visione per il loro futuro comune. Provenendo da istituzioni pubbliche e private, organizzazioni senza scopo di lucro, imprese sociali, media, arte e cultura, valutano, innovano e sviluppano nuovi approcci per affrontare i problemi che persistono. Il vertice \u00e8 concepito come uno scambio intellettuale e umano attraverso le frontiere, le culture e le lingue.","breadcrumb":{"@id":"https:\/\/www.mem-summit.ch\/mem-summer-summit-2023\/#breadcrumb"},"inLanguage":"it-IT","potentialAction":[{"@type":"ReadAction","target":["https:\/\/www.mem-summit.ch\/mem-summer-summit-2023\/"]}]},{"@type":"ImageObject","inLanguage":"it-IT","@id":"https:\/\/www.mem-summit.ch\/mem-summer-summit-2023\/#primaryimage","url":"https:\/\/www.mem-summit.ch\/wp-content\/uploads\/2021\/08\/DSC2967-scaled.jpg","contentUrl":"https:\/\/www.mem-summit.ch\/wp-content\/uploads\/2021\/08\/DSC2967-scaled.jpg","width":2560,"height":1704,"caption":"MEM SUMMIT 2021"},{"@type":"BreadcrumbList","@id":"https:\/\/www.mem-summit.ch\/mem-summer-summit-2023\/#breadcrumb","itemListElement":[{"@type":"ListItem","position":1,"name":"Home","item":"https:\/\/www.mem-summit.ch\/"},{"@type":"ListItem","position":2,"name":"MEM Summer Summit 2023"}]},{"@type":"WebSite","@id":"https:\/\/www.mem-summit.ch\/#website","url":"https:\/\/www.mem-summit.ch\/","name":"Mem USI","description":"Middle East Mediterranean - Summer summit 2018","publisher":{"@id":"https:\/\/www.mem-summit.ch\/#organization"},"potentialAction":[{"@type":"SearchAction","target":{"@type":"EntryPoint","urlTemplate":"https:\/\/www.mem-summit.ch\/?s={search_term_string}"},"query-input":"required name=search_term_string"}],"inLanguage":"it-IT"},{"@type":"Organization","@id":"https:\/\/www.mem-summit.ch\/#organization","name":"Summer Summit Lugano, Switzerland","url":"https:\/\/www.mem-summit.ch\/","logo":{"@type":"ImageObject","inLanguage":"it-IT","@id":"https:\/\/www.mem-summit.ch\/#\/schema\/logo\/image\/","url":"https:\/\/www.mem-summersummit.ch\/wp-content\/uploads\/2018\/05\/USI_logo_retina.png","contentUrl":"https:\/\/www.mem-summersummit.ch\/wp-content\/uploads\/2018\/05\/USI_logo_retina.png","width":900,"height":156,"caption":"Summer Summit Lugano, Switzerland"},"image":{"@id":"https:\/\/www.mem-summit.ch\/#\/schema\/logo\/image\/"}}]}},"_links":{"self":[{"href":"https:\/\/www.mem-summit.ch\/it\/wp-json\/wp\/v2\/pages\/15960"}],"collection":[{"href":"https:\/\/www.mem-summit.ch\/it\/wp-json\/wp\/v2\/pages"}],"about":[{"href":"https:\/\/www.mem-summit.ch\/it\/wp-json\/wp\/v2\/types\/page"}],"author":[{"embeddable":true,"href":"https:\/\/www.mem-summit.ch\/it\/wp-json\/wp\/v2\/users\/2"}],"replies":[{"embeddable":true,"href":"https:\/\/www.mem-summit.ch\/it\/wp-json\/wp\/v2\/comments?post=15960"}],"version-history":[{"count":5,"href":"https:\/\/www.mem-summit.ch\/it\/wp-json\/wp\/v2\/pages\/15960\/revisions"}],"predecessor-version":[{"id":15981,"href":"https:\/\/www.mem-summit.ch\/it\/wp-json\/wp\/v2\/pages\/15960\/revisions\/15981"}],"wp:featuredmedia":[{"embeddable":true,"href":"https:\/\/www.mem-summit.ch\/it\/wp-json\/wp\/v2\/media\/12815"}],"wp:attachment":[{"href":"https:\/\/www.mem-summit.ch\/it\/wp-json\/wp\/v2\/media?parent=15960"}],"curies":[{"name":"wp","href":"https:\/\/api.w.org\/{rel}","templated":true}]}}