{"id":7391,"date":"2018-06-27T15:20:40","date_gmt":"2018-06-27T15:20:40","guid":{"rendered":"https:\/\/www.mem-summersummit.ch\/about-us\/"},"modified":"2024-10-29T08:28:44","modified_gmt":"2024-10-29T08:28:44","slug":"team","status":"publish","type":"page","link":"https:\/\/www.mem-summit.ch\/it\/team\/","title":{"rendered":"Team"},"content":{"rendered":"\t\t<div data-elementor-type=\"wp-post\" data-elementor-id=\"7391\" class=\"elementor elementor-7391 elementor-2053\" data-elementor-post-type=\"page\">\n\t\t\t\t\t\t<section class=\"elementor-section elementor-top-section elementor-element elementor-element-91bc4f3 elementor-section-height-min-height elementor-section-boxed elementor-section-height-default elementor-section-items-middle\" data-id=\"91bc4f3\" data-element_type=\"section\" data-settings=\"{&quot;background_background&quot;:&quot;classic&quot;}\">\n\t\t\t\t\t\t\t<div class=\"elementor-background-overlay\"><\/div>\n\t\t\t\t\t\t\t<div class=\"elementor-container elementor-column-gap-default\">\n\t\t\t\t\t<div class=\"elementor-column elementor-col-100 elementor-top-column elementor-element elementor-element-c96b7af\" data-id=\"c96b7af\" data-element_type=\"column\" data-settings=\"{&quot;background_background&quot;:&quot;classic&quot;}\">\n\t\t\t<div class=\"elementor-widget-wrap elementor-element-populated\">\n\t\t\t\t\t\t<div class=\"elementor-element elementor-element-be48e96 elementor-widget elementor-widget-text-editor\" data-id=\"be48e96\" data-element_type=\"widget\" data-widget_type=\"text-editor.default\">\n\t\t\t\t<div class=\"elementor-widget-container\">\n\t\t\t\t\t\t\t<p>Chi siamo<\/p>\n\t\t\t\t\t\t<\/div>\n\t\t\t\t<\/div>\n\t\t\t\t\t<\/div>\n\t\t<\/div>\n\t\t\t\t\t<\/div>\n\t\t<\/section>\n\t\t\t\t<section class=\"elementor-section elementor-top-section elementor-element elementor-element-cdeac78 elementor-section-boxed elementor-section-height-default elementor-section-height-default\" data-id=\"cdeac78\" data-element_type=\"section\">\n\t\t\t\t\t\t<div class=\"elementor-container elementor-column-gap-no\">\n\t\t\t\t\t<div class=\"elementor-column elementor-col-100 elementor-top-column elementor-element elementor-element-07cda42\" data-id=\"07cda42\" data-element_type=\"column\">\n\t\t\t<div class=\"elementor-widget-wrap elementor-element-populated\">\n\t\t\t\t\t\t<div class=\"elementor-element elementor-element-b610e85 elementor-widget-divider--view-line elementor-widget elementor-widget-divider\" data-id=\"b610e85\" data-element_type=\"widget\" data-widget_type=\"divider.default\">\n\t\t\t\t<div class=\"elementor-widget-container\">\n\t\t\t\t\t<div class=\"elementor-divider\">\n\t\t\t<span class=\"elementor-divider-separator\">\n\t\t\t\t\t\t<\/span>\n\t\t<\/div>\n\t\t\t\t<\/div>\n\t\t\t\t<\/div>\n\t\t\t\t<div class=\"elementor-element elementor-element-89114ca elementor-widget elementor-widget-heading\" data-id=\"89114ca\" data-element_type=\"widget\" data-widget_type=\"heading.default\">\n\t\t\t\t<div class=\"elementor-widget-container\">\n\t\t\t<h3 class=\"elementor-heading-title elementor-size-default\">Coordinamento del progetto<\/h3>\t\t<\/div>\n\t\t\t\t<\/div>\n\t\t\t\t<div class=\"elementor-element elementor-element-e534535 elementor-position-left elementor-hidden-desktop elementor-hidden-tablet elementor-hidden-mobile elementor-vertical-align-top elementor-widget elementor-widget-image-box\" data-id=\"e534535\" data-element_type=\"widget\" data-widget_type=\"image-box.default\">\n\t\t\t\t<div class=\"elementor-widget-container\">\n\t\t\t<div class=\"elementor-image-box-wrapper\"><figure class=\"elementor-image-box-img\"><img decoding=\"async\" src=\"https:\/\/www.mem-summit.ch\/wp-content\/uploads\/elementor\/thumbs\/Diana_Da_Costa_Santos_2-pq8xl9rxcshg7u8ih065dq8poez19mnv8nxspo94p4.jpg\" title=\"Diana_Da_Costa_Santos_2\" alt=\"\" loading=\"lazy\" \/><\/figure><div class=\"elementor-image-box-content\"><h3 class=\"elementor-image-box-title\">DIANA SOFIA DA COSTA SANTOS<\/h3><p class=\"elementor-image-box-description\">Junior Project Assistant <br><br>Diana lavora attualmente come Junior Project Assistant al MEM Summer Summit, dopo la sua precedente esperienza come volontaria per il progetto. Diana sta finendo il suo Bachelor of Science in Comunicazione, con una specializzaione in comunicazione pubblica. Lavora anche per il Servizio di Comunicazione istituzionale dell'USI e per il Centro Competenze Non Profit in Ticino. Diana \u00e8 la direttrice del giornale dell'associazione studentesca L'Universo, inserto del Corriere del Ticino, e vicepresidente del Consiglio degli studenti dell'USI. In passato ha lavorato per l'Istituto di Salute pubblica dell'USI e per il Dipartimento di economia aziendale, sanit\u00e0 e sociale della SUPSI, come assistente junior in progetti di ricerca sulla salute. Negli ultimi anni ha maturato importanti esperienze nell'organizzazione di eventi e nella gestione dei social media.<\/p><\/div><\/div>\t\t<\/div>\n\t\t\t\t<\/div>\n\t\t\t\t<div class=\"elementor-element elementor-element-a15996c elementor-hidden-desktop elementor-hidden-tablet elementor-hidden-mobile elementor-widget-divider--view-line elementor-widget elementor-widget-divider\" data-id=\"a15996c\" data-element_type=\"widget\" data-widget_type=\"divider.default\">\n\t\t\t\t<div class=\"elementor-widget-container\">\n\t\t\t\t\t<div class=\"elementor-divider\">\n\t\t\t<span class=\"elementor-divider-separator\">\n\t\t\t\t\t\t<\/span>\n\t\t<\/div>\n\t\t\t\t<\/div>\n\t\t\t\t<\/div>\n\t\t\t\t<div class=\"elementor-element elementor-element-7186b08 elementor-position-left elementor-vertical-align-top elementor-widget elementor-widget-image-box\" data-id=\"7186b08\" data-element_type=\"widget\" data-widget_type=\"image-box.default\">\n\t\t\t\t<div class=\"elementor-widget-container\">\n\t\t\t<div class=\"elementor-image-box-wrapper\"><figure class=\"elementor-image-box-img\"><img decoding=\"async\" src=\"https:\/\/www.mem-summit.ch\/wp-content\/uploads\/elementor\/thumbs\/Federica_Frediani_2-pi1orqd3pkjfielzybmz3h8zdwp7bn5lson4qeqwaw.jpg\" title=\"Federica_Frediani_2\" alt=\"\" loading=\"lazy\" \/><\/figure><div class=\"elementor-image-box-content\"><h3 class=\"elementor-image-box-title\">FEDERICA FREDIANI<\/h3><p class=\"elementor-image-box-description\">Project Leader<BR><BR>Federica Frediani \u00e8 docente presso l'Universit\u00e0 della Svizzera italiana. \u00c8 membro del Comitato di Progetto e Project Leader del Middle East Mediterranean Summit. Ha conseguito un dottorato in Letterature Comparate presso l'Universit\u00e0 di Siena. La sua ricerca si concentra principalmente sulle rappresentazioni, le narrazioni, le produzioni culturali e le dinamiche politiche e interculturali della regione del Medio-Oriente Mediterraneo. Ha pubblicato diversi libri e articoli, in particolare sulla letteratura di viaggio femminile e sulle relazioni culturali e politiche tra le sponde settentrionali e meridionali del Mediterraneo.<\/p><\/div><\/div>\t\t<\/div>\n\t\t\t\t<\/div>\n\t\t\t\t<div class=\"elementor-element elementor-element-0dc3ec9 elementor-widget-divider--view-line elementor-widget elementor-widget-divider\" data-id=\"0dc3ec9\" data-element_type=\"widget\" data-widget_type=\"divider.default\">\n\t\t\t\t<div class=\"elementor-widget-container\">\n\t\t\t\t\t<div class=\"elementor-divider\">\n\t\t\t<span class=\"elementor-divider-separator\">\n\t\t\t\t\t\t<\/span>\n\t\t<\/div>\n\t\t\t\t<\/div>\n\t\t\t\t<\/div>\n\t\t\t\t<div class=\"elementor-element elementor-element-e6cce5d elementor-position-left elementor-vertical-align-top elementor-widget elementor-widget-image-box\" data-id=\"e6cce5d\" data-element_type=\"widget\" data-widget_type=\"image-box.default\">\n\t\t\t\t<div class=\"elementor-widget-container\">\n\t\t\t<div class=\"elementor-image-box-wrapper\"><figure class=\"elementor-image-box-img\"><img decoding=\"async\" src=\"https:\/\/www.mem-summit.ch\/wp-content\/uploads\/elementor\/thumbs\/Monica_Gugolz-pt29wqcu2kaz4acb9pj2p68xbhhmes7tqmzmv3xceg.jpg\" title=\"Monica_Gugolz\" alt=\"\" loading=\"lazy\" \/><\/figure><div class=\"elementor-image-box-content\"><h3 class=\"elementor-image-box-title\">MONICA GUGOLZ<\/h3><p class=\"elementor-image-box-description\">Project Manager <br><br>Monica Gugolz \u00e8 laureata in Relazioni Internazionali presso il Graduate Institute of International Studies di Ginevra. Terminati gli studi, ha iniziato la sua carriera in campo internazionale, gestendo progetti di cooperazione allo sviluppo e mandati di consulenza in contesti emergenti come Bangladesh, Rwanda e Vietnam. Attualmente lavora come Project Manager e facilitator per il MEM Summer Summit.<\/p><\/div><\/div>\t\t<\/div>\n\t\t\t\t<\/div>\n\t\t\t\t<div class=\"elementor-element elementor-element-61088e5 elementor-hidden-desktop elementor-hidden-tablet elementor-hidden-mobile elementor-widget-divider--view-line elementor-widget elementor-widget-divider\" data-id=\"61088e5\" data-element_type=\"widget\" data-widget_type=\"divider.default\">\n\t\t\t\t<div class=\"elementor-widget-container\">\n\t\t\t\t\t<div class=\"elementor-divider\">\n\t\t\t<span class=\"elementor-divider-separator\">\n\t\t\t\t\t\t<\/span>\n\t\t<\/div>\n\t\t\t\t<\/div>\n\t\t\t\t<\/div>\n\t\t\t\t<div class=\"elementor-element elementor-element-b26bcc7 elementor-position-left elementor-hidden-desktop elementor-hidden-tablet elementor-hidden-mobile elementor-vertical-align-top elementor-widget elementor-widget-image-box\" data-id=\"b26bcc7\" data-element_type=\"widget\" data-widget_type=\"image-box.default\">\n\t\t\t\t<div class=\"elementor-widget-container\">\n\t\t\t<div class=\"elementor-image-box-wrapper\"><figure class=\"elementor-image-box-img\"><img decoding=\"async\" src=\"https:\/\/www.mem-summit.ch\/wp-content\/uploads\/elementor\/thumbs\/Monica_Steger_1-oyu3jegc9myg6iuld2o3p8ubsoy1c3yyxxp3ua6juw.jpg\" title=\"Monica_Steger_1\" alt=\"\" loading=\"lazy\" \/><\/figure><div class=\"elementor-image-box-content\"><h3 class=\"elementor-image-box-title\">MONICA STEGER<\/h3><p class=\"elementor-image-box-description\">Assistente Amministrativo<BR><BR>Monica Steger ha oltre 22 anni di esperienza nell\u2019assistenza amministrativa universitaria. Si occupa dell'amministrazione dell'ufficio del Rettorato dell'Universit\u00e0 della Svizzera italiana, nonch\u00e9 dell'amministrazione generale del MEM Summer Summit.<\/p><\/div><\/div>\t\t<\/div>\n\t\t\t\t<\/div>\n\t\t\t\t<div class=\"elementor-element elementor-element-e05dcf6 elementor-widget-divider--view-line elementor-widget elementor-widget-divider\" data-id=\"e05dcf6\" data-element_type=\"widget\" data-widget_type=\"divider.default\">\n\t\t\t\t<div class=\"elementor-widget-container\">\n\t\t\t\t\t<div class=\"elementor-divider\">\n\t\t\t<span class=\"elementor-divider-separator\">\n\t\t\t\t\t\t<\/span>\n\t\t<\/div>\n\t\t\t\t<\/div>\n\t\t\t\t<\/div>\n\t\t\t\t<div class=\"elementor-element elementor-element-b8a69b0 elementor-position-left elementor-vertical-align-top elementor-widget elementor-widget-image-box\" data-id=\"b8a69b0\" data-element_type=\"widget\" data-widget_type=\"image-box.default\">\n\t\t\t\t<div class=\"elementor-widget-container\">\n\t\t\t<div class=\"elementor-image-box-wrapper\"><figure class=\"elementor-image-box-img\"><img decoding=\"async\" src=\"https:\/\/www.mem-summit.ch\/wp-content\/uploads\/elementor\/thumbs\/Screenshot-2024-06-17-at-14.05.49-qpsiyliwrz62z1i4suqg7jkbdcidklezbjlyy58v0o.png\" title=\"Screenshot 2024-06-17 at 14.05.49\" alt=\"\" loading=\"lazy\" \/><\/figure><div class=\"elementor-image-box-content\"><h3 class=\"elementor-image-box-title\">FEDRICO DI FOGGIA<\/h3><p class=\"elementor-image-box-description\">Project Assitant<BR><BR>Federico Di Foggia \u00e8 laureato in Economia e Management e attualmente sta conseguendo un Master in Politiche Internazionali. Attualmente sta lavorando come assistente di progetto per il MEM Summit.<\/p><\/div><\/div>\t\t<\/div>\n\t\t\t\t<\/div>\n\t\t\t\t<div class=\"elementor-element elementor-element-16e2b91 elementor-position-left elementor-vertical-align-top elementor-widget elementor-widget-image-box\" data-id=\"16e2b91\" data-element_type=\"widget\" data-widget_type=\"image-box.default\">\n\t\t\t\t<div class=\"elementor-widget-container\">\n\t\t\t<div class=\"elementor-image-box-wrapper\"><figure class=\"elementor-image-box-img\"><img decoding=\"async\" src=\"https:\/\/www.mem-summit.ch\/wp-content\/uploads\/elementor\/thumbs\/IMG_9090-qrx65udc9s5m4pbs3bx7nndvg1fz3nkqrkattxtg5k.jpg\" title=\"IMG_9090\" alt=\"\" loading=\"lazy\" \/><\/figure><div class=\"elementor-image-box-content\"><h3 class=\"elementor-image-box-title\">ERIC MALIN<\/h3><p class=\"elementor-image-box-description\">Project Assistant<BR><BR>Eric Malin ha conseguito una laurea bachelor in Scienze internazionali, sviluppo e cooperazione e sta attualmente conseguendo un doppio master in Economia e politica internazionale. \u00c8 autore di articoli sulla politica internazionale, con un focus sulle regioni dell'Europa occidentale e del Medio Oriente. Attualmente lavora come assistente di progetto per il MEM Summit.<\/p><\/div><\/div>\t\t<\/div>\n\t\t\t\t<\/div>\n\t\t\t\t<div class=\"elementor-element elementor-element-9a14057 elementor-position-left elementor-vertical-align-top elementor-widget elementor-widget-image-box\" data-id=\"9a14057\" data-element_type=\"widget\" data-widget_type=\"image-box.default\">\n\t\t\t\t<div class=\"elementor-widget-container\">\n\t\t\t<div class=\"elementor-image-box-wrapper\"><figure class=\"elementor-image-box-img\"><img decoding=\"async\" src=\"https:\/\/www.mem-summit.ch\/wp-content\/uploads\/elementor\/thumbs\/image-1-qrx61k7t4yal8njp3haeaqaa0ujs1akridb74k60i0.png\" title=\"image (1)\" alt=\"\" loading=\"lazy\" \/><\/figure><div class=\"elementor-image-box-content\"><h3 class=\"elementor-image-box-title\">BRANISLAVA TRIFKOVIC<\/h3><p class=\"elementor-image-box-description\">Project Coordinator<BR><BR>Branislava Trifkovic ha una formazione accademica in storia e letteratura (BA Universit\u00e0 di Ginevra e MA Goldsmiths College), con un focus che ruota attorno all'interazione dinamica tra storia e memoria. Dopo una prima esperienza lavorativa presso il Dipartimento federale degli Affari Esteri, attualmente \u00e8 collaboratrice scientifica presso l'Universit\u00e0 della Svizzera italiana. Qui si occupa di progetti che esplorano i rischi e le opportunit\u00e0 della transizione digitale nell'istruzione superiore e di iniziative che favoriscono il dialogo a livello nazionale e internazionale. \u00c8 anche impegnata come operatore culturale, come parte del team che gestisce un progetto di residenza interdisciplinare, cercando di stabilire un dialogo tra arte, scienza, politica e societ\u00e0 civile.<\/p><\/div><\/div>\t\t<\/div>\n\t\t\t\t<\/div>\n\t\t\t\t\t<\/div>\n\t\t<\/div>\n\t\t\t\t\t<\/div>\n\t\t<\/section>\n\t\t\t\t<\/div>\n\t\t","protected":false},"excerpt":{"rendered":"<p>Chi siamo Coordinamento del progetto DIANA SOFIA DA COSTA SANTOS Junior Project Assistant Diana lavora attualmente come Junior Project Assistant al MEM Summer Summit, dopo la sua precedente esperienza come volontaria per il progetto. Diana sta finendo il suo Bachelor of Science in Comunicazione, con una specializzaione in comunicazione pubblica. Lavora anche per il Servizio &hellip;<\/p>\n<p class=\"read-more\"> <a class=\"\" href=\"https:\/\/www.mem-summit.ch\/it\/team\/\"> <span class=\"screen-reader-text\">Team<\/span> Leggi altro &raquo;<\/a><\/p>\n","protected":false},"author":1,"featured_media":13161,"parent":0,"menu_order":0,"comment_status":"closed","ping_status":"closed","template":"","meta":{"inline_featured_image":false,"site-sidebar-layout":"default","site-content-layout":"default","ast-global-header-display":"","ast-main-header-display":"","ast-hfb-above-header-display":"","ast-hfb-below-header-display":"","ast-hfb-mobile-header-display":"","site-post-title":"disabled","ast-breadcrumbs-content":"","ast-featured-img":"disabled","footer-sml-layout":"","theme-transparent-header-meta":"default","adv-header-id-meta":"","stick-header-meta":"default","header-above-stick-meta":"","header-main-stick-meta":"","header-below-stick-meta":"","footnotes":""},"class_list":["post-7391","page","type-page","status-publish","has-post-thumbnail","hentry"],"yoast_head":"<!-- This site is optimized with the Yoast SEO plugin v22.6 - https:\/\/yoast.com\/wordpress\/plugins\/seo\/ -->\n<title>Team - MEM Summer Summit Project Committee e Coordination<\/title>\n<meta name=\"description\" content=\"Il MEM Summer Summit Project Committee, Coordination e Team.\" \/>\n<meta name=\"robots\" content=\"index, follow, max-snippet:-1, max-image-preview:large, max-video-preview:-1\" \/>\n<link rel=\"canonical\" href=\"https:\/\/www.mem-summit.ch\/team\/\" \/>\n<meta property=\"og:locale\" content=\"it_IT\" \/>\n<meta property=\"og:type\" content=\"article\" \/>\n<meta property=\"og:title\" content=\"Team - MEM Summer Summit Project Committee e Coordination\" \/>\n<meta property=\"og:description\" content=\"Il MEM Summer Summit Project Committee, Coordination e Team.\" \/>\n<meta property=\"og:url\" content=\"https:\/\/www.mem-summit.ch\/team\/\" \/>\n<meta property=\"og:site_name\" content=\"Mem USI\" \/>\n<meta property=\"article:modified_time\" content=\"2024-10-29T08:28:44+00:00\" \/>\n<meta property=\"og:image\" content=\"https:\/\/www.mem-summit.ch\/wp-content\/uploads\/2021\/12\/Federica_Frediani_2.jpg\" \/>\n\t<meta property=\"og:image:width\" content=\"600\" \/>\n\t<meta property=\"og:image:height\" content=\"600\" \/>\n\t<meta property=\"og:image:type\" content=\"image\/jpeg\" \/>\n<meta name=\"twitter:label1\" content=\"Tempo di lettura stimato\" \/>\n\t<meta name=\"twitter:data1\" content=\"3 minuti\" \/>\n<script type=\"application\/ld+json\" class=\"yoast-schema-graph\">{\"@context\":\"https:\/\/schema.org\",\"@graph\":[{\"@type\":\"WebPage\",\"@id\":\"https:\/\/www.mem-summit.ch\/team\/\",\"url\":\"https:\/\/www.mem-summit.ch\/team\/\",\"name\":\"Team - MEM Summer Summit Project Committee e Coordination\",\"isPartOf\":{\"@id\":\"https:\/\/www.mem-summit.ch\/#website\"},\"primaryImageOfPage\":{\"@id\":\"https:\/\/www.mem-summit.ch\/team\/#primaryimage\"},\"image\":{\"@id\":\"https:\/\/www.mem-summit.ch\/team\/#primaryimage\"},\"thumbnailUrl\":\"https:\/\/www.mem-summit.ch\/wp-content\/uploads\/2021\/12\/Federica_Frediani_2.jpg\",\"datePublished\":\"2018-06-27T15:20:40+00:00\",\"dateModified\":\"2024-10-29T08:28:44+00:00\",\"description\":\"Il MEM Summer Summit Project Committee, Coordination e Team.\",\"breadcrumb\":{\"@id\":\"https:\/\/www.mem-summit.ch\/team\/#breadcrumb\"},\"inLanguage\":\"it-IT\",\"potentialAction\":[{\"@type\":\"ReadAction\",\"target\":[\"https:\/\/www.mem-summit.ch\/team\/\"]}]},{\"@type\":\"ImageObject\",\"inLanguage\":\"it-IT\",\"@id\":\"https:\/\/www.mem-summit.ch\/team\/#primaryimage\",\"url\":\"https:\/\/www.mem-summit.ch\/wp-content\/uploads\/2021\/12\/Federica_Frediani_2.jpg\",\"contentUrl\":\"https:\/\/www.mem-summit.ch\/wp-content\/uploads\/2021\/12\/Federica_Frediani_2.jpg\",\"width\":600,\"height\":600},{\"@type\":\"BreadcrumbList\",\"@id\":\"https:\/\/www.mem-summit.ch\/team\/#breadcrumb\",\"itemListElement\":[{\"@type\":\"ListItem\",\"position\":1,\"name\":\"Home\",\"item\":\"https:\/\/www.mem-summit.ch\/\"},{\"@type\":\"ListItem\",\"position\":2,\"name\":\"Team\"}]},{\"@type\":\"WebSite\",\"@id\":\"https:\/\/www.mem-summit.ch\/#website\",\"url\":\"https:\/\/www.mem-summit.ch\/\",\"name\":\"Mem USI\",\"description\":\"Middle East Mediterranean - Summer summit 2018\",\"publisher\":{\"@id\":\"https:\/\/www.mem-summit.ch\/#organization\"},\"potentialAction\":[{\"@type\":\"SearchAction\",\"target\":{\"@type\":\"EntryPoint\",\"urlTemplate\":\"https:\/\/www.mem-summit.ch\/?s={search_term_string}\"},\"query-input\":\"required name=search_term_string\"}],\"inLanguage\":\"it-IT\"},{\"@type\":\"Organization\",\"@id\":\"https:\/\/www.mem-summit.ch\/#organization\",\"name\":\"Summer Summit Lugano, Switzerland\",\"url\":\"https:\/\/www.mem-summit.ch\/\",\"logo\":{\"@type\":\"ImageObject\",\"inLanguage\":\"it-IT\",\"@id\":\"https:\/\/www.mem-summit.ch\/#\/schema\/logo\/image\/\",\"url\":\"https:\/\/www.mem-summersummit.ch\/wp-content\/uploads\/2018\/05\/USI_logo_retina.png\",\"contentUrl\":\"https:\/\/www.mem-summersummit.ch\/wp-content\/uploads\/2018\/05\/USI_logo_retina.png\",\"width\":900,\"height\":156,\"caption\":\"Summer Summit Lugano, Switzerland\"},\"image\":{\"@id\":\"https:\/\/www.mem-summit.ch\/#\/schema\/logo\/image\/\"}}]}<\/script>\n<!-- \/ Yoast SEO plugin. -->","yoast_head_json":{"title":"Team - MEM Summer Summit Project Committee e Coordination","description":"Il MEM Summer Summit Project Committee, Coordination e Team.","robots":{"index":"index","follow":"follow","max-snippet":"max-snippet:-1","max-image-preview":"max-image-preview:large","max-video-preview":"max-video-preview:-1"},"canonical":"https:\/\/www.mem-summit.ch\/team\/","og_locale":"it_IT","og_type":"article","og_title":"Team - MEM Summer Summit Project Committee e Coordination","og_description":"Il MEM Summer Summit Project Committee, Coordination e Team.","og_url":"https:\/\/www.mem-summit.ch\/team\/","og_site_name":"Mem USI","article_modified_time":"2024-10-29T08:28:44+00:00","og_image":[{"width":600,"height":600,"url":"https:\/\/www.mem-summit.ch\/wp-content\/uploads\/2021\/12\/Federica_Frediani_2.jpg","type":"image\/jpeg"}],"twitter_misc":{"Tempo di lettura stimato":"3 minuti"},"schema":{"@context":"https:\/\/schema.org","@graph":[{"@type":"WebPage","@id":"https:\/\/www.mem-summit.ch\/team\/","url":"https:\/\/www.mem-summit.ch\/team\/","name":"Team - MEM Summer Summit Project Committee e Coordination","isPartOf":{"@id":"https:\/\/www.mem-summit.ch\/#website"},"primaryImageOfPage":{"@id":"https:\/\/www.mem-summit.ch\/team\/#primaryimage"},"image":{"@id":"https:\/\/www.mem-summit.ch\/team\/#primaryimage"},"thumbnailUrl":"https:\/\/www.mem-summit.ch\/wp-content\/uploads\/2021\/12\/Federica_Frediani_2.jpg","datePublished":"2018-06-27T15:20:40+00:00","dateModified":"2024-10-29T08:28:44+00:00","description":"Il MEM Summer Summit Project Committee, Coordination e Team.","breadcrumb":{"@id":"https:\/\/www.mem-summit.ch\/team\/#breadcrumb"},"inLanguage":"it-IT","potentialAction":[{"@type":"ReadAction","target":["https:\/\/www.mem-summit.ch\/team\/"]}]},{"@type":"ImageObject","inLanguage":"it-IT","@id":"https:\/\/www.mem-summit.ch\/team\/#primaryimage","url":"https:\/\/www.mem-summit.ch\/wp-content\/uploads\/2021\/12\/Federica_Frediani_2.jpg","contentUrl":"https:\/\/www.mem-summit.ch\/wp-content\/uploads\/2021\/12\/Federica_Frediani_2.jpg","width":600,"height":600},{"@type":"BreadcrumbList","@id":"https:\/\/www.mem-summit.ch\/team\/#breadcrumb","itemListElement":[{"@type":"ListItem","position":1,"name":"Home","item":"https:\/\/www.mem-summit.ch\/"},{"@type":"ListItem","position":2,"name":"Team"}]},{"@type":"WebSite","@id":"https:\/\/www.mem-summit.ch\/#website","url":"https:\/\/www.mem-summit.ch\/","name":"Mem USI","description":"Middle East Mediterranean - Summer summit 2018","publisher":{"@id":"https:\/\/www.mem-summit.ch\/#organization"},"potentialAction":[{"@type":"SearchAction","target":{"@type":"EntryPoint","urlTemplate":"https:\/\/www.mem-summit.ch\/?s={search_term_string}"},"query-input":"required name=search_term_string"}],"inLanguage":"it-IT"},{"@type":"Organization","@id":"https:\/\/www.mem-summit.ch\/#organization","name":"Summer Summit Lugano, Switzerland","url":"https:\/\/www.mem-summit.ch\/","logo":{"@type":"ImageObject","inLanguage":"it-IT","@id":"https:\/\/www.mem-summit.ch\/#\/schema\/logo\/image\/","url":"https:\/\/www.mem-summersummit.ch\/wp-content\/uploads\/2018\/05\/USI_logo_retina.png","contentUrl":"https:\/\/www.mem-summersummit.ch\/wp-content\/uploads\/2018\/05\/USI_logo_retina.png","width":900,"height":156,"caption":"Summer Summit Lugano, Switzerland"},"image":{"@id":"https:\/\/www.mem-summit.ch\/#\/schema\/logo\/image\/"}}]}},"_links":{"self":[{"href":"https:\/\/www.mem-summit.ch\/it\/wp-json\/wp\/v2\/pages\/7391"}],"collection":[{"href":"https:\/\/www.mem-summit.ch\/it\/wp-json\/wp\/v2\/pages"}],"about":[{"href":"https:\/\/www.mem-summit.ch\/it\/wp-json\/wp\/v2\/types\/page"}],"author":[{"embeddable":true,"href":"https:\/\/www.mem-summit.ch\/it\/wp-json\/wp\/v2\/users\/1"}],"replies":[{"embeddable":true,"href":"https:\/\/www.mem-summit.ch\/it\/wp-json\/wp\/v2\/comments?post=7391"}],"version-history":[{"count":20,"href":"https:\/\/www.mem-summit.ch\/it\/wp-json\/wp\/v2\/pages\/7391\/revisions"}],"predecessor-version":[{"id":16171,"href":"https:\/\/www.mem-summit.ch\/it\/wp-json\/wp\/v2\/pages\/7391\/revisions\/16171"}],"wp:featuredmedia":[{"embeddable":true,"href":"https:\/\/www.mem-summit.ch\/it\/wp-json\/wp\/v2\/media\/13161"}],"wp:attachment":[{"href":"https:\/\/www.mem-summit.ch\/it\/wp-json\/wp\/v2\/media?parent=7391"}],"curies":[{"name":"wp","href":"https:\/\/api.w.org\/{rel}","templated":true}]}}